{"id":180,"date":"2016-05-02T15:16:15","date_gmt":"2016-05-02T15:16:15","guid":{"rendered":"http:\/\/muzeuciclism.ro\/?page_id=180"},"modified":"2019-01-18T04:13:43","modified_gmt":"2019-01-18T04:13:43","slug":"fotografie-carti-postale-2","status":"publish","type":"page","link":"https:\/\/muzeuciclism.ro\/index.php\/fotografie-carti-postale-2\/","title":{"rendered":"Fotografie, c\u0103r\u021bi po\u0219tale"},"content":{"rendered":"\t                <ul class=\"easy-image-gallery thumbnails-84 linked\">\r\n                    <li><a data-fancybox=\"gallery878\" href=\"https:\/\/muzeuciclism.ro\/wp-content\/uploads\/DSCN0883.jpg\" class=\"eig-popup\" title=\"Fotografie membrii club sportiv din Arad, 1892 (\u00een planul doi, primul din st\u00e2nga, de observ\u0103 un ciclist cu bicicleta lui)\" data-caption=\"Fotografie membrii club sportiv din Arad, 1892 (\u00een planul doi, primul din st\u00e2nga, de observ\u0103 un ciclist cu bicicleta lui)\" target=\"_blank\"><i class=\"icon-view\"><\/i><span class=\"overlay\"><\/span><img loading=\"lazy\" decoding=\"async\" width=\"150\" height=\"150\" src=\"https:\/\/muzeuciclism.ro\/wp-content\/uploads\/DSCN0883-150x150.jpg\" class=\"attachment-thumbnail size-thumbnail\" alt=\"\" \/><\/a><\/li><li><a data-fancybox=\"gallery878\" href=\"https:\/\/muzeuciclism.ro\/wp-content\/uploads\/DSCN0885.jpg\" class=\"eig-popup\" title=\"Fotografie membrii club sportiv din Arad, 1892 (detaliu cu numele membrilor clubului)\" data-caption=\"Fotografie membrii club sportiv din Arad, 1892 (detaliu cu numele membrilor clubului)\" target=\"_blank\"><i class=\"icon-view\"><\/i><span class=\"overlay\"><\/span><img loading=\"lazy\" decoding=\"async\" width=\"150\" height=\"78\" src=\"https:\/\/muzeuciclism.ro\/wp-content\/uploads\/DSCN0885-150x78.jpg\" class=\"attachment-thumbnail size-thumbnail\" alt=\"\" \/><\/a><\/li><li><a data-fancybox=\"gallery878\" href=\"https:\/\/muzeuciclism.ro\/wp-content\/uploads\/Club_ciclist_arad_1897.jpg\" class=\"eig-popup\" title=\"Fotografie realizat\u0103 cu prilejul fond\u0103rii Clubului ciclist Meteor din Arad, 1897\" data-caption=\"Fotografie realizat\u0103 cu prilejul fond\u0103rii Clubului ciclist Meteor din Arad, 1897\" target=\"_blank\"><i class=\"icon-view\"><\/i><span class=\"overlay\"><\/span><img loading=\"lazy\" decoding=\"async\" width=\"150\" height=\"150\" src=\"https:\/\/muzeuciclism.ro\/wp-content\/uploads\/Club_ciclist_arad_1897-150x150.jpg\" class=\"attachment-thumbnail size-thumbnail\" alt=\"\" \/><\/a><\/li><li><a data-fancybox=\"gallery878\" href=\"https:\/\/muzeuciclism.ro\/wp-content\/uploads\/DSCN0881.jpg\" class=\"eig-popup\" title=\"Fotografie realizat\u0103 cu prilejul fond\u0103rii Clubului ciclist Meteor din Arad, 1 - detaliu \u0219tampila clubului\" data-caption=\"Fotografie realizat\u0103 cu prilejul fond\u0103rii Clubului ciclist Meteor din Arad, 1 - detaliu \u0219tampila clubului\" target=\"_blank\"><i class=\"icon-view\"><\/i><span class=\"overlay\"><\/span><img loading=\"lazy\" decoding=\"async\" width=\"150\" height=\"150\" src=\"https:\/\/muzeuciclism.ro\/wp-content\/uploads\/DSCN0881-150x150.jpg\" class=\"attachment-thumbnail size-thumbnail\" alt=\"\" \/><\/a><\/li><li><a data-fancybox=\"gallery878\" href=\"https:\/\/muzeuciclism.ro\/wp-content\/uploads\/DSCN2794.jpg\" class=\"eig-popup\" title=\"Fotografie membrii Clubului ciclist METEOR din  Arad, datat\u0103 02.08.1899\" data-caption=\"Fotografie membrii Clubului ciclist METEOR din  Arad, datat\u0103 02.08.1899\" target=\"_blank\"><i class=\"icon-view\"><\/i><span class=\"overlay\"><\/span><img loading=\"lazy\" decoding=\"async\" width=\"150\" height=\"150\" src=\"https:\/\/muzeuciclism.ro\/wp-content\/uploads\/DSCN2794-150x150.jpg\" class=\"attachment-thumbnail size-thumbnail\" alt=\"\" \/><\/a><\/li><li><a data-fancybox=\"gallery878\" href=\"https:\/\/muzeuciclism.ro\/wp-content\/uploads\/DSCN2752.jpg\" class=\"eig-popup\" title=\"Fotografie membru al Clubului ciclist METEOR din Arad, datat\u0103 10.05.1899\" data-caption=\"Fotografie membru al Clubului ciclist METEOR din Arad, datat\u0103 10.05.1899\" target=\"_blank\"><i class=\"icon-view\"><\/i><span class=\"overlay\"><\/span><img loading=\"lazy\" decoding=\"async\" width=\"150\" height=\"150\" src=\"https:\/\/muzeuciclism.ro\/wp-content\/uploads\/DSCN2752-150x150.jpg\" class=\"attachment-thumbnail size-thumbnail\" alt=\"\" \/><\/a><\/li><li><a data-fancybox=\"gallery878\" href=\"https:\/\/muzeuciclism.ro\/wp-content\/uploads\/DSCN0796.jpg\" class=\"eig-popup\" title=\"Carte po\u0219tal\u0103 cu imagini din ora\u0219ul Timi\u0219oara, circulat\u0103 \u00een Rom\u00e2nia \u00een anul 1899 (\u00een dreapta sus se poate observa o imagine cu Velodromul din Timi\u0219oara, construit \u00een anul 1897)\" data-caption=\"Carte po\u0219tal\u0103 cu imagini din ora\u0219ul Timi\u0219oara, circulat\u0103 \u00een Rom\u00e2nia \u00een anul 1899 (\u00een dreapta sus se poate observa o imagine cu Velodromul din Timi\u0219oara, construit \u00een anul 1897)\" target=\"_blank\"><i class=\"icon-view\"><\/i><span class=\"overlay\"><\/span><img loading=\"lazy\" decoding=\"async\" width=\"150\" height=\"150\" src=\"https:\/\/muzeuciclism.ro\/wp-content\/uploads\/DSCN0796-150x150.jpg\" class=\"attachment-thumbnail size-thumbnail\" alt=\"\" \/><\/a><\/li><li><a data-fancybox=\"gallery878\" href=\"https:\/\/muzeuciclism.ro\/wp-content\/uploads\/DSCN2796.jpg\" class=\"eig-popup\" title=\"Fotografie cu Velodromul Clubului ciclist Velocitas din Timi\u0219oara, 1899\" data-caption=\"Fotografie cu Velodromul Clubului ciclist Velocitas din Timi\u0219oara, 1899\" target=\"_blank\"><i class=\"icon-view\"><\/i><span class=\"overlay\"><\/span><img loading=\"lazy\" decoding=\"async\" width=\"150\" height=\"150\" src=\"https:\/\/muzeuciclism.ro\/wp-content\/uploads\/DSCN2796-150x150.jpg\" class=\"attachment-thumbnail size-thumbnail\" alt=\"\" \/><\/a><\/li><li><a data-fancybox=\"gallery878\" href=\"https:\/\/muzeuciclism.ro\/wp-content\/uploads\/DSCN0798.jpg\" class=\"eig-popup\" title=\"Carte po\u0219tal\u0103 cu arena sportiv\u0103 din Oradea, av\u00e2nd o pist\u0103 amenajat\u0103 pentru ciclism, circulat\u0103 \u00een Rom\u00e2nia \u00een anul 1899\" data-caption=\"Carte po\u0219tal\u0103 cu arena sportiv\u0103 din Oradea, av\u00e2nd o pist\u0103 amenajat\u0103 pentru ciclism, circulat\u0103 \u00een Rom\u00e2nia \u00een anul 1899\" target=\"_blank\"><i class=\"icon-view\"><\/i><span class=\"overlay\"><\/span><img loading=\"lazy\" decoding=\"async\" width=\"150\" height=\"150\" src=\"https:\/\/muzeuciclism.ro\/wp-content\/uploads\/DSCN0798-150x150.jpg\" class=\"attachment-thumbnail size-thumbnail\" alt=\"\" \/><\/a><\/li><li><a data-fancybox=\"gallery878\" href=\"https:\/\/muzeuciclism.ro\/wp-content\/uploads\/DSCN1585.jpg\" class=\"eig-popup\" title=\"Fotografie reprezent\u00e2nd parada unui club ciclist din zona de vest a Rom\u00e2niei, cca. 1900\" data-caption=\"Fotografie reprezent\u00e2nd parada unui club ciclist din zona de vest a Rom\u00e2niei, cca. 1900\" target=\"_blank\"><i class=\"icon-view\"><\/i><span class=\"overlay\"><\/span><img loading=\"lazy\" decoding=\"async\" width=\"150\" height=\"150\" src=\"https:\/\/muzeuciclism.ro\/wp-content\/uploads\/DSCN1585-150x150.jpg\" class=\"attachment-thumbnail size-thumbnail\" alt=\"\" \/><\/a><\/li><li><a data-fancybox=\"gallery878\" href=\"https:\/\/muzeuciclism.ro\/wp-content\/uploads\/DSCN1134.jpg\" class=\"eig-popup\" title=\"Carte po\u0219tal\u0103 cu Arena sportiv\u0103 din Cluj-Napoca a c\u0103rei pist\u0103 a g\u0103zduit \u0219i \u00eentreceri cicliste, cca. 1900 \" data-caption=\"Carte po\u0219tal\u0103 cu Arena sportiv\u0103 din Cluj-Napoca a c\u0103rei pist\u0103 a g\u0103zduit \u0219i \u00eentreceri cicliste, cca. 1900 \" target=\"_blank\"><i class=\"icon-view\"><\/i><span class=\"overlay\"><\/span><img loading=\"lazy\" decoding=\"async\" width=\"150\" height=\"150\" src=\"https:\/\/muzeuciclism.ro\/wp-content\/uploads\/DSCN1134-150x150.jpg\" class=\"attachment-thumbnail size-thumbnail\" alt=\"\" \/><\/a><\/li><li><a data-fancybox=\"gallery878\" href=\"https:\/\/muzeuciclism.ro\/wp-content\/uploads\/DSCN0703.jpg\" class=\"eig-popup\" title=\"Fotografie\/carte po\u0219tal\u0103 cu ciclist aflat cel mai probabil la antrenament, Cluj, 1903 (de remarcat costumul de ciclist \u0219i bicicleta de curse)\" data-caption=\"Fotografie\/carte po\u0219tal\u0103 cu ciclist aflat cel mai probabil la antrenament, Cluj, 1903 (de remarcat costumul de ciclist \u0219i bicicleta de curse)\" target=\"_blank\"><i class=\"icon-view\"><\/i><span class=\"overlay\"><\/span><img loading=\"lazy\" decoding=\"async\" width=\"150\" height=\"150\" src=\"https:\/\/muzeuciclism.ro\/wp-content\/uploads\/DSCN0703-150x150.jpg\" class=\"attachment-thumbnail size-thumbnail\" alt=\"\" \/><\/a><\/li><li><a data-fancybox=\"gallery878\" href=\"https:\/\/muzeuciclism.ro\/wp-content\/uploads\/DSCN1602.jpg\" class=\"eig-popup\" title=\"Fotografie cu ciclistul Horvat(h) Istvan, membru al unui club ciclist din zona de vest a Rom\u00e2niei, cca. 1910\" data-caption=\"Fotografie cu ciclistul Horvat(h) Istvan, membru al unui club ciclist din zona de vest a Rom\u00e2niei, cca. 1910\" target=\"_blank\"><i class=\"icon-view\"><\/i><span class=\"overlay\"><\/span><img loading=\"lazy\" decoding=\"async\" width=\"150\" height=\"150\" src=\"https:\/\/muzeuciclism.ro\/wp-content\/uploads\/DSCN1602-150x150.jpg\" class=\"attachment-thumbnail size-thumbnail\" alt=\"\" \/><\/a><\/li><li><a data-fancybox=\"gallery878\" href=\"https:\/\/muzeuciclism.ro\/wp-content\/uploads\/DSCN0994.jpg\" class=\"eig-popup\" title=\"Fotografie cu membrii clublui sportiv EMTE din Arad, sec\u021bia ciclism, 1922\" data-caption=\"Fotografie cu membrii clublui sportiv EMTE din Arad, sec\u021bia ciclism, 1922\" target=\"_blank\"><i class=\"icon-view\"><\/i><span class=\"overlay\"><\/span><img loading=\"lazy\" decoding=\"async\" width=\"150\" height=\"150\" src=\"https:\/\/muzeuciclism.ro\/wp-content\/uploads\/DSCN0994-150x150.jpg\" class=\"attachment-thumbnail size-thumbnail\" alt=\"\" \/><\/a><\/li><li><a data-fancybox=\"gallery878\" href=\"https:\/\/muzeuciclism.ro\/wp-content\/uploads\/DSCN0781.jpg\" class=\"eig-popup\" title=\"Fotografie cu ciclistul rom\u00e2n Schmidt Sebestyen legitimat la AMEFA Arad, 1923\" data-caption=\"Fotografie cu ciclistul rom\u00e2n Schmidt Sebestyen legitimat la AMEFA Arad, 1923\" target=\"_blank\"><i class=\"icon-view\"><\/i><span class=\"overlay\"><\/span><img loading=\"lazy\" decoding=\"async\" width=\"150\" height=\"150\" src=\"https:\/\/muzeuciclism.ro\/wp-content\/uploads\/DSCN0781-150x150.jpg\" class=\"attachment-thumbnail size-thumbnail\" alt=\"\" \/><\/a><\/li><li><a data-fancybox=\"gallery878\" href=\"https:\/\/muzeuciclism.ro\/wp-content\/uploads\/DSCN2822.jpg\" class=\"eig-popup\" title=\"Fotografie cu ciclistul Schmidt Sebestyen realizat\u0103 cu rilejul c\u0103\u0219tig\u0103rii unei curse de 100 km desf\u0103\u0219urat\u0103 \u00een anul 1923\" data-caption=\"Fotografie cu ciclistul Schmidt Sebestyen realizat\u0103 cu rilejul c\u0103\u0219tig\u0103rii unei curse de 100 km desf\u0103\u0219urat\u0103 \u00een anul 1923\" target=\"_blank\"><i class=\"icon-view\"><\/i><span class=\"overlay\"><\/span><img loading=\"lazy\" decoding=\"async\" width=\"150\" height=\"150\" src=\"https:\/\/muzeuciclism.ro\/wp-content\/uploads\/DSCN2822-150x150.jpg\" class=\"attachment-thumbnail size-thumbnail\" alt=\"\" \/><\/a><\/li><li><a data-fancybox=\"gallery878\" href=\"https:\/\/muzeuciclism.ro\/wp-content\/uploads\/DSCN1106.jpg\" class=\"eig-popup\" title=\"Fotografie cu ciclistul rom\u00e2n Costic\u0103 Simionescu, 1926 (pe verso este semn\u0103tura olograf\u0103 a acestuia)\" data-caption=\"Fotografie cu ciclistul rom\u00e2n Costic\u0103 Simionescu, 1926 (pe verso este semn\u0103tura olograf\u0103 a acestuia)\" target=\"_blank\"><i class=\"icon-view\"><\/i><span class=\"overlay\"><\/span><img loading=\"lazy\" decoding=\"async\" width=\"150\" height=\"150\" src=\"https:\/\/muzeuciclism.ro\/wp-content\/uploads\/DSCN1106-150x150.jpg\" class=\"attachment-thumbnail size-thumbnail\" alt=\"\" \/><\/a><\/li><li><a data-fancybox=\"gallery878\" href=\"https:\/\/muzeuciclism.ro\/wp-content\/uploads\/DSCN1505-1.jpg\" class=\"eig-popup\" title=\"Membrii Grupului ciclist \u201dVulturul Alb\u201e, anii 1925 (1)\" data-caption=\"Membrii Grupului ciclist \u201dVulturul Alb\u201e, anii 1925 (1)\" target=\"_blank\"><i class=\"icon-view\"><\/i><span class=\"overlay\"><\/span><img loading=\"lazy\" decoding=\"async\" width=\"150\" height=\"150\" src=\"https:\/\/muzeuciclism.ro\/wp-content\/uploads\/DSCN1505-1-150x150.jpg\" class=\"attachment-thumbnail size-thumbnail\" alt=\"\" \/><\/a><\/li><li><a data-fancybox=\"gallery878\" href=\"https:\/\/muzeuciclism.ro\/wp-content\/uploads\/DSCN1506-1.jpg\" class=\"eig-popup\" title=\"Membrii Grupului ciclist \u201dVulturul Alb\u201e, anii 1925 (2) - \u0219tampila clubului\" data-caption=\"Membrii Grupului ciclist \u201dVulturul Alb\u201e, anii 1925 (2) - \u0219tampila clubului\" target=\"_blank\"><i class=\"icon-view\"><\/i><span class=\"overlay\"><\/span><img loading=\"lazy\" decoding=\"async\" width=\"150\" height=\"150\" src=\"https:\/\/muzeuciclism.ro\/wp-content\/uploads\/DSCN1506-1-150x150.jpg\" class=\"attachment-thumbnail size-thumbnail\" alt=\"\" \/><\/a><\/li><li><a data-fancybox=\"gallery878\" href=\"https:\/\/muzeuciclism.ro\/wp-content\/uploads\/DSCN1508.jpg\" class=\"eig-popup\" title=\"Fotografie\/ CP cu membrii Societ\u0103\u021bii Cicliste Principele Nicolae, anii 1925 \" data-caption=\"Fotografie\/ CP cu membrii Societ\u0103\u021bii Cicliste Principele Nicolae, anii 1925 \" target=\"_blank\"><i class=\"icon-view\"><\/i><span class=\"overlay\"><\/span><img loading=\"lazy\" decoding=\"async\" width=\"150\" height=\"150\" src=\"https:\/\/muzeuciclism.ro\/wp-content\/uploads\/DSCN1508-150x150.jpg\" class=\"attachment-thumbnail size-thumbnail\" alt=\"\" \/><\/a><\/li><li><a data-fancybox=\"gallery878\" href=\"https:\/\/muzeuciclism.ro\/wp-content\/uploads\/DSCN0689.jpg\" class=\"eig-popup\" title=\"Fotografie cu ciclistul Nicolae Frize, cu scris \u0219i semn\u0103tur\u0103, d\u0103ruit\u0103 ciclistului Ion Tureatc\u0103 cu mesajul \u201dSpre amintirea campionatelor na\u021bionale, Nicu Frize, Buc., 28.VIII.1926\u201d\" data-caption=\"Fotografie cu ciclistul Nicolae Frize, cu scris \u0219i semn\u0103tur\u0103, d\u0103ruit\u0103 ciclistului Ion Tureatc\u0103 cu mesajul \u201dSpre amintirea campionatelor na\u021bionale, Nicu Frize, Buc., 28.VIII.1926\u201d\" target=\"_blank\"><i class=\"icon-view\"><\/i><span class=\"overlay\"><\/span><img loading=\"lazy\" decoding=\"async\" width=\"150\" height=\"150\" src=\"https:\/\/muzeuciclism.ro\/wp-content\/uploads\/DSCN0689-150x150.jpg\" class=\"attachment-thumbnail size-thumbnail\" alt=\"\" \/><\/a><\/li><li><a data-fancybox=\"gallery878\" href=\"https:\/\/muzeuciclism.ro\/wp-content\/uploads\/DSCN0691.jpg\" class=\"eig-popup\" title=\"Fotografie cu cicli\u0219ti rom\u00e2ni participan\u021bi la curse din anul 1926, oferit\u0103 spre amintire ciclistului Ion Tureatc\u0103, cu scris \u0219i semn\u0103tur\u0103, cu mesajul  \u201dSouvenir de la prietenul t\u0103u Tilic\u0103, 28.09.926\u201d\" data-caption=\"Fotografie cu cicli\u0219ti rom\u00e2ni participan\u021bi la curse din anul 1926, oferit\u0103 spre amintire ciclistului Ion Tureatc\u0103, cu scris \u0219i semn\u0103tur\u0103, cu mesajul  \u201dSouvenir de la prietenul t\u0103u Tilic\u0103, 28.09.926\u201d\" target=\"_blank\"><i class=\"icon-view\"><\/i><span class=\"overlay\"><\/span><img loading=\"lazy\" decoding=\"async\" width=\"150\" height=\"150\" src=\"https:\/\/muzeuciclism.ro\/wp-content\/uploads\/DSCN0691-150x150.jpg\" class=\"attachment-thumbnail size-thumbnail\" alt=\"\" \/><\/a><\/li><li><a data-fancybox=\"gallery878\" href=\"https:\/\/muzeuciclism.ro\/wp-content\/uploads\/DSCN0693.jpg\" class=\"eig-popup\" title=\"Ciclist rom\u00e2n cu biciclet\u0103 marca J.B. Louvet, anii 1920 - 1930 (cel mai probabil Campionatul Rom\u00e2niei 1926)\" data-caption=\"Ciclist rom\u00e2n cu biciclet\u0103 marca J.B. Louvet, anii 1920 - 1930 (cel mai probabil Campionatul Rom\u00e2niei 1926)\" target=\"_blank\"><i class=\"icon-view\"><\/i><span class=\"overlay\"><\/span><img loading=\"lazy\" decoding=\"async\" width=\"150\" height=\"150\" src=\"https:\/\/muzeuciclism.ro\/wp-content\/uploads\/DSCN0693-150x150.jpg\" class=\"attachment-thumbnail size-thumbnail\" alt=\"\" \/><\/a><\/li><li><a data-fancybox=\"gallery878\" href=\"https:\/\/muzeuciclism.ro\/wp-content\/uploads\/DSCN0695.jpg\" class=\"eig-popup\" title=\"Fotografie cicli\u0219ti rom\u00e2ni, participan\u021bi la curs\u0103 de fond, anii 1920 - 1930 (cel mai probabil Campionatul Rom\u00e2niei 1926)\" data-caption=\"Fotografie cicli\u0219ti rom\u00e2ni, participan\u021bi la curs\u0103 de fond, anii 1920 - 1930 (cel mai probabil Campionatul Rom\u00e2niei 1926)\" target=\"_blank\"><i class=\"icon-view\"><\/i><span class=\"overlay\"><\/span><img loading=\"lazy\" decoding=\"async\" width=\"150\" height=\"150\" src=\"https:\/\/muzeuciclism.ro\/wp-content\/uploads\/DSCN0695-150x150.jpg\" class=\"attachment-thumbnail size-thumbnail\" alt=\"\" \/><\/a><\/li><li><a data-fancybox=\"gallery878\" href=\"https:\/\/muzeuciclism.ro\/wp-content\/uploads\/DSCN0697.jpg\" class=\"eig-popup\" title=\"Fotografie cu ciclistul Gic\u0103 Lucasky, cu scris \u0219i semn\u0103tur\u0103, oferit\u0103 ciclistului Ion Tureatc\u0103 spre amintire, cu mesajul \u201dCa amintire, Gic\u0103 Lucasky, iulie 1926\u201d \" data-caption=\"Fotografie cu ciclistul Gic\u0103 Lucasky, cu scris \u0219i semn\u0103tur\u0103, oferit\u0103 ciclistului Ion Tureatc\u0103 spre amintire, cu mesajul \u201dCa amintire, Gic\u0103 Lucasky, iulie 1926\u201d \" target=\"_blank\"><i class=\"icon-view\"><\/i><span class=\"overlay\"><\/span><img loading=\"lazy\" decoding=\"async\" width=\"150\" height=\"150\" src=\"https:\/\/muzeuciclism.ro\/wp-content\/uploads\/DSCN0697-150x150.jpg\" class=\"attachment-thumbnail size-thumbnail\" alt=\"\" \/><\/a><\/li><li><a data-fancybox=\"gallery878\" href=\"https:\/\/muzeuciclism.ro\/wp-content\/uploads\/DSCN0699.jpg\" class=\"eig-popup\" title=\"Ciclist rom\u00e2n cu bicicleta de concurs marca JB Louvet, anii 1920 - 1930\" data-caption=\"Ciclist rom\u00e2n cu bicicleta de concurs marca JB Louvet, anii 1920 - 1930\" target=\"_blank\"><i class=\"icon-view\"><\/i><span class=\"overlay\"><\/span><img loading=\"lazy\" decoding=\"async\" width=\"150\" height=\"150\" src=\"https:\/\/muzeuciclism.ro\/wp-content\/uploads\/DSCN0699-150x150.jpg\" class=\"attachment-thumbnail size-thumbnail\" alt=\"\" \/><\/a><\/li><li><a data-fancybox=\"gallery878\" href=\"https:\/\/muzeuciclism.ro\/wp-content\/uploads\/DSCN1105-1.jpg\" class=\"eig-popup\" title=\"Fotografie cu cicli\u0219ti juniori la start pe Velodromul din Gala\u021bi, construit \u00een anul 1923 la ini\u021biativa dlui. Ernest Flacs - pre\u0219edintele Clubului ciclist Gala\u021bi\" data-caption=\"Fotografie cu cicli\u0219ti juniori la start pe Velodromul din Gala\u021bi, construit \u00een anul 1923 la ini\u021biativa dlui. Ernest Flacs - pre\u0219edintele Clubului ciclist Gala\u021bi\" target=\"_blank\"><i class=\"icon-view\"><\/i><span class=\"overlay\"><\/span><img loading=\"lazy\" decoding=\"async\" width=\"150\" height=\"150\" src=\"https:\/\/muzeuciclism.ro\/wp-content\/uploads\/DSCN1105-1-150x150.jpg\" class=\"attachment-thumbnail size-thumbnail\" alt=\"\" \/><\/a><\/li><li><a data-fancybox=\"gallery878\" href=\"https:\/\/muzeuciclism.ro\/wp-content\/uploads\/DSCN0701.jpg\" class=\"eig-popup\" title=\"Fotografie cicli\u0219ti rom\u00e2ni participan\u021bi la Campionatele Na\u021bionale ale Rom\u00e2niei, 1926 (\u00een drepta campionul la proba de fond, ciclistul Nicu Frize)\" data-caption=\"Fotografie cicli\u0219ti rom\u00e2ni participan\u021bi la Campionatele Na\u021bionale ale Rom\u00e2niei, 1926 (\u00een drepta campionul la proba de fond, ciclistul Nicu Frize)\" target=\"_blank\"><i class=\"icon-view\"><\/i><span class=\"overlay\"><\/span><img loading=\"lazy\" decoding=\"async\" width=\"150\" height=\"150\" src=\"https:\/\/muzeuciclism.ro\/wp-content\/uploads\/DSCN0701-150x150.jpg\" class=\"attachment-thumbnail size-thumbnail\" alt=\"\" \/><\/a><\/li><li><a data-fancybox=\"gallery878\" href=\"https:\/\/muzeuciclism.ro\/wp-content\/uploads\/DSCN1106-1.jpg\" class=\"eig-popup\" title=\"Fotografie cu Velodromul de p\u0103m\u00e2nd din Br\u0103ila, construit \u00een anul 1926 la ini\u021biativa dlui. Foti Valerianos - pre\u0219edintele Clubului ciclist Br\u0103ila\" data-caption=\"Fotografie cu Velodromul de p\u0103m\u00e2nd din Br\u0103ila, construit \u00een anul 1926 la ini\u021biativa dlui. Foti Valerianos - pre\u0219edintele Clubului ciclist Br\u0103ila\" target=\"_blank\"><i class=\"icon-view\"><\/i><span class=\"overlay\"><\/span><img loading=\"lazy\" decoding=\"async\" width=\"150\" height=\"150\" src=\"https:\/\/muzeuciclism.ro\/wp-content\/uploads\/DSCN1106-1-150x150.jpg\" class=\"attachment-thumbnail size-thumbnail\" alt=\"\" \/><\/a><\/li><li><a data-fancybox=\"gallery878\" href=\"https:\/\/muzeuciclism.ro\/wp-content\/uploads\/DSCN1968.jpg\" class=\"eig-popup\" title=\"Fotografie cu cicli\u0219tii de la CFR, 16.10.1927\" data-caption=\"Fotografie cu cicli\u0219tii de la CFR, 16.10.1927\" target=\"_blank\"><i class=\"icon-view\"><\/i><span class=\"overlay\"><\/span><img loading=\"lazy\" decoding=\"async\" width=\"150\" height=\"150\" src=\"https:\/\/muzeuciclism.ro\/wp-content\/uploads\/DSCN1968-150x150.jpg\" class=\"attachment-thumbnail size-thumbnail\" alt=\"\" \/><\/a><\/li><li><a data-fancybox=\"gallery878\" href=\"https:\/\/muzeuciclism.ro\/wp-content\/uploads\/DSCN1980.jpg\" class=\"eig-popup\" title=\"Fotografie cicli\u0219ti rom\u00e2ni participan\u021bi la cursa ciclist\u0103 \u201dCircuitul Principele Nicolae\u201d, Sinaia 20.08. 1930 (c\u00e2\u0219tig\u0103tor ciclistul T\u0103nase Ignat)\" data-caption=\"Fotografie cicli\u0219ti rom\u00e2ni participan\u021bi la cursa ciclist\u0103 \u201dCircuitul Principele Nicolae\u201d, Sinaia 20.08. 1930 (c\u00e2\u0219tig\u0103tor ciclistul T\u0103nase Ignat)\" target=\"_blank\"><i class=\"icon-view\"><\/i><span class=\"overlay\"><\/span><img loading=\"lazy\" decoding=\"async\" width=\"150\" height=\"150\" src=\"https:\/\/muzeuciclism.ro\/wp-content\/uploads\/DSCN1980-150x150.jpg\" class=\"attachment-thumbnail size-thumbnail\" alt=\"\" \/><\/a><\/li><li><a data-fancybox=\"gallery878\" href=\"https:\/\/muzeuciclism.ro\/wp-content\/uploads\/DSCN1997.jpg\" class=\"eig-popup\" title=\"Fotografie cursa ciclist\u0103 Bucure\u0219ti - Giurgiu - Bucure\u0219ti, 1930 (\u00een foto c\u00e2\u0219tig\u0103torul cursei, T\u0103nase Ignat)\" data-caption=\"Fotografie cursa ciclist\u0103 Bucure\u0219ti - Giurgiu - Bucure\u0219ti, 1930 (\u00een foto c\u00e2\u0219tig\u0103torul cursei, T\u0103nase Ignat)\" target=\"_blank\"><i class=\"icon-view\"><\/i><span class=\"overlay\"><\/span><img loading=\"lazy\" decoding=\"async\" width=\"150\" height=\"150\" src=\"https:\/\/muzeuciclism.ro\/wp-content\/uploads\/DSCN1997-150x150.jpg\" class=\"attachment-thumbnail size-thumbnail\" alt=\"\" \/><\/a><\/li><li><a data-fancybox=\"gallery878\" href=\"https:\/\/muzeuciclism.ro\/wp-content\/uploads\/DSCN1958.jpg\" class=\"eig-popup\" title=\"Fotografie Campionatul de ciclocros, 1930, cicli\u0219tii T\u0103nase Ignat (locul I), Dumitru Hrenciuc (locul II) \u0219i Radu Ioni\u021b\u0103 (locul III)\" data-caption=\"Fotografie Campionatul de ciclocros, 1930, cicli\u0219tii T\u0103nase Ignat (locul I), Dumitru Hrenciuc (locul II) \u0219i Radu Ioni\u021b\u0103 (locul III)\" target=\"_blank\"><i class=\"icon-view\"><\/i><span class=\"overlay\"><\/span><img loading=\"lazy\" decoding=\"async\" width=\"150\" height=\"150\" src=\"https:\/\/muzeuciclism.ro\/wp-content\/uploads\/DSCN1958-150x150.jpg\" class=\"attachment-thumbnail size-thumbnail\" alt=\"\" \/><\/a><\/li><li><a data-fancybox=\"gallery878\" href=\"https:\/\/muzeuciclism.ro\/wp-content\/uploads\/DSCN1978.jpg\" class=\"eig-popup\" title=\"Fotografie cuc ciclistul rom\u00e2n T\u0103nase Ignat f\u0103cut\u0103 la Breaza \u00een 30.08.1931 cu prilejul cursei cicliste Bucure\u0219ti - Predeal (pan\u0103 de motor)\" data-caption=\"Fotografie cuc ciclistul rom\u00e2n T\u0103nase Ignat f\u0103cut\u0103 la Breaza \u00een 30.08.1931 cu prilejul cursei cicliste Bucure\u0219ti - Predeal (pan\u0103 de motor)\" target=\"_blank\"><i class=\"icon-view\"><\/i><span class=\"overlay\"><\/span><img loading=\"lazy\" decoding=\"async\" width=\"150\" height=\"150\" src=\"https:\/\/muzeuciclism.ro\/wp-content\/uploads\/DSCN1978-150x150.jpg\" class=\"attachment-thumbnail size-thumbnail\" alt=\"\" \/><\/a><\/li><li><a data-fancybox=\"gallery878\" href=\"https:\/\/muzeuciclism.ro\/wp-content\/uploads\/DSCN1987.jpg\" class=\"eig-popup\" title=\"Fotografie cu defilarea cicli\u0219tilor rom\u00e2ni pe stadionul Romcomit cu ocazia Ceferiadei din anul 1931\" data-caption=\"Fotografie cu defilarea cicli\u0219tilor rom\u00e2ni pe stadionul Romcomit cu ocazia Ceferiadei din anul 1931\" target=\"_blank\"><i class=\"icon-view\"><\/i><span class=\"overlay\"><\/span><img loading=\"lazy\" decoding=\"async\" width=\"150\" height=\"150\" src=\"https:\/\/muzeuciclism.ro\/wp-content\/uploads\/DSCN1987-150x150.jpg\" class=\"attachment-thumbnail size-thumbnail\" alt=\"\" \/><\/a><\/li><li><a data-fancybox=\"gallery878\" href=\"https:\/\/muzeuciclism.ro\/wp-content\/uploads\/DSCN1985.jpg\" class=\"eig-popup\" title=\"Fotografie cicli\u0219ti rom\u00e2ni participan\u021bi la \u201dCircuitul ciclist Principele Nicolae\u201d, 25.08.1932\" data-caption=\"Fotografie cicli\u0219ti rom\u00e2ni participan\u021bi la \u201dCircuitul ciclist Principele Nicolae\u201d, 25.08.1932\" target=\"_blank\"><i class=\"icon-view\"><\/i><span class=\"overlay\"><\/span><img loading=\"lazy\" decoding=\"async\" width=\"150\" height=\"150\" src=\"https:\/\/muzeuciclism.ro\/wp-content\/uploads\/DSCN1985-150x150.jpg\" class=\"attachment-thumbnail size-thumbnail\" alt=\"\" \/><\/a><\/li><li><a data-fancybox=\"gallery878\" href=\"https:\/\/muzeuciclism.ro\/wp-content\/uploads\/DSCN1960.jpg\" class=\"eig-popup\" title=\"Fotografie cicli\u0219ti rom\u00e2ni participan\u021bi la cursa \u201dCupa Schwartz\u201d, 1932\" data-caption=\"Fotografie cicli\u0219ti rom\u00e2ni participan\u021bi la cursa \u201dCupa Schwartz\u201d, 1932\" target=\"_blank\"><i class=\"icon-view\"><\/i><span class=\"overlay\"><\/span><img loading=\"lazy\" decoding=\"async\" width=\"150\" height=\"150\" src=\"https:\/\/muzeuciclism.ro\/wp-content\/uploads\/DSCN1960-150x150.jpg\" class=\"attachment-thumbnail size-thumbnail\" alt=\"\" \/><\/a><\/li><li><a data-fancybox=\"gallery878\" href=\"https:\/\/muzeuciclism.ro\/wp-content\/uploads\/DSCN1984.jpg\" class=\"eig-popup\" title=\"Fotografie participan\u021bi la un concurs ciclist desf\u0103\u0219urat \u00eentre Arcul de Triumf \u0219i Hipodrom, 1932\" data-caption=\"Fotografie participan\u021bi la un concurs ciclist desf\u0103\u0219urat \u00eentre Arcul de Triumf \u0219i Hipodrom, 1932\" target=\"_blank\"><i class=\"icon-view\"><\/i><span class=\"overlay\"><\/span><img loading=\"lazy\" decoding=\"async\" width=\"150\" height=\"150\" src=\"https:\/\/muzeuciclism.ro\/wp-content\/uploads\/DSCN1984-150x150.jpg\" class=\"attachment-thumbnail size-thumbnail\" alt=\"\" \/><\/a><\/li><li><a data-fancybox=\"gallery878\" href=\"https:\/\/muzeuciclism.ro\/wp-content\/uploads\/DSCN1989.jpg\" class=\"eig-popup\" title=\"Fotografie concurs ciclist desf\u0103\u0219urat pe ruta Arcul de Triumf - Hipodrom, 1932\" data-caption=\"Fotografie concurs ciclist desf\u0103\u0219urat pe ruta Arcul de Triumf - Hipodrom, 1932\" target=\"_blank\"><i class=\"icon-view\"><\/i><span class=\"overlay\"><\/span><img loading=\"lazy\" decoding=\"async\" width=\"150\" height=\"150\" src=\"https:\/\/muzeuciclism.ro\/wp-content\/uploads\/DSCN1989-150x150.jpg\" class=\"attachment-thumbnail size-thumbnail\" alt=\"\" \/><\/a><\/li><li><a data-fancybox=\"gallery878\" href=\"https:\/\/muzeuciclism.ro\/wp-content\/uploads\/DSCN1982.jpg\" class=\"eig-popup\" title=\"Fotografie cicli\u0219ti rom\u00e2ni \u00eenaintea plec\u0103rii \u00een cursa de ciclocros, 12.03.1933\" data-caption=\"Fotografie cicli\u0219ti rom\u00e2ni \u00eenaintea plec\u0103rii \u00een cursa de ciclocros, 12.03.1933\" target=\"_blank\"><i class=\"icon-view\"><\/i><span class=\"overlay\"><\/span><img loading=\"lazy\" decoding=\"async\" width=\"150\" height=\"150\" src=\"https:\/\/muzeuciclism.ro\/wp-content\/uploads\/DSCN1982-150x150.jpg\" class=\"attachment-thumbnail size-thumbnail\" alt=\"\" \/><\/a><\/li><li><a data-fancybox=\"gallery878\" href=\"https:\/\/muzeuciclism.ro\/wp-content\/uploads\/DSCN1974.jpg\" class=\"eig-popup\" title=\"Fotografie cicli\u0219ti rom\u00e2ni \u00een curs\u0103 de ciclocros, 12.03.1933, \u00een foto ciclistul T\u0103nase Ignat\" data-caption=\"Fotografie cicli\u0219ti rom\u00e2ni \u00een curs\u0103 de ciclocros, 12.03.1933, \u00een foto ciclistul T\u0103nase Ignat\" target=\"_blank\"><i class=\"icon-view\"><\/i><span class=\"overlay\"><\/span><img loading=\"lazy\" decoding=\"async\" width=\"150\" height=\"150\" src=\"https:\/\/muzeuciclism.ro\/wp-content\/uploads\/DSCN1974-150x150.jpg\" class=\"attachment-thumbnail size-thumbnail\" alt=\"\" \/><\/a><\/li><li><a data-fancybox=\"gallery878\" href=\"https:\/\/muzeuciclism.ro\/wp-content\/uploads\/DSCN1970.jpg\" class=\"eig-popup\" title=\"Fotografie cu cicli\u0219tii participan\u021bi la cursa Rom\u00e2nia - Bulgaria, Bucure\u0219ti 1933\" data-caption=\"Fotografie cu cicli\u0219tii participan\u021bi la cursa Rom\u00e2nia - Bulgaria, Bucure\u0219ti 1933\" target=\"_blank\"><i class=\"icon-view\"><\/i><span class=\"overlay\"><\/span><img loading=\"lazy\" decoding=\"async\" width=\"150\" height=\"150\" src=\"https:\/\/muzeuciclism.ro\/wp-content\/uploads\/DSCN1970-150x150.jpg\" class=\"attachment-thumbnail size-thumbnail\" alt=\"\" \/><\/a><\/li><li><a data-fancybox=\"gallery878\" href=\"https:\/\/muzeuciclism.ro\/wp-content\/uploads\/DSCN0800.jpg\" class=\"eig-popup\" title=\"Fotografie din Turul ciclist al Rom\u00e2niei 1935 (foto ONEF)\" data-caption=\"Fotografie din Turul ciclist al Rom\u00e2niei 1935 (foto ONEF)\" target=\"_blank\"><i class=\"icon-view\"><\/i><span class=\"overlay\"><\/span><img loading=\"lazy\" decoding=\"async\" width=\"150\" height=\"150\" src=\"https:\/\/muzeuciclism.ro\/wp-content\/uploads\/DSCN0800-150x150.jpg\" class=\"attachment-thumbnail size-thumbnail\" alt=\"\" \/><\/a><\/li><li><a data-fancybox=\"gallery878\" href=\"https:\/\/muzeuciclism.ro\/wp-content\/uploads\/DSCN0832.jpg\" class=\"eig-popup\" title=\"Fotografie Turul ciclist al Rom\u00e2niei 1935, pe verso este scris \u201d1935, Turu Rom\u00e2niei, Plecare din Bucure\u0219ti\u201d\" data-caption=\"Fotografie Turul ciclist al Rom\u00e2niei 1935, pe verso este scris \u201d1935, Turu Rom\u00e2niei, Plecare din Bucure\u0219ti\u201d\" target=\"_blank\"><i class=\"icon-view\"><\/i><span class=\"overlay\"><\/span><img loading=\"lazy\" decoding=\"async\" width=\"150\" height=\"150\" src=\"https:\/\/muzeuciclism.ro\/wp-content\/uploads\/DSCN0832-150x150.jpg\" class=\"attachment-thumbnail size-thumbnail\" alt=\"\" \/><\/a><\/li><li><a data-fancybox=\"gallery878\" href=\"https:\/\/muzeuciclism.ro\/wp-content\/uploads\/DSCN0802.jpg\" class=\"eig-popup\" title=\"Fotografie din Turul ciclist al Rom\u00e2niei 1935, pe verso este scris \u201dSplendid\u0103 plecare \u00een etapa Lugoj - Timi\u0219oara - Arad. Concuren\u021bi la start.\u201d\" data-caption=\"Fotografie din Turul ciclist al Rom\u00e2niei 1935, pe verso este scris \u201dSplendid\u0103 plecare \u00een etapa Lugoj - Timi\u0219oara - Arad. Concuren\u021bi la start.\u201d\" target=\"_blank\"><i class=\"icon-view\"><\/i><span class=\"overlay\"><\/span><img loading=\"lazy\" decoding=\"async\" width=\"150\" height=\"150\" src=\"https:\/\/muzeuciclism.ro\/wp-content\/uploads\/DSCN0802-150x150.jpg\" class=\"attachment-thumbnail size-thumbnail\" alt=\"\" \/><\/a><\/li><li><a data-fancybox=\"gallery878\" href=\"https:\/\/muzeuciclism.ro\/wp-content\/uploads\/DSCN0836.jpg\" class=\"eig-popup\" title=\"Fotografie din Turul ciclist al Rom\u00e2niei 1935, pe verso este scris \u201dSpre Oradea Mare, Turul Rom\u00e2niei, 1935.\u201d\" data-caption=\"Fotografie din Turul ciclist al Rom\u00e2niei 1935, pe verso este scris \u201dSpre Oradea Mare, Turul Rom\u00e2niei, 1935.\u201d\" target=\"_blank\"><i class=\"icon-view\"><\/i><span class=\"overlay\"><\/span><img loading=\"lazy\" decoding=\"async\" width=\"150\" height=\"150\" src=\"https:\/\/muzeuciclism.ro\/wp-content\/uploads\/DSCN0836-150x150.jpg\" class=\"attachment-thumbnail size-thumbnail\" alt=\"\" \/><\/a><\/li><li><a data-fancybox=\"gallery878\" href=\"https:\/\/muzeuciclism.ro\/wp-content\/uploads\/DSCN0834.jpg\" class=\"eig-popup\" title=\"Fotografie cicli\u0219ti \u00een curs\u0103, pe verso este scris \u201dAmintire din Cupa Metropola, Buc. T\u00e2rgovi\u0219te - Ploie\u0219ti - Buc., 175 km, 2 iunie 1935\u201d\" data-caption=\"Fotografie cicli\u0219ti \u00een curs\u0103, pe verso este scris \u201dAmintire din Cupa Metropola, Buc. T\u00e2rgovi\u0219te - Ploie\u0219ti - Buc., 175 km, 2 iunie 1935\u201d\" target=\"_blank\"><i class=\"icon-view\"><\/i><span class=\"overlay\"><\/span><img loading=\"lazy\" decoding=\"async\" width=\"150\" height=\"150\" src=\"https:\/\/muzeuciclism.ro\/wp-content\/uploads\/DSCN0834-150x150.jpg\" class=\"attachment-thumbnail size-thumbnail\" alt=\"\" \/><\/a><\/li><li><a data-fancybox=\"gallery878\" href=\"https:\/\/muzeuciclism.ro\/wp-content\/uploads\/DSCN1972.jpg\" class=\"eig-popup\" title=\"Fotografie Velodromul de la Bellu, cca. 1935, pe verso este scris \u201dVelodromul de la Bellu, tov. Dragomir, Zamfiropol, Lic\u0103 Negrescu, T\u0103nase Ignat \u0219i plt. Csuli\u201d\" data-caption=\"Fotografie Velodromul de la Bellu, cca. 1935, pe verso este scris \u201dVelodromul de la Bellu, tov. Dragomir, Zamfiropol, Lic\u0103 Negrescu, T\u0103nase Ignat \u0219i plt. Csuli\u201d\" target=\"_blank\"><i class=\"icon-view\"><\/i><span class=\"overlay\"><\/span><img loading=\"lazy\" decoding=\"async\" width=\"150\" height=\"150\" src=\"https:\/\/muzeuciclism.ro\/wp-content\/uploads\/DSCN1972-150x150.jpg\" class=\"attachment-thumbnail size-thumbnail\" alt=\"\" \/><\/a><\/li><li><a data-fancybox=\"gallery878\" href=\"https:\/\/muzeuciclism.ro\/wp-content\/uploads\/DSCN2001.jpg\" class=\"eig-popup\" title=\"Fotografie din Turul Rom\u00e2niei edi\u021bia 1936, etap\u0103 la Pite\u0219ti (marcat cu * se distinge ciclistul rom\u00e2n T\u0103nase Ignat)\" data-caption=\"Fotografie din Turul Rom\u00e2niei edi\u021bia 1936, etap\u0103 la Pite\u0219ti (marcat cu * se distinge ciclistul rom\u00e2n T\u0103nase Ignat)\" target=\"_blank\"><i class=\"icon-view\"><\/i><span class=\"overlay\"><\/span><img loading=\"lazy\" decoding=\"async\" width=\"150\" height=\"150\" src=\"https:\/\/muzeuciclism.ro\/wp-content\/uploads\/DSCN2001-150x150.jpg\" class=\"attachment-thumbnail size-thumbnail\" alt=\"\" \/><\/a><\/li><li><a data-fancybox=\"gallery878\" href=\"https:\/\/muzeuciclism.ro\/wp-content\/uploads\/DSCN1976.jpg\" class=\"eig-popup\" title=\"Fotografie cu ciclistul rom\u00e2n George Hapciuc \u00eenaintea plec\u0103rii \u00een Turul Fran\u021bei, 1936\" data-caption=\"Fotografie cu ciclistul rom\u00e2n George Hapciuc \u00eenaintea plec\u0103rii \u00een Turul Fran\u021bei, 1936\" target=\"_blank\"><i class=\"icon-view\"><\/i><span class=\"overlay\"><\/span><img loading=\"lazy\" decoding=\"async\" width=\"150\" height=\"150\" src=\"https:\/\/muzeuciclism.ro\/wp-content\/uploads\/DSCN1976-150x150.jpg\" class=\"attachment-thumbnail size-thumbnail\" alt=\"\" \/><\/a><\/li><li><a data-fancybox=\"gallery878\" href=\"https:\/\/muzeuciclism.ro\/wp-content\/uploads\/DSCN0721.jpg\" class=\"eig-popup\" title=\"Fotografie echip\u0103 cicli\u0219ti rom\u00e2ni participan\u021bi la curse, 1937\" data-caption=\"Fotografie echip\u0103 cicli\u0219ti rom\u00e2ni participan\u021bi la curse, 1937\" target=\"_blank\"><i class=\"icon-view\"><\/i><span class=\"overlay\"><\/span><img loading=\"lazy\" decoding=\"async\" width=\"150\" height=\"150\" src=\"https:\/\/muzeuciclism.ro\/wp-content\/uploads\/DSCN0721-150x150.jpg\" class=\"attachment-thumbnail size-thumbnail\" alt=\"\" srcset=\"https:\/\/muzeuciclism.ro\/wp-content\/uploads\/DSCN0721-150x150.jpg 150w, https:\/\/muzeuciclism.ro\/wp-content\/uploads\/DSCN0721.jpg 285w\" sizes=\"auto, (max-width: 150px) 100vw, 150px\" \/><\/a><\/li><li><a data-fancybox=\"gallery878\" href=\"https:\/\/muzeuciclism.ro\/wp-content\/uploads\/DSCN0709.jpg\" class=\"eig-popup\" title=\"Carte po\u0219tal\u0103 cu \u0219tampila Clubului sportiv \u201dCarmen\u201d, Bucure\u0219ti - Sec\u021bia ciclism (club \u00eenfiin\u021bat de Dumitru Mociorni\u021b\u0103 \u00een 1937) - fa\u021b\u0103\" data-caption=\"Carte po\u0219tal\u0103 cu \u0219tampila Clubului sportiv \u201dCarmen\u201d, Bucure\u0219ti - Sec\u021bia ciclism (club \u00eenfiin\u021bat de Dumitru Mociorni\u021b\u0103 \u00een 1937) - fa\u021b\u0103\" target=\"_blank\"><i class=\"icon-view\"><\/i><span class=\"overlay\"><\/span><img loading=\"lazy\" decoding=\"async\" width=\"150\" height=\"150\" src=\"https:\/\/muzeuciclism.ro\/wp-content\/uploads\/DSCN0709-150x150.jpg\" class=\"attachment-thumbnail size-thumbnail\" alt=\"\" \/><\/a><\/li><li><a data-fancybox=\"gallery878\" href=\"https:\/\/muzeuciclism.ro\/wp-content\/uploads\/DSCN0710.jpg\" class=\"eig-popup\" title=\"Carte po\u0219tal\u0103 cu \u0219tampila Clubului sportiv \u201dCarmen\u201d, Bucure\u0219ti - Sec\u021bia ciclism (club \u00eenfiin\u021bat de Dumitru Mociorni\u021b\u0103 \u00een 1937) - verso\" data-caption=\"Carte po\u0219tal\u0103 cu \u0219tampila Clubului sportiv \u201dCarmen\u201d, Bucure\u0219ti - Sec\u021bia ciclism (club \u00eenfiin\u021bat de Dumitru Mociorni\u021b\u0103 \u00een 1937) - verso\" target=\"_blank\"><i class=\"icon-view\"><\/i><span class=\"overlay\"><\/span><img loading=\"lazy\" decoding=\"async\" width=\"150\" height=\"150\" src=\"https:\/\/muzeuciclism.ro\/wp-content\/uploads\/DSCN0710-150x150.jpg\" class=\"attachment-thumbnail size-thumbnail\" alt=\"\" \/><\/a><\/li><li><a data-fancybox=\"gallery878\" href=\"https:\/\/muzeuciclism.ro\/wp-content\/uploads\/DSCN1532.jpg\" class=\"eig-popup\" title=\"Fotografie Asocia\u021bia Sportiv\u0103 Ciclist\u0103 \u201dCeahl\u0103ul\u201d, anii 1930 (1)\" data-caption=\"Fotografie Asocia\u021bia Sportiv\u0103 Ciclist\u0103 \u201dCeahl\u0103ul\u201d, anii 1930 (1)\" target=\"_blank\"><i class=\"icon-view\"><\/i><span class=\"overlay\"><\/span><img loading=\"lazy\" decoding=\"async\" width=\"150\" height=\"150\" src=\"https:\/\/muzeuciclism.ro\/wp-content\/uploads\/DSCN1532-150x150.jpg\" class=\"attachment-thumbnail size-thumbnail\" alt=\"\" \/><\/a><\/li><li><a data-fancybox=\"gallery878\" href=\"https:\/\/muzeuciclism.ro\/wp-content\/uploads\/DSCN1531.jpg\" class=\"eig-popup\" title=\"Membrii Grupului ciclist \u201dVulturul Alb\u201e, anii 1925 (2)\" data-caption=\"Membrii Grupului ciclist \u201dVulturul Alb\u201e, anii 1925 (2)\" target=\"_blank\"><i class=\"icon-view\"><\/i><span class=\"overlay\"><\/span><img loading=\"lazy\" decoding=\"async\" width=\"150\" height=\"150\" src=\"https:\/\/muzeuciclism.ro\/wp-content\/uploads\/DSCN1531-150x150.jpg\" class=\"attachment-thumbnail size-thumbnail\" alt=\"\" \/><\/a><\/li><li><a data-fancybox=\"gallery878\" href=\"https:\/\/muzeuciclism.ro\/wp-content\/uploads\/DSCN1524.jpg\" class=\"eig-popup\" title=\"Fotografie cu ciclistul Fr. Konig, c\u00e2\u0219tig\u0103torul cursei  Ia\u0219i - Roman -Ia\u0219i, 19.09.1937\" data-caption=\"Fotografie cu ciclistul Fr. Konig, c\u00e2\u0219tig\u0103torul cursei  Ia\u0219i - Roman -Ia\u0219i, 19.09.1937\" target=\"_blank\"><i class=\"icon-view\"><\/i><span class=\"overlay\"><\/span><img loading=\"lazy\" decoding=\"async\" width=\"150\" height=\"150\" src=\"https:\/\/muzeuciclism.ro\/wp-content\/uploads\/DSCN1524-150x150.jpg\" class=\"attachment-thumbnail size-thumbnail\" alt=\"\" \/><\/a><\/li><li><a data-fancybox=\"gallery878\" href=\"https:\/\/muzeuciclism.ro\/wp-content\/uploads\/DSCN1526.jpg\" class=\"eig-popup\" title=\"Fotografie Asocia\u021bia Sportiv\u0103 Ciclist\u0103 \u201dCeahl\u0103ul\u201d din Piatra Neam\u021b, plecare \u00een curs\u0103, anii 1930\" data-caption=\"Fotografie Asocia\u021bia Sportiv\u0103 Ciclist\u0103 \u201dCeahl\u0103ul\u201d din Piatra Neam\u021b, plecare \u00een curs\u0103, anii 1930\" target=\"_blank\"><i class=\"icon-view\"><\/i><span class=\"overlay\"><\/span><img loading=\"lazy\" decoding=\"async\" width=\"150\" height=\"150\" src=\"https:\/\/muzeuciclism.ro\/wp-content\/uploads\/DSCN1526-150x150.jpg\" class=\"attachment-thumbnail size-thumbnail\" alt=\"\" \/><\/a><\/li><li><a data-fancybox=\"gallery878\" href=\"https:\/\/muzeuciclism.ro\/wp-content\/uploads\/DSCN0838.jpg\" class=\"eig-popup\" title=\"Fotografie cu cicli\u0219ti la odihn\u0103 dup\u0103 participarea la Cupa Restaura\u021biei, edi\u021bia a II-a, 1938 - fa\u021b\u0103\" data-caption=\"Fotografie cu cicli\u0219ti la odihn\u0103 dup\u0103 participarea la Cupa Restaura\u021biei, edi\u021bia a II-a, 1938 - fa\u021b\u0103\" target=\"_blank\"><i class=\"icon-view\"><\/i><span class=\"overlay\"><\/span><img loading=\"lazy\" decoding=\"async\" width=\"150\" height=\"150\" src=\"https:\/\/muzeuciclism.ro\/wp-content\/uploads\/DSCN0838-150x150.jpg\" class=\"attachment-thumbnail size-thumbnail\" alt=\"\" \/><\/a><\/li><li><a data-fancybox=\"gallery878\" href=\"https:\/\/muzeuciclism.ro\/wp-content\/uploads\/DSCN0839.jpg\" class=\"eig-popup\" title=\"Fotografie cu cicli\u0219ti la odihn\u0103 dup\u0103 participarea la Cupa Restaura\u021biei, edi\u021bia a II-a, 1938 - verso\" data-caption=\"Fotografie cu cicli\u0219ti la odihn\u0103 dup\u0103 participarea la Cupa Restaura\u021biei, edi\u021bia a II-a, 1938 - verso\" target=\"_blank\"><i class=\"icon-view\"><\/i><span class=\"overlay\"><\/span><img loading=\"lazy\" decoding=\"async\" width=\"150\" height=\"150\" src=\"https:\/\/muzeuciclism.ro\/wp-content\/uploads\/DSCN0839-150x150.jpg\" class=\"attachment-thumbnail size-thumbnail\" alt=\"\" \/><\/a><\/li><li><a data-fancybox=\"gallery878\" href=\"https:\/\/muzeuciclism.ro\/wp-content\/uploads\/DSCN1529.jpg\" class=\"eig-popup\" title=\"Fotografie Fr. Konig (A.S.C. \u201dCeahl\u0103ul\u201d din Piatra Neam\u021b) \u00een Cupa restaura\u021biei 1938, locul 22\" data-caption=\"Fotografie Fr. Konig (A.S.C. \u201dCeahl\u0103ul\u201d din Piatra Neam\u021b) \u00een Cupa restaura\u021biei 1938, locul 22\" target=\"_blank\"><i class=\"icon-view\"><\/i><span class=\"overlay\"><\/span><img loading=\"lazy\" decoding=\"async\" width=\"150\" height=\"150\" src=\"https:\/\/muzeuciclism.ro\/wp-content\/uploads\/DSCN1529-150x150.jpg\" class=\"attachment-thumbnail size-thumbnail\" alt=\"\" \/><\/a><\/li><li><a data-fancybox=\"gallery878\" href=\"https:\/\/muzeuciclism.ro\/wp-content\/uploads\/DSCN1527.jpg\" class=\"eig-popup\" title=\"Fotografie Asocia\u021bia Sportiv\u0103 Ciclist\u0103 \u201dCeahl\u0103ul\u201d din Piatra Neam\u021b, plecare \u00een cursa de ciclo-cros, 10.04.1939\" data-caption=\"Fotografie Asocia\u021bia Sportiv\u0103 Ciclist\u0103 \u201dCeahl\u0103ul\u201d din Piatra Neam\u021b, plecare \u00een cursa de ciclo-cros, 10.04.1939\" target=\"_blank\"><i class=\"icon-view\"><\/i><span class=\"overlay\"><\/span><img loading=\"lazy\" decoding=\"async\" width=\"150\" height=\"150\" src=\"https:\/\/muzeuciclism.ro\/wp-content\/uploads\/DSCN1527-150x150.jpg\" class=\"attachment-thumbnail size-thumbnail\" alt=\"\" \/><\/a><\/li><li><a data-fancybox=\"gallery878\" href=\"https:\/\/muzeuciclism.ro\/wp-content\/uploads\/DSCN1962.jpg\" class=\"eig-popup\" title=\"Fotografie cu cicli\u0219ti rom\u00e2ni defil\u00e2nd \u00een deschiderea competi\u021biei cicliste Ceferiada, Stadionul CFR din Giule\u0219ti, 1938\" data-caption=\"Fotografie cu cicli\u0219ti rom\u00e2ni defil\u00e2nd \u00een deschiderea competi\u021biei cicliste Ceferiada, Stadionul CFR din Giule\u0219ti, 1938\" target=\"_blank\"><i class=\"icon-view\"><\/i><span class=\"overlay\"><\/span><img loading=\"lazy\" decoding=\"async\" width=\"150\" height=\"150\" src=\"https:\/\/muzeuciclism.ro\/wp-content\/uploads\/DSCN1962-150x150.jpg\" class=\"attachment-thumbnail size-thumbnail\" alt=\"\" \/><\/a><\/li><li><a data-fancybox=\"gallery878\" href=\"https:\/\/muzeuciclism.ro\/wp-content\/uploads\/DSCN1999.jpg\" class=\"eig-popup\" title=\"Fotografie cursa ciclist\u0103 organizat\u0103 de CFR pe ruta Bucure\u0219ti - Predeal, 1939 (marcat cu * se distinge ciclistul rom\u00e2n Ion Dolete)\" data-caption=\"Fotografie cursa ciclist\u0103 organizat\u0103 de CFR pe ruta Bucure\u0219ti - Predeal, 1939 (marcat cu * se distinge ciclistul rom\u00e2n Ion Dolete)\" target=\"_blank\"><i class=\"icon-view\"><\/i><span class=\"overlay\"><\/span><img loading=\"lazy\" decoding=\"async\" width=\"150\" height=\"150\" src=\"https:\/\/muzeuciclism.ro\/wp-content\/uploads\/DSCN1999-150x150.jpg\" class=\"attachment-thumbnail size-thumbnail\" alt=\"\" \/><\/a><\/li><li><a data-fancybox=\"gallery878\" href=\"https:\/\/muzeuciclism.ro\/wp-content\/uploads\/DSCN1993.jpg\" class=\"eig-popup\" title=\"Fotografie curs\u0103 ciclist\u0103 organizat\u0103 de CFR pe ruta Bucure\u0219ti - B\u00e2ldana - Bucure\u0219ti, 1941 (\u00eentoarcerea spre Bucure\u0219ti)\" data-caption=\"Fotografie curs\u0103 ciclist\u0103 organizat\u0103 de CFR pe ruta Bucure\u0219ti - B\u00e2ldana - Bucure\u0219ti, 1941 (\u00eentoarcerea spre Bucure\u0219ti)\" target=\"_blank\"><i class=\"icon-view\"><\/i><span class=\"overlay\"><\/span><img loading=\"lazy\" decoding=\"async\" width=\"150\" height=\"150\" src=\"https:\/\/muzeuciclism.ro\/wp-content\/uploads\/DSCN1993-150x150.jpg\" class=\"attachment-thumbnail size-thumbnail\" alt=\"\" \/><\/a><\/li><li><a data-fancybox=\"gallery878\" href=\"https:\/\/muzeuciclism.ro\/wp-content\/uploads\/DSCN2005.jpg\" class=\"eig-popup\" title=\"Fotografie cu oficialii cursei cicliste \u201dHandicapul Aurel Frize\u201d, 04.05.1941\" data-caption=\"Fotografie cu oficialii cursei cicliste \u201dHandicapul Aurel Frize\u201d, 04.05.1941\" target=\"_blank\"><i class=\"icon-view\"><\/i><span class=\"overlay\"><\/span><img loading=\"lazy\" decoding=\"async\" width=\"150\" height=\"150\" src=\"https:\/\/muzeuciclism.ro\/wp-content\/uploads\/DSCN2005-150x150.jpg\" class=\"attachment-thumbnail size-thumbnail\" alt=\"\" \/><\/a><\/li><li><a data-fancybox=\"gallery878\" href=\"https:\/\/muzeuciclism.ro\/wp-content\/uploads\/DSCN1317.jpg\" class=\"eig-popup\" title=\"Fotografie cicli\u0219ti \u00een curs\u0103, pe verso este scris olograf \u201dCampionatul de demifond, 13 septembrie 1942\u201d\" data-caption=\"Fotografie cicli\u0219ti \u00een curs\u0103, pe verso este scris olograf \u201dCampionatul de demifond, 13 septembrie 1942\u201d\" target=\"_blank\"><i class=\"icon-view\"><\/i><span class=\"overlay\"><\/span><img loading=\"lazy\" decoding=\"async\" width=\"150\" height=\"150\" src=\"https:\/\/muzeuciclism.ro\/wp-content\/uploads\/DSCN1317-150x150.jpg\" class=\"attachment-thumbnail size-thumbnail\" alt=\"\" \/><\/a><\/li><li><a data-fancybox=\"gallery878\" href=\"https:\/\/muzeuciclism.ro\/wp-content\/uploads\/DSCN0745.jpg\" class=\"eig-popup\" title=\"Cicli\u0219ti cu membrii echipei, octombrie 1945\" data-caption=\"Cicli\u0219ti cu membrii echipei, octombrie 1945\" target=\"_blank\"><i class=\"icon-view\"><\/i><span class=\"overlay\"><\/span><img loading=\"lazy\" decoding=\"async\" width=\"150\" height=\"150\" src=\"https:\/\/muzeuciclism.ro\/wp-content\/uploads\/DSCN0745-150x150.jpg\" class=\"attachment-thumbnail size-thumbnail\" alt=\"\" \/><\/a><\/li><li><a data-fancybox=\"gallery878\" href=\"https:\/\/muzeuciclism.ro\/wp-content\/uploads\/DSCN1440.jpg\" class=\"eig-popup\" title=\"Fotografie curs\u0103 ciclism, pe verso este scris \u201dSorzoze a marcat al doilea goal pentru C.S.C.M.\u201d, cca. 1950\" data-caption=\"Fotografie curs\u0103 ciclism, pe verso este scris \u201dSorzoze a marcat al doilea goal pentru C.S.C.M.\u201d, cca. 1950\" target=\"_blank\"><i class=\"icon-view\"><\/i><span class=\"overlay\"><\/span><img loading=\"lazy\" decoding=\"async\" width=\"150\" height=\"150\" src=\"https:\/\/muzeuciclism.ro\/wp-content\/uploads\/DSCN1440-150x150.jpg\" class=\"attachment-thumbnail size-thumbnail\" alt=\"\" \/><\/a><\/li><li><a data-fancybox=\"gallery878\" href=\"https:\/\/muzeuciclism.ro\/wp-content\/uploads\/DSCN1442.jpg\" class=\"eig-popup\" title=\"Fotografie concurs ciclism Rom\u00e2nia, cca. 1950\" data-caption=\"Fotografie concurs ciclism Rom\u00e2nia, cca. 1950\" target=\"_blank\"><i class=\"icon-view\"><\/i><span class=\"overlay\"><\/span><img loading=\"lazy\" decoding=\"async\" width=\"150\" height=\"150\" src=\"https:\/\/muzeuciclism.ro\/wp-content\/uploads\/DSCN1442-150x150.jpg\" class=\"attachment-thumbnail size-thumbnail\" alt=\"\" \/><\/a><\/li><li><a data-fancybox=\"gallery878\" href=\"https:\/\/muzeuciclism.ro\/wp-content\/uploads\/DSCN1995.jpg\" class=\"eig-popup\" title=\"Fotografie realizat\u0103 cu ocazia desf\u0103\u0219ur\u0103rii Cursei Muntilor edi\u021bia 1957, ma\u0219in\u0103 de \u00eenso\u021bire pe traseu\" data-caption=\"Fotografie realizat\u0103 cu ocazia desf\u0103\u0219ur\u0103rii Cursei Muntilor edi\u021bia 1957, ma\u0219in\u0103 de \u00eenso\u021bire pe traseu\" target=\"_blank\"><i class=\"icon-view\"><\/i><span class=\"overlay\"><\/span><img loading=\"lazy\" decoding=\"async\" width=\"150\" height=\"150\" src=\"https:\/\/muzeuciclism.ro\/wp-content\/uploads\/DSCN1995-150x150.jpg\" class=\"attachment-thumbnail size-thumbnail\" alt=\"\" \/><\/a><\/li><li><a data-fancybox=\"gallery878\" href=\"https:\/\/muzeuciclism.ro\/wp-content\/uploads\/DSCN1444.jpg\" class=\"eig-popup\" title=\"Carte po\u0219tal\u0103 \u201dCursa Sc\u00e2nteii. Aspecte din timpul cursei\u201d, 1951\" data-caption=\"Carte po\u0219tal\u0103 \u201dCursa Sc\u00e2nteii. Aspecte din timpul cursei\u201d, 1951\" target=\"_blank\"><i class=\"icon-view\"><\/i><span class=\"overlay\"><\/span><img loading=\"lazy\" decoding=\"async\" width=\"150\" height=\"150\" src=\"https:\/\/muzeuciclism.ro\/wp-content\/uploads\/DSCN1444-150x150.jpg\" class=\"attachment-thumbnail size-thumbnail\" alt=\"\" \/><\/a><\/li><li><a data-fancybox=\"gallery878\" href=\"https:\/\/muzeuciclism.ro\/wp-content\/uploads\/DSCN1991.jpg\" class=\"eig-popup\" title=\"Fotografie concurs ciclism Festival, Velodromul Dinamo, 1953\" data-caption=\"Fotografie concurs ciclism Festival, Velodromul Dinamo, 1953\" target=\"_blank\"><i class=\"icon-view\"><\/i><span class=\"overlay\"><\/span><img loading=\"lazy\" decoding=\"async\" width=\"150\" height=\"150\" src=\"https:\/\/muzeuciclism.ro\/wp-content\/uploads\/DSCN1991-150x150.jpg\" class=\"attachment-thumbnail size-thumbnail\" alt=\"\" \/><\/a><\/li><li><a data-fancybox=\"gallery878\" href=\"https:\/\/muzeuciclism.ro\/wp-content\/uploads\/DSCN0841.jpg\" class=\"eig-popup\" title=\"Fotografie ciclisti rom\u00e2ni \u0219i antrenori, cca. 1960\" data-caption=\"Fotografie ciclisti rom\u00e2ni \u0219i antrenori, cca. 1960\" target=\"_blank\"><i class=\"icon-view\"><\/i><span class=\"overlay\"><\/span><img loading=\"lazy\" decoding=\"async\" width=\"150\" height=\"150\" src=\"https:\/\/muzeuciclism.ro\/wp-content\/uploads\/DSCN0841-150x150.jpg\" class=\"attachment-thumbnail size-thumbnail\" alt=\"\" \/><\/a><\/li><li><a data-fancybox=\"gallery878\" href=\"https:\/\/muzeuciclism.ro\/wp-content\/uploads\/DSCN0842.jpg\" class=\"eig-popup\" title=\"Fotografie ciclist rom\u00e2n, cca. 1960\" data-caption=\"Fotografie ciclist rom\u00e2n, cca. 1960\" target=\"_blank\"><i class=\"icon-view\"><\/i><span class=\"overlay\"><\/span><img loading=\"lazy\" decoding=\"async\" width=\"150\" height=\"150\" src=\"https:\/\/muzeuciclism.ro\/wp-content\/uploads\/DSCN0842-150x150.jpg\" class=\"attachment-thumbnail size-thumbnail\" alt=\"\" \/><\/a><\/li><li><a data-fancybox=\"gallery878\" href=\"https:\/\/muzeuciclism.ro\/wp-content\/uploads\/DSCN1964.jpg\" class=\"eig-popup\" title=\"Fotografie de la Campionatele Na\u021bionale de ciclism (fond), 1980, \u0219oseaua Bucure\u0219ti - Pite\u0219ti, \u00een foto apar Marin Niculescu, Ervant Norhadian, Ion Ardeleanu, T\u0103nase Ignat \u0219i Cristescu\" data-caption=\"Fotografie de la Campionatele Na\u021bionale de ciclism (fond), 1980, \u0219oseaua Bucure\u0219ti - Pite\u0219ti, \u00een foto apar Marin Niculescu, Ervant Norhadian, Ion Ardeleanu, T\u0103nase Ignat \u0219i Cristescu\" target=\"_blank\"><i class=\"icon-view\"><\/i><span class=\"overlay\"><\/span><img loading=\"lazy\" decoding=\"async\" width=\"150\" height=\"150\" src=\"https:\/\/muzeuciclism.ro\/wp-content\/uploads\/DSCN1964-150x150.jpg\" class=\"attachment-thumbnail size-thumbnail\" alt=\"\" \/><\/a><\/li><li><a data-fancybox=\"gallery878\" href=\"https:\/\/muzeuciclism.ro\/wp-content\/uploads\/DSCN1966.jpg\" class=\"eig-popup\" title=\"Fotografie Campionatele Na\u021bionale de ciclism (fond), 1980, \u0219oseaua Bucure\u0219ti - Pite\u0219ti, \u00een foto apar Marin Niculescu, Ervant Norhadian \u0219i T\u0103nase Ignat\" data-caption=\"Fotografie Campionatele Na\u021bionale de ciclism (fond), 1980, \u0219oseaua Bucure\u0219ti - Pite\u0219ti, \u00een foto apar Marin Niculescu, Ervant Norhadian \u0219i T\u0103nase Ignat\" target=\"_blank\"><i class=\"icon-view\"><\/i><span class=\"overlay\"><\/span><img loading=\"lazy\" decoding=\"async\" width=\"150\" height=\"150\" src=\"https:\/\/muzeuciclism.ro\/wp-content\/uploads\/DSCN1966-150x150.jpg\" class=\"attachment-thumbnail size-thumbnail\" alt=\"\" \/><\/a><\/li><li><a data-fancybox=\"gallery878\" href=\"https:\/\/muzeuciclism.ro\/wp-content\/uploads\/DSCN2007.jpg\" class=\"eig-popup\" title=\"Fotografie cursa ciclist\u0103 Ploie\u0219ti - Breaza - Ploie\u0219ti, 1939\" data-caption=\"Fotografie cursa ciclist\u0103 Ploie\u0219ti - Breaza - Ploie\u0219ti, 1939\" target=\"_blank\"><i class=\"icon-view\"><\/i><span class=\"overlay\"><\/span><img loading=\"lazy\" decoding=\"async\" width=\"150\" height=\"150\" src=\"https:\/\/muzeuciclism.ro\/wp-content\/uploads\/DSCN2007-150x150.jpg\" class=\"attachment-thumbnail size-thumbnail\" alt=\"\" \/><\/a><\/li><li><a data-fancybox=\"gallery878\" href=\"https:\/\/muzeuciclism.ro\/wp-content\/uploads\/DSCN2009.jpg\" class=\"eig-popup\" title=\"Fotografie cu plecarea de pe stadionul CFR din Giule\u0219ti \u00een cursa Bucure\u0219ti - B\u00e2ldana - Bucure\u0219ti, 1941 (\u00een st\u00e2nga se distinge ciclistul rom\u00e2n Dede Negoescu)\" data-caption=\"Fotografie cu plecarea de pe stadionul CFR din Giule\u0219ti \u00een cursa Bucure\u0219ti - B\u00e2ldana - Bucure\u0219ti, 1941 (\u00een st\u00e2nga se distinge ciclistul rom\u00e2n Dede Negoescu)\" target=\"_blank\"><i class=\"icon-view\"><\/i><span class=\"overlay\"><\/span><img loading=\"lazy\" decoding=\"async\" width=\"150\" height=\"150\" src=\"https:\/\/muzeuciclism.ro\/wp-content\/uploads\/DSCN2009-150x150.jpg\" class=\"attachment-thumbnail size-thumbnail\" alt=\"\" \/><\/a><\/li><li><a data-fancybox=\"gallery878\" href=\"https:\/\/muzeuciclism.ro\/wp-content\/uploads\/DSCN2013.jpg\" class=\"eig-popup\" title=\"Fotografie cu echipa de cicli\u0219ti CFR Grivi\u021ba Ro\u0219ie, terenul Romcomit - Bucure\u0219ti, 1932\" data-caption=\"Fotografie cu echipa de cicli\u0219ti CFR Grivi\u021ba Ro\u0219ie, terenul Romcomit - Bucure\u0219ti, 1932\" target=\"_blank\"><i class=\"icon-view\"><\/i><span class=\"overlay\"><\/span><img loading=\"lazy\" decoding=\"async\" width=\"150\" height=\"150\" src=\"https:\/\/muzeuciclism.ro\/wp-content\/uploads\/DSCN2013-150x150.jpg\" class=\"attachment-thumbnail size-thumbnail\" alt=\"\" \/><\/a><\/li><li><a data-fancybox=\"gallery878\" href=\"https:\/\/muzeuciclism.ro\/wp-content\/uploads\/DSCN2015.jpg\" class=\"eig-popup\" title=\"Fotografie concurs ciclocros, 23.10.1932, c\u00e2\u0219tig\u0103tor ciclistul T\u0103nase Ignat (vedere spre \u0219oseaua de la Bordei)\" data-caption=\"Fotografie concurs ciclocros, 23.10.1932, c\u00e2\u0219tig\u0103tor ciclistul T\u0103nase Ignat (vedere spre \u0219oseaua de la Bordei)\" target=\"_blank\"><i class=\"icon-view\"><\/i><span class=\"overlay\"><\/span><img loading=\"lazy\" decoding=\"async\" width=\"150\" height=\"150\" src=\"https:\/\/muzeuciclism.ro\/wp-content\/uploads\/DSCN2015-150x150.jpg\" class=\"attachment-thumbnail size-thumbnail\" alt=\"\" \/><\/a><\/li><li><a data-fancybox=\"gallery878\" href=\"https:\/\/muzeuciclism.ro\/wp-content\/uploads\/DSCN2017.jpg\" class=\"eig-popup\" title=\"Fotografie cicli\u0219ti rom\u00e2ni la antrenament cu toat\u0103 echipa pentru selec\u021bionarea \u00een vederea particicp\u0103rii la Turul Fran\u021bei edi\u021bia 1936, Predeal 1936 (\u00een prim-plan, ciclistul rom\u00e2n  Nae \u021aapu)\" data-caption=\"Fotografie cicli\u0219ti rom\u00e2ni la antrenament cu toat\u0103 echipa pentru selec\u021bionarea \u00een vederea particicp\u0103rii la Turul Fran\u021bei edi\u021bia 1936, Predeal 1936 (\u00een prim-plan, ciclistul rom\u00e2n  Nae \u021aapu)\" target=\"_blank\"><i class=\"icon-view\"><\/i><span class=\"overlay\"><\/span><img loading=\"lazy\" decoding=\"async\" width=\"150\" height=\"150\" src=\"https:\/\/muzeuciclism.ro\/wp-content\/uploads\/DSCN2017-150x150.jpg\" class=\"attachment-thumbnail size-thumbnail\" alt=\"\" \/><\/a><\/li><li><a data-fancybox=\"gallery878\" href=\"https:\/\/muzeuciclism.ro\/wp-content\/uploads\/DSCN2019.jpg\" class=\"eig-popup\" title=\"Fotografie cu cicli\u0219ti rom\u00e2ni defil\u00e2nd pe stadionul ONEF, 1936\" data-caption=\"Fotografie cu cicli\u0219ti rom\u00e2ni defil\u00e2nd pe stadionul ONEF, 1936\" target=\"_blank\"><i class=\"icon-view\"><\/i><span class=\"overlay\"><\/span><img loading=\"lazy\" decoding=\"async\" width=\"150\" height=\"150\" src=\"https:\/\/muzeuciclism.ro\/wp-content\/uploads\/DSCN2019-150x150.jpg\" class=\"attachment-thumbnail size-thumbnail\" alt=\"\" \/><\/a><\/li><li><a data-fancybox=\"gallery878\" href=\"https:\/\/muzeuciclism.ro\/wp-content\/uploads\/DSCN2021.jpg\" class=\"eig-popup\" title=\"Fotografie cu cicli\u0219ti rom\u00e2ni, cca. 1930 (pe verso este scris \u201dCa amintire cu prietenii mei sportmeni - Hrenciuc, Radu, Virgil, Petric\u0103 \u0219i Traian\u201d)\" data-caption=\"Fotografie cu cicli\u0219ti rom\u00e2ni, cca. 1930 (pe verso este scris \u201dCa amintire cu prietenii mei sportmeni - Hrenciuc, Radu, Virgil, Petric\u0103 \u0219i Traian\u201d)\" target=\"_blank\"><i class=\"icon-view\"><\/i><span class=\"overlay\"><\/span><img loading=\"lazy\" decoding=\"async\" width=\"150\" height=\"150\" src=\"https:\/\/muzeuciclism.ro\/wp-content\/uploads\/DSCN2021-150x150.jpg\" class=\"attachment-thumbnail size-thumbnail\" alt=\"\" \/><\/a><\/li><li><a data-fancybox=\"gallery878\" href=\"https:\/\/muzeuciclism.ro\/wp-content\/uploads\/DSCN2055.jpg\" class=\"eig-popup\" title=\"Carte po\u0219tal\u0103  cu ciclistul Marin Niculescu primind flori de la copii, RPR, 1953\" data-caption=\"Carte po\u0219tal\u0103  cu ciclistul Marin Niculescu primind flori de la copii, RPR, 1953\" target=\"_blank\"><i class=\"icon-view\"><\/i><span class=\"overlay\"><\/span><img loading=\"lazy\" decoding=\"async\" width=\"150\" height=\"150\" src=\"https:\/\/muzeuciclism.ro\/wp-content\/uploads\/DSCN2055-150x150.jpg\" class=\"attachment-thumbnail size-thumbnail\" alt=\"\" \/><\/a><\/li><\/ul>\n","protected":false},"excerpt":{"rendered":"","protected":false},"author":2,"featured_media":0,"parent":0,"menu_order":0,"comment_status":"open","ping_status":"closed","template":"","meta":{"footnotes":""},"class_list":["post-180","page","type-page","status-publish","czr-hentry"],"_links":{"self":[{"href":"https:\/\/muzeuciclism.ro\/index.php\/wp-json\/wp\/v2\/pages\/180","targetHints":{"allow":["GET"]}}],"collection":[{"href":"https:\/\/muzeuciclism.ro\/index.php\/wp-json\/wp\/v2\/pages"}],"about":[{"href":"https:\/\/muzeuciclism.ro\/index.php\/wp-json\/wp\/v2\/types\/page"}],"author":[{"embeddable":true,"href":"https:\/\/muzeuciclism.ro\/index.php\/wp-json\/wp\/v2\/users\/2"}],"replies":[{"embeddable":true,"href":"https:\/\/muzeuciclism.ro\/index.php\/wp-json\/wp\/v2\/comments?post=180"}],"version-history":[{"count":0,"href":"https:\/\/muzeuciclism.ro\/index.php\/wp-json\/wp\/v2\/pages\/180\/revisions"}],"wp:attachment":[{"href":"https:\/\/muzeuciclism.ro\/index.php\/wp-json\/wp\/v2\/media?parent=180"}],"curies":[{"name":"wp","href":"https:\/\/api.w.org\/{rel}","templated":true}]}}