{"id":172,"date":"2016-05-02T15:08:36","date_gmt":"2016-05-02T15:08:36","guid":{"rendered":"http:\/\/muzeuciclism.ro\/?page_id=172"},"modified":"2021-04-21T07:30:57","modified_gmt":"2021-04-21T07:30:57","slug":"cupe-trofee-fanioane","status":"publish","type":"page","link":"https:\/\/muzeuciclism.ro\/index.php\/cupe-trofee-fanioane\/","title":{"rendered":"Cupe, trofee, fanioane"},"content":{"rendered":"\t                <ul class=\"easy-image-gallery thumbnails-64 linked\">\r\n                    <li><a data-fancybox=\"gallery707\" href=\"https:\/\/muzeuciclism.ro\/wp-content\/uploads\/DSCN1135.jpg\" class=\"eig-popup\" title=\"Distinc\u021bie ciclism \u0218ampionatul Rom\u00e2niei 1913, cursa de fond, locul I (c\u00e2\u0219tig\u0103tor Niculescu - C\u00e2mpina, medie orar\u0103 30,4 km, record na\u021bional?) - 1\" data-caption=\"Distinc\u021bie ciclism \u0218ampionatul Rom\u00e2niei 1913, cursa de fond, locul I (c\u00e2\u0219tig\u0103tor Niculescu - C\u00e2mpina, medie orar\u0103 30,4 km, record na\u021bional?) - 1\" target=\"_blank\"><i class=\"icon-view\"><\/i><span class=\"overlay\"><\/span><img loading=\"lazy\" decoding=\"async\" width=\"150\" height=\"92\" src=\"https:\/\/muzeuciclism.ro\/wp-content\/uploads\/DSCN1135-150x92.jpg\" class=\"attachment-thumbnail size-thumbnail\" alt=\"\" \/><\/a><\/li><li><a data-fancybox=\"gallery707\" href=\"https:\/\/muzeuciclism.ro\/wp-content\/uploads\/DSCN1136-1.jpg\" class=\"eig-popup\" title=\"Distinc\u021bie ciclism \u0218ampionatul Rom\u00e2niei 1913, cursa de fond, locul I (c\u00e2\u0219tig\u0103tor Niculescu - C\u00e2mpina, medie orar\u0103 30,4 km, record na\u021bional?) - 2\" data-caption=\"Distinc\u021bie ciclism \u0218ampionatul Rom\u00e2niei 1913, cursa de fond, locul I (c\u00e2\u0219tig\u0103tor Niculescu - C\u00e2mpina, medie orar\u0103 30,4 km, record na\u021bional?) - 2\" target=\"_blank\"><i class=\"icon-view\"><\/i><span class=\"overlay\"><\/span><img loading=\"lazy\" decoding=\"async\" width=\"150\" height=\"150\" src=\"https:\/\/muzeuciclism.ro\/wp-content\/uploads\/DSCN1136-1-150x150.jpg\" class=\"attachment-thumbnail size-thumbnail\" alt=\"\" \/><\/a><\/li><li><a data-fancybox=\"gallery707\" href=\"https:\/\/muzeuciclism.ro\/wp-content\/uploads\/DSCN1137-1.jpg\" class=\"eig-popup\" title=\"Distinc\u021bie ciclism \u0218ampionatul Rom\u00e2niei 1913, cursa de fond, locul I (c\u00e2\u0219tig\u0103tor Niculescu - C\u00e2mpina, medie orar\u0103 30,4 km, record na\u021bional?) - 3\" data-caption=\"Distinc\u021bie ciclism \u0218ampionatul Rom\u00e2niei 1913, cursa de fond, locul I (c\u00e2\u0219tig\u0103tor Niculescu - C\u00e2mpina, medie orar\u0103 30,4 km, record na\u021bional?) - 3\" target=\"_blank\"><i class=\"icon-view\"><\/i><span class=\"overlay\"><\/span><img loading=\"lazy\" decoding=\"async\" width=\"150\" height=\"150\" src=\"https:\/\/muzeuciclism.ro\/wp-content\/uploads\/DSCN1137-1-150x150.jpg\" class=\"attachment-thumbnail size-thumbnail\" alt=\"\" \/><\/a><\/li><li><a data-fancybox=\"gallery707\" href=\"https:\/\/muzeuciclism.ro\/wp-content\/uploads\/DSCN1138-1.jpg\" class=\"eig-popup\" title=\"Distinc\u021bie ciclism \u0218ampionatul Rom\u00e2niei 1913, cursa de fond, locul I (c\u00e2\u0219tig\u0103tor Niculescu - C\u00e2mpina, medie orar\u0103 30,4 km, record na\u021bional?) - 4\" data-caption=\"Distinc\u021bie ciclism \u0218ampionatul Rom\u00e2niei 1913, cursa de fond, locul I (c\u00e2\u0219tig\u0103tor Niculescu - C\u00e2mpina, medie orar\u0103 30,4 km, record na\u021bional?) - 4\" target=\"_blank\"><i class=\"icon-view\"><\/i><span class=\"overlay\"><\/span><img loading=\"lazy\" decoding=\"async\" width=\"150\" height=\"150\" src=\"https:\/\/muzeuciclism.ro\/wp-content\/uploads\/DSCN1138-1-150x150.jpg\" class=\"attachment-thumbnail size-thumbnail\" alt=\"\" \/><\/a><\/li><li><a data-fancybox=\"gallery707\" href=\"https:\/\/muzeuciclism.ro\/wp-content\/uploads\/DSCN1310.jpg\" class=\"eig-popup\" title=\"Cup\u0103 cursa ciclist\u0103 Cupa \u201dONU\u201d, pe ruta C\u00e2mpina - Predeal - C\u00e2mpina, c\u00e2\u0219tigat\u0103 de ciclistul rom\u00e2n Costic\u0103 Simionescu pe o biciclet\u0103 marca Goricke, cca. 1925 (1)\" data-caption=\"Cup\u0103 cursa ciclist\u0103 Cupa \u201dONU\u201d, pe ruta C\u00e2mpina - Predeal - C\u00e2mpina, c\u00e2\u0219tigat\u0103 de ciclistul rom\u00e2n Costic\u0103 Simionescu pe o biciclet\u0103 marca Goricke, cca. 1925 (1)\" target=\"_blank\"><i class=\"icon-view\"><\/i><span class=\"overlay\"><\/span><img loading=\"lazy\" decoding=\"async\" width=\"150\" height=\"150\" src=\"https:\/\/muzeuciclism.ro\/wp-content\/uploads\/DSCN1310-150x150.jpg\" class=\"attachment-thumbnail size-thumbnail\" alt=\"\" \/><\/a><\/li><li><a data-fancybox=\"gallery707\" href=\"https:\/\/muzeuciclism.ro\/wp-content\/uploads\/DSCN1309.jpg\" class=\"eig-popup\" title=\"Cup\u0103 cursa ciclist\u0103 Cupa \u201dONU\u201d, pe ruta C\u00e2mpina - Predeal - C\u00e2mpina, c\u00e2\u0219tigat\u0103 de ciclistul rom\u00e2n Costic\u0103 Simionescu pe o biciclet\u0103 marca Goricke, cca. 1925 (2)\" data-caption=\"Cup\u0103 cursa ciclist\u0103 Cupa \u201dONU\u201d, pe ruta C\u00e2mpina - Predeal - C\u00e2mpina, c\u00e2\u0219tigat\u0103 de ciclistul rom\u00e2n Costic\u0103 Simionescu pe o biciclet\u0103 marca Goricke, cca. 1925 (2)\" target=\"_blank\"><i class=\"icon-view\"><\/i><span class=\"overlay\"><\/span><img loading=\"lazy\" decoding=\"async\" width=\"150\" height=\"150\" src=\"https:\/\/muzeuciclism.ro\/wp-content\/uploads\/DSCN1309-150x150.jpg\" class=\"attachment-thumbnail size-thumbnail\" alt=\"\" \/><\/a><\/li><li><a data-fancybox=\"gallery707\" href=\"https:\/\/muzeuciclism.ro\/wp-content\/uploads\/DSCN1567.jpg\" class=\"eig-popup\" title=\"Cup\u0103 de argint oferit\u0103 lui Petre Dalla Cort la c\u00e2\u0219tigarea Cupei Negel \u00een anul 1926 (1)\" data-caption=\"Cup\u0103 de argint oferit\u0103 lui Petre Dalla Cort la c\u00e2\u0219tigarea Cupei Negel \u00een anul 1926 (1)\" target=\"_blank\"><i class=\"icon-view\"><\/i><span class=\"overlay\"><\/span><img loading=\"lazy\" decoding=\"async\" width=\"150\" height=\"150\" src=\"https:\/\/muzeuciclism.ro\/wp-content\/uploads\/DSCN1567-150x150.jpg\" class=\"attachment-thumbnail size-thumbnail\" alt=\"\" \/><\/a><\/li><li><a data-fancybox=\"gallery707\" href=\"https:\/\/muzeuciclism.ro\/wp-content\/uploads\/DSCN1569.jpg\" class=\"eig-popup\" title=\"Cup\u0103 de argint oferit\u0103 lui Petre Dalla Cort la c\u00e2\u0219tigarea Cupei Negel \u00een anul 1926 (2)\" data-caption=\"Cup\u0103 de argint oferit\u0103 lui Petre Dalla Cort la c\u00e2\u0219tigarea Cupei Negel \u00een anul 1926 (2)\" target=\"_blank\"><i class=\"icon-view\"><\/i><span class=\"overlay\"><\/span><img loading=\"lazy\" decoding=\"async\" width=\"150\" height=\"150\" src=\"https:\/\/muzeuciclism.ro\/wp-content\/uploads\/DSCN1569-150x150.jpg\" class=\"attachment-thumbnail size-thumbnail\" alt=\"\" \/><\/a><\/li><li><a data-fancybox=\"gallery707\" href=\"https:\/\/muzeuciclism.ro\/wp-content\/uploads\/DSCN0874.jpg\" class=\"eig-popup\" title=\"Fanion Sec\u021bia ciclism a Clubului sportiv Metalul Plopeni, fa\u021ba 1\" data-caption=\"Fanion Sec\u021bia ciclism a Clubului sportiv Metalul Plopeni, fa\u021ba 1\" target=\"_blank\"><i class=\"icon-view\"><\/i><span class=\"overlay\"><\/span><img loading=\"lazy\" decoding=\"async\" width=\"150\" height=\"150\" src=\"https:\/\/muzeuciclism.ro\/wp-content\/uploads\/DSCN0874-150x150.jpg\" class=\"attachment-thumbnail size-thumbnail\" alt=\"\" \/><\/a><\/li><li><a data-fancybox=\"gallery707\" href=\"https:\/\/muzeuciclism.ro\/wp-content\/uploads\/DSCN0875.jpg\" class=\"eig-popup\" title=\"Fanion Sec\u021bia ciclism a Clubului sportiv Metalul Plopeni, fa\u021ba 2\" data-caption=\"Fanion Sec\u021bia ciclism a Clubului sportiv Metalul Plopeni, fa\u021ba 2\" target=\"_blank\"><i class=\"icon-view\"><\/i><span class=\"overlay\"><\/span><img loading=\"lazy\" decoding=\"async\" width=\"150\" height=\"150\" src=\"https:\/\/muzeuciclism.ro\/wp-content\/uploads\/DSCN0875-150x150.jpg\" class=\"attachment-thumbnail size-thumbnail\" alt=\"\" \/><\/a><\/li><li><a data-fancybox=\"gallery707\" href=\"https:\/\/muzeuciclism.ro\/wp-content\/uploads\/DSCN0871.jpg\" class=\"eig-popup\" title=\"Fanion Sec\u021bia ciclism a Clubului sportiv CIBO Bra\u0219ov, fa\u021ba 1\" data-caption=\"Fanion Sec\u021bia ciclism a Clubului sportiv CIBO Bra\u0219ov, fa\u021ba 1\" target=\"_blank\"><i class=\"icon-view\"><\/i><span class=\"overlay\"><\/span><img loading=\"lazy\" decoding=\"async\" width=\"150\" height=\"150\" src=\"https:\/\/muzeuciclism.ro\/wp-content\/uploads\/DSCN0871-150x150.jpg\" class=\"attachment-thumbnail size-thumbnail\" alt=\"\" \/><\/a><\/li><li><a data-fancybox=\"gallery707\" href=\"https:\/\/muzeuciclism.ro\/wp-content\/uploads\/DSCN0872.jpg\" class=\"eig-popup\" title=\"Fanion Sec\u021bia ciclism a Clubului sportiv CIBO Bra\u0219ov, fa\u021ba 2\" data-caption=\"Fanion Sec\u021bia ciclism a Clubului sportiv CIBO Bra\u0219ov, fa\u021ba 2\" target=\"_blank\"><i class=\"icon-view\"><\/i><span class=\"overlay\"><\/span><img loading=\"lazy\" decoding=\"async\" width=\"150\" height=\"150\" src=\"https:\/\/muzeuciclism.ro\/wp-content\/uploads\/DSCN0872-150x150.jpg\" class=\"attachment-thumbnail size-thumbnail\" alt=\"\" \/><\/a><\/li><li><a data-fancybox=\"gallery707\" href=\"https:\/\/muzeuciclism.ro\/wp-content\/uploads\/DSCN1311.jpg\" class=\"eig-popup\" title=\"Cup\u0103 concurs ciclocros, locul I, cca. 1950 (1)\" data-caption=\"Cup\u0103 concurs ciclocros, locul I, cca. 1950 (1)\" target=\"_blank\"><i class=\"icon-view\"><\/i><span class=\"overlay\"><\/span><img loading=\"lazy\" decoding=\"async\" width=\"150\" height=\"150\" src=\"https:\/\/muzeuciclism.ro\/wp-content\/uploads\/DSCN1311-150x150.jpg\" class=\"attachment-thumbnail size-thumbnail\" alt=\"\" srcset=\"https:\/\/muzeuciclism.ro\/wp-content\/uploads\/DSCN1311-150x150.jpg 150w, https:\/\/muzeuciclism.ro\/wp-content\/uploads\/DSCN1311-249x250.jpg 249w\" sizes=\"auto, (max-width: 150px) 100vw, 150px\" \/><\/a><\/li><li><a data-fancybox=\"gallery707\" href=\"https:\/\/muzeuciclism.ro\/wp-content\/uploads\/DSCN1312.jpg\" class=\"eig-popup\" title=\"Cup\u0103 concurs ciclocros, locul I, cca. 1950 (2)\" data-caption=\"Cup\u0103 concurs ciclocros, locul I, cca. 1950 (2)\" target=\"_blank\"><i class=\"icon-view\"><\/i><span class=\"overlay\"><\/span><img loading=\"lazy\" decoding=\"async\" width=\"150\" height=\"150\" src=\"https:\/\/muzeuciclism.ro\/wp-content\/uploads\/DSCN1312-150x150.jpg\" class=\"attachment-thumbnail size-thumbnail\" alt=\"\" \/><\/a><\/li><li><a data-fancybox=\"gallery707\" href=\"https:\/\/muzeuciclism.ro\/wp-content\/uploads\/DSCN1289.jpg\" class=\"eig-popup\" title=\"Fanion ciclism Br\u0103ila, 1968 (1)\" data-caption=\"Fanion ciclism Br\u0103ila, 1968 (1)\" target=\"_blank\"><i class=\"icon-view\"><\/i><span class=\"overlay\"><\/span><img loading=\"lazy\" decoding=\"async\" width=\"150\" height=\"150\" src=\"https:\/\/muzeuciclism.ro\/wp-content\/uploads\/DSCN1289-150x150.jpg\" class=\"attachment-thumbnail size-thumbnail\" alt=\"\" \/><\/a><\/li><li><a data-fancybox=\"gallery707\" href=\"https:\/\/muzeuciclism.ro\/wp-content\/uploads\/DSCN1290.jpg\" class=\"eig-popup\" title=\"Fanion ciclism Br\u0103ila, 1968 (2)\" data-caption=\"Fanion ciclism Br\u0103ila, 1968 (2)\" target=\"_blank\"><i class=\"icon-view\"><\/i><span class=\"overlay\"><\/span><img loading=\"lazy\" decoding=\"async\" width=\"150\" height=\"150\" src=\"https:\/\/muzeuciclism.ro\/wp-content\/uploads\/DSCN1290-150x150.jpg\" class=\"attachment-thumbnail size-thumbnail\" alt=\"\" \/><\/a><\/li><li><a data-fancybox=\"gallery707\" href=\"https:\/\/muzeuciclism.ro\/wp-content\/uploads\/DSCN1439.jpg\" class=\"eig-popup\" title=\"Fanion CIBO Bra\u0219ov, Sec\u021bia ciclism, anii 1970\" data-caption=\"Fanion CIBO Bra\u0219ov, Sec\u021bia ciclism, anii 1970\" target=\"_blank\"><i class=\"icon-view\"><\/i><span class=\"overlay\"><\/span><img loading=\"lazy\" decoding=\"async\" width=\"150\" height=\"150\" src=\"https:\/\/muzeuciclism.ro\/wp-content\/uploads\/DSCN1439-150x150.jpg\" class=\"attachment-thumbnail size-thumbnail\" alt=\"\" \/><\/a><\/li><li><a data-fancybox=\"gallery707\" href=\"https:\/\/muzeuciclism.ro\/wp-content\/uploads\/DSCN1288.jpg\" class=\"eig-popup\" title=\"Fanion cicloturism \u201dFloarea prieteniei\u201d, 1975\" data-caption=\"Fanion cicloturism \u201dFloarea prieteniei\u201d, 1975\" target=\"_blank\"><i class=\"icon-view\"><\/i><span class=\"overlay\"><\/span><img loading=\"lazy\" decoding=\"async\" width=\"150\" height=\"150\" src=\"https:\/\/muzeuciclism.ro\/wp-content\/uploads\/DSCN1288-150x150.jpg\" class=\"attachment-thumbnail size-thumbnail\" alt=\"\" \/><\/a><\/li><li><a data-fancybox=\"gallery707\" href=\"https:\/\/muzeuciclism.ro\/wp-content\/uploads\/DSCN1280.jpg\" class=\"eig-popup\" title=\"Fanion Turul ciclist al Maramure\u0219ului, 1979\" data-caption=\"Fanion Turul ciclist al Maramure\u0219ului, 1979\" target=\"_blank\"><i class=\"icon-view\"><\/i><span class=\"overlay\"><\/span><img loading=\"lazy\" decoding=\"async\" width=\"150\" height=\"150\" src=\"https:\/\/muzeuciclism.ro\/wp-content\/uploads\/DSCN1280-150x150.jpg\" class=\"attachment-thumbnail size-thumbnail\" alt=\"\" \/><\/a><\/li><li><a data-fancybox=\"gallery707\" href=\"https:\/\/muzeuciclism.ro\/wp-content\/uploads\/DSCN1282.jpg\" class=\"eig-popup\" title=\"Fanion Turul ciclist al Maramure\u0219ului, 1980\" data-caption=\"Fanion Turul ciclist al Maramure\u0219ului, 1980\" target=\"_blank\"><i class=\"icon-view\"><\/i><span class=\"overlay\"><\/span><img loading=\"lazy\" decoding=\"async\" width=\"150\" height=\"150\" src=\"https:\/\/muzeuciclism.ro\/wp-content\/uploads\/DSCN1282-150x150.jpg\" class=\"attachment-thumbnail size-thumbnail\" alt=\"\" \/><\/a><\/li><li><a data-fancybox=\"gallery707\" href=\"https:\/\/muzeuciclism.ro\/wp-content\/uploads\/DSCN0877.jpg\" class=\"eig-popup\" title=\"Fanion Federa\u021bia Rom\u00e2n\u0103 de Ciclism, anii 1980, fa\u021ba 1\" data-caption=\"Fanion Federa\u021bia Rom\u00e2n\u0103 de Ciclism, anii 1980, fa\u021ba 1\" target=\"_blank\"><i class=\"icon-view\"><\/i><span class=\"overlay\"><\/span><img loading=\"lazy\" decoding=\"async\" width=\"150\" height=\"150\" src=\"https:\/\/muzeuciclism.ro\/wp-content\/uploads\/DSCN0877-150x150.jpg\" class=\"attachment-thumbnail size-thumbnail\" alt=\"\" \/><\/a><\/li><li><a data-fancybox=\"gallery707\" href=\"https:\/\/muzeuciclism.ro\/wp-content\/uploads\/DSCN0876.jpg\" class=\"eig-popup\" title=\"Fanion Federa\u021bia Rom\u00e2n\u0103 de Ciclism, anii 1980, fa\u021ba 2\" data-caption=\"Fanion Federa\u021bia Rom\u00e2n\u0103 de Ciclism, anii 1980, fa\u021ba 2\" target=\"_blank\"><i class=\"icon-view\"><\/i><span class=\"overlay\"><\/span><img loading=\"lazy\" decoding=\"async\" width=\"150\" height=\"150\" src=\"https:\/\/muzeuciclism.ro\/wp-content\/uploads\/DSCN0876-150x150.jpg\" class=\"attachment-thumbnail size-thumbnail\" alt=\"\" \/><\/a><\/li><li><a data-fancybox=\"gallery707\" href=\"https:\/\/muzeuciclism.ro\/wp-content\/uploads\/DSCN2051.jpg\" class=\"eig-popup\" title=\"Fanion Club sportiv Metalul Bucure\u0219ti, \u00een care activa \u0219i o sec\u021bie de ciclism, cca. 1980\" data-caption=\"Fanion Club sportiv Metalul Bucure\u0219ti, \u00een care activa \u0219i o sec\u021bie de ciclism, cca. 1980\" target=\"_blank\"><i class=\"icon-view\"><\/i><span class=\"overlay\"><\/span><img loading=\"lazy\" decoding=\"async\" width=\"150\" height=\"150\" src=\"https:\/\/muzeuciclism.ro\/wp-content\/uploads\/DSCN2051-150x150.jpg\" class=\"attachment-thumbnail size-thumbnail\" alt=\"\" \/><\/a><\/li><li><a data-fancybox=\"gallery707\" href=\"https:\/\/muzeuciclism.ro\/wp-content\/uploads\/DSCN1287.jpg\" class=\"eig-popup\" title=\"Fanion Turul ciclist al jude\u021bului Vrancea, 1981\" data-caption=\"Fanion Turul ciclist al jude\u021bului Vrancea, 1981\" target=\"_blank\"><i class=\"icon-view\"><\/i><span class=\"overlay\"><\/span><img loading=\"lazy\" decoding=\"async\" width=\"150\" height=\"150\" src=\"https:\/\/muzeuciclism.ro\/wp-content\/uploads\/DSCN1287-150x150.jpg\" class=\"attachment-thumbnail size-thumbnail\" alt=\"\" \/><\/a><\/li><li><a data-fancybox=\"gallery707\" href=\"https:\/\/muzeuciclism.ro\/wp-content\/uploads\/DSCN1286.jpg\" class=\"eig-popup\" title=\"Fanion Turul ciclist al jude\u021bului Vrancea, 1984\" data-caption=\"Fanion Turul ciclist al jude\u021bului Vrancea, 1984\" target=\"_blank\"><i class=\"icon-view\"><\/i><span class=\"overlay\"><\/span><img loading=\"lazy\" decoding=\"async\" width=\"150\" height=\"150\" src=\"https:\/\/muzeuciclism.ro\/wp-content\/uploads\/DSCN1286-150x150.jpg\" class=\"attachment-thumbnail size-thumbnail\" alt=\"\" \/><\/a><\/li><li><a data-fancybox=\"gallery707\" href=\"https:\/\/muzeuciclism.ro\/wp-content\/uploads\/DSCN1284.jpg\" class=\"eig-popup\" title=\"Fanion Clubul de cicloturism, Agen\u021bia Vrancea, 1985\" data-caption=\"Fanion Clubul de cicloturism, Agen\u021bia Vrancea, 1985\" target=\"_blank\"><i class=\"icon-view\"><\/i><span class=\"overlay\"><\/span><img loading=\"lazy\" decoding=\"async\" width=\"150\" height=\"150\" src=\"https:\/\/muzeuciclism.ro\/wp-content\/uploads\/DSCN1284-150x150.jpg\" class=\"attachment-thumbnail size-thumbnail\" alt=\"\" \/><\/a><\/li><li><a data-fancybox=\"gallery707\" href=\"https:\/\/muzeuciclism.ro\/wp-content\/uploads\/DSCN0878.jpg\" class=\"eig-popup\" title=\"Fanion Turul ciclist al Rom\u00e2niei 1989, fa\u021ba 1\" data-caption=\"Fanion Turul ciclist al Rom\u00e2niei 1989, fa\u021ba 1\" target=\"_blank\"><i class=\"icon-view\"><\/i><span class=\"overlay\"><\/span><img loading=\"lazy\" decoding=\"async\" width=\"150\" height=\"150\" src=\"https:\/\/muzeuciclism.ro\/wp-content\/uploads\/DSCN0878-150x150.jpg\" class=\"attachment-thumbnail size-thumbnail\" alt=\"\" \/><\/a><\/li><li><a data-fancybox=\"gallery707\" href=\"https:\/\/muzeuciclism.ro\/wp-content\/uploads\/DSCN0879.jpg\" class=\"eig-popup\" title=\"Fanion Turul ciclist al Rom\u00e2niei 1989, fa\u021ba 2\" data-caption=\"Fanion Turul ciclist al Rom\u00e2niei 1989, fa\u021ba 2\" target=\"_blank\"><i class=\"icon-view\"><\/i><span class=\"overlay\"><\/span><img loading=\"lazy\" decoding=\"async\" width=\"150\" height=\"150\" src=\"https:\/\/muzeuciclism.ro\/wp-content\/uploads\/DSCN0879-150x150.jpg\" class=\"attachment-thumbnail size-thumbnail\" alt=\"\" \/><\/a><\/li><li><a data-fancybox=\"gallery707\" href=\"https:\/\/muzeuciclism.ro\/wp-content\/uploads\/DSCN2602-2.jpg\" class=\"eig-popup\" title=\"Trofeu UTC, Daciada 1986, Turul ciclist al Jude\u021bului Mure\u0219\" data-caption=\"Trofeu UTC, Daciada 1986, Turul ciclist al Jude\u021bului Mure\u0219\" target=\"_blank\"><i class=\"icon-view\"><\/i><span class=\"overlay\"><\/span><img loading=\"lazy\" decoding=\"async\" width=\"150\" height=\"150\" src=\"https:\/\/muzeuciclism.ro\/wp-content\/uploads\/DSCN2602-2-150x150.jpg\" class=\"attachment-thumbnail size-thumbnail\" alt=\"\" \/><\/a><\/li><li><a data-fancybox=\"gallery707\" href=\"https:\/\/muzeuciclism.ro\/wp-content\/uploads\/DSCN3879.jpg\" class=\"eig-popup\" title=\"Fanion clubul sportiv Voin\u021ba (fa\u021b\u0103)\" data-caption=\"Fanion clubul sportiv Voin\u021ba (fa\u021b\u0103)\" target=\"_blank\"><i class=\"icon-view\"><\/i><span class=\"overlay\"><\/span><img loading=\"lazy\" decoding=\"async\" width=\"150\" height=\"150\" src=\"https:\/\/muzeuciclism.ro\/wp-content\/uploads\/DSCN3879-150x150.jpg\" class=\"attachment-thumbnail size-thumbnail\" alt=\"\" \/><\/a><\/li><li><a data-fancybox=\"gallery707\" href=\"https:\/\/muzeuciclism.ro\/wp-content\/uploads\/DSCN3880.jpg\" class=\"eig-popup\" title=\"Fanion clubul sportiv Voin\u021ba (verso)\" data-caption=\"Fanion clubul sportiv Voin\u021ba (verso)\" target=\"_blank\"><i class=\"icon-view\"><\/i><span class=\"overlay\"><\/span><img loading=\"lazy\" decoding=\"async\" width=\"150\" height=\"150\" src=\"https:\/\/muzeuciclism.ro\/wp-content\/uploads\/DSCN3880-150x150.jpg\" class=\"attachment-thumbnail size-thumbnail\" alt=\"\" \/><\/a><\/li><li><a data-fancybox=\"gallery707\" href=\"https:\/\/muzeuciclism.ro\/wp-content\/uploads\/DSCN4126.jpg\" class=\"eig-popup\" title=\"Fanion Clubul sportiv Voin\u021ba Bucure\u0219ti\" data-caption=\"Fanion Clubul sportiv Voin\u021ba Bucure\u0219ti\" target=\"_blank\"><i class=\"icon-view\"><\/i><span class=\"overlay\"><\/span><img loading=\"lazy\" decoding=\"async\" width=\"150\" height=\"150\" src=\"https:\/\/muzeuciclism.ro\/wp-content\/uploads\/DSCN4126-150x150.jpg\" class=\"attachment-thumbnail size-thumbnail\" alt=\"\" \/><\/a><\/li><li><a data-fancybox=\"gallery707\" href=\"https:\/\/muzeuciclism.ro\/wp-content\/uploads\/DSCN4125.jpg\" class=\"eig-popup\" title=\"Banderol\u0103 Clubul sportiv Voin\u021ba Bucure\u0219ti\" data-caption=\"Banderol\u0103 Clubul sportiv Voin\u021ba Bucure\u0219ti\" target=\"_blank\"><i class=\"icon-view\"><\/i><span class=\"overlay\"><\/span><img loading=\"lazy\" decoding=\"async\" width=\"150\" height=\"150\" src=\"https:\/\/muzeuciclism.ro\/wp-content\/uploads\/DSCN4125-150x150.jpg\" class=\"attachment-thumbnail size-thumbnail\" alt=\"\" \/><\/a><\/li><li><a data-fancybox=\"gallery707\" href=\"https:\/\/muzeuciclism.ro\/wp-content\/uploads\/DSCN4108.jpg\" class=\"eig-popup\" title=\"Fanion Clubul sportiv Voin\u021ba Bucure\u0219ti\" data-caption=\"Fanion Clubul sportiv Voin\u021ba Bucure\u0219ti\" target=\"_blank\"><i class=\"icon-view\"><\/i><span class=\"overlay\"><\/span><img loading=\"lazy\" decoding=\"async\" width=\"150\" height=\"150\" src=\"https:\/\/muzeuciclism.ro\/wp-content\/uploads\/DSCN4108-150x150.jpg\" class=\"attachment-thumbnail size-thumbnail\" alt=\"\" \/><\/a><\/li><li><a data-fancybox=\"gallery707\" href=\"https:\/\/muzeuciclism.ro\/wp-content\/uploads\/DSCN4091.jpg\" class=\"eig-popup\" title=\"Fanion clubul sportiv muncitoresc Electromure\u0219 T\u00e2rgu Mure\u0219 (fa\u021b\u0103)\" data-caption=\"Fanion clubul sportiv muncitoresc Electromure\u0219 T\u00e2rgu Mure\u0219 (fa\u021b\u0103)\" target=\"_blank\"><i class=\"icon-view\"><\/i><span class=\"overlay\"><\/span><img loading=\"lazy\" decoding=\"async\" width=\"150\" height=\"150\" src=\"https:\/\/muzeuciclism.ro\/wp-content\/uploads\/DSCN4091-150x150.jpg\" class=\"attachment-thumbnail size-thumbnail\" alt=\"\" \/><\/a><\/li><li><a data-fancybox=\"gallery707\" href=\"https:\/\/muzeuciclism.ro\/wp-content\/uploads\/DSCN4092.jpg\" class=\"eig-popup\" title=\"Fanion clubul sportiv muncitoresc Electromure\u0219 T\u00e2rgu Mure\u0219 (verso)\" data-caption=\"Fanion clubul sportiv muncitoresc Electromure\u0219 T\u00e2rgu Mure\u0219 (verso)\" target=\"_blank\"><i class=\"icon-view\"><\/i><span class=\"overlay\"><\/span><img loading=\"lazy\" decoding=\"async\" width=\"150\" height=\"150\" src=\"https:\/\/muzeuciclism.ro\/wp-content\/uploads\/DSCN4092-150x150.jpg\" class=\"attachment-thumbnail size-thumbnail\" alt=\"\" \/><\/a><\/li><li><a data-fancybox=\"gallery707\" href=\"https:\/\/muzeuciclism.ro\/wp-content\/uploads\/DSCN4102-714x1024.jpg\" class=\"eig-popup\" title=\"Fanion clubul sportiv muncitoresc Electromure\u0219 \" data-caption=\"Fanion clubul sportiv muncitoresc Electromure\u0219 \" target=\"_blank\"><i class=\"icon-view\"><\/i><span class=\"overlay\"><\/span><img loading=\"lazy\" decoding=\"async\" width=\"150\" height=\"150\" src=\"https:\/\/muzeuciclism.ro\/wp-content\/uploads\/DSCN4102-150x150.jpg\" class=\"attachment-thumbnail size-thumbnail\" alt=\"\" \/><\/a><\/li><li><a data-fancybox=\"gallery707\" href=\"https:\/\/muzeuciclism.ro\/wp-content\/uploads\/DSCN4097.jpg\" class=\"eig-popup\" title=\"Fanion clubul sportiv muncitoresc Electromure\u0219 (unifa\u021b\u0103)\" data-caption=\"Fanion clubul sportiv muncitoresc Electromure\u0219 (unifa\u021b\u0103)\" target=\"_blank\"><i class=\"icon-view\"><\/i><span class=\"overlay\"><\/span><img loading=\"lazy\" decoding=\"async\" width=\"150\" height=\"150\" src=\"https:\/\/muzeuciclism.ro\/wp-content\/uploads\/DSCN4097-150x150.jpg\" class=\"attachment-thumbnail size-thumbnail\" alt=\"\" \/><\/a><\/li><li><a data-fancybox=\"gallery707\" href=\"https:\/\/muzeuciclism.ro\/wp-content\/uploads\/DSCN4093.jpg\" class=\"eig-popup\" title=\"Fanion clubul sportiv Mure\u0219ul (fa\u021b\u0103)\" data-caption=\"Fanion clubul sportiv Mure\u0219ul (fa\u021b\u0103)\" target=\"_blank\"><i class=\"icon-view\"><\/i><span class=\"overlay\"><\/span><img loading=\"lazy\" decoding=\"async\" width=\"150\" height=\"150\" src=\"https:\/\/muzeuciclism.ro\/wp-content\/uploads\/DSCN4093-150x150.jpg\" class=\"attachment-thumbnail size-thumbnail\" alt=\"\" \/><\/a><\/li><li><a data-fancybox=\"gallery707\" href=\"https:\/\/muzeuciclism.ro\/wp-content\/uploads\/DSCN4094.jpg\" class=\"eig-popup\" title=\"Fanion clubul sportiv Mure\u0219ul (verso)\" data-caption=\"Fanion clubul sportiv Mure\u0219ul (verso)\" target=\"_blank\"><i class=\"icon-view\"><\/i><span class=\"overlay\"><\/span><img loading=\"lazy\" decoding=\"async\" width=\"150\" height=\"150\" src=\"https:\/\/muzeuciclism.ro\/wp-content\/uploads\/DSCN4094-150x150.jpg\" class=\"attachment-thumbnail size-thumbnail\" alt=\"\" \/><\/a><\/li><li><a data-fancybox=\"gallery707\" href=\"https:\/\/muzeuciclism.ro\/wp-content\/uploads\/DSCN4095-739x1024.jpg\" class=\"eig-popup\" title=\"Fanion clubul sportiv CFR Cluj Napoca (fa\u021b\u0103)\" data-caption=\"Fanion clubul sportiv CFR Cluj Napoca (fa\u021b\u0103)\" target=\"_blank\"><i class=\"icon-view\"><\/i><span class=\"overlay\"><\/span><img loading=\"lazy\" decoding=\"async\" width=\"150\" height=\"150\" src=\"https:\/\/muzeuciclism.ro\/wp-content\/uploads\/DSCN4095-150x150.jpg\" class=\"attachment-thumbnail size-thumbnail\" alt=\"\" \/><\/a><\/li><li><a data-fancybox=\"gallery707\" href=\"https:\/\/muzeuciclism.ro\/wp-content\/uploads\/DSCN4096.jpg\" class=\"eig-popup\" title=\"Fanion clubul sportiv CFR Cluj Napoca (verso)\" data-caption=\"Fanion clubul sportiv CFR Cluj Napoca (verso)\" target=\"_blank\"><i class=\"icon-view\"><\/i><span class=\"overlay\"><\/span><img loading=\"lazy\" decoding=\"async\" width=\"150\" height=\"150\" src=\"https:\/\/muzeuciclism.ro\/wp-content\/uploads\/DSCN4096-150x150.jpg\" class=\"attachment-thumbnail size-thumbnail\" alt=\"\" \/><\/a><\/li><li><a data-fancybox=\"gallery707\" href=\"https:\/\/muzeuciclism.ro\/wp-content\/uploads\/DSCN4099.jpg\" class=\"eig-popup\" title=\"Fanion clubul sportiv Voin\u021ba Cluj Napoca (fa\u021b\u0103)\" data-caption=\"Fanion clubul sportiv Voin\u021ba Cluj Napoca (fa\u021b\u0103)\" target=\"_blank\"><i class=\"icon-view\"><\/i><span class=\"overlay\"><\/span><img loading=\"lazy\" decoding=\"async\" width=\"150\" height=\"150\" src=\"https:\/\/muzeuciclism.ro\/wp-content\/uploads\/DSCN4099-150x150.jpg\" class=\"attachment-thumbnail size-thumbnail\" alt=\"\" \/><\/a><\/li><li><a data-fancybox=\"gallery707\" href=\"https:\/\/muzeuciclism.ro\/wp-content\/uploads\/DSCN4098.jpg\" class=\"eig-popup\" title=\"Fanion clubul sportiv Voin\u021ba Cluj Napoca (verso)\" data-caption=\"Fanion clubul sportiv Voin\u021ba Cluj Napoca (verso)\" target=\"_blank\"><i class=\"icon-view\"><\/i><span class=\"overlay\"><\/span><img loading=\"lazy\" decoding=\"async\" width=\"150\" height=\"150\" src=\"https:\/\/muzeuciclism.ro\/wp-content\/uploads\/DSCN4098-150x150.jpg\" class=\"attachment-thumbnail size-thumbnail\" alt=\"\" \/><\/a><\/li><li><a data-fancybox=\"gallery707\" href=\"https:\/\/muzeuciclism.ro\/wp-content\/uploads\/DSCN4111-851x1024.jpg\" class=\"eig-popup\" title=\"Fanion Clubul sportiv Voin\u021ba Cluj Napoca\" data-caption=\"Fanion Clubul sportiv Voin\u021ba Cluj Napoca\" target=\"_blank\"><i class=\"icon-view\"><\/i><span class=\"overlay\"><\/span><img loading=\"lazy\" decoding=\"async\" width=\"150\" height=\"150\" src=\"https:\/\/muzeuciclism.ro\/wp-content\/uploads\/DSCN4111-150x150.jpg\" class=\"attachment-thumbnail size-thumbnail\" alt=\"\" \/><\/a><\/li><li><a data-fancybox=\"gallery707\" href=\"https:\/\/muzeuciclism.ro\/wp-content\/uploads\/DSCN4100.jpg\" class=\"eig-popup\" title=\"Fanion Turul ciclist al Rom\u00e2niei, Alba - Iulia, 1986 (fa\u021b\u0103)\" data-caption=\"Fanion Turul ciclist al Rom\u00e2niei, Alba - Iulia, 1986 (fa\u021b\u0103)\" target=\"_blank\"><i class=\"icon-view\"><\/i><span class=\"overlay\"><\/span><img loading=\"lazy\" decoding=\"async\" width=\"150\" height=\"150\" src=\"https:\/\/muzeuciclism.ro\/wp-content\/uploads\/DSCN4100-150x150.jpg\" class=\"attachment-thumbnail size-thumbnail\" alt=\"\" \/><\/a><\/li><li><a data-fancybox=\"gallery707\" href=\"https:\/\/muzeuciclism.ro\/wp-content\/uploads\/DSCN4101.jpg\" class=\"eig-popup\" title=\"Fanion Turul ciclist al Rom\u00e2niei, Alba - Iulia, 1986 (verso)\" data-caption=\"Fanion Turul ciclist al Rom\u00e2niei, Alba - Iulia, 1986 (verso)\" target=\"_blank\"><i class=\"icon-view\"><\/i><span class=\"overlay\"><\/span><img loading=\"lazy\" decoding=\"async\" width=\"150\" height=\"150\" src=\"https:\/\/muzeuciclism.ro\/wp-content\/uploads\/DSCN4101-150x150.jpg\" class=\"attachment-thumbnail size-thumbnail\" alt=\"\" \/><\/a><\/li><li><a data-fancybox=\"gallery707\" href=\"https:\/\/muzeuciclism.ro\/wp-content\/uploads\/DSCN4104.jpg\" class=\"eig-popup\" title=\"Fanion Cupa Voin\u021ba, 1984 (varianta 1)\" data-caption=\"Fanion Cupa Voin\u021ba, 1984 (varianta 1)\" target=\"_blank\"><i class=\"icon-view\"><\/i><span class=\"overlay\"><\/span><img loading=\"lazy\" decoding=\"async\" width=\"150\" height=\"150\" src=\"https:\/\/muzeuciclism.ro\/wp-content\/uploads\/DSCN4104-150x150.jpg\" class=\"attachment-thumbnail size-thumbnail\" alt=\"\" \/><\/a><\/li><li><a data-fancybox=\"gallery707\" href=\"https:\/\/muzeuciclism.ro\/wp-content\/uploads\/DSCN4105.jpg\" class=\"eig-popup\" title=\"Fanion Cupa Voin\u021ba, 1984 (varianta 2)\" data-caption=\"Fanion Cupa Voin\u021ba, 1984 (varianta 2)\" target=\"_blank\"><i class=\"icon-view\"><\/i><span class=\"overlay\"><\/span><img loading=\"lazy\" decoding=\"async\" width=\"150\" height=\"150\" src=\"https:\/\/muzeuciclism.ro\/wp-content\/uploads\/DSCN4105-150x150.jpg\" class=\"attachment-thumbnail size-thumbnail\" alt=\"\" \/><\/a><\/li><li><a data-fancybox=\"gallery707\" href=\"https:\/\/muzeuciclism.ro\/wp-content\/uploads\/DSCN4107.jpg\" class=\"eig-popup\" title=\"Fanion Clubul sportiv Olimpia Bucure\u0219ti\" data-caption=\"Fanion Clubul sportiv Olimpia Bucure\u0219ti\" target=\"_blank\"><i class=\"icon-view\"><\/i><span class=\"overlay\"><\/span><img loading=\"lazy\" decoding=\"async\" width=\"150\" height=\"150\" src=\"https:\/\/muzeuciclism.ro\/wp-content\/uploads\/DSCN4107-150x150.jpg\" class=\"attachment-thumbnail size-thumbnail\" alt=\"\" srcset=\"https:\/\/muzeuciclism.ro\/wp-content\/uploads\/DSCN4107-150x150.jpg 150w, https:\/\/muzeuciclism.ro\/wp-content\/uploads\/DSCN4107-250x250.jpg 250w\" sizes=\"auto, (max-width: 150px) 100vw, 150px\" \/><\/a><\/li><li><a data-fancybox=\"gallery707\" href=\"https:\/\/muzeuciclism.ro\/wp-content\/uploads\/DSCN4109.jpg\" class=\"eig-popup\" title=\"Fanion Clubul sportiv Voin\u021ba Bucure\u0219ti (variant\u0103 de culoare)\" data-caption=\"Fanion Clubul sportiv Voin\u021ba Bucure\u0219ti (variant\u0103 de culoare)\" target=\"_blank\"><i class=\"icon-view\"><\/i><span class=\"overlay\"><\/span><img loading=\"lazy\" decoding=\"async\" width=\"150\" height=\"150\" src=\"https:\/\/muzeuciclism.ro\/wp-content\/uploads\/DSCN4109-150x150.jpg\" class=\"attachment-thumbnail size-thumbnail\" alt=\"\" \/><\/a><\/li><li><a data-fancybox=\"gallery707\" href=\"https:\/\/muzeuciclism.ro\/wp-content\/uploads\/DSCN4112.jpg\" class=\"eig-popup\" title=\"Fanion Clubul sportiv Voin\u021ba Oradea\" data-caption=\"Fanion Clubul sportiv Voin\u021ba Oradea\" target=\"_blank\"><i class=\"icon-view\"><\/i><span class=\"overlay\"><\/span><img loading=\"lazy\" decoding=\"async\" width=\"150\" height=\"150\" src=\"https:\/\/muzeuciclism.ro\/wp-content\/uploads\/DSCN4112-150x150.jpg\" class=\"attachment-thumbnail size-thumbnail\" alt=\"\" \/><\/a><\/li><li><a data-fancybox=\"gallery707\" href=\"https:\/\/muzeuciclism.ro\/wp-content\/uploads\/DSCN4124.jpg\" class=\"eig-popup\" title=\"Fanion CSS 1 Bucure\u0219ti\" data-caption=\"Fanion CSS 1 Bucure\u0219ti\" target=\"_blank\"><i class=\"icon-view\"><\/i><span class=\"overlay\"><\/span><img loading=\"lazy\" decoding=\"async\" width=\"150\" height=\"150\" src=\"https:\/\/muzeuciclism.ro\/wp-content\/uploads\/DSCN4124-150x150.jpg\" class=\"attachment-thumbnail size-thumbnail\" alt=\"\" \/><\/a><\/li><li><a data-fancybox=\"gallery707\" href=\"https:\/\/muzeuciclism.ro\/wp-content\/uploads\/DSCN4127.jpg\" class=\"eig-popup\" title=\"Fanion Clubul sportiv Voin\u021ba \" data-caption=\"Fanion Clubul sportiv Voin\u021ba \" target=\"_blank\"><i class=\"icon-view\"><\/i><span class=\"overlay\"><\/span><img loading=\"lazy\" decoding=\"async\" width=\"150\" height=\"150\" src=\"https:\/\/muzeuciclism.ro\/wp-content\/uploads\/DSCN4127-150x150.jpg\" class=\"attachment-thumbnail size-thumbnail\" alt=\"\" \/><\/a><\/li><li><a data-fancybox=\"gallery707\" href=\"https:\/\/muzeuciclism.ro\/wp-content\/uploads\/DSCN4113.jpg\" class=\"eig-popup\" title=\"Fanion CSS 2 Bucure\u0219ti\" data-caption=\"Fanion CSS 2 Bucure\u0219ti\" target=\"_blank\"><i class=\"icon-view\"><\/i><span class=\"overlay\"><\/span><img loading=\"lazy\" decoding=\"async\" width=\"150\" height=\"150\" src=\"https:\/\/muzeuciclism.ro\/wp-content\/uploads\/DSCN4113-150x150.jpg\" class=\"attachment-thumbnail size-thumbnail\" alt=\"\" \/><\/a><\/li><li><a data-fancybox=\"gallery707\" href=\"https:\/\/muzeuciclism.ro\/wp-content\/uploads\/DSCN4115.jpg\" class=\"eig-popup\" title=\"Fanion CSS 2 Bucure\u0219ti\" data-caption=\"Fanion CSS 2 Bucure\u0219ti\" target=\"_blank\"><i class=\"icon-view\"><\/i><span class=\"overlay\"><\/span><img loading=\"lazy\" decoding=\"async\" width=\"150\" height=\"150\" src=\"https:\/\/muzeuciclism.ro\/wp-content\/uploads\/DSCN4115-150x150.jpg\" class=\"attachment-thumbnail size-thumbnail\" alt=\"\" \/><\/a><\/li><li><a data-fancybox=\"gallery707\" href=\"https:\/\/muzeuciclism.ro\/wp-content\/uploads\/DSCN4117.jpg\" class=\"eig-popup\" title=\"Fanion CSS 1 Bucure\u0219ti\" data-caption=\"Fanion CSS 1 Bucure\u0219ti\" target=\"_blank\"><i class=\"icon-view\"><\/i><span class=\"overlay\"><\/span><img loading=\"lazy\" decoding=\"async\" width=\"150\" height=\"150\" src=\"https:\/\/muzeuciclism.ro\/wp-content\/uploads\/DSCN4117-150x150.jpg\" class=\"attachment-thumbnail size-thumbnail\" alt=\"\" \/><\/a><\/li><li><a data-fancybox=\"gallery707\" href=\"https:\/\/muzeuciclism.ro\/wp-content\/uploads\/DSCN4120.jpg\" class=\"eig-popup\" title=\"Fanion CSS Timi\u0219oara\" data-caption=\"Fanion CSS Timi\u0219oara\" target=\"_blank\"><i class=\"icon-view\"><\/i><span class=\"overlay\"><\/span><img loading=\"lazy\" decoding=\"async\" width=\"150\" height=\"150\" src=\"https:\/\/muzeuciclism.ro\/wp-content\/uploads\/DSCN4120-150x150.jpg\" class=\"attachment-thumbnail size-thumbnail\" alt=\"\" \/><\/a><\/li><li><a data-fancybox=\"gallery707\" href=\"https:\/\/muzeuciclism.ro\/wp-content\/uploads\/DSCN4121.jpg\" class=\"eig-popup\" title=\"Fanion CSS Arad\" data-caption=\"Fanion CSS Arad\" target=\"_blank\"><i class=\"icon-view\"><\/i><span class=\"overlay\"><\/span><img loading=\"lazy\" decoding=\"async\" width=\"150\" height=\"150\" src=\"https:\/\/muzeuciclism.ro\/wp-content\/uploads\/DSCN4121-150x150.jpg\" class=\"attachment-thumbnail size-thumbnail\" alt=\"\" srcset=\"https:\/\/muzeuciclism.ro\/wp-content\/uploads\/DSCN4121-150x150.jpg 150w, https:\/\/muzeuciclism.ro\/wp-content\/uploads\/DSCN4121-248x250.jpg 248w\" sizes=\"auto, (max-width: 150px) 100vw, 150px\" \/><\/a><\/li><li><a data-fancybox=\"gallery707\" href=\"https:\/\/muzeuciclism.ro\/wp-content\/uploads\/DSCN4178-518x1024.jpg\" class=\"eig-popup\" title=\"Trofeu Cupa UCECOM edi\u021bia VIII, locul I c\u0103\u021b\u0103r\u0103tori, 1963 (1)\" data-caption=\"Trofeu Cupa UCECOM edi\u021bia VIII, locul I c\u0103\u021b\u0103r\u0103tori, 1963 (1)\" target=\"_blank\"><i class=\"icon-view\"><\/i><span class=\"overlay\"><\/span><img loading=\"lazy\" decoding=\"async\" width=\"150\" height=\"150\" src=\"https:\/\/muzeuciclism.ro\/wp-content\/uploads\/DSCN4178-150x150.jpg\" class=\"attachment-thumbnail size-thumbnail\" alt=\"\" \/><\/a><\/li><li><a data-fancybox=\"gallery707\" href=\"https:\/\/muzeuciclism.ro\/wp-content\/uploads\/DSCN4180-1024x882.jpg\" class=\"eig-popup\" title=\"Trofeu Cupa UCECOM edi\u021bia VIII, locul I c\u0103\u021b\u0103r\u0103tori, 1963 (2)\" data-caption=\"Trofeu Cupa UCECOM edi\u021bia VIII, locul I c\u0103\u021b\u0103r\u0103tori, 1963 (2)\" target=\"_blank\"><i class=\"icon-view\"><\/i><span class=\"overlay\"><\/span><img loading=\"lazy\" decoding=\"async\" width=\"150\" height=\"150\" src=\"https:\/\/muzeuciclism.ro\/wp-content\/uploads\/DSCN4180-150x150.jpg\" class=\"attachment-thumbnail size-thumbnail\" alt=\"\" \/><\/a><\/li><li><a data-fancybox=\"gallery707\" href=\"https:\/\/muzeuciclism.ro\/wp-content\/uploads\/DSCN4064-2.jpg\" class=\"eig-popup\" title=\"Fanion Cupa Voin\u021ba edi\u021bia XXIX, 27 - 30 august 1985\" data-caption=\"Fanion Cupa Voin\u021ba edi\u021bia XXIX, 27 - 30 august 1985\" target=\"_blank\"><i class=\"icon-view\"><\/i><span class=\"overlay\"><\/span><img loading=\"lazy\" decoding=\"async\" width=\"150\" height=\"150\" src=\"https:\/\/muzeuciclism.ro\/wp-content\/uploads\/DSCN4064-2-150x150.jpg\" class=\"attachment-thumbnail size-thumbnail\" alt=\"\" \/><\/a><\/li><li><a data-fancybox=\"gallery707\" href=\"https:\/\/muzeuciclism.ro\/wp-content\/uploads\/DSCN3894-1.jpg\" class=\"eig-popup\" title=\"Fanion Cupa Voin\u021ba edi\u021bia XXV, 17 - 20 august 1981\" data-caption=\"Fanion Cupa Voin\u021ba edi\u021bia XXV, 17 - 20 august 1981\" target=\"_blank\"><i class=\"icon-view\"><\/i><span class=\"overlay\"><\/span><img loading=\"lazy\" decoding=\"async\" width=\"150\" height=\"150\" src=\"https:\/\/muzeuciclism.ro\/wp-content\/uploads\/DSCN3894-1-150x150.jpg\" class=\"attachment-thumbnail size-thumbnail\" alt=\"\" \/><\/a><\/li><li><a data-fancybox=\"gallery707\" href=\"https:\/\/muzeuciclism.ro\/wp-content\/uploads\/DSCN3895-1.jpg\" class=\"eig-popup\" title=\"Fanion Cupa UCECOM edi\u021bia a X-a, 1965\" data-caption=\"Fanion Cupa UCECOM edi\u021bia a X-a, 1965\" target=\"_blank\"><i class=\"icon-view\"><\/i><span class=\"overlay\"><\/span><img loading=\"lazy\" decoding=\"async\" width=\"150\" height=\"150\" src=\"https:\/\/muzeuciclism.ro\/wp-content\/uploads\/DSCN3895-1-150x150.jpg\" class=\"attachment-thumbnail size-thumbnail\" alt=\"\" \/><\/a><\/li><\/ul>\n","protected":false},"excerpt":{"rendered":"","protected":false},"author":2,"featured_media":0,"parent":0,"menu_order":0,"comment_status":"open","ping_status":"closed","template":"","meta":{"footnotes":""},"class_list":["post-172","page","type-page","status-publish","czr-hentry"],"_links":{"self":[{"href":"https:\/\/muzeuciclism.ro\/index.php\/wp-json\/wp\/v2\/pages\/172","targetHints":{"allow":["GET"]}}],"collection":[{"href":"https:\/\/muzeuciclism.ro\/index.php\/wp-json\/wp\/v2\/pages"}],"about":[{"href":"https:\/\/muzeuciclism.ro\/index.php\/wp-json\/wp\/v2\/types\/page"}],"author":[{"embeddable":true,"href":"https:\/\/muzeuciclism.ro\/index.php\/wp-json\/wp\/v2\/users\/2"}],"replies":[{"embeddable":true,"href":"https:\/\/muzeuciclism.ro\/index.php\/wp-json\/wp\/v2\/comments?post=172"}],"version-history":[{"count":0,"href":"https:\/\/muzeuciclism.ro\/index.php\/wp-json\/wp\/v2\/pages\/172\/revisions"}],"wp:attachment":[{"href":"https:\/\/muzeuciclism.ro\/index.php\/wp-json\/wp\/v2\/media?parent=172"}],"curies":[{"name":"wp","href":"https:\/\/api.w.org\/{rel}","templated":true}]}}