{"id":1214,"date":"2017-07-08T19:27:18","date_gmt":"2017-07-08T19:27:18","guid":{"rendered":"http:\/\/muzeuciclism.ro\/?page_id=1214"},"modified":"2022-06-07T07:23:10","modified_gmt":"2022-06-07T07:23:10","slug":"1918-1947","status":"publish","type":"page","link":"https:\/\/muzeuciclism.ro\/index.php\/ciclism-romanesc\/numismatica\/1918-1947\/","title":{"rendered":"1919 &#8211; 1947"},"content":{"rendered":"\t                <ul class=\"easy-image-gallery thumbnails-460 linked\">\r\n                    <li><a data-fancybox=\"gallery486\" href=\"https:\/\/muzeuciclism.ro\/wp-content\/uploads\/DSCN1509.jpg\" class=\"eig-popup\" title=\"Medalie FRC, campionatul de cros ciclo-pedestru al Rom\u00e2niei, 1935, locul II (avers)\" data-caption=\"Medalie FRC, campionatul de cros ciclo-pedestru al Rom\u00e2niei, 1935, locul II (avers)\" target=\"_blank\"><i class=\"icon-view\"><\/i><span class=\"overlay\"><\/span><img loading=\"lazy\" decoding=\"async\" width=\"150\" height=\"150\" src=\"https:\/\/muzeuciclism.ro\/wp-content\/uploads\/DSCN1509-150x150.jpg\" class=\"attachment-thumbnail size-thumbnail\" alt=\"\" \/><\/a><\/li><li><a data-fancybox=\"gallery486\" href=\"https:\/\/muzeuciclism.ro\/wp-content\/uploads\/DSCN1510.jpg\" class=\"eig-popup\" title=\"Medalie FRC, campionatul de cros ciclo-pedestru al Rom\u00e2niei, 1935, locul II (revers)\" data-caption=\"Medalie FRC, campionatul de cros ciclo-pedestru al Rom\u00e2niei, 1935, locul II (revers)\" target=\"_blank\"><i class=\"icon-view\"><\/i><span class=\"overlay\"><\/span><img loading=\"lazy\" decoding=\"async\" width=\"150\" height=\"150\" src=\"https:\/\/muzeuciclism.ro\/wp-content\/uploads\/DSCN1510-150x150.jpg\" class=\"attachment-thumbnail size-thumbnail\" alt=\"\" \/><\/a><\/li><li><a data-fancybox=\"gallery486\" href=\"https:\/\/muzeuciclism.ro\/wp-content\/uploads\/DSCN1502.jpg\" class=\"eig-popup\" title=\"Medalii ciclism Rom\u00e2nia, anii.1920 - 1930 (variante)\" data-caption=\"Medalii ciclism Rom\u00e2nia, anii.1920 - 1930 (variante)\" target=\"_blank\"><i class=\"icon-view\"><\/i><span class=\"overlay\"><\/span><img loading=\"lazy\" decoding=\"async\" width=\"150\" height=\"150\" src=\"https:\/\/muzeuciclism.ro\/wp-content\/uploads\/DSCN1502-150x150.jpg\" class=\"attachment-thumbnail size-thumbnail\" alt=\"\" \/><\/a><\/li><li><a data-fancybox=\"gallery486\" href=\"https:\/\/muzeuciclism.ro\/wp-content\/uploads\/DSCN1500.jpg\" class=\"eig-popup\" title=\"Medalie ciclism Rom\u00e2nia, cca.1920 - 1930, varianta mic\u0103 (avers)\" data-caption=\"Medalie ciclism Rom\u00e2nia, cca.1920 - 1930, varianta mic\u0103 (avers)\" target=\"_blank\"><i class=\"icon-view\"><\/i><span class=\"overlay\"><\/span><img loading=\"lazy\" decoding=\"async\" width=\"150\" height=\"150\" src=\"https:\/\/muzeuciclism.ro\/wp-content\/uploads\/DSCN1500-150x150.jpg\" class=\"attachment-thumbnail size-thumbnail\" alt=\"\" \/><\/a><\/li><li><a data-fancybox=\"gallery486\" href=\"https:\/\/muzeuciclism.ro\/wp-content\/uploads\/DSCN1501.jpg\" class=\"eig-popup\" title=\"Medalie ciclism Rom\u00e2nia, cca.1920 - 1930, varianta mic\u0103 (revers)\" data-caption=\"Medalie ciclism Rom\u00e2nia, cca.1920 - 1930, varianta mic\u0103 (revers)\" target=\"_blank\"><i class=\"icon-view\"><\/i><span class=\"overlay\"><\/span><img loading=\"lazy\" decoding=\"async\" width=\"150\" height=\"150\" src=\"https:\/\/muzeuciclism.ro\/wp-content\/uploads\/DSCN1501-150x150.jpg\" class=\"attachment-thumbnail size-thumbnail\" alt=\"\" \/><\/a><\/li><li><a data-fancybox=\"gallery486\" href=\"https:\/\/muzeuciclism.ro\/wp-content\/uploads\/DSCN1499.jpg\" class=\"eig-popup\" title=\"Medalii ciclism Rom\u00e2nia, trei variante, anii 1920 - 1930\" data-caption=\"Medalii ciclism Rom\u00e2nia, trei variante, anii 1920 - 1930\" target=\"_blank\"><i class=\"icon-view\"><\/i><span class=\"overlay\"><\/span><img loading=\"lazy\" decoding=\"async\" width=\"150\" height=\"150\" src=\"https:\/\/muzeuciclism.ro\/wp-content\/uploads\/DSCN1499-150x150.jpg\" class=\"attachment-thumbnail size-thumbnail\" alt=\"\" \/><\/a><\/li><li><a data-fancybox=\"gallery486\" href=\"https:\/\/muzeuciclism.ro\/wp-content\/uploads\/DSCN1161-1.jpg\" class=\"eig-popup\" title=\"Medalie ciclism anii 1920 - 1930 (avers)\" data-caption=\"Medalie ciclism anii 1920 - 1930 (avers)\" target=\"_blank\"><i class=\"icon-view\"><\/i><span class=\"overlay\"><\/span><img loading=\"lazy\" decoding=\"async\" width=\"150\" height=\"150\" src=\"https:\/\/muzeuciclism.ro\/wp-content\/uploads\/DSCN1161-1-150x150.jpg\" class=\"attachment-thumbnail size-thumbnail\" alt=\"\" \/><\/a><\/li><li><a data-fancybox=\"gallery486\" href=\"https:\/\/muzeuciclism.ro\/wp-content\/uploads\/DSCN1162-1.jpg\" class=\"eig-popup\" title=\"Medalie ciclism anii 1920 - 1930 (revers)\" data-caption=\"Medalie ciclism anii 1920 - 1930 (revers)\" target=\"_blank\"><i class=\"icon-view\"><\/i><span class=\"overlay\"><\/span><img loading=\"lazy\" decoding=\"async\" width=\"150\" height=\"150\" src=\"https:\/\/muzeuciclism.ro\/wp-content\/uploads\/DSCN1162-1-150x150.jpg\" class=\"attachment-thumbnail size-thumbnail\" alt=\"\" \/><\/a><\/li><li><a data-fancybox=\"gallery486\" href=\"https:\/\/muzeuciclism.ro\/wp-content\/uploads\/DSCN1159-1.jpg\" class=\"eig-popup\" title=\"Medalie ciclism S.F.R.R. (cel mai probabil Clubul Ciclist Fulgerul Bucure\u0219ti), premiul II, categoria I, 24.VI.1928 (avers)\" data-caption=\"Medalie ciclism S.F.R.R. (cel mai probabil Clubul Ciclist Fulgerul Bucure\u0219ti), premiul II, categoria I, 24.VI.1928 (avers)\" target=\"_blank\"><i class=\"icon-view\"><\/i><span class=\"overlay\"><\/span><img loading=\"lazy\" decoding=\"async\" width=\"150\" height=\"150\" src=\"https:\/\/muzeuciclism.ro\/wp-content\/uploads\/DSCN1159-1-150x150.jpg\" class=\"attachment-thumbnail size-thumbnail\" alt=\"\" \/><\/a><\/li><li><a data-fancybox=\"gallery486\" href=\"https:\/\/muzeuciclism.ro\/wp-content\/uploads\/DSCN1160-1.jpg\" class=\"eig-popup\" title=\"Medalie ciclism S.F.R.R. (cel mai probabil Clubul Ciclist Fulgerul Bucure\u0219ti), premiul II, categoria I, 24.VI.1928 (revers)\" data-caption=\"Medalie ciclism S.F.R.R. (cel mai probabil Clubul Ciclist Fulgerul Bucure\u0219ti), premiul II, categoria I, 24.VI.1928 (revers)\" target=\"_blank\"><i class=\"icon-view\"><\/i><span class=\"overlay\"><\/span><img loading=\"lazy\" decoding=\"async\" width=\"150\" height=\"150\" src=\"https:\/\/muzeuciclism.ro\/wp-content\/uploads\/DSCN1160-1-150x150.jpg\" class=\"attachment-thumbnail size-thumbnail\" alt=\"\" \/><\/a><\/li><li><a data-fancybox=\"gallery486\" href=\"https:\/\/muzeuciclism.ro\/wp-content\/uploads\/DSCN1157-1.jpg\" class=\"eig-popup\" title=\"Medalie Clubul Ciclist Br\u0103ila, vitez\u0103, categoria II, premiul III, 1930 (avers)\" data-caption=\"Medalie Clubul Ciclist Br\u0103ila, vitez\u0103, categoria II, premiul III, 1930 (avers)\" target=\"_blank\"><i class=\"icon-view\"><\/i><span class=\"overlay\"><\/span><img loading=\"lazy\" decoding=\"async\" width=\"150\" height=\"150\" src=\"https:\/\/muzeuciclism.ro\/wp-content\/uploads\/DSCN1157-1-150x150.jpg\" class=\"attachment-thumbnail size-thumbnail\" alt=\"\" \/><\/a><\/li><li><a data-fancybox=\"gallery486\" href=\"https:\/\/muzeuciclism.ro\/wp-content\/uploads\/DSCN1158-1.jpg\" class=\"eig-popup\" title=\"Medalie Clubul Ciclist Br\u0103ila, vitez\u0103, categoria II, premiul III, 1930 (revers)\" data-caption=\"Medalie Clubul Ciclist Br\u0103ila, vitez\u0103, categoria II, premiul III, 1930 (revers)\" target=\"_blank\"><i class=\"icon-view\"><\/i><span class=\"overlay\"><\/span><img loading=\"lazy\" decoding=\"async\" width=\"150\" height=\"150\" src=\"https:\/\/muzeuciclism.ro\/wp-content\/uploads\/DSCN1158-1-150x150.jpg\" class=\"attachment-thumbnail size-thumbnail\" alt=\"\" \/><\/a><\/li><li><a data-fancybox=\"gallery486\" href=\"https:\/\/muzeuciclism.ro\/wp-content\/uploads\/DSCN0622.jpg\" class=\"eig-popup\" title=\"Medalie ciclism AMTE (Arad), locul I, 1925 (avers)\" data-caption=\"Medalie ciclism AMTE (Arad), locul I, 1925 (avers)\" target=\"_blank\"><i class=\"icon-view\"><\/i><span class=\"overlay\"><\/span><img loading=\"lazy\" decoding=\"async\" width=\"150\" height=\"150\" src=\"https:\/\/muzeuciclism.ro\/wp-content\/uploads\/DSCN0622-150x150.jpg\" class=\"attachment-thumbnail size-thumbnail\" alt=\"\" \/><\/a><\/li><li><a data-fancybox=\"gallery486\" href=\"https:\/\/muzeuciclism.ro\/wp-content\/uploads\/DSCN0623.jpg\" class=\"eig-popup\" title=\"Medalie ciclism AMTE (Arad), locul I, 1925 (revers)\" data-caption=\"Medalie ciclism AMTE (Arad), locul I, 1925 (revers)\" target=\"_blank\"><i class=\"icon-view\"><\/i><span class=\"overlay\"><\/span><img loading=\"lazy\" decoding=\"async\" width=\"150\" height=\"150\" src=\"https:\/\/muzeuciclism.ro\/wp-content\/uploads\/DSCN0623-150x150.jpg\" class=\"attachment-thumbnail size-thumbnail\" alt=\"\" \/><\/a><\/li><li><a data-fancybox=\"gallery486\" href=\"https:\/\/muzeuciclism.ro\/wp-content\/uploads\/DSCN2023.jpg\" class=\"eig-popup\" title=\"Medalie ciclism Clubul ciclist Principele Nicolae, anii 1920 - 1930, varianta mic\u0103 (avers)\" data-caption=\"Medalie ciclism Clubul ciclist Principele Nicolae, anii 1920 - 1930, varianta mic\u0103 (avers)\" target=\"_blank\"><i class=\"icon-view\"><\/i><span class=\"overlay\"><\/span><img loading=\"lazy\" decoding=\"async\" width=\"150\" height=\"150\" src=\"https:\/\/muzeuciclism.ro\/wp-content\/uploads\/DSCN2023-150x150.jpg\" class=\"attachment-thumbnail size-thumbnail\" alt=\"\" \/><\/a><\/li><li><a data-fancybox=\"gallery486\" href=\"https:\/\/muzeuciclism.ro\/wp-content\/uploads\/DSCN2024.jpg\" class=\"eig-popup\" title=\"Medalie ciclism Clubul ciclist Principele Nicolae, anii 1920 - 1930, varianta mic\u0103 (revers)\" data-caption=\"Medalie ciclism Clubul ciclist Principele Nicolae, anii 1920 - 1930, varianta mic\u0103 (revers)\" target=\"_blank\"><i class=\"icon-view\"><\/i><span class=\"overlay\"><\/span><img loading=\"lazy\" decoding=\"async\" width=\"150\" height=\"150\" src=\"https:\/\/muzeuciclism.ro\/wp-content\/uploads\/DSCN2024-150x150.jpg\" class=\"attachment-thumbnail size-thumbnail\" alt=\"\" \/><\/a><\/li><li><a data-fancybox=\"gallery486\" href=\"https:\/\/muzeuciclism.ro\/wp-content\/uploads\/DSCN1170.jpg\" class=\"eig-popup\" title=\"Plachet\u0103 Campionatul Rom\u00e2niei, vitez\u0103, locul II, 1942\" data-caption=\"Plachet\u0103 Campionatul Rom\u00e2niei, vitez\u0103, locul II, 1942\" target=\"_blank\"><i class=\"icon-view\"><\/i><span class=\"overlay\"><\/span><img loading=\"lazy\" decoding=\"async\" width=\"150\" height=\"150\" src=\"https:\/\/muzeuciclism.ro\/wp-content\/uploads\/DSCN1170-150x150.jpg\" class=\"attachment-thumbnail size-thumbnail\" alt=\"\" \/><\/a><\/li><li><a data-fancybox=\"gallery486\" href=\"https:\/\/muzeuciclism.ro\/wp-content\/uploads\/DSCN1160.jpg\" class=\"eig-popup\" title=\"Medalie ciclism Rom\u00e2nia, bronz, anii 1920 - avers\" data-caption=\"Medalie ciclism Rom\u00e2nia, bronz, anii 1920 - avers\" target=\"_blank\"><i class=\"icon-view\"><\/i><span class=\"overlay\"><\/span><img loading=\"lazy\" decoding=\"async\" width=\"150\" height=\"150\" src=\"https:\/\/muzeuciclism.ro\/wp-content\/uploads\/DSCN1160-150x150.jpg\" class=\"attachment-thumbnail size-thumbnail\" alt=\"\" \/><\/a><\/li><li><a data-fancybox=\"gallery486\" href=\"https:\/\/muzeuciclism.ro\/wp-content\/uploads\/DSCN1161.jpg\" class=\"eig-popup\" title=\"Medalie ciclism Rom\u00e2nia, bronz, anii 1920 - revers\" data-caption=\"Medalie ciclism Rom\u00e2nia, bronz, anii 1920 - revers\" target=\"_blank\"><i class=\"icon-view\"><\/i><span class=\"overlay\"><\/span><img loading=\"lazy\" decoding=\"async\" width=\"150\" height=\"150\" src=\"https:\/\/muzeuciclism.ro\/wp-content\/uploads\/DSCN1161-150x150.jpg\" class=\"attachment-thumbnail size-thumbnail\" alt=\"\" \/><\/a><\/li><li><a data-fancybox=\"gallery486\" href=\"https:\/\/muzeuciclism.ro\/wp-content\/uploads\/DSCN1156.jpg\" class=\"eig-popup\" title=\"Medalii ciclism Rom\u00e2nia, aur - bronz, anii 1920 - avers\" data-caption=\"Medalii ciclism Rom\u00e2nia, aur - bronz, anii 1920 - avers\" target=\"_blank\"><i class=\"icon-view\"><\/i><span class=\"overlay\"><\/span><img loading=\"lazy\" decoding=\"async\" width=\"150\" height=\"150\" src=\"https:\/\/muzeuciclism.ro\/wp-content\/uploads\/DSCN1156-150x150.jpg\" class=\"attachment-thumbnail size-thumbnail\" alt=\"\" \/><\/a><\/li><li><a data-fancybox=\"gallery486\" href=\"https:\/\/muzeuciclism.ro\/wp-content\/uploads\/DSCN1157.jpg\" class=\"eig-popup\" title=\"Medalii ciclism Rom\u00e2nia, aur - bronz, anii 1920 - revers\" data-caption=\"Medalii ciclism Rom\u00e2nia, aur - bronz, anii 1920 - revers\" target=\"_blank\"><i class=\"icon-view\"><\/i><span class=\"overlay\"><\/span><img loading=\"lazy\" decoding=\"async\" width=\"150\" height=\"150\" src=\"https:\/\/muzeuciclism.ro\/wp-content\/uploads\/DSCN1157-150x150.jpg\" class=\"attachment-thumbnail size-thumbnail\" alt=\"\" \/><\/a><\/li><li><a data-fancybox=\"gallery486\" href=\"https:\/\/muzeuciclism.ro\/wp-content\/uploads\/DSCN1152.jpg\" class=\"eig-popup\" title=\"Medalie ciclism Rom\u00e2nia, bronz, anii 1920 - avers\" data-caption=\"Medalie ciclism Rom\u00e2nia, bronz, anii 1920 - avers\" target=\"_blank\"><i class=\"icon-view\"><\/i><span class=\"overlay\"><\/span><img loading=\"lazy\" decoding=\"async\" width=\"150\" height=\"150\" src=\"https:\/\/muzeuciclism.ro\/wp-content\/uploads\/DSCN1152-150x150.jpg\" class=\"attachment-thumbnail size-thumbnail\" alt=\"\" \/><\/a><\/li><li><a data-fancybox=\"gallery486\" href=\"https:\/\/muzeuciclism.ro\/wp-content\/uploads\/DSCN1153.jpg\" class=\"eig-popup\" title=\"Medalie ciclism Rom\u00e2nia, bronz, anii 1920 - revers\" data-caption=\"Medalie ciclism Rom\u00e2nia, bronz, anii 1920 - revers\" target=\"_blank\"><i class=\"icon-view\"><\/i><span class=\"overlay\"><\/span><img loading=\"lazy\" decoding=\"async\" width=\"150\" height=\"150\" src=\"https:\/\/muzeuciclism.ro\/wp-content\/uploads\/DSCN1153-150x150.jpg\" class=\"attachment-thumbnail size-thumbnail\" alt=\"\" \/><\/a><\/li><li><a data-fancybox=\"gallery486\" href=\"https:\/\/muzeuciclism.ro\/wp-content\/uploads\/DSCN1150.jpg\" class=\"eig-popup\" title=\"Medalie ciclism Rom\u00e2nia, bronz, anii 1920 - avers\" data-caption=\"Medalie ciclism Rom\u00e2nia, bronz, anii 1920 - avers\" target=\"_blank\"><i class=\"icon-view\"><\/i><span class=\"overlay\"><\/span><img loading=\"lazy\" decoding=\"async\" width=\"150\" height=\"150\" src=\"https:\/\/muzeuciclism.ro\/wp-content\/uploads\/DSCN1150-150x150.jpg\" class=\"attachment-thumbnail size-thumbnail\" alt=\"\" \/><\/a><\/li><li><a data-fancybox=\"gallery486\" href=\"https:\/\/muzeuciclism.ro\/wp-content\/uploads\/DSCN1151.jpg\" class=\"eig-popup\" title=\"Medalie ciclism Rom\u00e2nia, bronz, anii 1920 - revers\" data-caption=\"Medalie ciclism Rom\u00e2nia, bronz, anii 1920 - revers\" target=\"_blank\"><i class=\"icon-view\"><\/i><span class=\"overlay\"><\/span><img loading=\"lazy\" decoding=\"async\" width=\"150\" height=\"150\" src=\"https:\/\/muzeuciclism.ro\/wp-content\/uploads\/DSCN1151-150x150.jpg\" class=\"attachment-thumbnail size-thumbnail\" alt=\"\" \/><\/a><\/li><li><a data-fancybox=\"gallery486\" href=\"https:\/\/muzeuciclism.ro\/wp-content\/uploads\/DSCN1148.jpg\" class=\"eig-popup\" title=\"Medalii ciclism Rom\u00e2nia, aur - argint - bronz, 1920 - 1930, avers\" data-caption=\"Medalii ciclism Rom\u00e2nia, aur - argint - bronz, 1920 - 1930, avers\" target=\"_blank\"><i class=\"icon-view\"><\/i><span class=\"overlay\"><\/span><img loading=\"lazy\" decoding=\"async\" width=\"150\" height=\"150\" src=\"https:\/\/muzeuciclism.ro\/wp-content\/uploads\/DSCN1148-150x150.jpg\" class=\"attachment-thumbnail size-thumbnail\" alt=\"\" \/><\/a><\/li><li><a data-fancybox=\"gallery486\" href=\"https:\/\/muzeuciclism.ro\/wp-content\/uploads\/DSCN1149.jpg\" class=\"eig-popup\" title=\"Medalii ciclism Rom\u00e2nia, aur - argint - bronz, 1920 - 1930, revers\" data-caption=\"Medalii ciclism Rom\u00e2nia, aur - argint - bronz, 1920 - 1930, revers\" target=\"_blank\"><i class=\"icon-view\"><\/i><span class=\"overlay\"><\/span><img loading=\"lazy\" decoding=\"async\" width=\"150\" height=\"150\" src=\"https:\/\/muzeuciclism.ro\/wp-content\/uploads\/DSCN1149-150x150.jpg\" class=\"attachment-thumbnail size-thumbnail\" alt=\"\" \/><\/a><\/li><li><a data-fancybox=\"gallery486\" href=\"https:\/\/muzeuciclism.ro\/wp-content\/uploads\/DSCN1146.jpg\" class=\"eig-popup\" title=\"Medalie ciclism Rom\u00e2nia, bronz, EMTE (?), 1934 - avers\" data-caption=\"Medalie ciclism Rom\u00e2nia, bronz, EMTE (?), 1934 - avers\" target=\"_blank\"><i class=\"icon-view\"><\/i><span class=\"overlay\"><\/span><img loading=\"lazy\" decoding=\"async\" width=\"150\" height=\"150\" src=\"https:\/\/muzeuciclism.ro\/wp-content\/uploads\/DSCN1146-150x150.jpg\" class=\"attachment-thumbnail size-thumbnail\" alt=\"\" \/><\/a><\/li><li><a data-fancybox=\"gallery486\" href=\"https:\/\/muzeuciclism.ro\/wp-content\/uploads\/DSCN1147.jpg\" class=\"eig-popup\" title=\"Medalie ciclism Rom\u00e2nia, bronz, EMTE (?), 1934 - revers\" data-caption=\"Medalie ciclism Rom\u00e2nia, bronz, EMTE (?), 1934 - revers\" target=\"_blank\"><i class=\"icon-view\"><\/i><span class=\"overlay\"><\/span><img loading=\"lazy\" decoding=\"async\" width=\"150\" height=\"150\" src=\"https:\/\/muzeuciclism.ro\/wp-content\/uploads\/DSCN1147-150x150.jpg\" class=\"attachment-thumbnail size-thumbnail\" alt=\"\" \/><\/a><\/li><li><a data-fancybox=\"gallery486\" href=\"https:\/\/muzeuciclism.ro\/wp-content\/uploads\/DSCN1144.jpg\" class=\"eig-popup\" title=\"Medalii ciclism argint  \u0219i bronz, neatribuite, cca. 1930 - avers\" data-caption=\"Medalii ciclism argint  \u0219i bronz, neatribuite, cca. 1930 - avers\" target=\"_blank\"><i class=\"icon-view\"><\/i><span class=\"overlay\"><\/span><img loading=\"lazy\" decoding=\"async\" width=\"150\" height=\"150\" src=\"https:\/\/muzeuciclism.ro\/wp-content\/uploads\/DSCN1144-150x150.jpg\" class=\"attachment-thumbnail size-thumbnail\" alt=\"\" \/><\/a><\/li><li><a data-fancybox=\"gallery486\" href=\"https:\/\/muzeuciclism.ro\/wp-content\/uploads\/DSCN1145.jpg\" class=\"eig-popup\" title=\"Medalii ciclism argint  \u0219i bronz, neatribuite, cca. 1930 - revers\" data-caption=\"Medalii ciclism argint  \u0219i bronz, neatribuite, cca. 1930 - revers\" target=\"_blank\"><i class=\"icon-view\"><\/i><span class=\"overlay\"><\/span><img loading=\"lazy\" decoding=\"async\" width=\"150\" height=\"150\" src=\"https:\/\/muzeuciclism.ro\/wp-content\/uploads\/DSCN1145-150x150.jpg\" class=\"attachment-thumbnail size-thumbnail\" alt=\"\" \/><\/a><\/li><li><a data-fancybox=\"gallery486\" href=\"https:\/\/muzeuciclism.ro\/wp-content\/uploads\/DSCN1142.jpg\" class=\"eig-popup\" title=\"Medalie ciclism bronz, neatribuit\u0103, cca. 1930 - avers\" data-caption=\"Medalie ciclism bronz, neatribuit\u0103, cca. 1930 - avers\" target=\"_blank\"><i class=\"icon-view\"><\/i><span class=\"overlay\"><\/span><img loading=\"lazy\" decoding=\"async\" width=\"150\" height=\"150\" src=\"https:\/\/muzeuciclism.ro\/wp-content\/uploads\/DSCN1142-150x150.jpg\" class=\"attachment-thumbnail size-thumbnail\" alt=\"\" \/><\/a><\/li><li><a data-fancybox=\"gallery486\" href=\"https:\/\/muzeuciclism.ro\/wp-content\/uploads\/DSCN1143.jpg\" class=\"eig-popup\" title=\"Medalie ciclism bronz, neatribuit\u0103, cca. 1930 - revers\" data-caption=\"Medalie ciclism bronz, neatribuit\u0103, cca. 1930 - revers\" target=\"_blank\"><i class=\"icon-view\"><\/i><span class=\"overlay\"><\/span><img loading=\"lazy\" decoding=\"async\" width=\"150\" height=\"150\" src=\"https:\/\/muzeuciclism.ro\/wp-content\/uploads\/DSCN1143-150x150.jpg\" class=\"attachment-thumbnail size-thumbnail\" alt=\"\" \/><\/a><\/li><li><a data-fancybox=\"gallery486\" href=\"https:\/\/muzeuciclism.ro\/wp-content\/uploads\/DSCN1140.jpg\" class=\"eig-popup\" title=\"Medalie ciclism bronz, neatribuit\u0103, cca. 1930 - avers\" data-caption=\"Medalie ciclism bronz, neatribuit\u0103, cca. 1930 - avers\" target=\"_blank\"><i class=\"icon-view\"><\/i><span class=\"overlay\"><\/span><img loading=\"lazy\" decoding=\"async\" width=\"150\" height=\"150\" src=\"https:\/\/muzeuciclism.ro\/wp-content\/uploads\/DSCN1140-150x150.jpg\" class=\"attachment-thumbnail size-thumbnail\" alt=\"\" srcset=\"https:\/\/muzeuciclism.ro\/wp-content\/uploads\/DSCN1140-150x150.jpg 150w, https:\/\/muzeuciclism.ro\/wp-content\/uploads\/DSCN1140-300x300.jpg 300w, https:\/\/muzeuciclism.ro\/wp-content\/uploads\/DSCN1140.jpg 337w\" sizes=\"auto, (max-width: 150px) 100vw, 150px\" \/><\/a><\/li><li><a data-fancybox=\"gallery486\" href=\"https:\/\/muzeuciclism.ro\/wp-content\/uploads\/DSCN1141.jpg\" class=\"eig-popup\" title=\"Medalie ciclism bronz, neatribuit\u0103, cca. 1930 - revers\" data-caption=\"Medalie ciclism bronz, neatribuit\u0103, cca. 1930 - revers\" target=\"_blank\"><i class=\"icon-view\"><\/i><span class=\"overlay\"><\/span><img loading=\"lazy\" decoding=\"async\" width=\"150\" height=\"150\" src=\"https:\/\/muzeuciclism.ro\/wp-content\/uploads\/DSCN1141-150x150.jpg\" class=\"attachment-thumbnail size-thumbnail\" alt=\"\" srcset=\"https:\/\/muzeuciclism.ro\/wp-content\/uploads\/DSCN1141-150x150.jpg 150w, https:\/\/muzeuciclism.ro\/wp-content\/uploads\/DSCN1141-300x300.jpg 300w, https:\/\/muzeuciclism.ro\/wp-content\/uploads\/DSCN1141.jpg 336w\" sizes=\"auto, (max-width: 150px) 100vw, 150px\" \/><\/a><\/li><li><a data-fancybox=\"gallery486\" href=\"https:\/\/muzeuciclism.ro\/wp-content\/uploads\/DSCN1115.jpg\" class=\"eig-popup\" title=\"Medalie ciclism Rom\u00e2nia, locul II argint, neatribuit\u0103, varianta mare, cca. 1920 - avers\" data-caption=\"Medalie ciclism Rom\u00e2nia, locul II argint, neatribuit\u0103, varianta mare, cca. 1920 - avers\" target=\"_blank\"><i class=\"icon-view\"><\/i><span class=\"overlay\"><\/span><img loading=\"lazy\" decoding=\"async\" width=\"150\" height=\"150\" src=\"https:\/\/muzeuciclism.ro\/wp-content\/uploads\/DSCN1115-150x150.jpg\" class=\"attachment-thumbnail size-thumbnail\" alt=\"\" \/><\/a><\/li><li><a data-fancybox=\"gallery486\" href=\"https:\/\/muzeuciclism.ro\/wp-content\/uploads\/DSCN1137.jpg\" class=\"eig-popup\" title=\"Medalie Campionatul de  ciclism Rahova, 24.03.1929, demi-fond, premiul II - revers\" data-caption=\"Medalie Campionatul de  ciclism Rahova, 24.03.1929, demi-fond, premiul II - revers\" target=\"_blank\"><i class=\"icon-view\"><\/i><span class=\"overlay\"><\/span><img loading=\"lazy\" decoding=\"async\" width=\"150\" height=\"150\" src=\"https:\/\/muzeuciclism.ro\/wp-content\/uploads\/DSCN1137-150x150.jpg\" class=\"attachment-thumbnail size-thumbnail\" alt=\"\" \/><\/a><\/li><li><a data-fancybox=\"gallery486\" href=\"https:\/\/muzeuciclism.ro\/wp-content\/uploads\/DSCN1138.jpg\" class=\"eig-popup\" title=\"Medalie ciclism Rom\u00e2nia, premiul I, fond 100 km, 1928 - avers\" data-caption=\"Medalie ciclism Rom\u00e2nia, premiul I, fond 100 km, 1928 - avers\" target=\"_blank\"><i class=\"icon-view\"><\/i><span class=\"overlay\"><\/span><img loading=\"lazy\" decoding=\"async\" width=\"150\" height=\"150\" src=\"https:\/\/muzeuciclism.ro\/wp-content\/uploads\/DSCN1138-150x150.jpg\" class=\"attachment-thumbnail size-thumbnail\" alt=\"\" \/><\/a><\/li><li><a data-fancybox=\"gallery486\" href=\"https:\/\/muzeuciclism.ro\/wp-content\/uploads\/DSCN1116.jpg\" class=\"eig-popup\" title=\"Medalie ciclism Rom\u00e2nia, locul II argint, neatribuit\u0103, varianta mare, cca. 1920 - revers\" data-caption=\"Medalie ciclism Rom\u00e2nia, locul II argint, neatribuit\u0103, varianta mare, cca. 1920 - revers\" target=\"_blank\"><i class=\"icon-view\"><\/i><span class=\"overlay\"><\/span><img loading=\"lazy\" decoding=\"async\" width=\"150\" height=\"150\" src=\"https:\/\/muzeuciclism.ro\/wp-content\/uploads\/DSCN1116-150x150.jpg\" class=\"attachment-thumbnail size-thumbnail\" alt=\"\" \/><\/a><\/li><li><a data-fancybox=\"gallery486\" href=\"https:\/\/muzeuciclism.ro\/wp-content\/uploads\/DSCN1128.jpg\" class=\"eig-popup\" title=\"Medalion\/amulet\u0103 purtat\u0103 de ciclistul rom\u00e2n Constantin Simionescu \u00een timpul curselor la care a participat, pentru a-i aduce noroc \u0219i a alunga accidentele, anii 1920\" data-caption=\"Medalion\/amulet\u0103 purtat\u0103 de ciclistul rom\u00e2n Constantin Simionescu \u00een timpul curselor la care a participat, pentru a-i aduce noroc \u0219i a alunga accidentele, anii 1920\" target=\"_blank\"><i class=\"icon-view\"><\/i><span class=\"overlay\"><\/span><img loading=\"lazy\" decoding=\"async\" width=\"150\" height=\"150\" src=\"https:\/\/muzeuciclism.ro\/wp-content\/uploads\/DSCN1128-150x150.jpg\" class=\"attachment-thumbnail size-thumbnail\" alt=\"\" \/><\/a><\/li><li><a data-fancybox=\"gallery486\" href=\"https:\/\/muzeuciclism.ro\/wp-content\/uploads\/DSCN1126-991x1024.jpg\" class=\"eig-popup\" title=\"Medalie Clubul ciclist Principele Nicolae, premiul III, 1927, c\u00e2\u0219tigat\u0103 de ciclistul rom\u00e2n Nicolau - avers\" data-caption=\"Medalie Clubul ciclist Principele Nicolae, premiul III, 1927, c\u00e2\u0219tigat\u0103 de ciclistul rom\u00e2n Nicolau - avers\" target=\"_blank\"><i class=\"icon-view\"><\/i><span class=\"overlay\"><\/span><img loading=\"lazy\" decoding=\"async\" width=\"150\" height=\"150\" src=\"https:\/\/muzeuciclism.ro\/wp-content\/uploads\/DSCN1126-150x150.jpg\" class=\"attachment-thumbnail size-thumbnail\" alt=\"\" \/><\/a><\/li><li><a data-fancybox=\"gallery486\" href=\"https:\/\/muzeuciclism.ro\/wp-content\/uploads\/DSCN1127.jpg\" class=\"eig-popup\" title=\"Medalie Clubul ciclist Principele Nicolae, premiul III, 1927, c\u00e2\u0219tigat\u0103 de ciclistul rom\u00e2n Nicolau - revers\" data-caption=\"Medalie Clubul ciclist Principele Nicolae, premiul III, 1927, c\u00e2\u0219tigat\u0103 de ciclistul rom\u00e2n Nicolau - revers\" target=\"_blank\"><i class=\"icon-view\"><\/i><span class=\"overlay\"><\/span><img loading=\"lazy\" decoding=\"async\" width=\"150\" height=\"150\" src=\"https:\/\/muzeuciclism.ro\/wp-content\/uploads\/DSCN1127-150x150.jpg\" class=\"attachment-thumbnail size-thumbnail\" alt=\"\" srcset=\"https:\/\/muzeuciclism.ro\/wp-content\/uploads\/DSCN1127-150x150.jpg 150w, https:\/\/muzeuciclism.ro\/wp-content\/uploads\/DSCN1127-298x300.jpg 298w, https:\/\/muzeuciclism.ro\/wp-content\/uploads\/DSCN1127.jpg 336w\" sizes=\"auto, (max-width: 150px) 100vw, 150px\" \/><\/a><\/li><li><a data-fancybox=\"gallery486\" href=\"https:\/\/muzeuciclism.ro\/wp-content\/uploads\/DSCN1124.jpg\" class=\"eig-popup\" title=\"Medalie ciclism c\u00e2\u0219tigat\u0103 de ciclistul Constantin Simionescu, premiul II, 16.10.1927 - avers\" data-caption=\"Medalie ciclism c\u00e2\u0219tigat\u0103 de ciclistul Constantin Simionescu, premiul II, 16.10.1927 - avers\" target=\"_blank\"><i class=\"icon-view\"><\/i><span class=\"overlay\"><\/span><img loading=\"lazy\" decoding=\"async\" width=\"150\" height=\"150\" src=\"https:\/\/muzeuciclism.ro\/wp-content\/uploads\/DSCN1124-150x150.jpg\" class=\"attachment-thumbnail size-thumbnail\" alt=\"\" \/><\/a><\/li><li><a data-fancybox=\"gallery486\" href=\"https:\/\/muzeuciclism.ro\/wp-content\/uploads\/DSCN1125.jpg\" class=\"eig-popup\" title=\"Medalie ciclism c\u00e2\u0219tigat\u0103 de ciclistul Constantin Simionescu, premiul II, 16.10.1927 - revers\" data-caption=\"Medalie ciclism c\u00e2\u0219tigat\u0103 de ciclistul Constantin Simionescu, premiul II, 16.10.1927 - revers\" target=\"_blank\"><i class=\"icon-view\"><\/i><span class=\"overlay\"><\/span><img loading=\"lazy\" decoding=\"async\" width=\"150\" height=\"150\" src=\"https:\/\/muzeuciclism.ro\/wp-content\/uploads\/DSCN1125-150x150.jpg\" class=\"attachment-thumbnail size-thumbnail\" alt=\"\" \/><\/a><\/li><li><a data-fancybox=\"gallery486\" href=\"https:\/\/muzeuciclism.ro\/wp-content\/uploads\/DSCN1123.jpg\" class=\"eig-popup\" title=\"Plachet\u0103 c\u00e2\u0219tigat\u0103 de ciclistul Constantin Simionescu, premiul I, 16.10.1927\" data-caption=\"Plachet\u0103 c\u00e2\u0219tigat\u0103 de ciclistul Constantin Simionescu, premiul I, 16.10.1927\" target=\"_blank\"><i class=\"icon-view\"><\/i><span class=\"overlay\"><\/span><img loading=\"lazy\" decoding=\"async\" width=\"150\" height=\"150\" src=\"https:\/\/muzeuciclism.ro\/wp-content\/uploads\/DSCN1123-150x150.jpg\" class=\"attachment-thumbnail size-thumbnail\" alt=\"\" \/><\/a><\/li><li><a data-fancybox=\"gallery486\" href=\"https:\/\/muzeuciclism.ro\/wp-content\/uploads\/DSCN1122.jpg\" class=\"eig-popup\" title=\"Plachet\u0103 c\u00e2\u0219tigat\u0103 de ciclistul Constantin Simionescu, premiul I, 16.10.1927\" data-caption=\"Plachet\u0103 c\u00e2\u0219tigat\u0103 de ciclistul Constantin Simionescu, premiul I, 16.10.1927\" target=\"_blank\"><i class=\"icon-view\"><\/i><span class=\"overlay\"><\/span><img loading=\"lazy\" decoding=\"async\" width=\"150\" height=\"150\" src=\"https:\/\/muzeuciclism.ro\/wp-content\/uploads\/DSCN1122-150x150.jpg\" class=\"attachment-thumbnail size-thumbnail\" alt=\"\" \/><\/a><\/li><li><a data-fancybox=\"gallery486\" href=\"https:\/\/muzeuciclism.ro\/wp-content\/uploads\/DSCN1121.jpg\" class=\"eig-popup\" title=\"Plachet\u0103 oferit\u0103 de ciclistul Constantin Simionescu ca amintire cu prilejul curselor cicliste din data de 15 mai 1927\" data-caption=\"Plachet\u0103 oferit\u0103 de ciclistul Constantin Simionescu ca amintire cu prilejul curselor cicliste din data de 15 mai 1927\" target=\"_blank\"><i class=\"icon-view\"><\/i><span class=\"overlay\"><\/span><img loading=\"lazy\" decoding=\"async\" width=\"150\" height=\"150\" src=\"https:\/\/muzeuciclism.ro\/wp-content\/uploads\/DSCN1121-150x150.jpg\" class=\"attachment-thumbnail size-thumbnail\" alt=\"\" \/><\/a><\/li><li><a data-fancybox=\"gallery486\" href=\"https:\/\/muzeuciclism.ro\/wp-content\/uploads\/DSCN1117.jpg\" class=\"eig-popup\" title=\"Medalie Clubul ciclist Principele Nicolae, premiul I, 1927, c\u00e2\u0219tigat\u0103 de ciclistul rom\u00e2n Constantin Simionescu - avers\" data-caption=\"Medalie Clubul ciclist Principele Nicolae, premiul I, 1927, c\u00e2\u0219tigat\u0103 de ciclistul rom\u00e2n Constantin Simionescu - avers\" target=\"_blank\"><i class=\"icon-view\"><\/i><span class=\"overlay\"><\/span><img loading=\"lazy\" decoding=\"async\" width=\"150\" height=\"150\" src=\"https:\/\/muzeuciclism.ro\/wp-content\/uploads\/DSCN1117-150x150.jpg\" class=\"attachment-thumbnail size-thumbnail\" alt=\"\" \/><\/a><\/li><li><a data-fancybox=\"gallery486\" href=\"https:\/\/muzeuciclism.ro\/wp-content\/uploads\/DSCN1118.jpg\" class=\"eig-popup\" title=\"Medalie Clubul ciclist Principele Nicolae, premiul I, 1927, c\u00e2\u0219tigat\u0103 de ciclistul rom\u00e2n Constantin Simionescu - revers\" data-caption=\"Medalie Clubul ciclist Principele Nicolae, premiul I, 1927, c\u00e2\u0219tigat\u0103 de ciclistul rom\u00e2n Constantin Simionescu - revers\" target=\"_blank\"><i class=\"icon-view\"><\/i><span class=\"overlay\"><\/span><img loading=\"lazy\" decoding=\"async\" width=\"150\" height=\"150\" src=\"https:\/\/muzeuciclism.ro\/wp-content\/uploads\/DSCN1118-150x150.jpg\" class=\"attachment-thumbnail size-thumbnail\" alt=\"\" \/><\/a><\/li><li><a data-fancybox=\"gallery486\" href=\"https:\/\/muzeuciclism.ro\/wp-content\/uploads\/DSCN1112.jpg\" class=\"eig-popup\" title=\"Medalie Clubul ciclist Principele Nicolae, premiul I, 1927, c\u00e2\u0219tigat\u0103 de ciclistul rom\u00e2n Constantin Simionescu - avers\" data-caption=\"Medalie Clubul ciclist Principele Nicolae, premiul I, 1927, c\u00e2\u0219tigat\u0103 de ciclistul rom\u00e2n Constantin Simionescu - avers\" target=\"_blank\"><i class=\"icon-view\"><\/i><span class=\"overlay\"><\/span><img loading=\"lazy\" decoding=\"async\" width=\"150\" height=\"150\" src=\"https:\/\/muzeuciclism.ro\/wp-content\/uploads\/DSCN1112-150x150.jpg\" class=\"attachment-thumbnail size-thumbnail\" alt=\"\" \/><\/a><\/li><li><a data-fancybox=\"gallery486\" href=\"https:\/\/muzeuciclism.ro\/wp-content\/uploads\/DSCN1113.jpg\" class=\"eig-popup\" title=\"Medalie Clubul ciclist Principele Nicolae, premiul I, 1927, c\u00e2\u0219tigat\u0103 de ciclistul rom\u00e2n Constantin Simionescu - revers\" data-caption=\"Medalie Clubul ciclist Principele Nicolae, premiul I, 1927, c\u00e2\u0219tigat\u0103 de ciclistul rom\u00e2n Constantin Simionescu - revers\" target=\"_blank\"><i class=\"icon-view\"><\/i><span class=\"overlay\"><\/span><img loading=\"lazy\" decoding=\"async\" width=\"150\" height=\"150\" src=\"https:\/\/muzeuciclism.ro\/wp-content\/uploads\/DSCN1113-150x150.jpg\" class=\"attachment-thumbnail size-thumbnail\" alt=\"\" \/><\/a><\/li><li><a data-fancybox=\"gallery486\" href=\"https:\/\/muzeuciclism.ro\/wp-content\/uploads\/DSCN1092.jpg\" class=\"eig-popup\" title=\"Medalie campionatul ciclist Aquila, 01.10.1922, premiul I acordat ciclistului Anton Voiculescu - avers\" data-caption=\"Medalie campionatul ciclist Aquila, 01.10.1922, premiul I acordat ciclistului Anton Voiculescu - avers\" target=\"_blank\"><i class=\"icon-view\"><\/i><span class=\"overlay\"><\/span><img loading=\"lazy\" decoding=\"async\" width=\"150\" height=\"150\" src=\"https:\/\/muzeuciclism.ro\/wp-content\/uploads\/DSCN1092-150x150.jpg\" class=\"attachment-thumbnail size-thumbnail\" alt=\"\" \/><\/a><\/li><li><a data-fancybox=\"gallery486\" href=\"https:\/\/muzeuciclism.ro\/wp-content\/uploads\/DSCN1093.jpg\" class=\"eig-popup\" title=\"Medalie campionatul ciclist Aquila, 01.10.1922, premiul I acordat ciclistului Anton Voiculescu - revers\" data-caption=\"Medalie campionatul ciclist Aquila, 01.10.1922, premiul I acordat ciclistului Anton Voiculescu - revers\" target=\"_blank\"><i class=\"icon-view\"><\/i><span class=\"overlay\"><\/span><img loading=\"lazy\" decoding=\"async\" width=\"150\" height=\"150\" src=\"https:\/\/muzeuciclism.ro\/wp-content\/uploads\/DSCN1093-150x150.jpg\" class=\"attachment-thumbnail size-thumbnail\" alt=\"\" \/><\/a><\/li><li><a data-fancybox=\"gallery486\" href=\"https:\/\/muzeuciclism.ro\/wp-content\/uploads\/DSCN1089.jpg\" class=\"eig-popup\" title=\"Medalii Cubul ciclist Aquila din Bucure\u0219ti, 06.05.1923, premiul I \u0219i III - avers\" data-caption=\"Medalii Cubul ciclist Aquila din Bucure\u0219ti, 06.05.1923, premiul I \u0219i III - avers\" target=\"_blank\"><i class=\"icon-view\"><\/i><span class=\"overlay\"><\/span><img loading=\"lazy\" decoding=\"async\" width=\"150\" height=\"150\" src=\"https:\/\/muzeuciclism.ro\/wp-content\/uploads\/DSCN1089-150x150.jpg\" class=\"attachment-thumbnail size-thumbnail\" alt=\"\" \/><\/a><\/li><li><a data-fancybox=\"gallery486\" href=\"https:\/\/muzeuciclism.ro\/wp-content\/uploads\/DSCN1090.jpg\" class=\"eig-popup\" title=\"Medalii Cubul ciclist Aquila din Bucure\u0219ti, 06.05.1923, premiul I \u0219i III - revers\" data-caption=\"Medalii Cubul ciclist Aquila din Bucure\u0219ti, 06.05.1923, premiul I \u0219i III - revers\" target=\"_blank\"><i class=\"icon-view\"><\/i><span class=\"overlay\"><\/span><img loading=\"lazy\" decoding=\"async\" width=\"150\" height=\"150\" src=\"https:\/\/muzeuciclism.ro\/wp-content\/uploads\/DSCN1090-150x150.jpg\" class=\"attachment-thumbnail size-thumbnail\" alt=\"\" \/><\/a><\/li><li><a data-fancybox=\"gallery486\" href=\"https:\/\/muzeuciclism.ro\/wp-content\/uploads\/DSCN1084.jpg\" class=\"eig-popup\" title=\"Medalie Clubul ciclist Meteor Arad, 16.05.1927, premiul II - avers\" data-caption=\"Medalie Clubul ciclist Meteor Arad, 16.05.1927, premiul II - avers\" target=\"_blank\"><i class=\"icon-view\"><\/i><span class=\"overlay\"><\/span><img loading=\"lazy\" decoding=\"async\" width=\"150\" height=\"150\" src=\"https:\/\/muzeuciclism.ro\/wp-content\/uploads\/DSCN1084-150x150.jpg\" class=\"attachment-thumbnail size-thumbnail\" alt=\"\" \/><\/a><\/li><li><a data-fancybox=\"gallery486\" href=\"https:\/\/muzeuciclism.ro\/wp-content\/uploads\/DSCN1085.jpg\" class=\"eig-popup\" title=\"Medalie Clubul ciclist Meteor Arad, 16.05.1927, premiul II - revers\" data-caption=\"Medalie Clubul ciclist Meteor Arad, 16.05.1927, premiul II - revers\" target=\"_blank\"><i class=\"icon-view\"><\/i><span class=\"overlay\"><\/span><img loading=\"lazy\" decoding=\"async\" width=\"150\" height=\"150\" src=\"https:\/\/muzeuciclism.ro\/wp-content\/uploads\/DSCN1085-150x150.jpg\" class=\"attachment-thumbnail size-thumbnail\" alt=\"\" \/><\/a><\/li><li><a data-fancybox=\"gallery486\" href=\"https:\/\/muzeuciclism.ro\/wp-content\/uploads\/DSCN1078.jpg\" class=\"eig-popup\" title=\"Medalii ciclism Rom\u00e2nia, aur - argint - bronz, gravor Gerscovici, 1920 - 1930, avers\" data-caption=\"Medalii ciclism Rom\u00e2nia, aur - argint - bronz, gravor Gerscovici, 1920 - 1930, avers\" target=\"_blank\"><i class=\"icon-view\"><\/i><span class=\"overlay\"><\/span><img loading=\"lazy\" decoding=\"async\" width=\"150\" height=\"150\" src=\"https:\/\/muzeuciclism.ro\/wp-content\/uploads\/DSCN1078-150x150.jpg\" class=\"attachment-thumbnail size-thumbnail\" alt=\"\" \/><\/a><\/li><li><a data-fancybox=\"gallery486\" href=\"https:\/\/muzeuciclism.ro\/wp-content\/uploads\/DSCN1079.jpg\" class=\"eig-popup\" title=\"Medalii ciclism Rom\u00e2nia, aur - argint - bronz, gravor Gerscovici, 1920 - 1930, revers\" data-caption=\"Medalii ciclism Rom\u00e2nia, aur - argint - bronz, gravor Gerscovici, 1920 - 1930, revers\" target=\"_blank\"><i class=\"icon-view\"><\/i><span class=\"overlay\"><\/span><img loading=\"lazy\" decoding=\"async\" width=\"150\" height=\"150\" src=\"https:\/\/muzeuciclism.ro\/wp-content\/uploads\/DSCN1079-150x150.jpg\" class=\"attachment-thumbnail size-thumbnail\" alt=\"\" \/><\/a><\/li><li><a data-fancybox=\"gallery486\" href=\"https:\/\/muzeuciclism.ro\/wp-content\/uploads\/DSCN1076.jpg\" class=\"eig-popup\" title=\"Medalion membru club ciclist Rom\u00e2nia (cel mai probabil zona de Vest), 1920 - 1930 avers\" data-caption=\"Medalion membru club ciclist Rom\u00e2nia (cel mai probabil zona de Vest), 1920 - 1930 avers\" target=\"_blank\"><i class=\"icon-view\"><\/i><span class=\"overlay\"><\/span><img loading=\"lazy\" decoding=\"async\" width=\"150\" height=\"150\" src=\"https:\/\/muzeuciclism.ro\/wp-content\/uploads\/DSCN1076-150x150.jpg\" class=\"attachment-thumbnail size-thumbnail\" alt=\"\" \/><\/a><\/li><li><a data-fancybox=\"gallery486\" href=\"https:\/\/muzeuciclism.ro\/wp-content\/uploads\/DSCN1077.jpg\" class=\"eig-popup\" title=\"Medalion membru club ciclist Rom\u00e2nia (cel mai probabil zona de Vest), 1920 - 1930 - revers\" data-caption=\"Medalion membru club ciclist Rom\u00e2nia (cel mai probabil zona de Vest), 1920 - 1930 - revers\" target=\"_blank\"><i class=\"icon-view\"><\/i><span class=\"overlay\"><\/span><img loading=\"lazy\" decoding=\"async\" width=\"150\" height=\"150\" src=\"https:\/\/muzeuciclism.ro\/wp-content\/uploads\/DSCN1077-150x150.jpg\" class=\"attachment-thumbnail size-thumbnail\" alt=\"\" \/><\/a><\/li><li><a data-fancybox=\"gallery486\" href=\"https:\/\/muzeuciclism.ro\/wp-content\/uploads\/DSCN1184.jpg\" class=\"eig-popup\" title=\"Medalion membru club ciclist Rom\u00e2nia (Clubul ciclist Aquila?), 1920 - 1930 avers\" data-caption=\"Medalion membru club ciclist Rom\u00e2nia (Clubul ciclist Aquila?), 1920 - 1930 avers\" target=\"_blank\"><i class=\"icon-view\"><\/i><span class=\"overlay\"><\/span><img loading=\"lazy\" decoding=\"async\" width=\"150\" height=\"150\" src=\"https:\/\/muzeuciclism.ro\/wp-content\/uploads\/DSCN1184-150x150.jpg\" class=\"attachment-thumbnail size-thumbnail\" alt=\"\" srcset=\"https:\/\/muzeuciclism.ro\/wp-content\/uploads\/DSCN1184-150x150.jpg 150w, https:\/\/muzeuciclism.ro\/wp-content\/uploads\/DSCN1184-298x300.jpg 298w, https:\/\/muzeuciclism.ro\/wp-content\/uploads\/DSCN1184.jpg 336w\" sizes=\"auto, (max-width: 150px) 100vw, 150px\" \/><\/a><\/li><li><a data-fancybox=\"gallery486\" href=\"https:\/\/muzeuciclism.ro\/wp-content\/uploads\/DSCN1074.jpg\" class=\"eig-popup\" title=\"Medalie ciclism anii 1920 - 1930, varianta bronz, neatribuit\u0103 - avers\" data-caption=\"Medalie ciclism anii 1920 - 1930, varianta bronz, neatribuit\u0103 - avers\" target=\"_blank\"><i class=\"icon-view\"><\/i><span class=\"overlay\"><\/span><img loading=\"lazy\" decoding=\"async\" width=\"150\" height=\"150\" src=\"https:\/\/muzeuciclism.ro\/wp-content\/uploads\/DSCN1074-150x150.jpg\" class=\"attachment-thumbnail size-thumbnail\" alt=\"\" \/><\/a><\/li><li><a data-fancybox=\"gallery486\" href=\"https:\/\/muzeuciclism.ro\/wp-content\/uploads\/DSCN1075.jpg\" class=\"eig-popup\" title=\"Medalie ciclism anii 1920 - 1930, varianta bronz, neatribuit\u0103 - revers\" data-caption=\"Medalie ciclism anii 1920 - 1930, varianta bronz, neatribuit\u0103 - revers\" target=\"_blank\"><i class=\"icon-view\"><\/i><span class=\"overlay\"><\/span><img loading=\"lazy\" decoding=\"async\" width=\"150\" height=\"150\" src=\"https:\/\/muzeuciclism.ro\/wp-content\/uploads\/DSCN1075-150x150.jpg\" class=\"attachment-thumbnail size-thumbnail\" alt=\"\" \/><\/a><\/li><li><a data-fancybox=\"gallery486\" href=\"https:\/\/muzeuciclism.ro\/wp-content\/uploads\/DSCN1072.jpg\" class=\"eig-popup\" title=\"Medalie ciclism cursa Cupa Negel, 1927, c\u00e2\u0219tig\u0103tor ciclistul rom\u00e2nt Anton Voiculescu - avers\" data-caption=\"Medalie ciclism cursa Cupa Negel, 1927, c\u00e2\u0219tig\u0103tor ciclistul rom\u00e2nt Anton Voiculescu - avers\" target=\"_blank\"><i class=\"icon-view\"><\/i><span class=\"overlay\"><\/span><img loading=\"lazy\" decoding=\"async\" width=\"150\" height=\"150\" src=\"https:\/\/muzeuciclism.ro\/wp-content\/uploads\/DSCN1072-150x150.jpg\" class=\"attachment-thumbnail size-thumbnail\" alt=\"\" \/><\/a><\/li><li><a data-fancybox=\"gallery486\" href=\"https:\/\/muzeuciclism.ro\/wp-content\/uploads\/DSCN1073.jpg\" class=\"eig-popup\" title=\"Medalie ciclism cursa Cupa Negel, 1927, c\u00e2\u0219tig\u0103tor ciclistul rom\u00e2nt Anton Voiculescu - revers\" data-caption=\"Medalie ciclism cursa Cupa Negel, 1927, c\u00e2\u0219tig\u0103tor ciclistul rom\u00e2nt Anton Voiculescu - revers\" target=\"_blank\"><i class=\"icon-view\"><\/i><span class=\"overlay\"><\/span><img loading=\"lazy\" decoding=\"async\" width=\"150\" height=\"150\" src=\"https:\/\/muzeuciclism.ro\/wp-content\/uploads\/DSCN1073-150x150.jpg\" class=\"attachment-thumbnail size-thumbnail\" alt=\"\" \/><\/a><\/li><li><a data-fancybox=\"gallery486\" href=\"https:\/\/muzeuciclism.ro\/wp-content\/uploads\/DSCN1068.jpg\" class=\"eig-popup\" title=\"Medalie ciclism neatribuit\u0103, cca. 1930 - avers\" data-caption=\"Medalie ciclism neatribuit\u0103, cca. 1930 - avers\" target=\"_blank\"><i class=\"icon-view\"><\/i><span class=\"overlay\"><\/span><img loading=\"lazy\" decoding=\"async\" width=\"150\" height=\"150\" src=\"https:\/\/muzeuciclism.ro\/wp-content\/uploads\/DSCN1068-150x150.jpg\" class=\"attachment-thumbnail size-thumbnail\" alt=\"\" \/><\/a><\/li><li><a data-fancybox=\"gallery486\" href=\"https:\/\/muzeuciclism.ro\/wp-content\/uploads\/DSCN1069.jpg\" class=\"eig-popup\" title=\"Medalie ciclism neatribuit\u0103, cca. 1930 - revers\" data-caption=\"Medalie ciclism neatribuit\u0103, cca. 1930 - revers\" target=\"_blank\"><i class=\"icon-view\"><\/i><span class=\"overlay\"><\/span><img loading=\"lazy\" decoding=\"async\" width=\"150\" height=\"150\" src=\"https:\/\/muzeuciclism.ro\/wp-content\/uploads\/DSCN1069-150x150.jpg\" class=\"attachment-thumbnail size-thumbnail\" alt=\"\" \/><\/a><\/li><li><a data-fancybox=\"gallery486\" href=\"https:\/\/muzeuciclism.ro\/wp-content\/uploads\/DSCN1065.jpg\" class=\"eig-popup\" title=\"Medalie ciclism neatribuit\u0103, cca. 1925 - avers\" data-caption=\"Medalie ciclism neatribuit\u0103, cca. 1925 - avers\" target=\"_blank\"><i class=\"icon-view\"><\/i><span class=\"overlay\"><\/span><img loading=\"lazy\" decoding=\"async\" width=\"150\" height=\"150\" src=\"https:\/\/muzeuciclism.ro\/wp-content\/uploads\/DSCN1065-150x150.jpg\" class=\"attachment-thumbnail size-thumbnail\" alt=\"\" \/><\/a><\/li><li><a data-fancybox=\"gallery486\" href=\"https:\/\/muzeuciclism.ro\/wp-content\/uploads\/DSCN1067.jpg\" class=\"eig-popup\" title=\"\" data-caption=\"\" target=\"_blank\"><i class=\"icon-view\"><\/i><span class=\"overlay\"><\/span><img loading=\"lazy\" decoding=\"async\" width=\"150\" height=\"150\" src=\"https:\/\/muzeuciclism.ro\/wp-content\/uploads\/DSCN1067-150x150.jpg\" class=\"attachment-thumbnail size-thumbnail\" alt=\"\" \/><\/a><\/li><li><a data-fancybox=\"gallery486\" href=\"https:\/\/muzeuciclism.ro\/wp-content\/uploads\/DSCN1049.jpg\" class=\"eig-popup\" title=\"Medalie Clubul ciclist Meteor Arad, curs\u0103 vitez\u0103 1000m, 09.03.1935 - avers\" data-caption=\"Medalie Clubul ciclist Meteor Arad, curs\u0103 vitez\u0103 1000m, 09.03.1935 - avers\" target=\"_blank\"><i class=\"icon-view\"><\/i><span class=\"overlay\"><\/span><img loading=\"lazy\" decoding=\"async\" width=\"150\" height=\"150\" src=\"https:\/\/muzeuciclism.ro\/wp-content\/uploads\/DSCN1049-150x150.jpg\" class=\"attachment-thumbnail size-thumbnail\" alt=\"\" \/><\/a><\/li><li><a data-fancybox=\"gallery486\" href=\"https:\/\/muzeuciclism.ro\/wp-content\/uploads\/DSCN1050.jpg\" class=\"eig-popup\" title=\"Medalie Clubul ciclist Meteor Arad, curs\u0103 vitez\u0103 1000m, 09.03.1935 - revers\" data-caption=\"Medalie Clubul ciclist Meteor Arad, curs\u0103 vitez\u0103 1000m, 09.03.1935 - revers\" target=\"_blank\"><i class=\"icon-view\"><\/i><span class=\"overlay\"><\/span><img loading=\"lazy\" decoding=\"async\" width=\"150\" height=\"150\" src=\"https:\/\/muzeuciclism.ro\/wp-content\/uploads\/DSCN1050-150x150.jpg\" class=\"attachment-thumbnail size-thumbnail\" alt=\"\" \/><\/a><\/li><li><a data-fancybox=\"gallery486\" href=\"https:\/\/muzeuciclism.ro\/wp-content\/uploads\/CCPN.jpg\" class=\"eig-popup\" title=\"Medalie  Clubul ciclist Principele Nicolae (CCPN), 05.09.1926, premiul III, curs\u0103 vitez\u0103, c\u00e2\u0219tig\u0103tor ciclistul rom\u00e2n Ion Tureatc\u0103 - avers\" data-caption=\"Medalie  Clubul ciclist Principele Nicolae (CCPN), 05.09.1926, premiul III, curs\u0103 vitez\u0103, c\u00e2\u0219tig\u0103tor ciclistul rom\u00e2n Ion Tureatc\u0103 - avers\" target=\"_blank\"><i class=\"icon-view\"><\/i><span class=\"overlay\"><\/span><img loading=\"lazy\" decoding=\"async\" width=\"150\" height=\"150\" src=\"https:\/\/muzeuciclism.ro\/wp-content\/uploads\/CCPN-150x150.jpg\" class=\"attachment-thumbnail size-thumbnail\" alt=\"\" \/><\/a><\/li><li><a data-fancybox=\"gallery486\" href=\"https:\/\/muzeuciclism.ro\/wp-content\/uploads\/DSCN1044-718x1024.jpg\" class=\"eig-popup\" title=\"Medalie  Clubul ciclist Principele Nicolae (CCPN), 05.09.1926, premiul III, curs\u0103 vitez\u0103, c\u00e2\u0219tig\u0103tor ciclistul rom\u00e2n Ion Tureatc\u0103 - revers\" data-caption=\"Medalie  Clubul ciclist Principele Nicolae (CCPN), 05.09.1926, premiul III, curs\u0103 vitez\u0103, c\u00e2\u0219tig\u0103tor ciclistul rom\u00e2n Ion Tureatc\u0103 - revers\" target=\"_blank\"><i class=\"icon-view\"><\/i><span class=\"overlay\"><\/span><img loading=\"lazy\" decoding=\"async\" width=\"150\" height=\"150\" src=\"https:\/\/muzeuciclism.ro\/wp-content\/uploads\/DSCN1044-150x150.jpg\" class=\"attachment-thumbnail size-thumbnail\" alt=\"\" \/><\/a><\/li><li><a data-fancybox=\"gallery486\" href=\"https:\/\/muzeuciclism.ro\/wp-content\/uploads\/DSCN1037.jpg\" class=\"eig-popup\" title=\"Medalie C.C.C.M. (Campionatul ciclist Cupa Macri?), 25.X.1925, premiul III, vitez\u0103, c\u00e2\u0219tig\u0103tor ciclistul rom\u00e2n Ion Tureatc\u0103 - avers\" data-caption=\"Medalie C.C.C.M. (Campionatul ciclist Cupa Macri?), 25.X.1925, premiul III, vitez\u0103, c\u00e2\u0219tig\u0103tor ciclistul rom\u00e2n Ion Tureatc\u0103 - avers\" target=\"_blank\"><i class=\"icon-view\"><\/i><span class=\"overlay\"><\/span><img loading=\"lazy\" decoding=\"async\" width=\"150\" height=\"150\" src=\"https:\/\/muzeuciclism.ro\/wp-content\/uploads\/DSCN1037-150x150.jpg\" class=\"attachment-thumbnail size-thumbnail\" alt=\"\" \/><\/a><\/li><li><a data-fancybox=\"gallery486\" href=\"https:\/\/muzeuciclism.ro\/wp-content\/uploads\/DSCN1038.jpg\" class=\"eig-popup\" title=\"Medalie C.C.C.M. (Campionatul ciclist Cupa Macri?), 25.X.1925, premiul III, vitez\u0103, c\u00e2\u0219tig\u0103tor ciclistul rom\u00e2n Ion Tureatc\u0103 - revers\" data-caption=\"Medalie C.C.C.M. (Campionatul ciclist Cupa Macri?), 25.X.1925, premiul III, vitez\u0103, c\u00e2\u0219tig\u0103tor ciclistul rom\u00e2n Ion Tureatc\u0103 - revers\" target=\"_blank\"><i class=\"icon-view\"><\/i><span class=\"overlay\"><\/span><img loading=\"lazy\" decoding=\"async\" width=\"150\" height=\"150\" src=\"https:\/\/muzeuciclism.ro\/wp-content\/uploads\/DSCN1038-150x150.jpg\" class=\"attachment-thumbnail size-thumbnail\" alt=\"\" \/><\/a><\/li><li><a data-fancybox=\"gallery486\" href=\"https:\/\/muzeuciclism.ro\/wp-content\/uploads\/DSCN1039.jpg\" class=\"eig-popup\" title=\"Medalie C.C.M. (Campionatul ciclist Marvan?), 1925, premiul I, cursa american\u0103, c\u00e2\u0219tig\u0103tor ciclistul rom\u00e2n Ion Tureatc\u0103 - avers\" data-caption=\"Medalie C.C.M. (Campionatul ciclist Marvan?), 1925, premiul I, cursa american\u0103, c\u00e2\u0219tig\u0103tor ciclistul rom\u00e2n Ion Tureatc\u0103 - avers\" target=\"_blank\"><i class=\"icon-view\"><\/i><span class=\"overlay\"><\/span><img loading=\"lazy\" decoding=\"async\" width=\"150\" height=\"150\" src=\"https:\/\/muzeuciclism.ro\/wp-content\/uploads\/DSCN1039-150x150.jpg\" class=\"attachment-thumbnail size-thumbnail\" alt=\"\" \/><\/a><\/li><li><a data-fancybox=\"gallery486\" href=\"https:\/\/muzeuciclism.ro\/wp-content\/uploads\/DSCN1040.jpg\" class=\"eig-popup\" title=\"Medalie C.C.M. (Campionatul ciclist Marvan?), 1925, premiul I, cursa american\u0103, c\u00e2\u0219tig\u0103tor ciclistul rom\u00e2n Ion Tureatc\u0103 - revers\" data-caption=\"Medalie C.C.M. (Campionatul ciclist Marvan?), 1925, premiul I, cursa american\u0103, c\u00e2\u0219tig\u0103tor ciclistul rom\u00e2n Ion Tureatc\u0103 - revers\" target=\"_blank\"><i class=\"icon-view\"><\/i><span class=\"overlay\"><\/span><img loading=\"lazy\" decoding=\"async\" width=\"150\" height=\"150\" src=\"https:\/\/muzeuciclism.ro\/wp-content\/uploads\/DSCN1040-150x150.jpg\" class=\"attachment-thumbnail size-thumbnail\" alt=\"\" \/><\/a><\/li><li><a data-fancybox=\"gallery486\" href=\"https:\/\/muzeuciclism.ro\/wp-content\/uploads\/DSCN1028.jpg\" class=\"eig-popup\" title=\"Medalie Clubul ciclist Meteor din Arad, locul I, 1925 - avers\" data-caption=\"Medalie Clubul ciclist Meteor din Arad, locul I, 1925 - avers\" target=\"_blank\"><i class=\"icon-view\"><\/i><span class=\"overlay\"><\/span><img loading=\"lazy\" decoding=\"async\" width=\"150\" height=\"150\" src=\"https:\/\/muzeuciclism.ro\/wp-content\/uploads\/DSCN1028-150x150.jpg\" class=\"attachment-thumbnail size-thumbnail\" alt=\"\" \/><\/a><\/li><li><a data-fancybox=\"gallery486\" href=\"https:\/\/muzeuciclism.ro\/wp-content\/uploads\/DSCN1029.jpg\" class=\"eig-popup\" title=\"Medalie Clubul ciclist Meteor din Arad, locul I, 1925 - revers\" data-caption=\"Medalie Clubul ciclist Meteor din Arad, locul I, 1925 - revers\" target=\"_blank\"><i class=\"icon-view\"><\/i><span class=\"overlay\"><\/span><img loading=\"lazy\" decoding=\"async\" width=\"150\" height=\"150\" src=\"https:\/\/muzeuciclism.ro\/wp-content\/uploads\/DSCN1029-150x150.jpg\" class=\"attachment-thumbnail size-thumbnail\" alt=\"\" \/><\/a><\/li><li><a data-fancybox=\"gallery486\" href=\"https:\/\/muzeuciclism.ro\/wp-content\/uploads\/DSCN1047.jpg\" class=\"eig-popup\" title=\"Medalie Clubul ciclist Principele Nicolae, 23.04.1932, cursa handicap, premiul  II - avers\" data-caption=\"Medalie Clubul ciclist Principele Nicolae, 23.04.1932, cursa handicap, premiul  II - avers\" target=\"_blank\"><i class=\"icon-view\"><\/i><span class=\"overlay\"><\/span><img loading=\"lazy\" decoding=\"async\" width=\"150\" height=\"150\" src=\"https:\/\/muzeuciclism.ro\/wp-content\/uploads\/DSCN1047-150x150.jpg\" class=\"attachment-thumbnail size-thumbnail\" alt=\"\" \/><\/a><\/li><li><a data-fancybox=\"gallery486\" href=\"https:\/\/muzeuciclism.ro\/wp-content\/uploads\/DSCN1048.jpg\" class=\"eig-popup\" title=\"Medalie Clubul ciclist Principele Nicolae, 23.04.1932, cursa handicap, premiul  II - revers\" data-caption=\"Medalie Clubul ciclist Principele Nicolae, 23.04.1932, cursa handicap, premiul  II - revers\" target=\"_blank\"><i class=\"icon-view\"><\/i><span class=\"overlay\"><\/span><img loading=\"lazy\" decoding=\"async\" width=\"150\" height=\"150\" src=\"https:\/\/muzeuciclism.ro\/wp-content\/uploads\/DSCN1048-150x150.jpg\" class=\"attachment-thumbnail size-thumbnail\" alt=\"\" \/><\/a><\/li><li><a data-fancybox=\"gallery486\" href=\"https:\/\/muzeuciclism.ro\/wp-content\/uploads\/DSCN1030.jpg\" class=\"eig-popup\" title=\"Plachet\u0103 Campionatele Na\u021bionale de ciclism vitez\u0103, locul III, 1926, decernat\u0103 marelui ciclist rom\u00e2n Nicu Frize - avers\" data-caption=\"Plachet\u0103 Campionatele Na\u021bionale de ciclism vitez\u0103, locul III, 1926, decernat\u0103 marelui ciclist rom\u00e2n Nicu Frize - avers\" target=\"_blank\"><i class=\"icon-view\"><\/i><span class=\"overlay\"><\/span><img loading=\"lazy\" decoding=\"async\" width=\"150\" height=\"150\" src=\"https:\/\/muzeuciclism.ro\/wp-content\/uploads\/DSCN1030-150x150.jpg\" class=\"attachment-thumbnail size-thumbnail\" alt=\"\" \/><\/a><\/li><li><a data-fancybox=\"gallery486\" href=\"https:\/\/muzeuciclism.ro\/wp-content\/uploads\/DSCN1031.jpg\" class=\"eig-popup\" title=\"Plachet\u0103 Campionatele Na\u021bionale de ciclism vitez\u0103, locul III, 1926, decernat\u0103 marelui ciclist rom\u00e2n Nicu Frize - revers\" data-caption=\"Plachet\u0103 Campionatele Na\u021bionale de ciclism vitez\u0103, locul III, 1926, decernat\u0103 marelui ciclist rom\u00e2n Nicu Frize - revers\" target=\"_blank\"><i class=\"icon-view\"><\/i><span class=\"overlay\"><\/span><img loading=\"lazy\" decoding=\"async\" width=\"150\" height=\"150\" src=\"https:\/\/muzeuciclism.ro\/wp-content\/uploads\/DSCN1031-150x150.jpg\" class=\"attachment-thumbnail size-thumbnail\" alt=\"\" \/><\/a><\/li><li><a data-fancybox=\"gallery486\" href=\"https:\/\/muzeuciclism.ro\/wp-content\/uploads\/DSCN1018.jpg\" class=\"eig-popup\" title=\"Medalie campion 50 km, 1932, gravor Dukasz (Arad) - avers\" data-caption=\"Medalie campion 50 km, 1932, gravor Dukasz (Arad) - avers\" target=\"_blank\"><i class=\"icon-view\"><\/i><span class=\"overlay\"><\/span><img loading=\"lazy\" decoding=\"async\" width=\"150\" height=\"150\" src=\"https:\/\/muzeuciclism.ro\/wp-content\/uploads\/DSCN1018-150x150.jpg\" class=\"attachment-thumbnail size-thumbnail\" alt=\"\" \/><\/a><\/li><li><a data-fancybox=\"gallery486\" href=\"https:\/\/muzeuciclism.ro\/wp-content\/uploads\/DSCN1017.jpg\" class=\"eig-popup\" title=\"Medalie campion 50 km, 1932, gravor Dukasz (Arad) - revers\" data-caption=\"Medalie campion 50 km, 1932, gravor Dukasz (Arad) - revers\" target=\"_blank\"><i class=\"icon-view\"><\/i><span class=\"overlay\"><\/span><img loading=\"lazy\" decoding=\"async\" width=\"150\" height=\"150\" src=\"https:\/\/muzeuciclism.ro\/wp-content\/uploads\/DSCN1017-150x150.jpg\" class=\"attachment-thumbnail size-thumbnail\" alt=\"\" \/><\/a><\/li><li><a data-fancybox=\"gallery486\" href=\"https:\/\/muzeuciclism.ro\/wp-content\/uploads\/DSCN1570.jpg\" class=\"eig-popup\" title=\"Medalie AMTE, cursa 4 km, locul III, 1922 (avers)\" data-caption=\"Medalie AMTE, cursa 4 km, locul III, 1922 (avers)\" target=\"_blank\"><i class=\"icon-view\"><\/i><span class=\"overlay\"><\/span><img loading=\"lazy\" decoding=\"async\" width=\"150\" height=\"150\" src=\"https:\/\/muzeuciclism.ro\/wp-content\/uploads\/DSCN1570-150x150.jpg\" class=\"attachment-thumbnail size-thumbnail\" alt=\"\" \/><\/a><\/li><li><a data-fancybox=\"gallery486\" href=\"https:\/\/muzeuciclism.ro\/wp-content\/uploads\/DSCN1571.jpg\" class=\"eig-popup\" title=\"Medalie AMTE, cursa 4 km, locul III, 1922 (revers)\" data-caption=\"Medalie AMTE, cursa 4 km, locul III, 1922 (revers)\" target=\"_blank\"><i class=\"icon-view\"><\/i><span class=\"overlay\"><\/span><img loading=\"lazy\" decoding=\"async\" width=\"150\" height=\"150\" src=\"https:\/\/muzeuciclism.ro\/wp-content\/uploads\/DSCN1571-150x150.jpg\" class=\"attachment-thumbnail size-thumbnail\" alt=\"\" \/><\/a><\/li><li><a data-fancybox=\"gallery486\" href=\"https:\/\/muzeuciclism.ro\/wp-content\/uploads\/DSCN1572.jpg\" class=\"eig-popup\" title=\"Medalie K.M.S.C., cursa 90 km, locul II, cca. 1930 (avers)\" data-caption=\"Medalie K.M.S.C., cursa 90 km, locul II, cca. 1930 (avers)\" target=\"_blank\"><i class=\"icon-view\"><\/i><span class=\"overlay\"><\/span><img loading=\"lazy\" decoding=\"async\" width=\"150\" height=\"150\" src=\"https:\/\/muzeuciclism.ro\/wp-content\/uploads\/DSCN1572-150x150.jpg\" class=\"attachment-thumbnail size-thumbnail\" alt=\"\" \/><\/a><\/li><li><a data-fancybox=\"gallery486\" href=\"https:\/\/muzeuciclism.ro\/wp-content\/uploads\/DSCN1573.jpg\" class=\"eig-popup\" title=\"Medalie K.M.S.C., cursa 90 km, locul II, cca. 1930 (revers)\" data-caption=\"Medalie K.M.S.C., cursa 90 km, locul II, cca. 1930 (revers)\" target=\"_blank\"><i class=\"icon-view\"><\/i><span class=\"overlay\"><\/span><img loading=\"lazy\" decoding=\"async\" width=\"150\" height=\"150\" src=\"https:\/\/muzeuciclism.ro\/wp-content\/uploads\/DSCN1573-150x150.jpg\" class=\"attachment-thumbnail size-thumbnail\" alt=\"\" \/><\/a><\/li><li><a data-fancybox=\"gallery486\" href=\"https:\/\/muzeuciclism.ro\/wp-content\/uploads\/DSCN1579-2.jpg\" class=\"eig-popup\" title=\"Medalie Clubul Ciclist Principele Nicolae, cursa 40 km,  locul III, 23.04.1927 (avers)\" data-caption=\"Medalie Clubul Ciclist Principele Nicolae, cursa 40 km,  locul III, 23.04.1927 (avers)\" target=\"_blank\"><i class=\"icon-view\"><\/i><span class=\"overlay\"><\/span><img loading=\"lazy\" decoding=\"async\" width=\"150\" height=\"150\" src=\"https:\/\/muzeuciclism.ro\/wp-content\/uploads\/DSCN1579-2-150x150.jpg\" class=\"attachment-thumbnail size-thumbnail\" alt=\"\" \/><\/a><\/li><li><a data-fancybox=\"gallery486\" href=\"https:\/\/muzeuciclism.ro\/wp-content\/uploads\/DSCN1580-2.jpg\" class=\"eig-popup\" title=\"Medalie Clubul Ciclist Principele Nicolae, cursa 40 km,  locul III, 23.04.1927 (revers)\" data-caption=\"Medalie Clubul Ciclist Principele Nicolae, cursa 40 km,  locul III, 23.04.1927 (revers)\" target=\"_blank\"><i class=\"icon-view\"><\/i><span class=\"overlay\"><\/span><img loading=\"lazy\" decoding=\"async\" width=\"150\" height=\"150\" src=\"https:\/\/muzeuciclism.ro\/wp-content\/uploads\/DSCN1580-2-150x150.jpg\" class=\"attachment-thumbnail size-thumbnail\" alt=\"\" \/><\/a><\/li><li><a data-fancybox=\"gallery486\" href=\"https:\/\/muzeuciclism.ro\/wp-content\/uploads\/DSCN1587-1.jpg\" class=\"eig-popup\" title=\"Medalie S.M.T.E., locul I, cca.1934 (avers)\" data-caption=\"Medalie S.M.T.E., locul I, cca.1934 (avers)\" target=\"_blank\"><i class=\"icon-view\"><\/i><span class=\"overlay\"><\/span><img loading=\"lazy\" decoding=\"async\" width=\"150\" height=\"150\" src=\"https:\/\/muzeuciclism.ro\/wp-content\/uploads\/DSCN1587-1-150x150.jpg\" class=\"attachment-thumbnail size-thumbnail\" alt=\"\" \/><\/a><\/li><li><a data-fancybox=\"gallery486\" href=\"https:\/\/muzeuciclism.ro\/wp-content\/uploads\/DSCN1588-1.jpg\" class=\"eig-popup\" title=\"Medalie S.M.T.E., locul I, cca.1934 (revers)\" data-caption=\"Medalie S.M.T.E., locul I, cca.1934 (revers)\" target=\"_blank\"><i class=\"icon-view\"><\/i><span class=\"overlay\"><\/span><img loading=\"lazy\" decoding=\"async\" width=\"150\" height=\"150\" src=\"https:\/\/muzeuciclism.ro\/wp-content\/uploads\/DSCN1588-1-150x150.jpg\" class=\"attachment-thumbnail size-thumbnail\" alt=\"\" \/><\/a><\/li><li><a data-fancybox=\"gallery486\" href=\"https:\/\/muzeuciclism.ro\/wp-content\/uploads\/DSCN1574.jpg\" class=\"eig-popup\" title=\"Medalie Otopeni, locul III, 12.09.1933 (avers)\" data-caption=\"Medalie Otopeni, locul III, 12.09.1933 (avers)\" target=\"_blank\"><i class=\"icon-view\"><\/i><span class=\"overlay\"><\/span><img loading=\"lazy\" decoding=\"async\" width=\"150\" height=\"150\" src=\"https:\/\/muzeuciclism.ro\/wp-content\/uploads\/DSCN1574-150x150.jpg\" class=\"attachment-thumbnail size-thumbnail\" alt=\"\" \/><\/a><\/li><li><a data-fancybox=\"gallery486\" href=\"https:\/\/muzeuciclism.ro\/wp-content\/uploads\/DSCN1575.jpg\" class=\"eig-popup\" title=\"Medalie Otopeni, locul III, 12.09.1933 (revers)\" data-caption=\"Medalie Otopeni, locul III, 12.09.1933 (revers)\" target=\"_blank\"><i class=\"icon-view\"><\/i><span class=\"overlay\"><\/span><img loading=\"lazy\" decoding=\"async\" width=\"150\" height=\"150\" src=\"https:\/\/muzeuciclism.ro\/wp-content\/uploads\/DSCN1575-150x150.jpg\" class=\"attachment-thumbnail size-thumbnail\" alt=\"\" \/><\/a><\/li><li><a data-fancybox=\"gallery486\" href=\"https:\/\/muzeuciclism.ro\/wp-content\/uploads\/DSCN1577-1.jpg\" class=\"eig-popup\" title=\"Medalie Bra\u0219ov, cursa 3000 m,  locul I, 1935 (avers)\" data-caption=\"Medalie Bra\u0219ov, cursa 3000 m,  locul I, 1935 (avers)\" target=\"_blank\"><i class=\"icon-view\"><\/i><span class=\"overlay\"><\/span><img loading=\"lazy\" decoding=\"async\" width=\"150\" height=\"150\" src=\"https:\/\/muzeuciclism.ro\/wp-content\/uploads\/DSCN1577-1-150x150.jpg\" class=\"attachment-thumbnail size-thumbnail\" alt=\"\" \/><\/a><\/li><li><a data-fancybox=\"gallery486\" href=\"https:\/\/muzeuciclism.ro\/wp-content\/uploads\/DSCN1578-2.jpg\" class=\"eig-popup\" title=\"Medalie Bra\u0219ov, cursa 3000 m,  locul I, 1935 (revers)\" data-caption=\"Medalie Bra\u0219ov, cursa 3000 m,  locul I, 1935 (revers)\" target=\"_blank\"><i class=\"icon-view\"><\/i><span class=\"overlay\"><\/span><img loading=\"lazy\" decoding=\"async\" width=\"150\" height=\"150\" src=\"https:\/\/muzeuciclism.ro\/wp-content\/uploads\/DSCN1578-2-150x150.jpg\" class=\"attachment-thumbnail size-thumbnail\" alt=\"\" \/><\/a><\/li><li><a data-fancybox=\"gallery486\" href=\"https:\/\/muzeuciclism.ro\/wp-content\/uploads\/DSCN1581-1.jpg\" class=\"eig-popup\" title=\"Medalie Clubul Ciclist Metropola, 1937 (avers)\" data-caption=\"Medalie Clubul Ciclist Metropola, 1937 (avers)\" target=\"_blank\"><i class=\"icon-view\"><\/i><span class=\"overlay\"><\/span><img loading=\"lazy\" decoding=\"async\" width=\"150\" height=\"150\" src=\"https:\/\/muzeuciclism.ro\/wp-content\/uploads\/DSCN1581-1-150x150.jpg\" class=\"attachment-thumbnail size-thumbnail\" alt=\"\" \/><\/a><\/li><li><a data-fancybox=\"gallery486\" href=\"https:\/\/muzeuciclism.ro\/wp-content\/uploads\/DSCN1582-1.jpg\" class=\"eig-popup\" title=\"Medalie Clubul Ciclist Metropola, 1937 (revers)\" data-caption=\"Medalie Clubul Ciclist Metropola, 1937 (revers)\" target=\"_blank\"><i class=\"icon-view\"><\/i><span class=\"overlay\"><\/span><img loading=\"lazy\" decoding=\"async\" width=\"150\" height=\"150\" src=\"https:\/\/muzeuciclism.ro\/wp-content\/uploads\/DSCN1582-1-150x150.jpg\" class=\"attachment-thumbnail size-thumbnail\" alt=\"\" \/><\/a><\/li><li><a data-fancybox=\"gallery486\" href=\"https:\/\/muzeuciclism.ro\/wp-content\/uploads\/DSCN1583-1.jpg\" class=\"eig-popup\" title=\"Medalie Bra\u0219ov, cursa 10000 m, locul I, 1935 (avers)\" data-caption=\"Medalie Bra\u0219ov, cursa 10000 m, locul I, 1935 (avers)\" target=\"_blank\"><i class=\"icon-view\"><\/i><span class=\"overlay\"><\/span><img loading=\"lazy\" decoding=\"async\" width=\"150\" height=\"150\" src=\"https:\/\/muzeuciclism.ro\/wp-content\/uploads\/DSCN1583-1-150x150.jpg\" class=\"attachment-thumbnail size-thumbnail\" alt=\"\" \/><\/a><\/li><li><a data-fancybox=\"gallery486\" href=\"https:\/\/muzeuciclism.ro\/wp-content\/uploads\/DSCN1584.jpg\" class=\"eig-popup\" title=\"Medalie Bra\u0219ov, cursa 10000 m, locul I, 1935 (revers)\" data-caption=\"Medalie Bra\u0219ov, cursa 10000 m, locul I, 1935 (revers)\" target=\"_blank\"><i class=\"icon-view\"><\/i><span class=\"overlay\"><\/span><img loading=\"lazy\" decoding=\"async\" width=\"150\" height=\"150\" src=\"https:\/\/muzeuciclism.ro\/wp-content\/uploads\/DSCN1584-150x150.jpg\" class=\"attachment-thumbnail size-thumbnail\" alt=\"\" \/><\/a><\/li><li><a data-fancybox=\"gallery486\" href=\"https:\/\/muzeuciclism.ro\/wp-content\/uploads\/DSCN1585-1.jpg\" class=\"eig-popup\" title=\"Medalie S.M.T.E., cursa 100 km, 1934 (avers)\" data-caption=\"Medalie S.M.T.E., cursa 100 km, 1934 (avers)\" target=\"_blank\"><i class=\"icon-view\"><\/i><span class=\"overlay\"><\/span><img loading=\"lazy\" decoding=\"async\" width=\"150\" height=\"150\" src=\"https:\/\/muzeuciclism.ro\/wp-content\/uploads\/DSCN1585-1-150x150.jpg\" class=\"attachment-thumbnail size-thumbnail\" alt=\"\" \/><\/a><\/li><li><a data-fancybox=\"gallery486\" href=\"https:\/\/muzeuciclism.ro\/wp-content\/uploads\/DSCN1586-1.jpg\" class=\"eig-popup\" title=\"Medalie S.M.T.E., cursa 100 km, 1934 (revers)\" data-caption=\"Medalie S.M.T.E., cursa 100 km, 1934 (revers)\" target=\"_blank\"><i class=\"icon-view\"><\/i><span class=\"overlay\"><\/span><img loading=\"lazy\" decoding=\"async\" width=\"150\" height=\"150\" src=\"https:\/\/muzeuciclism.ro\/wp-content\/uploads\/DSCN1586-1-150x150.jpg\" class=\"attachment-thumbnail size-thumbnail\" alt=\"\" \/><\/a><\/li><li><a data-fancybox=\"gallery486\" href=\"https:\/\/muzeuciclism.ro\/wp-content\/uploads\/DSCN1589.jpg\" class=\"eig-popup\" title=\"Medalie I.A.R. cursa 10 km, cca.1930 (avers)\" data-caption=\"Medalie I.A.R. cursa 10 km, cca.1930 (avers)\" target=\"_blank\"><i class=\"icon-view\"><\/i><span class=\"overlay\"><\/span><img loading=\"lazy\" decoding=\"async\" width=\"150\" height=\"150\" src=\"https:\/\/muzeuciclism.ro\/wp-content\/uploads\/DSCN1589-150x150.jpg\" class=\"attachment-thumbnail size-thumbnail\" alt=\"\" \/><\/a><\/li><li><a data-fancybox=\"gallery486\" href=\"https:\/\/muzeuciclism.ro\/wp-content\/uploads\/DSCN1590-2.jpg\" class=\"eig-popup\" title=\"Medalie I.A.R. cursa 10 km, cca.1930 (revers)\" data-caption=\"Medalie I.A.R. cursa 10 km, cca.1930 (revers)\" target=\"_blank\"><i class=\"icon-view\"><\/i><span class=\"overlay\"><\/span><img loading=\"lazy\" decoding=\"async\" width=\"150\" height=\"150\" src=\"https:\/\/muzeuciclism.ro\/wp-content\/uploads\/DSCN1590-2-150x150.jpg\" class=\"attachment-thumbnail size-thumbnail\" alt=\"\" \/><\/a><\/li><li><a data-fancybox=\"gallery486\" href=\"https:\/\/muzeuciclism.ro\/wp-content\/uploads\/DSCN1597-1.jpg\" class=\"eig-popup\" title=\"Medalie Gloria Timi\u0219oara, locul I, 1928 (avers)\" data-caption=\"Medalie Gloria Timi\u0219oara, locul I, 1928 (avers)\" target=\"_blank\"><i class=\"icon-view\"><\/i><span class=\"overlay\"><\/span><img loading=\"lazy\" decoding=\"async\" width=\"150\" height=\"150\" src=\"https:\/\/muzeuciclism.ro\/wp-content\/uploads\/DSCN1597-1-150x150.jpg\" class=\"attachment-thumbnail size-thumbnail\" alt=\"\" \/><\/a><\/li><li><a data-fancybox=\"gallery486\" href=\"https:\/\/muzeuciclism.ro\/wp-content\/uploads\/DSCN1598.jpg\" class=\"eig-popup\" title=\"Medalie Gloria Timi\u0219oara, locul I, 1928 (revers)\" data-caption=\"Medalie Gloria Timi\u0219oara, locul I, 1928 (revers)\" target=\"_blank\"><i class=\"icon-view\"><\/i><span class=\"overlay\"><\/span><img loading=\"lazy\" decoding=\"async\" width=\"150\" height=\"150\" src=\"https:\/\/muzeuciclism.ro\/wp-content\/uploads\/DSCN1598-150x150.jpg\" class=\"attachment-thumbnail size-thumbnail\" alt=\"\" \/><\/a><\/li><li><a data-fancybox=\"gallery486\" href=\"https:\/\/muzeuciclism.ro\/wp-content\/uploads\/DSCN1591-1.jpg\" class=\"eig-popup\" title=\"Medalie Clubul Ciclist Principele Nicolae, vitez\u0103, locul I, 30.07.1927 (avers)\" data-caption=\"Medalie Clubul Ciclist Principele Nicolae, vitez\u0103, locul I, 30.07.1927 (avers)\" target=\"_blank\"><i class=\"icon-view\"><\/i><span class=\"overlay\"><\/span><img loading=\"lazy\" decoding=\"async\" width=\"150\" height=\"150\" src=\"https:\/\/muzeuciclism.ro\/wp-content\/uploads\/DSCN1591-1-150x150.jpg\" class=\"attachment-thumbnail size-thumbnail\" alt=\"\" \/><\/a><\/li><li><a data-fancybox=\"gallery486\" href=\"https:\/\/muzeuciclism.ro\/wp-content\/uploads\/DSCN1592-1.jpg\" class=\"eig-popup\" title=\"Medalie Clubul Ciclist Principele Nicolae, vitez\u0103, locul I, 30.07.1927 (revers)\" data-caption=\"Medalie Clubul Ciclist Principele Nicolae, vitez\u0103, locul I, 30.07.1927 (revers)\" target=\"_blank\"><i class=\"icon-view\"><\/i><span class=\"overlay\"><\/span><img loading=\"lazy\" decoding=\"async\" width=\"150\" height=\"150\" src=\"https:\/\/muzeuciclism.ro\/wp-content\/uploads\/DSCN1592-1-150x150.jpg\" class=\"attachment-thumbnail size-thumbnail\" alt=\"\" \/><\/a><\/li><li><a data-fancybox=\"gallery486\" href=\"https:\/\/muzeuciclism.ro\/wp-content\/uploads\/DSCN1593.jpg\" class=\"eig-popup\" title=\"Medalie ciclism Rom\u00e2nia, locul II, 1928 (avers)\" data-caption=\"Medalie ciclism Rom\u00e2nia, locul II, 1928 (avers)\" target=\"_blank\"><i class=\"icon-view\"><\/i><span class=\"overlay\"><\/span><img loading=\"lazy\" decoding=\"async\" width=\"150\" height=\"150\" src=\"https:\/\/muzeuciclism.ro\/wp-content\/uploads\/DSCN1593-150x150.jpg\" class=\"attachment-thumbnail size-thumbnail\" alt=\"\" \/><\/a><\/li><li><a data-fancybox=\"gallery486\" href=\"https:\/\/muzeuciclism.ro\/wp-content\/uploads\/DSCN1594-1.jpg\" class=\"eig-popup\" title=\"Medalie ciclism Rom\u00e2nia, locul II, 1928 (revers)\" data-caption=\"Medalie ciclism Rom\u00e2nia, locul II, 1928 (revers)\" target=\"_blank\"><i class=\"icon-view\"><\/i><span class=\"overlay\"><\/span><img loading=\"lazy\" decoding=\"async\" width=\"150\" height=\"150\" src=\"https:\/\/muzeuciclism.ro\/wp-content\/uploads\/DSCN1594-1-150x150.jpg\" class=\"attachment-thumbnail size-thumbnail\" alt=\"\" \/><\/a><\/li><li><a data-fancybox=\"gallery486\" href=\"https:\/\/muzeuciclism.ro\/wp-content\/uploads\/DSCN1595-1.jpg\" class=\"eig-popup\" title=\"Medalie  c\u00e2\u0219tigat\u0103 de ciclistul ar\u0103dean M. Hirsirzhely, locul I, 28.08.1933 gravor SEGAL Arad, avers)\" data-caption=\"Medalie  c\u00e2\u0219tigat\u0103 de ciclistul ar\u0103dean M. Hirsirzhely, locul I, 28.08.1933 gravor SEGAL Arad, avers)\" target=\"_blank\"><i class=\"icon-view\"><\/i><span class=\"overlay\"><\/span><img loading=\"lazy\" decoding=\"async\" width=\"150\" height=\"150\" src=\"https:\/\/muzeuciclism.ro\/wp-content\/uploads\/DSCN1595-1-150x150.jpg\" class=\"attachment-thumbnail size-thumbnail\" alt=\"\" \/><\/a><\/li><li><a data-fancybox=\"gallery486\" href=\"https:\/\/muzeuciclism.ro\/wp-content\/uploads\/DSCN1596.jpg\" class=\"eig-popup\" title=\"Medalie  c\u00e2\u0219tigat\u0103 de ciclistul ar\u0103dean M. Hirsirzhely, locul I, 28.08.1933 gravor SEGAL Arad, revers)\" data-caption=\"Medalie  c\u00e2\u0219tigat\u0103 de ciclistul ar\u0103dean M. Hirsirzhely, locul I, 28.08.1933 gravor SEGAL Arad, revers)\" target=\"_blank\"><i class=\"icon-view\"><\/i><span class=\"overlay\"><\/span><img loading=\"lazy\" decoding=\"async\" width=\"150\" height=\"150\" src=\"https:\/\/muzeuciclism.ro\/wp-content\/uploads\/DSCN1596-150x150.jpg\" class=\"attachment-thumbnail size-thumbnail\" alt=\"\" \/><\/a><\/li><li><a data-fancybox=\"gallery486\" href=\"https:\/\/muzeuciclism.ro\/wp-content\/uploads\/DSCN1601.jpg\" class=\"eig-popup\" title=\"Medalie ciclism AMTE, old-boys, locul III, 1923 (avers)\" data-caption=\"Medalie ciclism AMTE, old-boys, locul III, 1923 (avers)\" target=\"_blank\"><i class=\"icon-view\"><\/i><span class=\"overlay\"><\/span><img loading=\"lazy\" decoding=\"async\" width=\"150\" height=\"150\" src=\"https:\/\/muzeuciclism.ro\/wp-content\/uploads\/DSCN1601-150x150.jpg\" class=\"attachment-thumbnail size-thumbnail\" alt=\"\" \/><\/a><\/li><li><a data-fancybox=\"gallery486\" href=\"https:\/\/muzeuciclism.ro\/wp-content\/uploads\/DSCN1602-1.jpg\" class=\"eig-popup\" title=\"Medalie ciclism AMTE, old-boys, locul III, 1923 (revers)\" data-caption=\"Medalie ciclism AMTE, old-boys, locul III, 1923 (revers)\" target=\"_blank\"><i class=\"icon-view\"><\/i><span class=\"overlay\"><\/span><img loading=\"lazy\" decoding=\"async\" width=\"150\" height=\"150\" src=\"https:\/\/muzeuciclism.ro\/wp-content\/uploads\/DSCN1602-1-150x150.jpg\" class=\"attachment-thumbnail size-thumbnail\" alt=\"\" \/><\/a><\/li><li><a data-fancybox=\"gallery486\" href=\"https:\/\/muzeuciclism.ro\/wp-content\/uploads\/DSCN1603.jpg\" class=\"eig-popup\" title=\"Medalie ciclism ciclo-cros, locul II, 1934 (avers)\" data-caption=\"Medalie ciclism ciclo-cros, locul II, 1934 (avers)\" target=\"_blank\"><i class=\"icon-view\"><\/i><span class=\"overlay\"><\/span><img loading=\"lazy\" decoding=\"async\" width=\"150\" height=\"150\" src=\"https:\/\/muzeuciclism.ro\/wp-content\/uploads\/DSCN1603-150x150.jpg\" class=\"attachment-thumbnail size-thumbnail\" alt=\"\" \/><\/a><\/li><li><a data-fancybox=\"gallery486\" href=\"https:\/\/muzeuciclism.ro\/wp-content\/uploads\/DSCN1604.jpg\" class=\"eig-popup\" title=\"Medalie ciclism ciclo-cros, locul II, 1934 (revers)\" data-caption=\"Medalie ciclism ciclo-cros, locul II, 1934 (revers)\" target=\"_blank\"><i class=\"icon-view\"><\/i><span class=\"overlay\"><\/span><img loading=\"lazy\" decoding=\"async\" width=\"150\" height=\"150\" src=\"https:\/\/muzeuciclism.ro\/wp-content\/uploads\/DSCN1604-150x150.jpg\" class=\"attachment-thumbnail size-thumbnail\" alt=\"\" srcset=\"https:\/\/muzeuciclism.ro\/wp-content\/uploads\/DSCN1604-150x150.jpg 150w, https:\/\/muzeuciclism.ro\/wp-content\/uploads\/DSCN1604-298x300.jpg 298w, https:\/\/muzeuciclism.ro\/wp-content\/uploads\/DSCN1604.jpg 336w\" sizes=\"auto, (max-width: 150px) 100vw, 150px\" \/><\/a><\/li><li><a data-fancybox=\"gallery486\" href=\"https:\/\/muzeuciclism.ro\/wp-content\/uploads\/DSCN1605.jpg\" class=\"eig-popup\" title=\"Medalie ciclism Meteor Arad, vitez\u0103 1 km, locul I, 1932 (avers)\" data-caption=\"Medalie ciclism Meteor Arad, vitez\u0103 1 km, locul I, 1932 (avers)\" target=\"_blank\"><i class=\"icon-view\"><\/i><span class=\"overlay\"><\/span><img loading=\"lazy\" decoding=\"async\" width=\"150\" height=\"150\" src=\"https:\/\/muzeuciclism.ro\/wp-content\/uploads\/DSCN1605-150x150.jpg\" class=\"attachment-thumbnail size-thumbnail\" alt=\"\" \/><\/a><\/li><li><a data-fancybox=\"gallery486\" href=\"https:\/\/muzeuciclism.ro\/wp-content\/uploads\/DSCN1606-1.jpg\" class=\"eig-popup\" title=\"Medalie ciclism Meteor Arad, vitez\u0103 1 km, locul I, 1932 (revers)\" data-caption=\"Medalie ciclism Meteor Arad, vitez\u0103 1 km, locul I, 1932 (revers)\" target=\"_blank\"><i class=\"icon-view\"><\/i><span class=\"overlay\"><\/span><img loading=\"lazy\" decoding=\"async\" width=\"150\" height=\"150\" src=\"https:\/\/muzeuciclism.ro\/wp-content\/uploads\/DSCN1606-1-150x150.jpg\" class=\"attachment-thumbnail size-thumbnail\" alt=\"\" \/><\/a><\/li><li><a data-fancybox=\"gallery486\" href=\"https:\/\/muzeuciclism.ro\/wp-content\/uploads\/DSCN1096.jpg\" class=\"eig-popup\" title=\"Medalion membru club sportiv T.M.T.E, sec\u021bia ciclism (Timi\u0219oara), cca.1930\" data-caption=\"Medalion membru club sportiv T.M.T.E, sec\u021bia ciclism (Timi\u0219oara), cca.1930\" target=\"_blank\"><i class=\"icon-view\"><\/i><span class=\"overlay\"><\/span><img loading=\"lazy\" decoding=\"async\" width=\"148\" height=\"150\" src=\"https:\/\/muzeuciclism.ro\/wp-content\/uploads\/DSCN1096-148x150.jpg\" class=\"attachment-thumbnail size-thumbnail\" alt=\"\" \/><\/a><\/li><li><a data-fancybox=\"gallery486\" href=\"https:\/\/muzeuciclism.ro\/wp-content\/uploads\/DSCN1607.jpg\" class=\"eig-popup\" title=\"Medalie ciclism clubul T.M.T.E.,1932 (avers)\" data-caption=\"Medalie ciclism clubul T.M.T.E.,1932 (avers)\" target=\"_blank\"><i class=\"icon-view\"><\/i><span class=\"overlay\"><\/span><img loading=\"lazy\" decoding=\"async\" width=\"150\" height=\"150\" src=\"https:\/\/muzeuciclism.ro\/wp-content\/uploads\/DSCN1607-150x150.jpg\" class=\"attachment-thumbnail size-thumbnail\" alt=\"\" \/><\/a><\/li><li><a data-fancybox=\"gallery486\" href=\"https:\/\/muzeuciclism.ro\/wp-content\/uploads\/DSCN1608-1.jpg\" class=\"eig-popup\" title=\"Medalie ciclism clubul T.M.T.E.,1932 (revers)\" data-caption=\"Medalie ciclism clubul T.M.T.E.,1932 (revers)\" target=\"_blank\"><i class=\"icon-view\"><\/i><span class=\"overlay\"><\/span><img loading=\"lazy\" decoding=\"async\" width=\"150\" height=\"150\" src=\"https:\/\/muzeuciclism.ro\/wp-content\/uploads\/DSCN1608-1-150x150.jpg\" class=\"attachment-thumbnail size-thumbnail\" alt=\"\" \/><\/a><\/li><li><a data-fancybox=\"gallery486\" href=\"https:\/\/muzeuciclism.ro\/wp-content\/uploads\/DSCN1609.jpg\" class=\"eig-popup\" title=\"Medalie ciclism clubul T.M.T.E., cca.1930 (avers, neatribuit\u0103)\" data-caption=\"Medalie ciclism clubul T.M.T.E., cca.1930 (avers, neatribuit\u0103)\" target=\"_blank\"><i class=\"icon-view\"><\/i><span class=\"overlay\"><\/span><img loading=\"lazy\" decoding=\"async\" width=\"150\" height=\"150\" src=\"https:\/\/muzeuciclism.ro\/wp-content\/uploads\/DSCN1609-150x150.jpg\" class=\"attachment-thumbnail size-thumbnail\" alt=\"\" \/><\/a><\/li><li><a data-fancybox=\"gallery486\" href=\"https:\/\/muzeuciclism.ro\/wp-content\/uploads\/DSCN1610-1.jpg\" class=\"eig-popup\" title=\"Medalie ciclism campionatul Clubul ciclist Marvan, vitez\u0103, locul II, 25.09.1927  (avers)\" data-caption=\"Medalie ciclism campionatul Clubul ciclist Marvan, vitez\u0103, locul II, 25.09.1927  (avers)\" target=\"_blank\"><i class=\"icon-view\"><\/i><span class=\"overlay\"><\/span><img loading=\"lazy\" decoding=\"async\" width=\"150\" height=\"150\" src=\"https:\/\/muzeuciclism.ro\/wp-content\/uploads\/DSCN1610-1-150x150.jpg\" class=\"attachment-thumbnail size-thumbnail\" alt=\"\" \/><\/a><\/li><li><a data-fancybox=\"gallery486\" href=\"https:\/\/muzeuciclism.ro\/wp-content\/uploads\/DSCN1611.jpg\" class=\"eig-popup\" title=\"Medalie ciclism campionatul Clubul ciclist Marvan, vitez\u0103, locul II, 25.09.1927  (revers)\" data-caption=\"Medalie ciclism campionatul Clubul ciclist Marvan, vitez\u0103, locul II, 25.09.1927  (revers)\" target=\"_blank\"><i class=\"icon-view\"><\/i><span class=\"overlay\"><\/span><img loading=\"lazy\" decoding=\"async\" width=\"150\" height=\"150\" src=\"https:\/\/muzeuciclism.ro\/wp-content\/uploads\/DSCN1611-150x150.jpg\" class=\"attachment-thumbnail size-thumbnail\" alt=\"\" \/><\/a><\/li><li><a data-fancybox=\"gallery486\" href=\"https:\/\/muzeuciclism.ro\/wp-content\/uploads\/DSCN1612-1.jpg\" class=\"eig-popup\" title=\"Medalie ciclism Meteor Arad, locul III, 08.05.1927 (avers)\" data-caption=\"Medalie ciclism Meteor Arad, locul III, 08.05.1927 (avers)\" target=\"_blank\"><i class=\"icon-view\"><\/i><span class=\"overlay\"><\/span><img loading=\"lazy\" decoding=\"async\" width=\"150\" height=\"150\" src=\"https:\/\/muzeuciclism.ro\/wp-content\/uploads\/DSCN1612-1-150x150.jpg\" class=\"attachment-thumbnail size-thumbnail\" alt=\"\" srcset=\"https:\/\/muzeuciclism.ro\/wp-content\/uploads\/DSCN1612-1-150x150.jpg 150w, https:\/\/muzeuciclism.ro\/wp-content\/uploads\/DSCN1612-1-300x298.jpg 300w, https:\/\/muzeuciclism.ro\/wp-content\/uploads\/DSCN1612-1.jpg 338w\" sizes=\"auto, (max-width: 150px) 100vw, 150px\" \/><\/a><\/li><li><a data-fancybox=\"gallery486\" href=\"https:\/\/muzeuciclism.ro\/wp-content\/uploads\/DSCN1613-1.jpg\" class=\"eig-popup\" title=\"Medalie ciclism Meteor Arad, locul III, 08.05.1927 (revers)\" data-caption=\"Medalie ciclism Meteor Arad, locul III, 08.05.1927 (revers)\" target=\"_blank\"><i class=\"icon-view\"><\/i><span class=\"overlay\"><\/span><img loading=\"lazy\" decoding=\"async\" width=\"150\" height=\"150\" src=\"https:\/\/muzeuciclism.ro\/wp-content\/uploads\/DSCN1613-1-150x150.jpg\" class=\"attachment-thumbnail size-thumbnail\" alt=\"\" \/><\/a><\/li><li><a data-fancybox=\"gallery486\" href=\"https:\/\/muzeuciclism.ro\/wp-content\/uploads\/DSCN1614.jpg\" class=\"eig-popup\" title=\"Medalie ciclism campionatul Clubului ciclist Marvan, locul II, 08.05.1927 (avers)\" data-caption=\"Medalie ciclism campionatul Clubului ciclist Marvan, locul II, 08.05.1927 (avers)\" target=\"_blank\"><i class=\"icon-view\"><\/i><span class=\"overlay\"><\/span><img loading=\"lazy\" decoding=\"async\" width=\"150\" height=\"150\" src=\"https:\/\/muzeuciclism.ro\/wp-content\/uploads\/DSCN1614-150x150.jpg\" class=\"attachment-thumbnail size-thumbnail\" alt=\"\" \/><\/a><\/li><li><a data-fancybox=\"gallery486\" href=\"https:\/\/muzeuciclism.ro\/wp-content\/uploads\/DSCN1615-1.jpg\" class=\"eig-popup\" title=\"Medalie ciclism campionatul Clubului ciclist Marvan, locul II, 08.05.1927 (revers)\" data-caption=\"Medalie ciclism campionatul Clubului ciclist Marvan, locul II, 08.05.1927 (revers)\" target=\"_blank\"><i class=\"icon-view\"><\/i><span class=\"overlay\"><\/span><img loading=\"lazy\" decoding=\"async\" width=\"150\" height=\"150\" src=\"https:\/\/muzeuciclism.ro\/wp-content\/uploads\/DSCN1615-1-150x150.jpg\" class=\"attachment-thumbnail size-thumbnail\" alt=\"\" \/><\/a><\/li><li><a data-fancybox=\"gallery486\" href=\"https:\/\/muzeuciclism.ro\/wp-content\/uploads\/DSCN1616.jpg\" class=\"eig-popup\" title=\"Medalie ciclism campionatul Clubului ciclist Marvan, locul III, 08.05.1927 (avers)\" data-caption=\"Medalie ciclism campionatul Clubului ciclist Marvan, locul III, 08.05.1927 (avers)\" target=\"_blank\"><i class=\"icon-view\"><\/i><span class=\"overlay\"><\/span><img loading=\"lazy\" decoding=\"async\" width=\"150\" height=\"150\" src=\"https:\/\/muzeuciclism.ro\/wp-content\/uploads\/DSCN1616-150x150.jpg\" class=\"attachment-thumbnail size-thumbnail\" alt=\"\" srcset=\"https:\/\/muzeuciclism.ro\/wp-content\/uploads\/DSCN1616-150x150.jpg 150w, https:\/\/muzeuciclism.ro\/wp-content\/uploads\/DSCN1616-300x300.jpg 300w, https:\/\/muzeuciclism.ro\/wp-content\/uploads\/DSCN1616.jpg 336w\" sizes=\"auto, (max-width: 150px) 100vw, 150px\" \/><\/a><\/li><li><a data-fancybox=\"gallery486\" href=\"https:\/\/muzeuciclism.ro\/wp-content\/uploads\/DSCN1617-1.jpg\" class=\"eig-popup\" title=\"Medalie ciclism campionatul Clubului ciclist Marvan, locul III, 08.05.1927 (revers)\" data-caption=\"Medalie ciclism campionatul Clubului ciclist Marvan, locul III, 08.05.1927 (revers)\" target=\"_blank\"><i class=\"icon-view\"><\/i><span class=\"overlay\"><\/span><img loading=\"lazy\" decoding=\"async\" width=\"150\" height=\"150\" src=\"https:\/\/muzeuciclism.ro\/wp-content\/uploads\/DSCN1617-1-150x150.jpg\" class=\"attachment-thumbnail size-thumbnail\" alt=\"\" \/><\/a><\/li><li><a data-fancybox=\"gallery486\" href=\"https:\/\/muzeuciclism.ro\/wp-content\/uploads\/DSCN1618.jpg\" class=\"eig-popup\" title=\"Medalie ciclism campionatul Clubului ciclist V.C.R.G., locul II, 1935 (avers)\" data-caption=\"Medalie ciclism campionatul Clubului ciclist V.C.R.G., locul II, 1935 (avers)\" target=\"_blank\"><i class=\"icon-view\"><\/i><span class=\"overlay\"><\/span><img loading=\"lazy\" decoding=\"async\" width=\"150\" height=\"150\" src=\"https:\/\/muzeuciclism.ro\/wp-content\/uploads\/DSCN1618-150x150.jpg\" class=\"attachment-thumbnail size-thumbnail\" alt=\"\" \/><\/a><\/li><li><a data-fancybox=\"gallery486\" href=\"https:\/\/muzeuciclism.ro\/wp-content\/uploads\/DSCN1619-1.jpg\" class=\"eig-popup\" title=\"Medalie ciclism campionatul Clubului ciclist V.C.R.G., locul II, 1935 (revers)\" data-caption=\"Medalie ciclism campionatul Clubului ciclist V.C.R.G., locul II, 1935 (revers)\" target=\"_blank\"><i class=\"icon-view\"><\/i><span class=\"overlay\"><\/span><img loading=\"lazy\" decoding=\"async\" width=\"150\" height=\"150\" src=\"https:\/\/muzeuciclism.ro\/wp-content\/uploads\/DSCN1619-1-150x150.jpg\" class=\"attachment-thumbnail size-thumbnail\" alt=\"\" \/><\/a><\/li><li><a data-fancybox=\"gallery486\" href=\"https:\/\/muzeuciclism.ro\/wp-content\/uploads\/DSCN1620.jpg\" class=\"eig-popup\" title=\"Medalie ciclism C.P.R., locul II, 50 km, cca. 1925 (avers)\" data-caption=\"Medalie ciclism C.P.R., locul II, 50 km, cca. 1925 (avers)\" target=\"_blank\"><i class=\"icon-view\"><\/i><span class=\"overlay\"><\/span><img loading=\"lazy\" decoding=\"async\" width=\"150\" height=\"150\" src=\"https:\/\/muzeuciclism.ro\/wp-content\/uploads\/DSCN1620-150x150.jpg\" class=\"attachment-thumbnail size-thumbnail\" alt=\"\" \/><\/a><\/li><li><a data-fancybox=\"gallery486\" href=\"https:\/\/muzeuciclism.ro\/wp-content\/uploads\/DSCN1621.jpg\" class=\"eig-popup\" title=\"Medalie ciclism C.P.R., locul II, 50 km, cca. 1925 (revers)\" data-caption=\"Medalie ciclism C.P.R., locul II, 50 km, cca. 1925 (revers)\" target=\"_blank\"><i class=\"icon-view\"><\/i><span class=\"overlay\"><\/span><img loading=\"lazy\" decoding=\"async\" width=\"150\" height=\"150\" src=\"https:\/\/muzeuciclism.ro\/wp-content\/uploads\/DSCN1621-150x150.jpg\" class=\"attachment-thumbnail size-thumbnail\" alt=\"\" \/><\/a><\/li><li><a data-fancybox=\"gallery486\" href=\"https:\/\/muzeuciclism.ro\/wp-content\/uploads\/DSCN1622.jpg\" class=\"eig-popup\" title=\"Medalie ciclism Meteor Arad, locul II, 1923 (avers)\" data-caption=\"Medalie ciclism Meteor Arad, locul II, 1923 (avers)\" target=\"_blank\"><i class=\"icon-view\"><\/i><span class=\"overlay\"><\/span><img loading=\"lazy\" decoding=\"async\" width=\"150\" height=\"150\" src=\"https:\/\/muzeuciclism.ro\/wp-content\/uploads\/DSCN1622-150x150.jpg\" class=\"attachment-thumbnail size-thumbnail\" alt=\"\" \/><\/a><\/li><li><a data-fancybox=\"gallery486\" href=\"https:\/\/muzeuciclism.ro\/wp-content\/uploads\/DSCN1623-1.jpg\" class=\"eig-popup\" title=\"Medalie ciclism Meteor Arad, locul II, 1923 (revers)\" data-caption=\"Medalie ciclism Meteor Arad, locul II, 1923 (revers)\" target=\"_blank\"><i class=\"icon-view\"><\/i><span class=\"overlay\"><\/span><img loading=\"lazy\" decoding=\"async\" width=\"150\" height=\"150\" src=\"https:\/\/muzeuciclism.ro\/wp-content\/uploads\/DSCN1623-1-150x150.jpg\" class=\"attachment-thumbnail size-thumbnail\" alt=\"\" \/><\/a><\/li><li><a data-fancybox=\"gallery486\" href=\"https:\/\/muzeuciclism.ro\/wp-content\/uploads\/DSCN1618.jpg\" class=\"eig-popup\" title=\"Medalie ciclism campionatul Clubului ciclist V.C.R.G., locul II, 1935 (avers)\" data-caption=\"Medalie ciclism campionatul Clubului ciclist V.C.R.G., locul II, 1935 (avers)\" target=\"_blank\"><i class=\"icon-view\"><\/i><span class=\"overlay\"><\/span><img loading=\"lazy\" decoding=\"async\" width=\"150\" height=\"150\" src=\"https:\/\/muzeuciclism.ro\/wp-content\/uploads\/DSCN1618-150x150.jpg\" class=\"attachment-thumbnail size-thumbnail\" alt=\"\" \/><\/a><\/li><li><a data-fancybox=\"gallery486\" href=\"https:\/\/muzeuciclism.ro\/wp-content\/uploads\/DSCN1624.jpg\" class=\"eig-popup\" title=\"Medalie ciclism V.C.R.M., locul II, cursa 3, demi-fond 87 km, locul I, 20 mai 1928 (avers)\" data-caption=\"Medalie ciclism V.C.R.M., locul II, cursa 3, demi-fond 87 km, locul I, 20 mai 1928 (avers)\" target=\"_blank\"><i class=\"icon-view\"><\/i><span class=\"overlay\"><\/span><img loading=\"lazy\" decoding=\"async\" width=\"150\" height=\"150\" src=\"https:\/\/muzeuciclism.ro\/wp-content\/uploads\/DSCN1624-150x150.jpg\" class=\"attachment-thumbnail size-thumbnail\" alt=\"\" srcset=\"https:\/\/muzeuciclism.ro\/wp-content\/uploads\/DSCN1624-150x150.jpg 150w, https:\/\/muzeuciclism.ro\/wp-content\/uploads\/DSCN1624-300x297.jpg 300w, https:\/\/muzeuciclism.ro\/wp-content\/uploads\/DSCN1624.jpg 339w\" sizes=\"auto, (max-width: 150px) 100vw, 150px\" \/><\/a><\/li><li><a data-fancybox=\"gallery486\" href=\"https:\/\/muzeuciclism.ro\/wp-content\/uploads\/DSCN1625-1.jpg\" class=\"eig-popup\" title=\"Medalie ciclism V.C.R.M., locul II, cursa 3, demi-fond 87 km, locul I, 20 mai 1928 (revers)\" data-caption=\"Medalie ciclism V.C.R.M., locul II, cursa 3, demi-fond 87 km, locul I, 20 mai 1928 (revers)\" target=\"_blank\"><i class=\"icon-view\"><\/i><span class=\"overlay\"><\/span><img loading=\"lazy\" decoding=\"async\" width=\"150\" height=\"150\" src=\"https:\/\/muzeuciclism.ro\/wp-content\/uploads\/DSCN1625-1-150x150.jpg\" class=\"attachment-thumbnail size-thumbnail\" alt=\"\" \/><\/a><\/li><li><a data-fancybox=\"gallery486\" href=\"https:\/\/muzeuciclism.ro\/wp-content\/uploads\/DSCN1626-1.jpg\" class=\"eig-popup\" title=\"Medalie ciclism C.C.M., vitez\u0103 1 km, 05.04.1926 (avers)\" data-caption=\"Medalie ciclism C.C.M., vitez\u0103 1 km, 05.04.1926 (avers)\" target=\"_blank\"><i class=\"icon-view\"><\/i><span class=\"overlay\"><\/span><img loading=\"lazy\" decoding=\"async\" width=\"150\" height=\"150\" src=\"https:\/\/muzeuciclism.ro\/wp-content\/uploads\/DSCN1626-1-150x150.jpg\" class=\"attachment-thumbnail size-thumbnail\" alt=\"\" srcset=\"https:\/\/muzeuciclism.ro\/wp-content\/uploads\/DSCN1626-1-150x150.jpg 150w, https:\/\/muzeuciclism.ro\/wp-content\/uploads\/DSCN1626-1-300x298.jpg 300w, https:\/\/muzeuciclism.ro\/wp-content\/uploads\/DSCN1626-1.jpg 338w\" sizes=\"auto, (max-width: 150px) 100vw, 150px\" \/><\/a><\/li><li><a data-fancybox=\"gallery486\" href=\"https:\/\/muzeuciclism.ro\/wp-content\/uploads\/DSCN1627.jpg\" class=\"eig-popup\" title=\"Medalie ciclism C.C.M., vitez\u0103 1 km, 05.04.1926 (revers)\" data-caption=\"Medalie ciclism C.C.M., vitez\u0103 1 km, 05.04.1926 (revers)\" target=\"_blank\"><i class=\"icon-view\"><\/i><span class=\"overlay\"><\/span><img loading=\"lazy\" decoding=\"async\" width=\"150\" height=\"150\" src=\"https:\/\/muzeuciclism.ro\/wp-content\/uploads\/DSCN1627-150x150.jpg\" class=\"attachment-thumbnail size-thumbnail\" alt=\"\" \/><\/a><\/li><li><a data-fancybox=\"gallery486\" href=\"https:\/\/muzeuciclism.ro\/wp-content\/uploads\/DSCN1628.jpg\" class=\"eig-popup\" title=\"Medalie ciclism C.C.C.M., vitez\u0103, locul II, 25.10.1925 (avers)\" data-caption=\"Medalie ciclism C.C.C.M., vitez\u0103, locul II, 25.10.1925 (avers)\" target=\"_blank\"><i class=\"icon-view\"><\/i><span class=\"overlay\"><\/span><img loading=\"lazy\" decoding=\"async\" width=\"150\" height=\"150\" src=\"https:\/\/muzeuciclism.ro\/wp-content\/uploads\/DSCN1628-150x150.jpg\" class=\"attachment-thumbnail size-thumbnail\" alt=\"\" \/><\/a><\/li><li><a data-fancybox=\"gallery486\" href=\"https:\/\/muzeuciclism.ro\/wp-content\/uploads\/DSCN1629.jpg\" class=\"eig-popup\" title=\"Medalie ciclism C.C.C.M., vitez\u0103, locul II, 25.10.1925 (revers)\" data-caption=\"Medalie ciclism C.C.C.M., vitez\u0103, locul II, 25.10.1925 (revers)\" target=\"_blank\"><i class=\"icon-view\"><\/i><span class=\"overlay\"><\/span><img loading=\"lazy\" decoding=\"async\" width=\"150\" height=\"150\" src=\"https:\/\/muzeuciclism.ro\/wp-content\/uploads\/DSCN1629-150x150.jpg\" class=\"attachment-thumbnail size-thumbnail\" alt=\"\" \/><\/a><\/li><li><a data-fancybox=\"gallery486\" href=\"https:\/\/muzeuciclism.ro\/wp-content\/uploads\/DSCN1642.jpg\" class=\"eig-popup\" title=\"Medalie ciclism CCPN (Clubul Ciclist Principele Nicolae), cursa A, anii 1925 (avers)\" data-caption=\"Medalie ciclism CCPN (Clubul Ciclist Principele Nicolae), cursa A, anii 1925 (avers)\" target=\"_blank\"><i class=\"icon-view\"><\/i><span class=\"overlay\"><\/span><img loading=\"lazy\" decoding=\"async\" width=\"150\" height=\"150\" src=\"https:\/\/muzeuciclism.ro\/wp-content\/uploads\/DSCN1642-150x150.jpg\" class=\"attachment-thumbnail size-thumbnail\" alt=\"\" \/><\/a><\/li><li><a data-fancybox=\"gallery486\" href=\"https:\/\/muzeuciclism.ro\/wp-content\/uploads\/DSCN1643.jpg\" class=\"eig-popup\" title=\"Medalie ciclism CCPN (Clubul Ciclist Principele Nicolae), cursa A, anii 1925 (revers)\" data-caption=\"Medalie ciclism CCPN (Clubul Ciclist Principele Nicolae), cursa A, anii 1925 (revers)\" target=\"_blank\"><i class=\"icon-view\"><\/i><span class=\"overlay\"><\/span><img loading=\"lazy\" decoding=\"async\" width=\"150\" height=\"150\" src=\"https:\/\/muzeuciclism.ro\/wp-content\/uploads\/DSCN1643-150x150.jpg\" class=\"attachment-thumbnail size-thumbnail\" alt=\"\" \/><\/a><\/li><li><a data-fancybox=\"gallery486\" href=\"https:\/\/muzeuciclism.ro\/wp-content\/uploads\/DSCN1646.jpg\" class=\"eig-popup\" title=\"Medalie ciclism CCPN (Clubul Ciclist Principele Nicolae), locul III, cca. 1925 (avers)\" data-caption=\"Medalie ciclism CCPN (Clubul Ciclist Principele Nicolae), locul III, cca. 1925 (avers)\" target=\"_blank\"><i class=\"icon-view\"><\/i><span class=\"overlay\"><\/span><img loading=\"lazy\" decoding=\"async\" width=\"150\" height=\"150\" src=\"https:\/\/muzeuciclism.ro\/wp-content\/uploads\/DSCN1646-150x150.jpg\" class=\"attachment-thumbnail size-thumbnail\" alt=\"\" \/><\/a><\/li><li><a data-fancybox=\"gallery486\" href=\"https:\/\/muzeuciclism.ro\/wp-content\/uploads\/DSCN1647.jpg\" class=\"eig-popup\" title=\"Medalie ciclism CCPN (Clubul Ciclist Principele Nicolae), locul III, cca. 1925 (revers)\" data-caption=\"Medalie ciclism CCPN (Clubul Ciclist Principele Nicolae), locul III, cca. 1925 (revers)\" target=\"_blank\"><i class=\"icon-view\"><\/i><span class=\"overlay\"><\/span><img loading=\"lazy\" decoding=\"async\" width=\"150\" height=\"150\" src=\"https:\/\/muzeuciclism.ro\/wp-content\/uploads\/DSCN1647-150x150.jpg\" class=\"attachment-thumbnail size-thumbnail\" alt=\"\" \/><\/a><\/li><li><a data-fancybox=\"gallery486\" href=\"https:\/\/muzeuciclism.ro\/wp-content\/uploads\/DSCN1648.jpg\" class=\"eig-popup\" title=\"Medalie ciclism Meteor (Arad), locul III, 1924 (avers)\" data-caption=\"Medalie ciclism Meteor (Arad), locul III, 1924 (avers)\" target=\"_blank\"><i class=\"icon-view\"><\/i><span class=\"overlay\"><\/span><img loading=\"lazy\" decoding=\"async\" width=\"150\" height=\"150\" src=\"https:\/\/muzeuciclism.ro\/wp-content\/uploads\/DSCN1648-150x150.jpg\" class=\"attachment-thumbnail size-thumbnail\" alt=\"\" \/><\/a><\/li><li><a data-fancybox=\"gallery486\" href=\"https:\/\/muzeuciclism.ro\/wp-content\/uploads\/DSCN1649.jpg\" class=\"eig-popup\" title=\"Medalie ciclism Meteor (Arad), locul III, 1924 (revers)\" data-caption=\"Medalie ciclism Meteor (Arad), locul III, 1924 (revers)\" target=\"_blank\"><i class=\"icon-view\"><\/i><span class=\"overlay\"><\/span><img loading=\"lazy\" decoding=\"async\" width=\"150\" height=\"150\" src=\"https:\/\/muzeuciclism.ro\/wp-content\/uploads\/DSCN1649-150x150.jpg\" class=\"attachment-thumbnail size-thumbnail\" alt=\"\" \/><\/a><\/li><li><a data-fancybox=\"gallery486\" href=\"https:\/\/muzeuciclism.ro\/wp-content\/uploads\/DSCN1650.jpg\" class=\"eig-popup\" title=\"Medalie ciclism CCPN (Clubul Ciclist Principele Nicolae), demi-fond,locul III, cca. 1925 (avers)\" data-caption=\"Medalie ciclism CCPN (Clubul Ciclist Principele Nicolae), demi-fond,locul III, cca. 1925 (avers)\" target=\"_blank\"><i class=\"icon-view\"><\/i><span class=\"overlay\"><\/span><img loading=\"lazy\" decoding=\"async\" width=\"150\" height=\"150\" src=\"https:\/\/muzeuciclism.ro\/wp-content\/uploads\/DSCN1650-150x150.jpg\" class=\"attachment-thumbnail size-thumbnail\" alt=\"\" \/><\/a><\/li><li><a data-fancybox=\"gallery486\" href=\"https:\/\/muzeuciclism.ro\/wp-content\/uploads\/DSCN1651.jpg\" class=\"eig-popup\" title=\"Medalie ciclism CCPN (Clubul Ciclist Principele Nicolae), demi-fond,locul III, cca. 1925 (revers)\" data-caption=\"Medalie ciclism CCPN (Clubul Ciclist Principele Nicolae), demi-fond,locul III, cca. 1925 (revers)\" target=\"_blank\"><i class=\"icon-view\"><\/i><span class=\"overlay\"><\/span><img loading=\"lazy\" decoding=\"async\" width=\"150\" height=\"150\" src=\"https:\/\/muzeuciclism.ro\/wp-content\/uploads\/DSCN1651-150x150.jpg\" class=\"attachment-thumbnail size-thumbnail\" alt=\"\" \/><\/a><\/li><li><a data-fancybox=\"gallery486\" href=\"https:\/\/muzeuciclism.ro\/wp-content\/uploads\/DSCN1652.jpg\" class=\"eig-popup\" title=\"Medalie ciclism CCCM (Campionatul Clubului Ciclist Marvan), fond,locul III, 25.10.1925 (avers)\" data-caption=\"Medalie ciclism CCCM (Campionatul Clubului Ciclist Marvan), fond,locul III, 25.10.1925 (avers)\" target=\"_blank\"><i class=\"icon-view\"><\/i><span class=\"overlay\"><\/span><img loading=\"lazy\" decoding=\"async\" width=\"150\" height=\"150\" src=\"https:\/\/muzeuciclism.ro\/wp-content\/uploads\/DSCN1652-150x150.jpg\" class=\"attachment-thumbnail size-thumbnail\" alt=\"\" \/><\/a><\/li><li><a data-fancybox=\"gallery486\" href=\"https:\/\/muzeuciclism.ro\/wp-content\/uploads\/DSCN1653.jpg\" class=\"eig-popup\" title=\"Medalie ciclism CCCM (Campionatul Clubului Ciclist Marvan), fond,locul III, 25.10.1925 (revers)\" data-caption=\"Medalie ciclism CCCM (Campionatul Clubului Ciclist Marvan), fond,locul III, 25.10.1925 (revers)\" target=\"_blank\"><i class=\"icon-view\"><\/i><span class=\"overlay\"><\/span><img loading=\"lazy\" decoding=\"async\" width=\"150\" height=\"150\" src=\"https:\/\/muzeuciclism.ro\/wp-content\/uploads\/DSCN1653-150x150.jpg\" class=\"attachment-thumbnail size-thumbnail\" alt=\"\" \/><\/a><\/li><li><a data-fancybox=\"gallery486\" href=\"https:\/\/muzeuciclism.ro\/wp-content\/uploads\/DSCN1656.jpg\" class=\"eig-popup\" title=\"Medalie ciclism V.C.R.G.,locul III, 09.04.1934 (avers)\" data-caption=\"Medalie ciclism V.C.R.G.,locul III, 09.04.1934 (avers)\" target=\"_blank\"><i class=\"icon-view\"><\/i><span class=\"overlay\"><\/span><img loading=\"lazy\" decoding=\"async\" width=\"150\" height=\"150\" src=\"https:\/\/muzeuciclism.ro\/wp-content\/uploads\/DSCN1656-150x150.jpg\" class=\"attachment-thumbnail size-thumbnail\" alt=\"\" \/><\/a><\/li><li><a data-fancybox=\"gallery486\" href=\"https:\/\/muzeuciclism.ro\/wp-content\/uploads\/DSCN1657.jpg\" class=\"eig-popup\" title=\"Medalie ciclism V.C.R.G.,locul III, 09.04.1934 (revers)\" data-caption=\"Medalie ciclism V.C.R.G.,locul III, 09.04.1934 (revers)\" target=\"_blank\"><i class=\"icon-view\"><\/i><span class=\"overlay\"><\/span><img loading=\"lazy\" decoding=\"async\" width=\"150\" height=\"150\" src=\"https:\/\/muzeuciclism.ro\/wp-content\/uploads\/DSCN1657-150x150.jpg\" class=\"attachment-thumbnail size-thumbnail\" alt=\"\" srcset=\"https:\/\/muzeuciclism.ro\/wp-content\/uploads\/DSCN1657-150x150.jpg 150w, https:\/\/muzeuciclism.ro\/wp-content\/uploads\/DSCN1657-298x300.jpg 298w, https:\/\/muzeuciclism.ro\/wp-content\/uploads\/DSCN1657.jpg 336w\" sizes=\"auto, (max-width: 150px) 100vw, 150px\" \/><\/a><\/li><li><a data-fancybox=\"gallery486\" href=\"https:\/\/muzeuciclism.ro\/wp-content\/uploads\/DSCN1658.jpg\" class=\"eig-popup\" title=\"Medalie ciclism Rom\u00e2nia, locul III, 50 km, cca.1930 (avers)\" data-caption=\"Medalie ciclism Rom\u00e2nia, locul III, 50 km, cca.1930 (avers)\" target=\"_blank\"><i class=\"icon-view\"><\/i><span class=\"overlay\"><\/span><img loading=\"lazy\" decoding=\"async\" width=\"150\" height=\"150\" src=\"https:\/\/muzeuciclism.ro\/wp-content\/uploads\/DSCN1658-150x150.jpg\" class=\"attachment-thumbnail size-thumbnail\" alt=\"\" \/><\/a><\/li><li><a data-fancybox=\"gallery486\" href=\"https:\/\/muzeuciclism.ro\/wp-content\/uploads\/DSCN1659.jpg\" class=\"eig-popup\" title=\"Medalie ciclism Rom\u00e2nia, locul III, 50 km, cca.1930 (revers)\" data-caption=\"Medalie ciclism Rom\u00e2nia, locul III, 50 km, cca.1930 (revers)\" target=\"_blank\"><i class=\"icon-view\"><\/i><span class=\"overlay\"><\/span><img loading=\"lazy\" decoding=\"async\" width=\"150\" height=\"150\" src=\"https:\/\/muzeuciclism.ro\/wp-content\/uploads\/DSCN1659-150x150.jpg\" class=\"attachment-thumbnail size-thumbnail\" alt=\"\" \/><\/a><\/li><li><a data-fancybox=\"gallery486\" href=\"https:\/\/muzeuciclism.ro\/wp-content\/uploads\/DSCN1656.jpg\" class=\"eig-popup\" title=\"Medalie ciclism V.C.R.G.,locul III, 09.04.1934 (avers)\" data-caption=\"Medalie ciclism V.C.R.G.,locul III, 09.04.1934 (avers)\" target=\"_blank\"><i class=\"icon-view\"><\/i><span class=\"overlay\"><\/span><img loading=\"lazy\" decoding=\"async\" width=\"150\" height=\"150\" src=\"https:\/\/muzeuciclism.ro\/wp-content\/uploads\/DSCN1656-150x150.jpg\" class=\"attachment-thumbnail size-thumbnail\" alt=\"\" \/><\/a><\/li><li><a data-fancybox=\"gallery486\" href=\"https:\/\/muzeuciclism.ro\/wp-content\/uploads\/DSCN1662.jpg\" class=\"eig-popup\" title=\"Medalie ciclism Rom\u00e2nia, Transylvania, locul III, 10 km, 1931 (avers)\" data-caption=\"Medalie ciclism Rom\u00e2nia, Transylvania, locul III, 10 km, 1931 (avers)\" target=\"_blank\"><i class=\"icon-view\"><\/i><span class=\"overlay\"><\/span><img loading=\"lazy\" decoding=\"async\" width=\"150\" height=\"150\" src=\"https:\/\/muzeuciclism.ro\/wp-content\/uploads\/DSCN1662-150x150.jpg\" class=\"attachment-thumbnail size-thumbnail\" alt=\"\" \/><\/a><\/li><li><a data-fancybox=\"gallery486\" href=\"https:\/\/muzeuciclism.ro\/wp-content\/uploads\/DSCN1663.jpg\" class=\"eig-popup\" title=\"Medalie ciclism Rom\u00e2nia, Transylvania, locul III, 10 km, 1931 (revers)\" data-caption=\"Medalie ciclism Rom\u00e2nia, Transylvania, locul III, 10 km, 1931 (revers)\" target=\"_blank\"><i class=\"icon-view\"><\/i><span class=\"overlay\"><\/span><img loading=\"lazy\" decoding=\"async\" width=\"150\" height=\"150\" src=\"https:\/\/muzeuciclism.ro\/wp-content\/uploads\/DSCN1663-150x150.jpg\" class=\"attachment-thumbnail size-thumbnail\" alt=\"\" \/><\/a><\/li><li><a data-fancybox=\"gallery486\" href=\"https:\/\/muzeuciclism.ro\/wp-content\/uploads\/DSCN1664.jpg\" class=\"eig-popup\" title=\"Medalie ciclism A.M.T.E, locul III, 30 km, 1932 (avers)\" data-caption=\"Medalie ciclism A.M.T.E, locul III, 30 km, 1932 (avers)\" target=\"_blank\"><i class=\"icon-view\"><\/i><span class=\"overlay\"><\/span><img loading=\"lazy\" decoding=\"async\" width=\"150\" height=\"150\" src=\"https:\/\/muzeuciclism.ro\/wp-content\/uploads\/DSCN1664-150x150.jpg\" class=\"attachment-thumbnail size-thumbnail\" alt=\"\" \/><\/a><\/li><li><a data-fancybox=\"gallery486\" href=\"https:\/\/muzeuciclism.ro\/wp-content\/uploads\/DSCN1665.jpg\" class=\"eig-popup\" title=\"Medalie ciclism A.M.T.E, locul III, 30 km, 1932 (revers)\" data-caption=\"Medalie ciclism A.M.T.E, locul III, 30 km, 1932 (revers)\" target=\"_blank\"><i class=\"icon-view\"><\/i><span class=\"overlay\"><\/span><img loading=\"lazy\" decoding=\"async\" width=\"150\" height=\"150\" src=\"https:\/\/muzeuciclism.ro\/wp-content\/uploads\/DSCN1665-150x150.jpg\" class=\"attachment-thumbnail size-thumbnail\" alt=\"\" \/><\/a><\/li><li><a data-fancybox=\"gallery486\" href=\"https:\/\/muzeuciclism.ro\/wp-content\/uploads\/DSCN1666.jpg\" class=\"eig-popup\" title=\"Medalie ciclism Meteor, locul III, 4000 m, 1923 (avers)\" data-caption=\"Medalie ciclism Meteor, locul III, 4000 m, 1923 (avers)\" target=\"_blank\"><i class=\"icon-view\"><\/i><span class=\"overlay\"><\/span><img loading=\"lazy\" decoding=\"async\" width=\"150\" height=\"150\" src=\"https:\/\/muzeuciclism.ro\/wp-content\/uploads\/DSCN1666-150x150.jpg\" class=\"attachment-thumbnail size-thumbnail\" alt=\"\" \/><\/a><\/li><li><a data-fancybox=\"gallery486\" href=\"https:\/\/muzeuciclism.ro\/wp-content\/uploads\/DSCN1667.jpg\" class=\"eig-popup\" title=\"Medalie ciclism Meteor, locul III, 4000 m, 1923 (revers)\" data-caption=\"Medalie ciclism Meteor, locul III, 4000 m, 1923 (revers)\" target=\"_blank\"><i class=\"icon-view\"><\/i><span class=\"overlay\"><\/span><img loading=\"lazy\" decoding=\"async\" width=\"150\" height=\"150\" src=\"https:\/\/muzeuciclism.ro\/wp-content\/uploads\/DSCN1667-150x150.jpg\" class=\"attachment-thumbnail size-thumbnail\" alt=\"\" \/><\/a><\/li><li><a data-fancybox=\"gallery486\" href=\"https:\/\/muzeuciclism.ro\/wp-content\/uploads\/DSCN1668.jpg\" class=\"eig-popup\" title=\"Medalie ciclism Rom\u00e2nia, 20 km, locul III, cca. 1930 (avers)\" data-caption=\"Medalie ciclism Rom\u00e2nia, 20 km, locul III, cca. 1930 (avers)\" target=\"_blank\"><i class=\"icon-view\"><\/i><span class=\"overlay\"><\/span><img loading=\"lazy\" decoding=\"async\" width=\"150\" height=\"150\" src=\"https:\/\/muzeuciclism.ro\/wp-content\/uploads\/DSCN1668-150x150.jpg\" class=\"attachment-thumbnail size-thumbnail\" alt=\"\" \/><\/a><\/li><li><a data-fancybox=\"gallery486\" href=\"https:\/\/muzeuciclism.ro\/wp-content\/uploads\/DSCN1669.jpg\" class=\"eig-popup\" title=\"Medalie ciclism Rom\u00e2nia, 20 km, locul III, cca. 1930 (revers)\" data-caption=\"Medalie ciclism Rom\u00e2nia, 20 km, locul III, cca. 1930 (revers)\" target=\"_blank\"><i class=\"icon-view\"><\/i><span class=\"overlay\"><\/span><img loading=\"lazy\" decoding=\"async\" width=\"150\" height=\"150\" src=\"https:\/\/muzeuciclism.ro\/wp-content\/uploads\/DSCN1669-150x150.jpg\" class=\"attachment-thumbnail size-thumbnail\" alt=\"\" \/><\/a><\/li><li><a data-fancybox=\"gallery486\" href=\"https:\/\/muzeuciclism.ro\/wp-content\/uploads\/DSCN1670.jpg\" class=\"eig-popup\" title=\"Medalie Meteor Arad, curs\u0103 jubileu 50 ani 1897 - 1947, locul III, anul 1947 (avers)\" data-caption=\"Medalie Meteor Arad, curs\u0103 jubileu 50 ani 1897 - 1947, locul III, anul 1947 (avers)\" target=\"_blank\"><i class=\"icon-view\"><\/i><span class=\"overlay\"><\/span><img loading=\"lazy\" decoding=\"async\" width=\"150\" height=\"150\" src=\"https:\/\/muzeuciclism.ro\/wp-content\/uploads\/DSCN1670-150x150.jpg\" class=\"attachment-thumbnail size-thumbnail\" alt=\"\" \/><\/a><\/li><li><a data-fancybox=\"gallery486\" href=\"https:\/\/muzeuciclism.ro\/wp-content\/uploads\/DSCN1671.jpg\" class=\"eig-popup\" title=\"Medalie Meteor Arad, curs\u0103 jubileu 50 ani 1897 - 1947, locul III, anul 1947 (revers)\" data-caption=\"Medalie Meteor Arad, curs\u0103 jubileu 50 ani 1897 - 1947, locul III, anul 1947 (revers)\" target=\"_blank\"><i class=\"icon-view\"><\/i><span class=\"overlay\"><\/span><img loading=\"lazy\" decoding=\"async\" width=\"150\" height=\"150\" src=\"https:\/\/muzeuciclism.ro\/wp-content\/uploads\/DSCN1671-150x150.jpg\" class=\"attachment-thumbnail size-thumbnail\" alt=\"\" \/><\/a><\/li><li><a data-fancybox=\"gallery486\" href=\"https:\/\/muzeuciclism.ro\/wp-content\/uploads\/DSCN1672.jpg\" class=\"eig-popup\" title=\"Medalie Meteor Arad, locul I, anul 1924 (avers)\" data-caption=\"Medalie Meteor Arad, locul I, anul 1924 (avers)\" target=\"_blank\"><i class=\"icon-view\"><\/i><span class=\"overlay\"><\/span><img loading=\"lazy\" decoding=\"async\" width=\"150\" height=\"150\" src=\"https:\/\/muzeuciclism.ro\/wp-content\/uploads\/DSCN1672-150x150.jpg\" class=\"attachment-thumbnail size-thumbnail\" alt=\"\" \/><\/a><\/li><li><a data-fancybox=\"gallery486\" href=\"https:\/\/muzeuciclism.ro\/wp-content\/uploads\/DSCN1673.jpg\" class=\"eig-popup\" title=\"Medalie Meteor Arad, locul I, anul 1924 (revers)\" data-caption=\"Medalie Meteor Arad, locul I, anul 1924 (revers)\" target=\"_blank\"><i class=\"icon-view\"><\/i><span class=\"overlay\"><\/span><img loading=\"lazy\" decoding=\"async\" width=\"150\" height=\"150\" src=\"https:\/\/muzeuciclism.ro\/wp-content\/uploads\/DSCN1673-150x150.jpg\" class=\"attachment-thumbnail size-thumbnail\" alt=\"\" \/><\/a><\/li><li><a data-fancybox=\"gallery486\" href=\"https:\/\/muzeuciclism.ro\/wp-content\/uploads\/DSCN1674.jpg\" class=\"eig-popup\" title=\"Medalie Clubul Ciclist Principele Nicolae, fond, locul II, 29.05.1927 (avers)\" data-caption=\"Medalie Clubul Ciclist Principele Nicolae, fond, locul II, 29.05.1927 (avers)\" target=\"_blank\"><i class=\"icon-view\"><\/i><span class=\"overlay\"><\/span><img loading=\"lazy\" decoding=\"async\" width=\"150\" height=\"150\" src=\"https:\/\/muzeuciclism.ro\/wp-content\/uploads\/DSCN1674-150x150.jpg\" class=\"attachment-thumbnail size-thumbnail\" alt=\"\" \/><\/a><\/li><li><a data-fancybox=\"gallery486\" href=\"https:\/\/muzeuciclism.ro\/wp-content\/uploads\/DSCN1675.jpg\" class=\"eig-popup\" title=\"Medalie Clubul Ciclist Principele Nicolae, fond, locul II, 29.05.1927 (revers)\" data-caption=\"Medalie Clubul Ciclist Principele Nicolae, fond, locul II, 29.05.1927 (revers)\" target=\"_blank\"><i class=\"icon-view\"><\/i><span class=\"overlay\"><\/span><img loading=\"lazy\" decoding=\"async\" width=\"150\" height=\"150\" src=\"https:\/\/muzeuciclism.ro\/wp-content\/uploads\/DSCN1675-150x150.jpg\" class=\"attachment-thumbnail size-thumbnail\" alt=\"\" \/><\/a><\/li><li><a data-fancybox=\"gallery486\" href=\"https:\/\/muzeuciclism.ro\/wp-content\/uploads\/DSCN1676.jpg\" class=\"eig-popup\" title=\"Medalie F.R.C., Campionatul Regional Arad, locul I, 1936 (avers)\" data-caption=\"Medalie F.R.C., Campionatul Regional Arad, locul I, 1936 (avers)\" target=\"_blank\"><i class=\"icon-view\"><\/i><span class=\"overlay\"><\/span><img loading=\"lazy\" decoding=\"async\" width=\"150\" height=\"150\" src=\"https:\/\/muzeuciclism.ro\/wp-content\/uploads\/DSCN1676-150x150.jpg\" class=\"attachment-thumbnail size-thumbnail\" alt=\"\" \/><\/a><\/li><li><a data-fancybox=\"gallery486\" href=\"https:\/\/muzeuciclism.ro\/wp-content\/uploads\/DSCN1677.jpg\" class=\"eig-popup\" title=\"Medalie F.R.C., Campionatul Regional Arad, locul I, 1936 (revers)\" data-caption=\"Medalie F.R.C., Campionatul Regional Arad, locul I, 1936 (revers)\" target=\"_blank\"><i class=\"icon-view\"><\/i><span class=\"overlay\"><\/span><img loading=\"lazy\" decoding=\"async\" width=\"150\" height=\"150\" src=\"https:\/\/muzeuciclism.ro\/wp-content\/uploads\/DSCN1677-150x150.jpg\" class=\"attachment-thumbnail size-thumbnail\" alt=\"\" \/><\/a><\/li><li><a data-fancybox=\"gallery486\" href=\"https:\/\/muzeuciclism.ro\/wp-content\/uploads\/DSCN1678.jpg\" class=\"eig-popup\" title=\"Medalie F.R.C., ciclo-cros Arad, locul I, 1933 - 1934 (avers)\" data-caption=\"Medalie F.R.C., ciclo-cros Arad, locul I, 1933 - 1934 (avers)\" target=\"_blank\"><i class=\"icon-view\"><\/i><span class=\"overlay\"><\/span><img loading=\"lazy\" decoding=\"async\" width=\"150\" height=\"150\" src=\"https:\/\/muzeuciclism.ro\/wp-content\/uploads\/DSCN1678-150x150.jpg\" class=\"attachment-thumbnail size-thumbnail\" alt=\"\" \/><\/a><\/li><li><a data-fancybox=\"gallery486\" href=\"https:\/\/muzeuciclism.ro\/wp-content\/uploads\/DSCN1679.jpg\" class=\"eig-popup\" title=\"Medalie F.R.C., ciclo-cros Arad, locul I, 1933 - 1934 (revers)\" data-caption=\"Medalie F.R.C., ciclo-cros Arad, locul I, 1933 - 1934 (revers)\" target=\"_blank\"><i class=\"icon-view\"><\/i><span class=\"overlay\"><\/span><img loading=\"lazy\" decoding=\"async\" width=\"150\" height=\"150\" src=\"https:\/\/muzeuciclism.ro\/wp-content\/uploads\/DSCN1679-150x150.jpg\" class=\"attachment-thumbnail size-thumbnail\" alt=\"\" \/><\/a><\/li><li><a data-fancybox=\"gallery486\" href=\"https:\/\/muzeuciclism.ro\/wp-content\/uploads\/DSCN1680.jpg\" class=\"eig-popup\" title=\"Medalie ciclism AMTE, 40 km, locul III, 1932 (avers)\" data-caption=\"Medalie ciclism AMTE, 40 km, locul III, 1932 (avers)\" target=\"_blank\"><i class=\"icon-view\"><\/i><span class=\"overlay\"><\/span><img loading=\"lazy\" decoding=\"async\" width=\"150\" height=\"150\" src=\"https:\/\/muzeuciclism.ro\/wp-content\/uploads\/DSCN1680-150x150.jpg\" class=\"attachment-thumbnail size-thumbnail\" alt=\"\" \/><\/a><\/li><li><a data-fancybox=\"gallery486\" href=\"https:\/\/muzeuciclism.ro\/wp-content\/uploads\/DSCN1682.jpg\" class=\"eig-popup\" title=\"Medalie ciclism AMTE, 40 km, locul III, 1932 (revers)\" data-caption=\"Medalie ciclism AMTE, 40 km, locul III, 1932 (revers)\" target=\"_blank\"><i class=\"icon-view\"><\/i><span class=\"overlay\"><\/span><img loading=\"lazy\" decoding=\"async\" width=\"150\" height=\"150\" src=\"https:\/\/muzeuciclism.ro\/wp-content\/uploads\/DSCN1682-150x150.jpg\" class=\"attachment-thumbnail size-thumbnail\" alt=\"\" srcset=\"https:\/\/muzeuciclism.ro\/wp-content\/uploads\/DSCN1682-150x150.jpg 150w, https:\/\/muzeuciclism.ro\/wp-content\/uploads\/DSCN1682-298x300.jpg 298w, https:\/\/muzeuciclism.ro\/wp-content\/uploads\/DSCN1682.jpg 336w\" sizes=\"auto, (max-width: 150px) 100vw, 150px\" \/><\/a><\/li><li><a data-fancybox=\"gallery486\" href=\"https:\/\/muzeuciclism.ro\/wp-content\/uploads\/DSCN1684.jpg\" class=\"eig-popup\" title=\"Medalie ciclism GLORIA, Sec\u021bia Moto  - Club  Rom\u00e2n Timi\u0219oara, locul III, 1932 (avers)\" data-caption=\"Medalie ciclism GLORIA, Sec\u021bia Moto  - Club  Rom\u00e2n Timi\u0219oara, locul III, 1932 (avers)\" target=\"_blank\"><i class=\"icon-view\"><\/i><span class=\"overlay\"><\/span><img loading=\"lazy\" decoding=\"async\" width=\"150\" height=\"150\" src=\"https:\/\/muzeuciclism.ro\/wp-content\/uploads\/DSCN1684-150x150.jpg\" class=\"attachment-thumbnail size-thumbnail\" alt=\"\" \/><\/a><\/li><li><a data-fancybox=\"gallery486\" href=\"https:\/\/muzeuciclism.ro\/wp-content\/uploads\/DSCN1685.jpg\" class=\"eig-popup\" title=\"Medalie ciclism GLORIA, Sec\u021bia Moto  - Club  Rom\u00e2n Timi\u0219oara, locul III, 1932 (revers)\" data-caption=\"Medalie ciclism GLORIA, Sec\u021bia Moto  - Club  Rom\u00e2n Timi\u0219oara, locul III, 1932 (revers)\" target=\"_blank\"><i class=\"icon-view\"><\/i><span class=\"overlay\"><\/span><img loading=\"lazy\" decoding=\"async\" width=\"150\" height=\"150\" src=\"https:\/\/muzeuciclism.ro\/wp-content\/uploads\/DSCN1685-150x150.jpg\" class=\"attachment-thumbnail size-thumbnail\" alt=\"\" \/><\/a><\/li><li><a data-fancybox=\"gallery486\" href=\"https:\/\/muzeuciclism.ro\/wp-content\/uploads\/DSCN1686.jpg\" class=\"eig-popup\" title=\"Medalie ciclism Rom\u00e2nia, varianta locul II - argint, cca. 1930 (avers)\" data-caption=\"Medalie ciclism Rom\u00e2nia, varianta locul II - argint, cca. 1930 (avers)\" target=\"_blank\"><i class=\"icon-view\"><\/i><span class=\"overlay\"><\/span><img loading=\"lazy\" decoding=\"async\" width=\"150\" height=\"150\" src=\"https:\/\/muzeuciclism.ro\/wp-content\/uploads\/DSCN1686-150x150.jpg\" class=\"attachment-thumbnail size-thumbnail\" alt=\"\" srcset=\"https:\/\/muzeuciclism.ro\/wp-content\/uploads\/DSCN1686-150x150.jpg 150w, https:\/\/muzeuciclism.ro\/wp-content\/uploads\/DSCN1686-300x298.jpg 300w, https:\/\/muzeuciclism.ro\/wp-content\/uploads\/DSCN1686.jpg 338w\" sizes=\"auto, (max-width: 150px) 100vw, 150px\" \/><\/a><\/li><li><a data-fancybox=\"gallery486\" href=\"https:\/\/muzeuciclism.ro\/wp-content\/uploads\/DSCN1687.jpg\" class=\"eig-popup\" title=\"Medalie ciclism Rom\u00e2nia, varianta locul II - argint, cca. 1930 (revers)\" data-caption=\"Medalie ciclism Rom\u00e2nia, varianta locul II - argint, cca. 1930 (revers)\" target=\"_blank\"><i class=\"icon-view\"><\/i><span class=\"overlay\"><\/span><img loading=\"lazy\" decoding=\"async\" width=\"150\" height=\"150\" src=\"https:\/\/muzeuciclism.ro\/wp-content\/uploads\/DSCN1687-150x150.jpg\" class=\"attachment-thumbnail size-thumbnail\" alt=\"\" \/><\/a><\/li><li><a data-fancybox=\"gallery486\" href=\"https:\/\/muzeuciclism.ro\/wp-content\/uploads\/DSCN1688.jpg\" class=\"eig-popup\" title=\"Medalie ciclism AMEFA, 20 km, locul II, 1946 (avers)\" data-caption=\"Medalie ciclism AMEFA, 20 km, locul II, 1946 (avers)\" target=\"_blank\"><i class=\"icon-view\"><\/i><span class=\"overlay\"><\/span><img loading=\"lazy\" decoding=\"async\" width=\"150\" height=\"150\" src=\"https:\/\/muzeuciclism.ro\/wp-content\/uploads\/DSCN1688-150x150.jpg\" class=\"attachment-thumbnail size-thumbnail\" alt=\"\" \/><\/a><\/li><li><a data-fancybox=\"gallery486\" href=\"https:\/\/muzeuciclism.ro\/wp-content\/uploads\/DSCN1689.jpg\" class=\"eig-popup\" title=\"Medalie ciclism AMEFA, 20 km, locul II, 1946 (revers)\" data-caption=\"Medalie ciclism AMEFA, 20 km, locul II, 1946 (revers)\" target=\"_blank\"><i class=\"icon-view\"><\/i><span class=\"overlay\"><\/span><img loading=\"lazy\" decoding=\"async\" width=\"150\" height=\"150\" src=\"https:\/\/muzeuciclism.ro\/wp-content\/uploads\/DSCN1689-150x150.jpg\" class=\"attachment-thumbnail size-thumbnail\" alt=\"\" \/><\/a><\/li><li><a data-fancybox=\"gallery486\" href=\"https:\/\/muzeuciclism.ro\/wp-content\/uploads\/DSCN1690.jpg\" class=\"eig-popup\" title=\"Medalie ciclism AMTE, 40 km, locul II, 1933 (avers)\" data-caption=\"Medalie ciclism AMTE, 40 km, locul II, 1933 (avers)\" target=\"_blank\"><i class=\"icon-view\"><\/i><span class=\"overlay\"><\/span><img loading=\"lazy\" decoding=\"async\" width=\"150\" height=\"150\" src=\"https:\/\/muzeuciclism.ro\/wp-content\/uploads\/DSCN1690-150x150.jpg\" class=\"attachment-thumbnail size-thumbnail\" alt=\"\" \/><\/a><\/li><li><a data-fancybox=\"gallery486\" href=\"https:\/\/muzeuciclism.ro\/wp-content\/uploads\/DSCN1691.jpg\" class=\"eig-popup\" title=\"Medalie ciclism AMTE, 40 km, locul II, 1933 (revers)\" data-caption=\"Medalie ciclism AMTE, 40 km, locul II, 1933 (revers)\" target=\"_blank\"><i class=\"icon-view\"><\/i><span class=\"overlay\"><\/span><img loading=\"lazy\" decoding=\"async\" width=\"150\" height=\"150\" src=\"https:\/\/muzeuciclism.ro\/wp-content\/uploads\/DSCN1691-150x150.jpg\" class=\"attachment-thumbnail size-thumbnail\" alt=\"\" \/><\/a><\/li><li><a data-fancybox=\"gallery486\" href=\"https:\/\/muzeuciclism.ro\/wp-content\/uploads\/DSCN1692.jpg\" class=\"eig-popup\" title=\"Medalie ciclism AMTE, 30 km \u0219tafet\u0103, locul I, 1923 (avers)\" data-caption=\"Medalie ciclism AMTE, 30 km \u0219tafet\u0103, locul I, 1923 (avers)\" target=\"_blank\"><i class=\"icon-view\"><\/i><span class=\"overlay\"><\/span><img loading=\"lazy\" decoding=\"async\" width=\"150\" height=\"150\" src=\"https:\/\/muzeuciclism.ro\/wp-content\/uploads\/DSCN1692-150x150.jpg\" class=\"attachment-thumbnail size-thumbnail\" alt=\"\" \/><\/a><\/li><li><a data-fancybox=\"gallery486\" href=\"https:\/\/muzeuciclism.ro\/wp-content\/uploads\/DSCN1693.jpg\" class=\"eig-popup\" title=\"Medalie ciclism AMTE, 30 km \u0219tafet\u0103, locul I, 1923 (revers)\" data-caption=\"Medalie ciclism AMTE, 30 km \u0219tafet\u0103, locul I, 1923 (revers)\" target=\"_blank\"><i class=\"icon-view\"><\/i><span class=\"overlay\"><\/span><img loading=\"lazy\" decoding=\"async\" width=\"150\" height=\"150\" src=\"https:\/\/muzeuciclism.ro\/wp-content\/uploads\/DSCN1693-150x150.jpg\" class=\"attachment-thumbnail size-thumbnail\" alt=\"\" \/><\/a><\/li><li><a data-fancybox=\"gallery486\" href=\"https:\/\/muzeuciclism.ro\/wp-content\/uploads\/DSCN1694.jpg\" class=\"eig-popup\" title=\"Medalie ciclism METEOR Arad, 1 km, locul I, 1932 (avers)\" data-caption=\"Medalie ciclism METEOR Arad, 1 km, locul I, 1932 (avers)\" target=\"_blank\"><i class=\"icon-view\"><\/i><span class=\"overlay\"><\/span><img loading=\"lazy\" decoding=\"async\" width=\"150\" height=\"150\" src=\"https:\/\/muzeuciclism.ro\/wp-content\/uploads\/DSCN1694-150x150.jpg\" class=\"attachment-thumbnail size-thumbnail\" alt=\"\" \/><\/a><\/li><li><a data-fancybox=\"gallery486\" href=\"https:\/\/muzeuciclism.ro\/wp-content\/uploads\/DSCN1695.jpg\" class=\"eig-popup\" title=\"Medalie ciclism METEOR Arad, 1 km, locul I, 1932 (revers)\" data-caption=\"Medalie ciclism METEOR Arad, 1 km, locul I, 1932 (revers)\" target=\"_blank\"><i class=\"icon-view\"><\/i><span class=\"overlay\"><\/span><img loading=\"lazy\" decoding=\"async\" width=\"150\" height=\"150\" src=\"https:\/\/muzeuciclism.ro\/wp-content\/uploads\/DSCN1695-150x150.jpg\" class=\"attachment-thumbnail size-thumbnail\" alt=\"\" \/><\/a><\/li><li><a data-fancybox=\"gallery486\" href=\"https:\/\/muzeuciclism.ro\/wp-content\/uploads\/DSCN1696.jpg\" class=\"eig-popup\" title=\"Medalie ciclism GLORIA, 100 km, locul IV,  anii 1930 (avers)\" data-caption=\"Medalie ciclism GLORIA, 100 km, locul IV,  anii 1930 (avers)\" target=\"_blank\"><i class=\"icon-view\"><\/i><span class=\"overlay\"><\/span><img loading=\"lazy\" decoding=\"async\" width=\"150\" height=\"150\" src=\"https:\/\/muzeuciclism.ro\/wp-content\/uploads\/DSCN1696-150x150.jpg\" class=\"attachment-thumbnail size-thumbnail\" alt=\"\" \/><\/a><\/li><li><a data-fancybox=\"gallery486\" href=\"https:\/\/muzeuciclism.ro\/wp-content\/uploads\/DSCN1697.jpg\" class=\"eig-popup\" title=\"Medalie ciclism GLORIA, 100 km, locul IV,  anii 1930 (revers)\" data-caption=\"Medalie ciclism GLORIA, 100 km, locul IV,  anii 1930 (revers)\" target=\"_blank\"><i class=\"icon-view\"><\/i><span class=\"overlay\"><\/span><img loading=\"lazy\" decoding=\"async\" width=\"150\" height=\"150\" src=\"https:\/\/muzeuciclism.ro\/wp-content\/uploads\/DSCN1697-150x150.jpg\" class=\"attachment-thumbnail size-thumbnail\" alt=\"\" \/><\/a><\/li><li><a data-fancybox=\"gallery486\" href=\"https:\/\/muzeuciclism.ro\/wp-content\/uploads\/DSCN1698.jpg\" class=\"eig-popup\" title=\"Medalie ciclism F.R.C.,  Campionatul Jude\u021bean Arad, vitez\u0103, locul II, 26.05.1935 (avers)\" data-caption=\"Medalie ciclism F.R.C.,  Campionatul Jude\u021bean Arad, vitez\u0103, locul II, 26.05.1935 (avers)\" target=\"_blank\"><i class=\"icon-view\"><\/i><span class=\"overlay\"><\/span><img loading=\"lazy\" decoding=\"async\" width=\"150\" height=\"150\" src=\"https:\/\/muzeuciclism.ro\/wp-content\/uploads\/DSCN1698-150x150.jpg\" class=\"attachment-thumbnail size-thumbnail\" alt=\"\" \/><\/a><\/li><li><a data-fancybox=\"gallery486\" href=\"https:\/\/muzeuciclism.ro\/wp-content\/uploads\/DSCN1699.jpg\" class=\"eig-popup\" title=\"Medalie ciclism F.R.C.,  Campionatul Jude\u021bean Arad, vitez\u0103, locul II, 26.05.1935 (revers)\" data-caption=\"Medalie ciclism F.R.C.,  Campionatul Jude\u021bean Arad, vitez\u0103, locul II, 26.05.1935 (revers)\" target=\"_blank\"><i class=\"icon-view\"><\/i><span class=\"overlay\"><\/span><img loading=\"lazy\" decoding=\"async\" width=\"150\" height=\"150\" src=\"https:\/\/muzeuciclism.ro\/wp-content\/uploads\/DSCN1699-150x150.jpg\" class=\"attachment-thumbnail size-thumbnail\" alt=\"\" \/><\/a><\/li><li><a data-fancybox=\"gallery486\" href=\"https:\/\/muzeuciclism.ro\/wp-content\/uploads\/DSCN1700.jpg\" class=\"eig-popup\" title=\"Medalie ciclism F.R.C.,  Campionatul Jude\u021bean Arad, vitez\u0103, locul I, 26.05.1935 (avers)\" data-caption=\"Medalie ciclism F.R.C.,  Campionatul Jude\u021bean Arad, vitez\u0103, locul I, 26.05.1935 (avers)\" target=\"_blank\"><i class=\"icon-view\"><\/i><span class=\"overlay\"><\/span><img loading=\"lazy\" decoding=\"async\" width=\"150\" height=\"150\" src=\"https:\/\/muzeuciclism.ro\/wp-content\/uploads\/DSCN1700-150x150.jpg\" class=\"attachment-thumbnail size-thumbnail\" alt=\"\" \/><\/a><\/li><li><a data-fancybox=\"gallery486\" href=\"https:\/\/muzeuciclism.ro\/wp-content\/uploads\/DSCN1701.jpg\" class=\"eig-popup\" title=\"Medalie ciclism F.R.C.,  Campionatul Jude\u021bean Arad, vitez\u0103, locul I, 26.05.1935 (revers)\" data-caption=\"Medalie ciclism F.R.C.,  Campionatul Jude\u021bean Arad, vitez\u0103, locul I, 26.05.1935 (revers)\" target=\"_blank\"><i class=\"icon-view\"><\/i><span class=\"overlay\"><\/span><img loading=\"lazy\" decoding=\"async\" width=\"150\" height=\"150\" src=\"https:\/\/muzeuciclism.ro\/wp-content\/uploads\/DSCN1701-150x150.jpg\" class=\"attachment-thumbnail size-thumbnail\" alt=\"\" \/><\/a><\/li><li><a data-fancybox=\"gallery486\" href=\"https:\/\/muzeuciclism.ro\/wp-content\/uploads\/DSCN1702.jpg\" class=\"eig-popup\" title=\"Medalie ciclism M.S.C Oradea,  locul III, 1931 (avers)\" data-caption=\"Medalie ciclism M.S.C Oradea,  locul III, 1931 (avers)\" target=\"_blank\"><i class=\"icon-view\"><\/i><span class=\"overlay\"><\/span><img loading=\"lazy\" decoding=\"async\" width=\"150\" height=\"150\" src=\"https:\/\/muzeuciclism.ro\/wp-content\/uploads\/DSCN1702-150x150.jpg\" class=\"attachment-thumbnail size-thumbnail\" alt=\"\" \/><\/a><\/li><li><a data-fancybox=\"gallery486\" href=\"https:\/\/muzeuciclism.ro\/wp-content\/uploads\/DSCN1703.jpg\" class=\"eig-popup\" title=\"Medalie ciclism M.S.C Oradea,  locul III, 1931 (revers)\" data-caption=\"Medalie ciclism M.S.C Oradea,  locul III, 1931 (revers)\" target=\"_blank\"><i class=\"icon-view\"><\/i><span class=\"overlay\"><\/span><img loading=\"lazy\" decoding=\"async\" width=\"150\" height=\"150\" src=\"https:\/\/muzeuciclism.ro\/wp-content\/uploads\/DSCN1703-150x150.jpg\" class=\"attachment-thumbnail size-thumbnail\" alt=\"\" \/><\/a><\/li><li><a data-fancybox=\"gallery486\" href=\"https:\/\/muzeuciclism.ro\/wp-content\/uploads\/DSCN1704.jpg\" class=\"eig-popup\" title=\"Medalie ciclism Meteor, 20 km, locul II, 1932 (avers)\" data-caption=\"Medalie ciclism Meteor, 20 km, locul II, 1932 (avers)\" target=\"_blank\"><i class=\"icon-view\"><\/i><span class=\"overlay\"><\/span><img loading=\"lazy\" decoding=\"async\" width=\"150\" height=\"150\" src=\"https:\/\/muzeuciclism.ro\/wp-content\/uploads\/DSCN1704-150x150.jpg\" class=\"attachment-thumbnail size-thumbnail\" alt=\"\" \/><\/a><\/li><li><a data-fancybox=\"gallery486\" href=\"https:\/\/muzeuciclism.ro\/wp-content\/uploads\/DSCN1705.jpg\" class=\"eig-popup\" title=\"Medalie ciclism Meteor, 20 km, locul II, 1932 (revers)\" data-caption=\"Medalie ciclism Meteor, 20 km, locul II, 1932 (revers)\" target=\"_blank\"><i class=\"icon-view\"><\/i><span class=\"overlay\"><\/span><img loading=\"lazy\" decoding=\"async\" width=\"150\" height=\"150\" src=\"https:\/\/muzeuciclism.ro\/wp-content\/uploads\/DSCN1705-150x150.jpg\" class=\"attachment-thumbnail size-thumbnail\" alt=\"\" \/><\/a><\/li><li><a data-fancybox=\"gallery486\" href=\"https:\/\/muzeuciclism.ro\/wp-content\/uploads\/DSCN1706.jpg\" class=\"eig-popup\" title=\"Medalie ciclism AMEFA, locul II, 1937 (avers)\" data-caption=\"Medalie ciclism AMEFA, locul II, 1937 (avers)\" target=\"_blank\"><i class=\"icon-view\"><\/i><span class=\"overlay\"><\/span><img loading=\"lazy\" decoding=\"async\" width=\"150\" height=\"150\" src=\"https:\/\/muzeuciclism.ro\/wp-content\/uploads\/DSCN1706-150x150.jpg\" class=\"attachment-thumbnail size-thumbnail\" alt=\"\" \/><\/a><\/li><li><a data-fancybox=\"gallery486\" href=\"https:\/\/muzeuciclism.ro\/wp-content\/uploads\/DSCN1707.jpg\" class=\"eig-popup\" title=\"Medalie ciclism AMEFA, locul II, 1937 (revers)\" data-caption=\"Medalie ciclism AMEFA, locul II, 1937 (revers)\" target=\"_blank\"><i class=\"icon-view\"><\/i><span class=\"overlay\"><\/span><img loading=\"lazy\" decoding=\"async\" width=\"150\" height=\"150\" src=\"https:\/\/muzeuciclism.ro\/wp-content\/uploads\/DSCN1707-150x150.jpg\" class=\"attachment-thumbnail size-thumbnail\" alt=\"\" \/><\/a><\/li><li><a data-fancybox=\"gallery486\" href=\"https:\/\/muzeuciclism.ro\/wp-content\/uploads\/DSCN1708.jpg\" class=\"eig-popup\" title=\"Medalie ciclism F.R.C., Campionatul jude\u021bean Arad, vitez\u0103, locul I, 1934 (avers)\" data-caption=\"Medalie ciclism F.R.C., Campionatul jude\u021bean Arad, vitez\u0103, locul I, 1934 (avers)\" target=\"_blank\"><i class=\"icon-view\"><\/i><span class=\"overlay\"><\/span><img loading=\"lazy\" decoding=\"async\" width=\"150\" height=\"150\" src=\"https:\/\/muzeuciclism.ro\/wp-content\/uploads\/DSCN1708-150x150.jpg\" class=\"attachment-thumbnail size-thumbnail\" alt=\"\" \/><\/a><\/li><li><a data-fancybox=\"gallery486\" href=\"https:\/\/muzeuciclism.ro\/wp-content\/uploads\/DSCN1709.jpg\" class=\"eig-popup\" title=\"Medalie ciclism F.R.C., Campionatul jude\u021bean Arad, vitez\u0103, locul I, 1934 (revers)\" data-caption=\"Medalie ciclism F.R.C., Campionatul jude\u021bean Arad, vitez\u0103, locul I, 1934 (revers)\" target=\"_blank\"><i class=\"icon-view\"><\/i><span class=\"overlay\"><\/span><img loading=\"lazy\" decoding=\"async\" width=\"150\" height=\"150\" src=\"https:\/\/muzeuciclism.ro\/wp-content\/uploads\/DSCN1709-150x150.jpg\" class=\"attachment-thumbnail size-thumbnail\" alt=\"\" \/><\/a><\/li><li><a data-fancybox=\"gallery486\" href=\"https:\/\/muzeuciclism.ro\/wp-content\/uploads\/DSCN1712.jpg\" class=\"eig-popup\" title=\"Medalie ciclism Rom\u00e2nia E. Asztalos, locul V, 1933 (avers)\" data-caption=\"Medalie ciclism Rom\u00e2nia E. Asztalos, locul V, 1933 (avers)\" target=\"_blank\"><i class=\"icon-view\"><\/i><span class=\"overlay\"><\/span><img loading=\"lazy\" decoding=\"async\" width=\"150\" height=\"150\" src=\"https:\/\/muzeuciclism.ro\/wp-content\/uploads\/DSCN1712-150x150.jpg\" class=\"attachment-thumbnail size-thumbnail\" alt=\"\" \/><\/a><\/li><li><a data-fancybox=\"gallery486\" href=\"https:\/\/muzeuciclism.ro\/wp-content\/uploads\/DSCN1713.jpg\" class=\"eig-popup\" title=\"Medalie ciclism Rom\u00e2nia E. Asztalos, locul V, 1933 (revers)\" data-caption=\"Medalie ciclism Rom\u00e2nia E. Asztalos, locul V, 1933 (revers)\" target=\"_blank\"><i class=\"icon-view\"><\/i><span class=\"overlay\"><\/span><img loading=\"lazy\" decoding=\"async\" width=\"150\" height=\"150\" src=\"https:\/\/muzeuciclism.ro\/wp-content\/uploads\/DSCN1713-150x150.jpg\" class=\"attachment-thumbnail size-thumbnail\" alt=\"\" \/><\/a><\/li><li><a data-fancybox=\"gallery486\" href=\"https:\/\/muzeuciclism.ro\/wp-content\/uploads\/DSCN1716.jpg\" class=\"eig-popup\" title=\"Medalie ciclism E.K.E, locul I, 1933 (avers)\" data-caption=\"Medalie ciclism E.K.E, locul I, 1933 (avers)\" target=\"_blank\"><i class=\"icon-view\"><\/i><span class=\"overlay\"><\/span><img loading=\"lazy\" decoding=\"async\" width=\"150\" height=\"150\" src=\"https:\/\/muzeuciclism.ro\/wp-content\/uploads\/DSCN1716-150x150.jpg\" class=\"attachment-thumbnail size-thumbnail\" alt=\"\" \/><\/a><\/li><li><a data-fancybox=\"gallery486\" href=\"https:\/\/muzeuciclism.ro\/wp-content\/uploads\/DSCN1717.jpg\" class=\"eig-popup\" title=\"Medalie ciclism E.K.E, locul I, 1933 (revers)\" data-caption=\"Medalie ciclism E.K.E, locul I, 1933 (revers)\" target=\"_blank\"><i class=\"icon-view\"><\/i><span class=\"overlay\"><\/span><img loading=\"lazy\" decoding=\"async\" width=\"150\" height=\"150\" src=\"https:\/\/muzeuciclism.ro\/wp-content\/uploads\/DSCN1717-150x150.jpg\" class=\"attachment-thumbnail size-thumbnail\" alt=\"\" \/><\/a><\/li><li><a data-fancybox=\"gallery486\" href=\"https:\/\/muzeuciclism.ro\/wp-content\/uploads\/DSCN1718.jpg\" class=\"eig-popup\" title=\"Medalie ciclism T.M.T.E, locul II, 1932 (avers)\" data-caption=\"Medalie ciclism T.M.T.E, locul II, 1932 (avers)\" target=\"_blank\"><i class=\"icon-view\"><\/i><span class=\"overlay\"><\/span><img loading=\"lazy\" decoding=\"async\" width=\"150\" height=\"150\" src=\"https:\/\/muzeuciclism.ro\/wp-content\/uploads\/DSCN1718-150x150.jpg\" class=\"attachment-thumbnail size-thumbnail\" alt=\"\" \/><\/a><\/li><li><a data-fancybox=\"gallery486\" href=\"https:\/\/muzeuciclism.ro\/wp-content\/uploads\/DSCN1719.jpg\" class=\"eig-popup\" title=\"Medalie ciclism T.M.T.E, locul II, 1932 (revers)\" data-caption=\"Medalie ciclism T.M.T.E, locul II, 1932 (revers)\" target=\"_blank\"><i class=\"icon-view\"><\/i><span class=\"overlay\"><\/span><img loading=\"lazy\" decoding=\"async\" width=\"150\" height=\"150\" src=\"https:\/\/muzeuciclism.ro\/wp-content\/uploads\/DSCN1719-150x150.jpg\" class=\"attachment-thumbnail size-thumbnail\" alt=\"\" \/><\/a><\/li><li><a data-fancybox=\"gallery486\" href=\"https:\/\/muzeuciclism.ro\/wp-content\/uploads\/DSCN1720.jpg\" class=\"eig-popup\" title=\"Medalie ciclism Meteor Arad, cursa Timi\u0219oara-Arad, locul II, 1926 (avers)\" data-caption=\"Medalie ciclism Meteor Arad, cursa Timi\u0219oara-Arad, locul II, 1926 (avers)\" target=\"_blank\"><i class=\"icon-view\"><\/i><span class=\"overlay\"><\/span><img loading=\"lazy\" decoding=\"async\" width=\"150\" height=\"150\" src=\"https:\/\/muzeuciclism.ro\/wp-content\/uploads\/DSCN1720-150x150.jpg\" class=\"attachment-thumbnail size-thumbnail\" alt=\"\" \/><\/a><\/li><li><a data-fancybox=\"gallery486\" href=\"https:\/\/muzeuciclism.ro\/wp-content\/uploads\/DSCN1721.jpg\" class=\"eig-popup\" title=\"Medalie ciclism Meteor Arad, cursa Timi\u0219oara-Arad, locul II, 1926 (revers)\" data-caption=\"Medalie ciclism Meteor Arad, cursa Timi\u0219oara-Arad, locul II, 1926 (revers)\" target=\"_blank\"><i class=\"icon-view\"><\/i><span class=\"overlay\"><\/span><img loading=\"lazy\" decoding=\"async\" width=\"150\" height=\"150\" src=\"https:\/\/muzeuciclism.ro\/wp-content\/uploads\/DSCN1721-150x150.jpg\" class=\"attachment-thumbnail size-thumbnail\" alt=\"\" \/><\/a><\/li><li><a data-fancybox=\"gallery486\" href=\"https:\/\/muzeuciclism.ro\/wp-content\/uploads\/DSCN1722.jpg\" class=\"eig-popup\" title=\"Medalie ciclism Meteor Arad, 400m, locul I, 1934 (avers)\" data-caption=\"Medalie ciclism Meteor Arad, 400m, locul I, 1934 (avers)\" target=\"_blank\"><i class=\"icon-view\"><\/i><span class=\"overlay\"><\/span><img loading=\"lazy\" decoding=\"async\" width=\"150\" height=\"150\" src=\"https:\/\/muzeuciclism.ro\/wp-content\/uploads\/DSCN1722-150x150.jpg\" class=\"attachment-thumbnail size-thumbnail\" alt=\"\" \/><\/a><\/li><li><a data-fancybox=\"gallery486\" href=\"https:\/\/muzeuciclism.ro\/wp-content\/uploads\/DSCN1723.jpg\" class=\"eig-popup\" title=\"Medalie ciclism Meteor Arad, 400m, locul I, 1934 (revers)\" data-caption=\"Medalie ciclism Meteor Arad, 400m, locul I, 1934 (revers)\" target=\"_blank\"><i class=\"icon-view\"><\/i><span class=\"overlay\"><\/span><img loading=\"lazy\" decoding=\"async\" width=\"150\" height=\"150\" src=\"https:\/\/muzeuciclism.ro\/wp-content\/uploads\/DSCN1723-150x150.jpg\" class=\"attachment-thumbnail size-thumbnail\" alt=\"\" \/><\/a><\/li><li><a data-fancybox=\"gallery486\" href=\"https:\/\/muzeuciclism.ro\/wp-content\/uploads\/DSCN1724.jpg\" class=\"eig-popup\" title=\"Medalie ciclism A.T.E. Arad, locul I, 1921, argint (avers)\" data-caption=\"Medalie ciclism A.T.E. Arad, locul I, 1921, argint (avers)\" target=\"_blank\"><i class=\"icon-view\"><\/i><span class=\"overlay\"><\/span><img loading=\"lazy\" decoding=\"async\" width=\"150\" height=\"150\" src=\"https:\/\/muzeuciclism.ro\/wp-content\/uploads\/DSCN1724-150x150.jpg\" class=\"attachment-thumbnail size-thumbnail\" alt=\"\" \/><\/a><\/li><li><a data-fancybox=\"gallery486\" href=\"https:\/\/muzeuciclism.ro\/wp-content\/uploads\/DSCN1725.jpg\" class=\"eig-popup\" title=\"Medalie ciclism A.T.E. Arad, locul I, 1921, argint (revers)\" data-caption=\"Medalie ciclism A.T.E. Arad, locul I, 1921, argint (revers)\" target=\"_blank\"><i class=\"icon-view\"><\/i><span class=\"overlay\"><\/span><img loading=\"lazy\" decoding=\"async\" width=\"150\" height=\"150\" src=\"https:\/\/muzeuciclism.ro\/wp-content\/uploads\/DSCN1725-150x150.jpg\" class=\"attachment-thumbnail size-thumbnail\" alt=\"\" \/><\/a><\/li><li><a data-fancybox=\"gallery486\" href=\"https:\/\/muzeuciclism.ro\/wp-content\/uploads\/DSCN1728.jpg\" class=\"eig-popup\" title=\"Medalie Meteor Arad, \u0219tafet\u0103, locul II, 09.05.1937 (avers)\" data-caption=\"Medalie Meteor Arad, \u0219tafet\u0103, locul II, 09.05.1937 (avers)\" target=\"_blank\"><i class=\"icon-view\"><\/i><span class=\"overlay\"><\/span><img loading=\"lazy\" decoding=\"async\" width=\"150\" height=\"150\" src=\"https:\/\/muzeuciclism.ro\/wp-content\/uploads\/DSCN1728-150x150.jpg\" class=\"attachment-thumbnail size-thumbnail\" alt=\"\" \/><\/a><\/li><li><a data-fancybox=\"gallery486\" href=\"https:\/\/muzeuciclism.ro\/wp-content\/uploads\/DSCN1729.jpg\" class=\"eig-popup\" title=\"Medalie Meteor Arad, \u0219tafet\u0103, locul II, 09.05.1937 (revers)\" data-caption=\"Medalie Meteor Arad, \u0219tafet\u0103, locul II, 09.05.1937 (revers)\" target=\"_blank\"><i class=\"icon-view\"><\/i><span class=\"overlay\"><\/span><img loading=\"lazy\" decoding=\"async\" width=\"150\" height=\"150\" src=\"https:\/\/muzeuciclism.ro\/wp-content\/uploads\/DSCN1729-150x150.jpg\" class=\"attachment-thumbnail size-thumbnail\" alt=\"\" \/><\/a><\/li><li><a data-fancybox=\"gallery486\" href=\"https:\/\/muzeuciclism.ro\/wp-content\/uploads\/DSCN1730.jpg\" class=\"eig-popup\" title=\"Medalie Meteor Arad, 20 km, locul I, 1924 (avers)\" data-caption=\"Medalie Meteor Arad, 20 km, locul I, 1924 (avers)\" target=\"_blank\"><i class=\"icon-view\"><\/i><span class=\"overlay\"><\/span><img loading=\"lazy\" decoding=\"async\" width=\"150\" height=\"150\" src=\"https:\/\/muzeuciclism.ro\/wp-content\/uploads\/DSCN1730-150x150.jpg\" class=\"attachment-thumbnail size-thumbnail\" alt=\"\" \/><\/a><\/li><li><a data-fancybox=\"gallery486\" href=\"https:\/\/muzeuciclism.ro\/wp-content\/uploads\/DSCN1731.jpg\" class=\"eig-popup\" title=\"Medalie Meteor Arad, 20 km, locul I, 1924 (revers)\" data-caption=\"Medalie Meteor Arad, 20 km, locul I, 1924 (revers)\" target=\"_blank\"><i class=\"icon-view\"><\/i><span class=\"overlay\"><\/span><img loading=\"lazy\" decoding=\"async\" width=\"150\" height=\"150\" src=\"https:\/\/muzeuciclism.ro\/wp-content\/uploads\/DSCN1731-150x150.jpg\" class=\"attachment-thumbnail size-thumbnail\" alt=\"\" srcset=\"https:\/\/muzeuciclism.ro\/wp-content\/uploads\/DSCN1731-150x150.jpg 150w, https:\/\/muzeuciclism.ro\/wp-content\/uploads\/DSCN1731-300x298.jpg 300w, https:\/\/muzeuciclism.ro\/wp-content\/uploads\/DSCN1731.jpg 338w\" sizes=\"auto, (max-width: 150px) 100vw, 150px\" \/><\/a><\/li><li><a data-fancybox=\"gallery486\" href=\"https:\/\/muzeuciclism.ro\/wp-content\/uploads\/DSCN1732.jpg\" class=\"eig-popup\" title=\"Medalie Amefa Arad, 10 km, locul II, 1945 (avers)\" data-caption=\"Medalie Amefa Arad, 10 km, locul II, 1945 (avers)\" target=\"_blank\"><i class=\"icon-view\"><\/i><span class=\"overlay\"><\/span><img loading=\"lazy\" decoding=\"async\" width=\"150\" height=\"150\" src=\"https:\/\/muzeuciclism.ro\/wp-content\/uploads\/DSCN1732-150x150.jpg\" class=\"attachment-thumbnail size-thumbnail\" alt=\"\" \/><\/a><\/li><li><a data-fancybox=\"gallery486\" href=\"https:\/\/muzeuciclism.ro\/wp-content\/uploads\/DSCN1733.jpg\" class=\"eig-popup\" title=\"Medalie Amefa Arad, 10 km, locul II, 1945 (revers)\" data-caption=\"Medalie Amefa Arad, 10 km, locul II, 1945 (revers)\" target=\"_blank\"><i class=\"icon-view\"><\/i><span class=\"overlay\"><\/span><img loading=\"lazy\" decoding=\"async\" width=\"150\" height=\"150\" src=\"https:\/\/muzeuciclism.ro\/wp-content\/uploads\/DSCN1733-150x150.jpg\" class=\"attachment-thumbnail size-thumbnail\" alt=\"\" \/><\/a><\/li><li><a data-fancybox=\"gallery486\" href=\"https:\/\/muzeuciclism.ro\/wp-content\/uploads\/DSCN1734.jpg\" class=\"eig-popup\" title=\"Medalie Clubul Ciclist Gala\u021bi, Campion demi-fond, 1925 (avers)\" data-caption=\"Medalie Clubul Ciclist Gala\u021bi, Campion demi-fond, 1925 (avers)\" target=\"_blank\"><i class=\"icon-view\"><\/i><span class=\"overlay\"><\/span><img loading=\"lazy\" decoding=\"async\" width=\"150\" height=\"150\" src=\"https:\/\/muzeuciclism.ro\/wp-content\/uploads\/DSCN1734-150x150.jpg\" class=\"attachment-thumbnail size-thumbnail\" alt=\"\" \/><\/a><\/li><li><a data-fancybox=\"gallery486\" href=\"https:\/\/muzeuciclism.ro\/wp-content\/uploads\/DSCN1735.jpg\" class=\"eig-popup\" title=\"Medalie Clubul Ciclist Gala\u021bi, Campion demi-fond, 1925 (revers)\" data-caption=\"Medalie Clubul Ciclist Gala\u021bi, Campion demi-fond, 1925 (revers)\" target=\"_blank\"><i class=\"icon-view\"><\/i><span class=\"overlay\"><\/span><img loading=\"lazy\" decoding=\"async\" width=\"150\" height=\"150\" src=\"https:\/\/muzeuciclism.ro\/wp-content\/uploads\/DSCN1735-150x150.jpg\" class=\"attachment-thumbnail size-thumbnail\" alt=\"\" srcset=\"https:\/\/muzeuciclism.ro\/wp-content\/uploads\/DSCN1735-150x150.jpg 150w, https:\/\/muzeuciclism.ro\/wp-content\/uploads\/DSCN1735-298x300.jpg 298w, https:\/\/muzeuciclism.ro\/wp-content\/uploads\/DSCN1735.jpg 336w\" sizes=\"auto, (max-width: 150px) 100vw, 150px\" \/><\/a><\/li><li><a data-fancybox=\"gallery486\" href=\"https:\/\/muzeuciclism.ro\/wp-content\/uploads\/DSCN1736.jpg\" class=\"eig-popup\" title=\"Medalie Turul Oradei, 1938 (avers)\" data-caption=\"Medalie Turul Oradei, 1938 (avers)\" target=\"_blank\"><i class=\"icon-view\"><\/i><span class=\"overlay\"><\/span><img loading=\"lazy\" decoding=\"async\" width=\"150\" height=\"150\" src=\"https:\/\/muzeuciclism.ro\/wp-content\/uploads\/DSCN1736-150x150.jpg\" class=\"attachment-thumbnail size-thumbnail\" alt=\"\" \/><\/a><\/li><li><a data-fancybox=\"gallery486\" href=\"https:\/\/muzeuciclism.ro\/wp-content\/uploads\/DSCN1737.jpg\" class=\"eig-popup\" title=\"Medalie Turul Oradei, 1938 (revers)\" data-caption=\"Medalie Turul Oradei, 1938 (revers)\" target=\"_blank\"><i class=\"icon-view\"><\/i><span class=\"overlay\"><\/span><img loading=\"lazy\" decoding=\"async\" width=\"150\" height=\"150\" src=\"https:\/\/muzeuciclism.ro\/wp-content\/uploads\/DSCN1737-150x150.jpg\" class=\"attachment-thumbnail size-thumbnail\" alt=\"\" \/><\/a><\/li><li><a data-fancybox=\"gallery486\" href=\"https:\/\/muzeuciclism.ro\/wp-content\/uploads\/DSCN1738.jpg\" class=\"eig-popup\" title=\"Medalie Jubileu Amefa (Arad) 1911 - 1946, 40 km, locul V, 1946 (avers)\" data-caption=\"Medalie Jubileu Amefa (Arad) 1911 - 1946, 40 km, locul V, 1946 (avers)\" target=\"_blank\"><i class=\"icon-view\"><\/i><span class=\"overlay\"><\/span><img loading=\"lazy\" decoding=\"async\" width=\"150\" height=\"150\" src=\"https:\/\/muzeuciclism.ro\/wp-content\/uploads\/DSCN1738-150x150.jpg\" class=\"attachment-thumbnail size-thumbnail\" alt=\"\" srcset=\"https:\/\/muzeuciclism.ro\/wp-content\/uploads\/DSCN1738-150x150.jpg 150w, https:\/\/muzeuciclism.ro\/wp-content\/uploads\/DSCN1738-300x300.jpg 300w, https:\/\/muzeuciclism.ro\/wp-content\/uploads\/DSCN1738.jpg 337w\" sizes=\"auto, (max-width: 150px) 100vw, 150px\" \/><\/a><\/li><li><a data-fancybox=\"gallery486\" href=\"https:\/\/muzeuciclism.ro\/wp-content\/uploads\/DSCN1753.jpg\" class=\"eig-popup\" title=\"Medalie Meteor Arad, \u0219tafet\u0103, locul II, 09.05.1937 (revers)\" data-caption=\"Medalie Meteor Arad, \u0219tafet\u0103, locul II, 09.05.1937 (revers)\" target=\"_blank\"><i class=\"icon-view\"><\/i><span class=\"overlay\"><\/span><img loading=\"lazy\" decoding=\"async\" width=\"150\" height=\"150\" src=\"https:\/\/muzeuciclism.ro\/wp-content\/uploads\/DSCN1753-150x150.jpg\" class=\"attachment-thumbnail size-thumbnail\" alt=\"\" \/><\/a><\/li><li><a data-fancybox=\"gallery486\" href=\"https:\/\/muzeuciclism.ro\/wp-content\/uploads\/DSCN1752-1.jpg\" class=\"eig-popup\" title=\"Medalie Meteor Arad, \u0219tafet\u0103, locul I, 09.05.1937 (avers)\" data-caption=\"Medalie Meteor Arad, \u0219tafet\u0103, locul I, 09.05.1937 (avers)\" target=\"_blank\"><i class=\"icon-view\"><\/i><span class=\"overlay\"><\/span><img loading=\"lazy\" decoding=\"async\" width=\"150\" height=\"150\" src=\"https:\/\/muzeuciclism.ro\/wp-content\/uploads\/DSCN1752-1-150x150.jpg\" class=\"attachment-thumbnail size-thumbnail\" alt=\"\" \/><\/a><\/li><li><a data-fancybox=\"gallery486\" href=\"https:\/\/muzeuciclism.ro\/wp-content\/uploads\/DSCN1739.jpg\" class=\"eig-popup\" title=\"Medalie Jubileu Amefa (Arad) 1911 - 1946, 40 km, locul V, 1946 (revers)\" data-caption=\"Medalie Jubileu Amefa (Arad) 1911 - 1946, 40 km, locul V, 1946 (revers)\" target=\"_blank\"><i class=\"icon-view\"><\/i><span class=\"overlay\"><\/span><img loading=\"lazy\" decoding=\"async\" width=\"150\" height=\"150\" src=\"https:\/\/muzeuciclism.ro\/wp-content\/uploads\/DSCN1739-150x150.jpg\" class=\"attachment-thumbnail size-thumbnail\" alt=\"\" \/><\/a><\/li><li><a data-fancybox=\"gallery486\" href=\"https:\/\/muzeuciclism.ro\/wp-content\/uploads\/DSCN1740.jpg\" class=\"eig-popup\" title=\"Medalie Gloria Timi\u0219oara, Sec\u021bia Moto - Club Rom\u00e2n Timi\u0219oara, locul I, 1932 (avers)\" data-caption=\"Medalie Gloria Timi\u0219oara, Sec\u021bia Moto - Club Rom\u00e2n Timi\u0219oara, locul I, 1932 (avers)\" target=\"_blank\"><i class=\"icon-view\"><\/i><span class=\"overlay\"><\/span><img loading=\"lazy\" decoding=\"async\" width=\"150\" height=\"150\" src=\"https:\/\/muzeuciclism.ro\/wp-content\/uploads\/DSCN1740-150x150.jpg\" class=\"attachment-thumbnail size-thumbnail\" alt=\"\" srcset=\"https:\/\/muzeuciclism.ro\/wp-content\/uploads\/DSCN1740-150x150.jpg 150w, https:\/\/muzeuciclism.ro\/wp-content\/uploads\/DSCN1740.jpg 336w\" sizes=\"auto, (max-width: 150px) 100vw, 150px\" \/><\/a><\/li><li><a data-fancybox=\"gallery486\" href=\"https:\/\/muzeuciclism.ro\/wp-content\/uploads\/DSCN1741.jpg\" class=\"eig-popup\" title=\"Medalie Gloria Timi\u0219oara, Sec\u021bia Moto - Club Rom\u00e2n Timi\u0219oara, locul I, 1932 (revers)\" data-caption=\"Medalie Gloria Timi\u0219oara, Sec\u021bia Moto - Club Rom\u00e2n Timi\u0219oara, locul I, 1932 (revers)\" target=\"_blank\"><i class=\"icon-view\"><\/i><span class=\"overlay\"><\/span><img loading=\"lazy\" decoding=\"async\" width=\"150\" height=\"150\" src=\"https:\/\/muzeuciclism.ro\/wp-content\/uploads\/DSCN1741-150x150.jpg\" class=\"attachment-thumbnail size-thumbnail\" alt=\"\" \/><\/a><\/li><li><a data-fancybox=\"gallery486\" href=\"https:\/\/muzeuciclism.ro\/wp-content\/uploads\/DSCN1742.jpg\" class=\"eig-popup\" title=\"Medalie AMTE (Arad), 100 km, locul III, cca.1920 (avers)\" data-caption=\"Medalie AMTE (Arad), 100 km, locul III, cca.1920 (avers)\" target=\"_blank\"><i class=\"icon-view\"><\/i><span class=\"overlay\"><\/span><img loading=\"lazy\" decoding=\"async\" width=\"150\" height=\"150\" src=\"https:\/\/muzeuciclism.ro\/wp-content\/uploads\/DSCN1742-150x150.jpg\" class=\"attachment-thumbnail size-thumbnail\" alt=\"\" \/><\/a><\/li><li><a data-fancybox=\"gallery486\" href=\"https:\/\/muzeuciclism.ro\/wp-content\/uploads\/DSCN1743.jpg\" class=\"eig-popup\" title=\"Medalie AMTE (Arad), 100 km, locul III, cca.1920 (revers)\" data-caption=\"Medalie AMTE (Arad), 100 km, locul III, cca.1920 (revers)\" target=\"_blank\"><i class=\"icon-view\"><\/i><span class=\"overlay\"><\/span><img loading=\"lazy\" decoding=\"async\" width=\"150\" height=\"150\" src=\"https:\/\/muzeuciclism.ro\/wp-content\/uploads\/DSCN1743-150x150.jpg\" class=\"attachment-thumbnail size-thumbnail\" alt=\"\" \/><\/a><\/li><li><a data-fancybox=\"gallery486\" href=\"https:\/\/muzeuciclism.ro\/wp-content\/uploads\/DSCN1744.jpg\" class=\"eig-popup\" title=\"Medalie METEOR Arad, 08.05.1927 (avers)\" data-caption=\"Medalie METEOR Arad, 08.05.1927 (avers)\" target=\"_blank\"><i class=\"icon-view\"><\/i><span class=\"overlay\"><\/span><img loading=\"lazy\" decoding=\"async\" width=\"150\" height=\"150\" src=\"https:\/\/muzeuciclism.ro\/wp-content\/uploads\/DSCN1744-150x150.jpg\" class=\"attachment-thumbnail size-thumbnail\" alt=\"\" \/><\/a><\/li><li><a data-fancybox=\"gallery486\" href=\"https:\/\/muzeuciclism.ro\/wp-content\/uploads\/DSCN1745.jpg\" class=\"eig-popup\" title=\"Medalie METEOR Arad, 08.05.1927 (revers)\" data-caption=\"Medalie METEOR Arad, 08.05.1927 (revers)\" target=\"_blank\"><i class=\"icon-view\"><\/i><span class=\"overlay\"><\/span><img loading=\"lazy\" decoding=\"async\" width=\"150\" height=\"150\" src=\"https:\/\/muzeuciclism.ro\/wp-content\/uploads\/DSCN1745-150x150.jpg\" class=\"attachment-thumbnail size-thumbnail\" alt=\"\" \/><\/a><\/li><li><a data-fancybox=\"gallery486\" href=\"https:\/\/muzeuciclism.ro\/wp-content\/uploads\/DSCN1746.jpg\" class=\"eig-popup\" title=\"Medalie ciclism Rom\u00e2nia, anii 1930 (avers)\" data-caption=\"Medalie ciclism Rom\u00e2nia, anii 1930 (avers)\" target=\"_blank\"><i class=\"icon-view\"><\/i><span class=\"overlay\"><\/span><img loading=\"lazy\" decoding=\"async\" width=\"150\" height=\"150\" src=\"https:\/\/muzeuciclism.ro\/wp-content\/uploads\/DSCN1746-150x150.jpg\" class=\"attachment-thumbnail size-thumbnail\" alt=\"\" \/><\/a><\/li><li><a data-fancybox=\"gallery486\" href=\"https:\/\/muzeuciclism.ro\/wp-content\/uploads\/DSCN1747.jpg\" class=\"eig-popup\" title=\"Medalie ciclism Rom\u00e2nia, anii 1930 (revers)\" data-caption=\"Medalie ciclism Rom\u00e2nia, anii 1930 (revers)\" target=\"_blank\"><i class=\"icon-view\"><\/i><span class=\"overlay\"><\/span><img loading=\"lazy\" decoding=\"async\" width=\"150\" height=\"150\" src=\"https:\/\/muzeuciclism.ro\/wp-content\/uploads\/DSCN1747-150x150.jpg\" class=\"attachment-thumbnail size-thumbnail\" alt=\"\" \/><\/a><\/li><li><a data-fancybox=\"gallery486\" href=\"https:\/\/muzeuciclism.ro\/wp-content\/uploads\/DSCN1748.jpg\" class=\"eig-popup\" title=\"Medalie Gloria Tini\u0219oara, 150 km, locul III, anii 1930 (avers)\" data-caption=\"Medalie Gloria Tini\u0219oara, 150 km, locul III, anii 1930 (avers)\" target=\"_blank\"><i class=\"icon-view\"><\/i><span class=\"overlay\"><\/span><img loading=\"lazy\" decoding=\"async\" width=\"150\" height=\"150\" src=\"https:\/\/muzeuciclism.ro\/wp-content\/uploads\/DSCN1748-150x150.jpg\" class=\"attachment-thumbnail size-thumbnail\" alt=\"\" \/><\/a><\/li><li><a data-fancybox=\"gallery486\" href=\"https:\/\/muzeuciclism.ro\/wp-content\/uploads\/DSCN1749.jpg\" class=\"eig-popup\" title=\"Medalie Gloria Tini\u0219oara, 150 km, locul III, anii 1930 (revers)\" data-caption=\"Medalie Gloria Tini\u0219oara, 150 km, locul III, anii 1930 (revers)\" target=\"_blank\"><i class=\"icon-view\"><\/i><span class=\"overlay\"><\/span><img loading=\"lazy\" decoding=\"async\" width=\"150\" height=\"150\" src=\"https:\/\/muzeuciclism.ro\/wp-content\/uploads\/DSCN1749-150x150.jpg\" class=\"attachment-thumbnail size-thumbnail\" alt=\"\" \/><\/a><\/li><li><a data-fancybox=\"gallery486\" href=\"https:\/\/muzeuciclism.ro\/wp-content\/uploads\/DSCN1750.jpg\" class=\"eig-popup\" title=\"Medalie ciclism Bra\u0219ov , locul I, 1935 (avers)\" data-caption=\"Medalie ciclism Bra\u0219ov , locul I, 1935 (avers)\" target=\"_blank\"><i class=\"icon-view\"><\/i><span class=\"overlay\"><\/span><img loading=\"lazy\" decoding=\"async\" width=\"150\" height=\"150\" src=\"https:\/\/muzeuciclism.ro\/wp-content\/uploads\/DSCN1750-150x150.jpg\" class=\"attachment-thumbnail size-thumbnail\" alt=\"\" srcset=\"https:\/\/muzeuciclism.ro\/wp-content\/uploads\/DSCN1750-150x150.jpg 150w, https:\/\/muzeuciclism.ro\/wp-content\/uploads\/DSCN1750-300x300.jpg 300w, https:\/\/muzeuciclism.ro\/wp-content\/uploads\/DSCN1750.jpg 337w\" sizes=\"auto, (max-width: 150px) 100vw, 150px\" \/><\/a><\/li><li><a data-fancybox=\"gallery486\" href=\"https:\/\/muzeuciclism.ro\/wp-content\/uploads\/DSCN1751.jpg\" class=\"eig-popup\" title=\"Medalie ciclism Bra\u0219ov , locul I, 1935 (avers)\" data-caption=\"Medalie ciclism Bra\u0219ov , locul I, 1935 (avers)\" target=\"_blank\"><i class=\"icon-view\"><\/i><span class=\"overlay\"><\/span><img loading=\"lazy\" decoding=\"async\" width=\"150\" height=\"150\" src=\"https:\/\/muzeuciclism.ro\/wp-content\/uploads\/DSCN1751-150x150.jpg\" class=\"attachment-thumbnail size-thumbnail\" alt=\"\" \/><\/a><\/li><li><a data-fancybox=\"gallery486\" href=\"https:\/\/muzeuciclism.ro\/wp-content\/uploads\/DSCN1754.jpg\" class=\"eig-popup\" title=\"Medalie ciclism Transylvania, 20 km, locul  III, 1931 (avers)\" data-caption=\"Medalie ciclism Transylvania, 20 km, locul  III, 1931 (avers)\" target=\"_blank\"><i class=\"icon-view\"><\/i><span class=\"overlay\"><\/span><img loading=\"lazy\" decoding=\"async\" width=\"150\" height=\"150\" src=\"https:\/\/muzeuciclism.ro\/wp-content\/uploads\/DSCN1754-150x150.jpg\" class=\"attachment-thumbnail size-thumbnail\" alt=\"\" \/><\/a><\/li><li><a data-fancybox=\"gallery486\" href=\"https:\/\/muzeuciclism.ro\/wp-content\/uploads\/DSCN1755.jpg\" class=\"eig-popup\" title=\"Medalie ciclism Transylvania, 20 km, locul  III, 1931 (avers)\" data-caption=\"Medalie ciclism Transylvania, 20 km, locul  III, 1931 (avers)\" target=\"_blank\"><i class=\"icon-view\"><\/i><span class=\"overlay\"><\/span><img loading=\"lazy\" decoding=\"async\" width=\"150\" height=\"150\" src=\"https:\/\/muzeuciclism.ro\/wp-content\/uploads\/DSCN1755-150x150.jpg\" class=\"attachment-thumbnail size-thumbnail\" alt=\"\" \/><\/a><\/li><li><a data-fancybox=\"gallery486\" href=\"https:\/\/muzeuciclism.ro\/wp-content\/uploads\/DSCN1756.jpg\" class=\"eig-popup\" title=\"Metalie AMTE (Arad), 60 km, locul III, cca. 1920 (avers)\" data-caption=\"Metalie AMTE (Arad), 60 km, locul III, cca. 1920 (avers)\" target=\"_blank\"><i class=\"icon-view\"><\/i><span class=\"overlay\"><\/span><img loading=\"lazy\" decoding=\"async\" width=\"150\" height=\"150\" src=\"https:\/\/muzeuciclism.ro\/wp-content\/uploads\/DSCN1756-150x150.jpg\" class=\"attachment-thumbnail size-thumbnail\" alt=\"\" \/><\/a><\/li><li><a data-fancybox=\"gallery486\" href=\"https:\/\/muzeuciclism.ro\/wp-content\/uploads\/DSCN1757.jpg\" class=\"eig-popup\" title=\"Metalie AMTE (Arad), 60 km, locul III, cca. 1920 (revers)\" data-caption=\"Metalie AMTE (Arad), 60 km, locul III, cca. 1920 (revers)\" target=\"_blank\"><i class=\"icon-view\"><\/i><span class=\"overlay\"><\/span><img loading=\"lazy\" decoding=\"async\" width=\"150\" height=\"150\" src=\"https:\/\/muzeuciclism.ro\/wp-content\/uploads\/DSCN1757-150x150.jpg\" class=\"attachment-thumbnail size-thumbnail\" alt=\"\" \/><\/a><\/li><li><a data-fancybox=\"gallery486\" href=\"https:\/\/muzeuciclism.ro\/wp-content\/uploads\/DSCN1738.jpg\" class=\"eig-popup\" title=\"Medalie Jubileu Amefa (Arad) 1911 - 1946, 40 km, locul V, 1946 (avers)\" data-caption=\"Medalie Jubileu Amefa (Arad) 1911 - 1946, 40 km, locul V, 1946 (avers)\" target=\"_blank\"><i class=\"icon-view\"><\/i><span class=\"overlay\"><\/span><img loading=\"lazy\" decoding=\"async\" width=\"150\" height=\"150\" src=\"https:\/\/muzeuciclism.ro\/wp-content\/uploads\/DSCN1738-150x150.jpg\" class=\"attachment-thumbnail size-thumbnail\" alt=\"\" srcset=\"https:\/\/muzeuciclism.ro\/wp-content\/uploads\/DSCN1738-150x150.jpg 150w, https:\/\/muzeuciclism.ro\/wp-content\/uploads\/DSCN1738-300x300.jpg 300w, https:\/\/muzeuciclism.ro\/wp-content\/uploads\/DSCN1738.jpg 337w\" sizes=\"auto, (max-width: 150px) 100vw, 150px\" \/><\/a><\/li><li><a data-fancybox=\"gallery486\" href=\"https:\/\/muzeuciclism.ro\/wp-content\/uploads\/DSCN1760.jpg\" class=\"eig-popup\" title=\"Medalie Amefa (Arad) 100 km, locul II, 1937 (avers)\" data-caption=\"Medalie Amefa (Arad) 100 km, locul II, 1937 (avers)\" target=\"_blank\"><i class=\"icon-view\"><\/i><span class=\"overlay\"><\/span><img loading=\"lazy\" decoding=\"async\" width=\"150\" height=\"150\" src=\"https:\/\/muzeuciclism.ro\/wp-content\/uploads\/DSCN1760-150x150.jpg\" class=\"attachment-thumbnail size-thumbnail\" alt=\"\" \/><\/a><\/li><li><a data-fancybox=\"gallery486\" href=\"https:\/\/muzeuciclism.ro\/wp-content\/uploads\/DSCN1761.jpg\" class=\"eig-popup\" title=\"Medalie Amefa (Arad) 100 km, locul II, 1937 (revers)\" data-caption=\"Medalie Amefa (Arad) 100 km, locul II, 1937 (revers)\" target=\"_blank\"><i class=\"icon-view\"><\/i><span class=\"overlay\"><\/span><img loading=\"lazy\" decoding=\"async\" width=\"150\" height=\"150\" src=\"https:\/\/muzeuciclism.ro\/wp-content\/uploads\/DSCN1761-150x150.jpg\" class=\"attachment-thumbnail size-thumbnail\" alt=\"\" \/><\/a><\/li><li><a data-fancybox=\"gallery486\" href=\"https:\/\/muzeuciclism.ro\/wp-content\/uploads\/DSCN1762.jpg\" class=\"eig-popup\" title=\"Medalie ciclism Rom\u00e2nia, zona de vest, 20 km, locul II, anii 1920 (avers)\" data-caption=\"Medalie ciclism Rom\u00e2nia, zona de vest, 20 km, locul II, anii 1920 (avers)\" target=\"_blank\"><i class=\"icon-view\"><\/i><span class=\"overlay\"><\/span><img loading=\"lazy\" decoding=\"async\" width=\"150\" height=\"150\" src=\"https:\/\/muzeuciclism.ro\/wp-content\/uploads\/DSCN1762-150x150.jpg\" class=\"attachment-thumbnail size-thumbnail\" alt=\"\" srcset=\"https:\/\/muzeuciclism.ro\/wp-content\/uploads\/DSCN1762-150x150.jpg 150w, https:\/\/muzeuciclism.ro\/wp-content\/uploads\/DSCN1762-298x300.jpg 298w, https:\/\/muzeuciclism.ro\/wp-content\/uploads\/DSCN1762.jpg 336w\" sizes=\"auto, (max-width: 150px) 100vw, 150px\" \/><\/a><\/li><li><a data-fancybox=\"gallery486\" href=\"https:\/\/muzeuciclism.ro\/wp-content\/uploads\/DSCN1763.jpg\" class=\"eig-popup\" title=\"Medalie ciclism Rom\u00e2nia, zona de vest, 20 km, locul II, anii 1920 (revers)\" data-caption=\"Medalie ciclism Rom\u00e2nia, zona de vest, 20 km, locul II, anii 1920 (revers)\" target=\"_blank\"><i class=\"icon-view\"><\/i><span class=\"overlay\"><\/span><img loading=\"lazy\" decoding=\"async\" width=\"150\" height=\"150\" src=\"https:\/\/muzeuciclism.ro\/wp-content\/uploads\/DSCN1763-150x150.jpg\" class=\"attachment-thumbnail size-thumbnail\" alt=\"\" srcset=\"https:\/\/muzeuciclism.ro\/wp-content\/uploads\/DSCN1763-150x150.jpg 150w, https:\/\/muzeuciclism.ro\/wp-content\/uploads\/DSCN1763-300x300.jpg 300w, https:\/\/muzeuciclism.ro\/wp-content\/uploads\/DSCN1763.jpg 336w\" sizes=\"auto, (max-width: 150px) 100vw, 150px\" \/><\/a><\/li><li><a data-fancybox=\"gallery486\" href=\"https:\/\/muzeuciclism.ro\/wp-content\/uploads\/DSCN1764.jpg\" class=\"eig-popup\" title=\"Medalie CSMC Oradea - Cluj, 152 km, anii 1930 (avers)\" data-caption=\"Medalie CSMC Oradea - Cluj, 152 km, anii 1930 (avers)\" target=\"_blank\"><i class=\"icon-view\"><\/i><span class=\"overlay\"><\/span><img loading=\"lazy\" decoding=\"async\" width=\"150\" height=\"150\" src=\"https:\/\/muzeuciclism.ro\/wp-content\/uploads\/DSCN1764-150x150.jpg\" class=\"attachment-thumbnail size-thumbnail\" alt=\"\" \/><\/a><\/li><li><a data-fancybox=\"gallery486\" href=\"https:\/\/muzeuciclism.ro\/wp-content\/uploads\/DSCN1765.jpg\" class=\"eig-popup\" title=\"Medalie CSMC Oradea - Cluj, 152 km, anii 1930 (revers)\" data-caption=\"Medalie CSMC Oradea - Cluj, 152 km, anii 1930 (revers)\" target=\"_blank\"><i class=\"icon-view\"><\/i><span class=\"overlay\"><\/span><img loading=\"lazy\" decoding=\"async\" width=\"150\" height=\"150\" src=\"https:\/\/muzeuciclism.ro\/wp-content\/uploads\/DSCN1765-150x150.jpg\" class=\"attachment-thumbnail size-thumbnail\" alt=\"\" \/><\/a><\/li><li><a data-fancybox=\"gallery486\" href=\"https:\/\/muzeuciclism.ro\/wp-content\/uploads\/DSCN1793.jpg\" class=\"eig-popup\" title=\"Medalie CSMC, 30 km, locul III, 1936 (avers)\" data-caption=\"Medalie CSMC, 30 km, locul III, 1936 (avers)\" target=\"_blank\"><i class=\"icon-view\"><\/i><span class=\"overlay\"><\/span><img loading=\"lazy\" decoding=\"async\" width=\"150\" height=\"150\" src=\"https:\/\/muzeuciclism.ro\/wp-content\/uploads\/DSCN1793-150x150.jpg\" class=\"attachment-thumbnail size-thumbnail\" alt=\"\" \/><\/a><\/li><li><a data-fancybox=\"gallery486\" href=\"https:\/\/muzeuciclism.ro\/wp-content\/uploads\/DSCN1794.jpg\" class=\"eig-popup\" title=\"Medalie CSMC, 30 km, locul III, 1936 (revers)\" data-caption=\"Medalie CSMC, 30 km, locul III, 1936 (revers)\" target=\"_blank\"><i class=\"icon-view\"><\/i><span class=\"overlay\"><\/span><img loading=\"lazy\" decoding=\"async\" width=\"150\" height=\"150\" src=\"https:\/\/muzeuciclism.ro\/wp-content\/uploads\/DSCN1794-150x150.jpg\" class=\"attachment-thumbnail size-thumbnail\" alt=\"\" \/><\/a><\/li><li><a data-fancybox=\"gallery486\" href=\"https:\/\/muzeuciclism.ro\/wp-content\/uploads\/DSCN1766.jpg\" class=\"eig-popup\" title=\"Medalie Societatea Cicli\u0219tilor din Rom\u00e2nia, Arad, premiul I, 8 km, 01.07.1923 (avers)\" data-caption=\"Medalie Societatea Cicli\u0219tilor din Rom\u00e2nia, Arad, premiul I, 8 km, 01.07.1923 (avers)\" target=\"_blank\"><i class=\"icon-view\"><\/i><span class=\"overlay\"><\/span><img loading=\"lazy\" decoding=\"async\" width=\"150\" height=\"150\" src=\"https:\/\/muzeuciclism.ro\/wp-content\/uploads\/DSCN1766-150x150.jpg\" class=\"attachment-thumbnail size-thumbnail\" alt=\"\" \/><\/a><\/li><li><a data-fancybox=\"gallery486\" href=\"https:\/\/muzeuciclism.ro\/wp-content\/uploads\/DSCN1767.jpg\" class=\"eig-popup\" title=\"Medalie Societatea Cicli\u0219tilor din Rom\u00e2nia, Arad, premiul I, 8 km, 01.07.1923 (revers)\" data-caption=\"Medalie Societatea Cicli\u0219tilor din Rom\u00e2nia, Arad, premiul I, 8 km, 01.07.1923 (revers)\" target=\"_blank\"><i class=\"icon-view\"><\/i><span class=\"overlay\"><\/span><img loading=\"lazy\" decoding=\"async\" width=\"150\" height=\"150\" src=\"https:\/\/muzeuciclism.ro\/wp-content\/uploads\/DSCN1767-150x150.jpg\" class=\"attachment-thumbnail size-thumbnail\" alt=\"\" \/><\/a><\/li><li><a data-fancybox=\"gallery486\" href=\"https:\/\/muzeuciclism.ro\/wp-content\/uploads\/DSCN1768.jpg\" class=\"eig-popup\" title=\"Medalie AMTE (Arad), premiul I, 60 km, 1933 (avers)\" data-caption=\"Medalie AMTE (Arad), premiul I, 60 km, 1933 (avers)\" target=\"_blank\"><i class=\"icon-view\"><\/i><span class=\"overlay\"><\/span><img loading=\"lazy\" decoding=\"async\" width=\"150\" height=\"150\" src=\"https:\/\/muzeuciclism.ro\/wp-content\/uploads\/DSCN1768-150x150.jpg\" class=\"attachment-thumbnail size-thumbnail\" alt=\"\" \/><\/a><\/li><li><a data-fancybox=\"gallery486\" href=\"https:\/\/muzeuciclism.ro\/wp-content\/uploads\/DSCN1769.jpg\" class=\"eig-popup\" title=\"Medalie AMTE (Arad), premiul I, 60 km, 1933 (revers)\" data-caption=\"Medalie AMTE (Arad), premiul I, 60 km, 1933 (revers)\" target=\"_blank\"><i class=\"icon-view\"><\/i><span class=\"overlay\"><\/span><img loading=\"lazy\" decoding=\"async\" width=\"150\" height=\"150\" src=\"https:\/\/muzeuciclism.ro\/wp-content\/uploads\/DSCN1769-150x150.jpg\" class=\"attachment-thumbnail size-thumbnail\" alt=\"\" \/><\/a><\/li><li><a data-fancybox=\"gallery486\" href=\"https:\/\/muzeuciclism.ro\/wp-content\/uploads\/DSCN1770.jpg\" class=\"eig-popup\" title=\"Medalie EKE, premiul I,  1933 (avers)\" data-caption=\"Medalie EKE, premiul I,  1933 (avers)\" target=\"_blank\"><i class=\"icon-view\"><\/i><span class=\"overlay\"><\/span><img loading=\"lazy\" decoding=\"async\" width=\"150\" height=\"150\" src=\"https:\/\/muzeuciclism.ro\/wp-content\/uploads\/DSCN1770-150x150.jpg\" class=\"attachment-thumbnail size-thumbnail\" alt=\"\" \/><\/a><\/li><li><a data-fancybox=\"gallery486\" href=\"https:\/\/muzeuciclism.ro\/wp-content\/uploads\/DSCN1772.jpg\" class=\"eig-popup\" title=\"Medalie EKE, premiul I,  1933 (revers)\" data-caption=\"Medalie EKE, premiul I,  1933 (revers)\" target=\"_blank\"><i class=\"icon-view\"><\/i><span class=\"overlay\"><\/span><img loading=\"lazy\" decoding=\"async\" width=\"150\" height=\"150\" src=\"https:\/\/muzeuciclism.ro\/wp-content\/uploads\/DSCN1772-150x150.jpg\" class=\"attachment-thumbnail size-thumbnail\" alt=\"\" \/><\/a><\/li><li><a data-fancybox=\"gallery486\" href=\"https:\/\/muzeuciclism.ro\/wp-content\/uploads\/DSCN1773.jpg\" class=\"eig-popup\" title=\"Medalie AMTE, premiul I, 90 km,  1934 (avers)\" data-caption=\"Medalie AMTE, premiul I, 90 km,  1934 (avers)\" target=\"_blank\"><i class=\"icon-view\"><\/i><span class=\"overlay\"><\/span><img loading=\"lazy\" decoding=\"async\" width=\"150\" height=\"150\" src=\"https:\/\/muzeuciclism.ro\/wp-content\/uploads\/DSCN1773-150x150.jpg\" class=\"attachment-thumbnail size-thumbnail\" alt=\"\" \/><\/a><\/li><li><a data-fancybox=\"gallery486\" href=\"https:\/\/muzeuciclism.ro\/wp-content\/uploads\/DSCN1774.jpg\" class=\"eig-popup\" title=\"Medalie AMTE, premiul I, 90 km,  1934 (revers)\" data-caption=\"Medalie AMTE, premiul I, 90 km,  1934 (revers)\" target=\"_blank\"><i class=\"icon-view\"><\/i><span class=\"overlay\"><\/span><img loading=\"lazy\" decoding=\"async\" width=\"150\" height=\"150\" src=\"https:\/\/muzeuciclism.ro\/wp-content\/uploads\/DSCN1774-150x150.jpg\" class=\"attachment-thumbnail size-thumbnail\" alt=\"\" srcset=\"https:\/\/muzeuciclism.ro\/wp-content\/uploads\/DSCN1774-150x150.jpg 150w, https:\/\/muzeuciclism.ro\/wp-content\/uploads\/DSCN1774-300x297.jpg 300w, https:\/\/muzeuciclism.ro\/wp-content\/uploads\/DSCN1774.jpg 339w\" sizes=\"auto, (max-width: 150px) 100vw, 150px\" \/><\/a><\/li><li><a data-fancybox=\"gallery486\" href=\"https:\/\/muzeuciclism.ro\/wp-content\/uploads\/DSCN1775.jpg\" class=\"eig-popup\" title=\"Medalie AMTE, premiul II, 60 km,  1932 (avers)\" data-caption=\"Medalie AMTE, premiul II, 60 km,  1932 (avers)\" target=\"_blank\"><i class=\"icon-view\"><\/i><span class=\"overlay\"><\/span><img loading=\"lazy\" decoding=\"async\" width=\"150\" height=\"150\" src=\"https:\/\/muzeuciclism.ro\/wp-content\/uploads\/DSCN1775-150x150.jpg\" class=\"attachment-thumbnail size-thumbnail\" alt=\"\" \/><\/a><\/li><li><a data-fancybox=\"gallery486\" href=\"https:\/\/muzeuciclism.ro\/wp-content\/uploads\/DSCN1776.jpg\" class=\"eig-popup\" title=\"Medalie AMTE, premiul II, 60 km,  1932 (revers)\" data-caption=\"Medalie AMTE, premiul II, 60 km,  1932 (revers)\" target=\"_blank\"><i class=\"icon-view\"><\/i><span class=\"overlay\"><\/span><img loading=\"lazy\" decoding=\"async\" width=\"150\" height=\"150\" src=\"https:\/\/muzeuciclism.ro\/wp-content\/uploads\/DSCN1776-150x150.jpg\" class=\"attachment-thumbnail size-thumbnail\" alt=\"\" \/><\/a><\/li><li><a data-fancybox=\"gallery486\" href=\"https:\/\/muzeuciclism.ro\/wp-content\/uploads\/DSCN1780.jpg\" class=\"eig-popup\" title=\"Medalie AMTE (Arad), locul II, 1921 (avers)\" data-caption=\"Medalie AMTE (Arad), locul II, 1921 (avers)\" target=\"_blank\"><i class=\"icon-view\"><\/i><span class=\"overlay\"><\/span><img loading=\"lazy\" decoding=\"async\" width=\"150\" height=\"150\" src=\"https:\/\/muzeuciclism.ro\/wp-content\/uploads\/DSCN1780-150x150.jpg\" class=\"attachment-thumbnail size-thumbnail\" alt=\"\" srcset=\"https:\/\/muzeuciclism.ro\/wp-content\/uploads\/DSCN1780-150x150.jpg 150w, https:\/\/muzeuciclism.ro\/wp-content\/uploads\/DSCN1780.jpg 336w\" sizes=\"auto, (max-width: 150px) 100vw, 150px\" \/><\/a><\/li><li><a data-fancybox=\"gallery486\" href=\"https:\/\/muzeuciclism.ro\/wp-content\/uploads\/DSCN1781.jpg\" class=\"eig-popup\" title=\"Medalie AMTE (Arad), locul II, 1921 (revers)\" data-caption=\"Medalie AMTE (Arad), locul II, 1921 (revers)\" target=\"_blank\"><i class=\"icon-view\"><\/i><span class=\"overlay\"><\/span><img loading=\"lazy\" decoding=\"async\" width=\"150\" height=\"150\" src=\"https:\/\/muzeuciclism.ro\/wp-content\/uploads\/DSCN1781-150x150.jpg\" class=\"attachment-thumbnail size-thumbnail\" alt=\"\" srcset=\"https:\/\/muzeuciclism.ro\/wp-content\/uploads\/DSCN1781-150x150.jpg 150w, https:\/\/muzeuciclism.ro\/wp-content\/uploads\/DSCN1781-300x300.jpg 300w, https:\/\/muzeuciclism.ro\/wp-content\/uploads\/DSCN1781.jpg 337w\" sizes=\"auto, (max-width: 150px) 100vw, 150px\" \/><\/a><\/li><li><a data-fancybox=\"gallery486\" href=\"https:\/\/muzeuciclism.ro\/wp-content\/uploads\/DSCN1782.jpg\" class=\"eig-popup\" title=\"Medalie Meteor (Arad), Campionatul Ora\u0219ului Arad, 100 km, locul I, 1931 (avers)\" data-caption=\"Medalie Meteor (Arad), Campionatul Ora\u0219ului Arad, 100 km, locul I, 1931 (avers)\" target=\"_blank\"><i class=\"icon-view\"><\/i><span class=\"overlay\"><\/span><img loading=\"lazy\" decoding=\"async\" width=\"150\" height=\"150\" src=\"https:\/\/muzeuciclism.ro\/wp-content\/uploads\/DSCN1782-150x150.jpg\" class=\"attachment-thumbnail size-thumbnail\" alt=\"\" \/><\/a><\/li><li><a data-fancybox=\"gallery486\" href=\"https:\/\/muzeuciclism.ro\/wp-content\/uploads\/DSCN1783.jpg\" class=\"eig-popup\" title=\"Medalie Meteor (Arad), Campionatul Ora\u0219ului Arad, 100 km, locul I, 1931 (revers)\" data-caption=\"Medalie Meteor (Arad), Campionatul Ora\u0219ului Arad, 100 km, locul I, 1931 (revers)\" target=\"_blank\"><i class=\"icon-view\"><\/i><span class=\"overlay\"><\/span><img loading=\"lazy\" decoding=\"async\" width=\"150\" height=\"150\" src=\"https:\/\/muzeuciclism.ro\/wp-content\/uploads\/DSCN1783-150x150.jpg\" class=\"attachment-thumbnail size-thumbnail\" alt=\"\" \/><\/a><\/li><li><a data-fancybox=\"gallery486\" href=\"https:\/\/muzeuciclism.ro\/wp-content\/uploads\/DSCN1784.jpg\" class=\"eig-popup\" title=\"Medalie Meteor (Arad), locul II, 1931 (avers)\" data-caption=\"Medalie Meteor (Arad), locul II, 1931 (avers)\" target=\"_blank\"><i class=\"icon-view\"><\/i><span class=\"overlay\"><\/span><img loading=\"lazy\" decoding=\"async\" width=\"150\" height=\"150\" src=\"https:\/\/muzeuciclism.ro\/wp-content\/uploads\/DSCN1784-150x150.jpg\" class=\"attachment-thumbnail size-thumbnail\" alt=\"\" \/><\/a><\/li><li><a data-fancybox=\"gallery486\" href=\"https:\/\/muzeuciclism.ro\/wp-content\/uploads\/DSCN1785.jpg\" class=\"eig-popup\" title=\"Medalie Meteor (Arad), locul II, 1931 (revers)\" data-caption=\"Medalie Meteor (Arad), locul II, 1931 (revers)\" target=\"_blank\"><i class=\"icon-view\"><\/i><span class=\"overlay\"><\/span><img loading=\"lazy\" decoding=\"async\" width=\"150\" height=\"150\" src=\"https:\/\/muzeuciclism.ro\/wp-content\/uploads\/DSCN1785-150x150.jpg\" class=\"attachment-thumbnail size-thumbnail\" alt=\"\" \/><\/a><\/li><li><a data-fancybox=\"gallery486\" href=\"https:\/\/muzeuciclism.ro\/wp-content\/uploads\/DSCN1787.jpg\" class=\"eig-popup\" title=\"Medalie Meteor (Arad), 100 km, locul VI, 1923 (avers)\" data-caption=\"Medalie Meteor (Arad), 100 km, locul VI, 1923 (avers)\" target=\"_blank\"><i class=\"icon-view\"><\/i><span class=\"overlay\"><\/span><img loading=\"lazy\" decoding=\"async\" width=\"150\" height=\"150\" src=\"https:\/\/muzeuciclism.ro\/wp-content\/uploads\/DSCN1787-150x150.jpg\" class=\"attachment-thumbnail size-thumbnail\" alt=\"\" \/><\/a><\/li><li><a data-fancybox=\"gallery486\" href=\"https:\/\/muzeuciclism.ro\/wp-content\/uploads\/DSCN1788.jpg\" class=\"eig-popup\" title=\"Medalie Meteor (Arad), 100 km, locul VI, 1923 (revers)\" data-caption=\"Medalie Meteor (Arad), 100 km, locul VI, 1923 (revers)\" target=\"_blank\"><i class=\"icon-view\"><\/i><span class=\"overlay\"><\/span><img loading=\"lazy\" decoding=\"async\" width=\"150\" height=\"150\" src=\"https:\/\/muzeuciclism.ro\/wp-content\/uploads\/DSCN1788-150x150.jpg\" class=\"attachment-thumbnail size-thumbnail\" alt=\"\" \/><\/a><\/li><li><a data-fancybox=\"gallery486\" href=\"https:\/\/muzeuciclism.ro\/wp-content\/uploads\/DSCN1789.jpg\" class=\"eig-popup\" title=\"Medalie AMTE (Arad), 50 km, locul I, 1947 (avers)\" data-caption=\"Medalie AMTE (Arad), 50 km, locul I, 1947 (avers)\" target=\"_blank\"><i class=\"icon-view\"><\/i><span class=\"overlay\"><\/span><img loading=\"lazy\" decoding=\"async\" width=\"150\" height=\"150\" src=\"https:\/\/muzeuciclism.ro\/wp-content\/uploads\/DSCN1789-150x150.jpg\" class=\"attachment-thumbnail size-thumbnail\" alt=\"\" \/><\/a><\/li><li><a data-fancybox=\"gallery486\" href=\"https:\/\/muzeuciclism.ro\/wp-content\/uploads\/DSCN1790.jpg\" class=\"eig-popup\" title=\"Medalie AMTE (Arad), 50 km, locul I, 1947 (revers)\" data-caption=\"Medalie AMTE (Arad), 50 km, locul I, 1947 (revers)\" target=\"_blank\"><i class=\"icon-view\"><\/i><span class=\"overlay\"><\/span><img loading=\"lazy\" decoding=\"async\" width=\"150\" height=\"150\" src=\"https:\/\/muzeuciclism.ro\/wp-content\/uploads\/DSCN1790-150x150.jpg\" class=\"attachment-thumbnail size-thumbnail\" alt=\"\" \/><\/a><\/li><li><a data-fancybox=\"gallery486\" href=\"https:\/\/muzeuciclism.ro\/wp-content\/uploads\/DSCN1791.jpg\" class=\"eig-popup\" title=\"Medalie AMTE (Arad), 50 km, locul III, 1947 (avers)\" data-caption=\"Medalie AMTE (Arad), 50 km, locul III, 1947 (avers)\" target=\"_blank\"><i class=\"icon-view\"><\/i><span class=\"overlay\"><\/span><img loading=\"lazy\" decoding=\"async\" width=\"150\" height=\"150\" src=\"https:\/\/muzeuciclism.ro\/wp-content\/uploads\/DSCN1791-150x150.jpg\" class=\"attachment-thumbnail size-thumbnail\" alt=\"\" \/><\/a><\/li><li><a data-fancybox=\"gallery486\" href=\"https:\/\/muzeuciclism.ro\/wp-content\/uploads\/DSCN1792.jpg\" class=\"eig-popup\" title=\"Medalie AMTE (Arad), 50 km, locul III, 1947 (revers)\" data-caption=\"Medalie AMTE (Arad), 50 km, locul III, 1947 (revers)\" target=\"_blank\"><i class=\"icon-view\"><\/i><span class=\"overlay\"><\/span><img loading=\"lazy\" decoding=\"async\" width=\"150\" height=\"150\" src=\"https:\/\/muzeuciclism.ro\/wp-content\/uploads\/DSCN1792-150x150.jpg\" class=\"attachment-thumbnail size-thumbnail\" alt=\"\" \/><\/a><\/li><li><a data-fancybox=\"gallery486\" href=\"https:\/\/muzeuciclism.ro\/wp-content\/uploads\/DSCN1795.jpg\" class=\"eig-popup\" title=\"Medalie AMTE (Arad), 50 km, locul I, 1928 (avers)\" data-caption=\"Medalie AMTE (Arad), 50 km, locul I, 1928 (avers)\" target=\"_blank\"><i class=\"icon-view\"><\/i><span class=\"overlay\"><\/span><img loading=\"lazy\" decoding=\"async\" width=\"150\" height=\"150\" src=\"https:\/\/muzeuciclism.ro\/wp-content\/uploads\/DSCN1795-150x150.jpg\" class=\"attachment-thumbnail size-thumbnail\" alt=\"\" \/><\/a><\/li><li><a data-fancybox=\"gallery486\" href=\"https:\/\/muzeuciclism.ro\/wp-content\/uploads\/DSCN1796.jpg\" class=\"eig-popup\" title=\"Medalie AMTE (Arad), 50 km, locul I, 1928 (revers)\" data-caption=\"Medalie AMTE (Arad), 50 km, locul I, 1928 (revers)\" target=\"_blank\"><i class=\"icon-view\"><\/i><span class=\"overlay\"><\/span><img loading=\"lazy\" decoding=\"async\" width=\"150\" height=\"150\" src=\"https:\/\/muzeuciclism.ro\/wp-content\/uploads\/DSCN1796-150x150.jpg\" class=\"attachment-thumbnail size-thumbnail\" alt=\"\" \/><\/a><\/li><li><a data-fancybox=\"gallery486\" href=\"https:\/\/muzeuciclism.ro\/wp-content\/uploads\/DSCN1797.jpg\" class=\"eig-popup\" title=\"Medalie AMTE (Arad), 700 km, locul III, 1923 (avers)\" data-caption=\"Medalie AMTE (Arad), 700 km, locul III, 1923 (avers)\" target=\"_blank\"><i class=\"icon-view\"><\/i><span class=\"overlay\"><\/span><img loading=\"lazy\" decoding=\"async\" width=\"150\" height=\"150\" src=\"https:\/\/muzeuciclism.ro\/wp-content\/uploads\/DSCN1797-150x150.jpg\" class=\"attachment-thumbnail size-thumbnail\" alt=\"\" \/><\/a><\/li><li><a data-fancybox=\"gallery486\" href=\"https:\/\/muzeuciclism.ro\/wp-content\/uploads\/DSCN1798.jpg\" class=\"eig-popup\" title=\"Medalie AMTE (Arad), 700 km, locul III, 1923 (revers)\" data-caption=\"Medalie AMTE (Arad), 700 km, locul III, 1923 (revers)\" target=\"_blank\"><i class=\"icon-view\"><\/i><span class=\"overlay\"><\/span><img loading=\"lazy\" decoding=\"async\" width=\"150\" height=\"150\" src=\"https:\/\/muzeuciclism.ro\/wp-content\/uploads\/DSCN1798-150x150.jpg\" class=\"attachment-thumbnail size-thumbnail\" alt=\"\" \/><\/a><\/li><li><a data-fancybox=\"gallery486\" href=\"https:\/\/muzeuciclism.ro\/wp-content\/uploads\/DSCN1799.jpg\" class=\"eig-popup\" title=\"Medalie AMEFA (Arad), Ciclocros pedestru, locul I, 1938 (avers)\" data-caption=\"Medalie AMEFA (Arad), Ciclocros pedestru, locul I, 1938 (avers)\" target=\"_blank\"><i class=\"icon-view\"><\/i><span class=\"overlay\"><\/span><img loading=\"lazy\" decoding=\"async\" width=\"150\" height=\"150\" src=\"https:\/\/muzeuciclism.ro\/wp-content\/uploads\/DSCN1799-150x150.jpg\" class=\"attachment-thumbnail size-thumbnail\" alt=\"\" \/><\/a><\/li><li><a data-fancybox=\"gallery486\" href=\"https:\/\/muzeuciclism.ro\/wp-content\/uploads\/DSCN1800.jpg\" class=\"eig-popup\" title=\"Medalie AMEFA (Arad), Ciclocros pedestru, locul I, 1938 (revers)\" data-caption=\"Medalie AMEFA (Arad), Ciclocros pedestru, locul I, 1938 (revers)\" target=\"_blank\"><i class=\"icon-view\"><\/i><span class=\"overlay\"><\/span><img loading=\"lazy\" decoding=\"async\" width=\"150\" height=\"150\" src=\"https:\/\/muzeuciclism.ro\/wp-content\/uploads\/DSCN1800-150x150.jpg\" class=\"attachment-thumbnail size-thumbnail\" alt=\"\" \/><\/a><\/li><li><a data-fancybox=\"gallery486\" href=\"https:\/\/muzeuciclism.ro\/wp-content\/uploads\/DSCN1801.jpg\" class=\"eig-popup\" title=\"Medalie AMEFA (Arad), 10 km, locul II, 1946 (avers)\" data-caption=\"Medalie AMEFA (Arad), 10 km, locul II, 1946 (avers)\" target=\"_blank\"><i class=\"icon-view\"><\/i><span class=\"overlay\"><\/span><img loading=\"lazy\" decoding=\"async\" width=\"150\" height=\"150\" src=\"https:\/\/muzeuciclism.ro\/wp-content\/uploads\/DSCN1801-150x150.jpg\" class=\"attachment-thumbnail size-thumbnail\" alt=\"\" \/><\/a><\/li><li><a data-fancybox=\"gallery486\" href=\"https:\/\/muzeuciclism.ro\/wp-content\/uploads\/DSCN1802.jpg\" class=\"eig-popup\" title=\"Medalie AMEFA (Arad), 10 km, locul II, 1946 (revers)\" data-caption=\"Medalie AMEFA (Arad), 10 km, locul II, 1946 (revers)\" target=\"_blank\"><i class=\"icon-view\"><\/i><span class=\"overlay\"><\/span><img loading=\"lazy\" decoding=\"async\" width=\"150\" height=\"150\" src=\"https:\/\/muzeuciclism.ro\/wp-content\/uploads\/DSCN1802-150x150.jpg\" class=\"attachment-thumbnail size-thumbnail\" alt=\"\" \/><\/a><\/li><li><a data-fancybox=\"gallery486\" href=\"https:\/\/muzeuciclism.ro\/wp-content\/uploads\/DSCN1807.jpg\" class=\"eig-popup\" title=\"Medalie AMEFA (Arad), 30 km, locul II, 1947 (avers)\" data-caption=\"Medalie AMEFA (Arad), 30 km, locul II, 1947 (avers)\" target=\"_blank\"><i class=\"icon-view\"><\/i><span class=\"overlay\"><\/span><img loading=\"lazy\" decoding=\"async\" width=\"150\" height=\"150\" src=\"https:\/\/muzeuciclism.ro\/wp-content\/uploads\/DSCN1807-150x150.jpg\" class=\"attachment-thumbnail size-thumbnail\" alt=\"\" \/><\/a><\/li><li><a data-fancybox=\"gallery486\" href=\"https:\/\/muzeuciclism.ro\/wp-content\/uploads\/DSCN1808.jpg\" class=\"eig-popup\" title=\"Medalie AMEFA (Arad), 30 km, locul II, 1947 (revers)\" data-caption=\"Medalie AMEFA (Arad), 30 km, locul II, 1947 (revers)\" target=\"_blank\"><i class=\"icon-view\"><\/i><span class=\"overlay\"><\/span><img loading=\"lazy\" decoding=\"async\" width=\"150\" height=\"150\" src=\"https:\/\/muzeuciclism.ro\/wp-content\/uploads\/DSCN1808-150x150.jpg\" class=\"attachment-thumbnail size-thumbnail\" alt=\"\" \/><\/a><\/li><li><a data-fancybox=\"gallery486\" href=\"https:\/\/muzeuciclism.ro\/wp-content\/uploads\/DSCN1809.jpg\" class=\"eig-popup\" title=\"Medalie OSP, 60 km, locul I, 1948 (avers)\" data-caption=\"Medalie OSP, 60 km, locul I, 1948 (avers)\" target=\"_blank\"><i class=\"icon-view\"><\/i><span class=\"overlay\"><\/span><img loading=\"lazy\" decoding=\"async\" width=\"150\" height=\"150\" src=\"https:\/\/muzeuciclism.ro\/wp-content\/uploads\/DSCN1809-150x150.jpg\" class=\"attachment-thumbnail size-thumbnail\" alt=\"\" \/><\/a><\/li><li><a data-fancybox=\"gallery486\" href=\"https:\/\/muzeuciclism.ro\/wp-content\/uploads\/DSCN1810.jpg\" class=\"eig-popup\" title=\"Medalie OSP, 60 km, locul I, 1948 (revers)\" data-caption=\"Medalie OSP, 60 km, locul I, 1948 (revers)\" target=\"_blank\"><i class=\"icon-view\"><\/i><span class=\"overlay\"><\/span><img loading=\"lazy\" decoding=\"async\" width=\"150\" height=\"150\" src=\"https:\/\/muzeuciclism.ro\/wp-content\/uploads\/DSCN1810-150x150.jpg\" class=\"attachment-thumbnail size-thumbnail\" alt=\"\" \/><\/a><\/li><li><a data-fancybox=\"gallery486\" href=\"https:\/\/muzeuciclism.ro\/wp-content\/uploads\/DSCN1815.jpg\" class=\"eig-popup\" title=\"Medalie jubileu AMEFA 1911 - 1946, 40 km, locul I, 1946 (avers)\" data-caption=\"Medalie jubileu AMEFA 1911 - 1946, 40 km, locul I, 1946 (avers)\" target=\"_blank\"><i class=\"icon-view\"><\/i><span class=\"overlay\"><\/span><img loading=\"lazy\" decoding=\"async\" width=\"150\" height=\"150\" src=\"https:\/\/muzeuciclism.ro\/wp-content\/uploads\/DSCN1815-150x150.jpg\" class=\"attachment-thumbnail size-thumbnail\" alt=\"\" \/><\/a><\/li><li><a data-fancybox=\"gallery486\" href=\"https:\/\/muzeuciclism.ro\/wp-content\/uploads\/DSCN1816.jpg\" class=\"eig-popup\" title=\"Medalie jubileu AMEFA 1911 - 1946, 40 km, locul I, 1946 (revers)\" data-caption=\"Medalie jubileu AMEFA 1911 - 1946, 40 km, locul I, 1946 (revers)\" target=\"_blank\"><i class=\"icon-view\"><\/i><span class=\"overlay\"><\/span><img loading=\"lazy\" decoding=\"async\" width=\"150\" height=\"150\" src=\"https:\/\/muzeuciclism.ro\/wp-content\/uploads\/DSCN1816-150x150.jpg\" class=\"attachment-thumbnail size-thumbnail\" alt=\"\" \/><\/a><\/li><li><a data-fancybox=\"gallery486\" href=\"https:\/\/muzeuciclism.ro\/wp-content\/uploads\/DSCN1817.jpg\" class=\"eig-popup\" title=\"Medalie Meteor Arad, 20 km, locul IV, 1932 (avers)\" data-caption=\"Medalie Meteor Arad, 20 km, locul IV, 1932 (avers)\" target=\"_blank\"><i class=\"icon-view\"><\/i><span class=\"overlay\"><\/span><img loading=\"lazy\" decoding=\"async\" width=\"150\" height=\"150\" src=\"https:\/\/muzeuciclism.ro\/wp-content\/uploads\/DSCN1817-150x150.jpg\" class=\"attachment-thumbnail size-thumbnail\" alt=\"\" \/><\/a><\/li><li><a data-fancybox=\"gallery486\" href=\"https:\/\/muzeuciclism.ro\/wp-content\/uploads\/DSCN1818.jpg\" class=\"eig-popup\" title=\"Medalie Meteor Arad, 20 km, locul IV, 1932 (revers)\" data-caption=\"Medalie Meteor Arad, 20 km, locul IV, 1932 (revers)\" target=\"_blank\"><i class=\"icon-view\"><\/i><span class=\"overlay\"><\/span><img loading=\"lazy\" decoding=\"async\" width=\"150\" height=\"150\" src=\"https:\/\/muzeuciclism.ro\/wp-content\/uploads\/DSCN1818-150x150.jpg\" class=\"attachment-thumbnail size-thumbnail\" alt=\"\" \/><\/a><\/li><li><a data-fancybox=\"gallery486\" href=\"https:\/\/muzeuciclism.ro\/wp-content\/uploads\/DSCN1819.jpg\" class=\"eig-popup\" title=\"Medalie AMEFA Arad, 8000 m, locul I, 1923 (avers)\" data-caption=\"Medalie AMEFA Arad, 8000 m, locul I, 1923 (avers)\" target=\"_blank\"><i class=\"icon-view\"><\/i><span class=\"overlay\"><\/span><img loading=\"lazy\" decoding=\"async\" width=\"150\" height=\"150\" src=\"https:\/\/muzeuciclism.ro\/wp-content\/uploads\/DSCN1819-150x150.jpg\" class=\"attachment-thumbnail size-thumbnail\" alt=\"\" \/><\/a><\/li><li><a data-fancybox=\"gallery486\" href=\"https:\/\/muzeuciclism.ro\/wp-content\/uploads\/DSCN1820.jpg\" class=\"eig-popup\" title=\"Medalie AMEFA Arad, 8000 m, locul I, 1923 (revers)\" data-caption=\"Medalie AMEFA Arad, 8000 m, locul I, 1923 (revers)\" target=\"_blank\"><i class=\"icon-view\"><\/i><span class=\"overlay\"><\/span><img loading=\"lazy\" decoding=\"async\" width=\"150\" height=\"150\" src=\"https:\/\/muzeuciclism.ro\/wp-content\/uploads\/DSCN1820-150x150.jpg\" class=\"attachment-thumbnail size-thumbnail\" alt=\"\" \/><\/a><\/li><li><a data-fancybox=\"gallery486\" href=\"https:\/\/muzeuciclism.ro\/wp-content\/uploads\/DSCN1823.jpg\" class=\"eig-popup\" title=\"Medalie SMTE, 100 km, locul II, 1936 (avers)\" data-caption=\"Medalie SMTE, 100 km, locul II, 1936 (avers)\" target=\"_blank\"><i class=\"icon-view\"><\/i><span class=\"overlay\"><\/span><img loading=\"lazy\" decoding=\"async\" width=\"150\" height=\"150\" src=\"https:\/\/muzeuciclism.ro\/wp-content\/uploads\/DSCN1823-150x150.jpg\" class=\"attachment-thumbnail size-thumbnail\" alt=\"\" \/><\/a><\/li><li><a data-fancybox=\"gallery486\" href=\"https:\/\/muzeuciclism.ro\/wp-content\/uploads\/DSCN1824.jpg\" class=\"eig-popup\" title=\"Medalie SMTE, 100 km, locul II, 1936 (revers)\" data-caption=\"Medalie SMTE, 100 km, locul II, 1936 (revers)\" target=\"_blank\"><i class=\"icon-view\"><\/i><span class=\"overlay\"><\/span><img loading=\"lazy\" decoding=\"async\" width=\"150\" height=\"150\" src=\"https:\/\/muzeuciclism.ro\/wp-content\/uploads\/DSCN1824-150x150.jpg\" class=\"attachment-thumbnail size-thumbnail\" alt=\"\" srcset=\"https:\/\/muzeuciclism.ro\/wp-content\/uploads\/DSCN1824-150x150.jpg 150w, https:\/\/muzeuciclism.ro\/wp-content\/uploads\/DSCN1824.jpg 336w\" sizes=\"auto, (max-width: 150px) 100vw, 150px\" \/><\/a><\/li><li><a data-fancybox=\"gallery486\" href=\"https:\/\/muzeuciclism.ro\/wp-content\/uploads\/DSCN1825.jpg\" class=\"eig-popup\" title=\"Medalie ciclism Rom\u00e2nia, neatribuit\u0103, cca. 1930 (avers)\" data-caption=\"Medalie ciclism Rom\u00e2nia, neatribuit\u0103, cca. 1930 (avers)\" target=\"_blank\"><i class=\"icon-view\"><\/i><span class=\"overlay\"><\/span><img loading=\"lazy\" decoding=\"async\" width=\"150\" height=\"150\" src=\"https:\/\/muzeuciclism.ro\/wp-content\/uploads\/DSCN1825-150x150.jpg\" class=\"attachment-thumbnail size-thumbnail\" alt=\"\" srcset=\"https:\/\/muzeuciclism.ro\/wp-content\/uploads\/DSCN1825-150x150.jpg 150w, https:\/\/muzeuciclism.ro\/wp-content\/uploads\/DSCN1825-298x300.jpg 298w, https:\/\/muzeuciclism.ro\/wp-content\/uploads\/DSCN1825.jpg 336w\" sizes=\"auto, (max-width: 150px) 100vw, 150px\" \/><\/a><\/li><li><a data-fancybox=\"gallery486\" href=\"https:\/\/muzeuciclism.ro\/wp-content\/uploads\/DSCN1826.jpg\" class=\"eig-popup\" title=\"Medalie ciclism Rom\u00e2nia, neatribuit\u0103, cca. 1930 (revers)\" data-caption=\"Medalie ciclism Rom\u00e2nia, neatribuit\u0103, cca. 1930 (revers)\" target=\"_blank\"><i class=\"icon-view\"><\/i><span class=\"overlay\"><\/span><img loading=\"lazy\" decoding=\"async\" width=\"150\" height=\"150\" src=\"https:\/\/muzeuciclism.ro\/wp-content\/uploads\/DSCN1826-150x150.jpg\" class=\"attachment-thumbnail size-thumbnail\" alt=\"\" \/><\/a><\/li><li><a data-fancybox=\"gallery486\" href=\"https:\/\/muzeuciclism.ro\/wp-content\/uploads\/DSCN1827.jpg\" class=\"eig-popup\" title=\"Medalie ciclism METROPOLA, 10000 m, locul III, cca. 1935 (avers)\" data-caption=\"Medalie ciclism METROPOLA, 10000 m, locul III, cca. 1935 (avers)\" target=\"_blank\"><i class=\"icon-view\"><\/i><span class=\"overlay\"><\/span><img loading=\"lazy\" decoding=\"async\" width=\"150\" height=\"150\" src=\"https:\/\/muzeuciclism.ro\/wp-content\/uploads\/DSCN1827-150x150.jpg\" class=\"attachment-thumbnail size-thumbnail\" alt=\"\" \/><\/a><\/li><li><a data-fancybox=\"gallery486\" href=\"https:\/\/muzeuciclism.ro\/wp-content\/uploads\/DSCN1828.jpg\" class=\"eig-popup\" title=\"Medalie ciclism METROPOLA, 10000 m, locul III, cca. 1935 (revers)\" data-caption=\"Medalie ciclism METROPOLA, 10000 m, locul III, cca. 1935 (revers)\" target=\"_blank\"><i class=\"icon-view\"><\/i><span class=\"overlay\"><\/span><img loading=\"lazy\" decoding=\"async\" width=\"150\" height=\"150\" src=\"https:\/\/muzeuciclism.ro\/wp-content\/uploads\/DSCN1828-150x150.jpg\" class=\"attachment-thumbnail size-thumbnail\" alt=\"\" \/><\/a><\/li><li><a data-fancybox=\"gallery486\" href=\"https:\/\/muzeuciclism.ro\/wp-content\/uploads\/DSCN1829.jpg\" class=\"eig-popup\" title=\"Medalie ciclism NTK (Oradea), 1936 (avers)\" data-caption=\"Medalie ciclism NTK (Oradea), 1936 (avers)\" target=\"_blank\"><i class=\"icon-view\"><\/i><span class=\"overlay\"><\/span><img loading=\"lazy\" decoding=\"async\" width=\"150\" height=\"150\" src=\"https:\/\/muzeuciclism.ro\/wp-content\/uploads\/DSCN1829-150x150.jpg\" class=\"attachment-thumbnail size-thumbnail\" alt=\"\" srcset=\"https:\/\/muzeuciclism.ro\/wp-content\/uploads\/DSCN1829-150x150.jpg 150w, https:\/\/muzeuciclism.ro\/wp-content\/uploads\/DSCN1829-300x297.jpg 300w, https:\/\/muzeuciclism.ro\/wp-content\/uploads\/DSCN1829.jpg 339w\" sizes=\"auto, (max-width: 150px) 100vw, 150px\" \/><\/a><\/li><li><a data-fancybox=\"gallery486\" href=\"https:\/\/muzeuciclism.ro\/wp-content\/uploads\/DSCN1830.jpg\" class=\"eig-popup\" title=\"Medalie ciclism NTK (Oradea), 1936 (revers)\" data-caption=\"Medalie ciclism NTK (Oradea), 1936 (revers)\" target=\"_blank\"><i class=\"icon-view\"><\/i><span class=\"overlay\"><\/span><img loading=\"lazy\" decoding=\"async\" width=\"150\" height=\"150\" src=\"https:\/\/muzeuciclism.ro\/wp-content\/uploads\/DSCN1830-150x150.jpg\" class=\"attachment-thumbnail size-thumbnail\" alt=\"\" srcset=\"https:\/\/muzeuciclism.ro\/wp-content\/uploads\/DSCN1830-150x150.jpg 150w, https:\/\/muzeuciclism.ro\/wp-content\/uploads\/DSCN1830-300x298.jpg 300w, https:\/\/muzeuciclism.ro\/wp-content\/uploads\/DSCN1830.jpg 338w\" sizes=\"auto, (max-width: 150px) 100vw, 150px\" \/><\/a><\/li><li><a data-fancybox=\"gallery486\" href=\"https:\/\/muzeuciclism.ro\/wp-content\/uploads\/DSCN1831.jpg\" class=\"eig-popup\" title=\"Medalie ciclism CPR, 50 km, locul II, cca. 1935 (avers)\" data-caption=\"Medalie ciclism CPR, 50 km, locul II, cca. 1935 (avers)\" target=\"_blank\"><i class=\"icon-view\"><\/i><span class=\"overlay\"><\/span><img loading=\"lazy\" decoding=\"async\" width=\"150\" height=\"150\" src=\"https:\/\/muzeuciclism.ro\/wp-content\/uploads\/DSCN1831-150x150.jpg\" class=\"attachment-thumbnail size-thumbnail\" alt=\"\" srcset=\"https:\/\/muzeuciclism.ro\/wp-content\/uploads\/DSCN1831-150x150.jpg 150w, https:\/\/muzeuciclism.ro\/wp-content\/uploads\/DSCN1831-300x297.jpg 300w, https:\/\/muzeuciclism.ro\/wp-content\/uploads\/DSCN1831.jpg 339w\" sizes=\"auto, (max-width: 150px) 100vw, 150px\" \/><\/a><\/li><li><a data-fancybox=\"gallery486\" href=\"https:\/\/muzeuciclism.ro\/wp-content\/uploads\/DSCN1832.jpg\" class=\"eig-popup\" title=\"Medalie ciclism CPR, 50 km, locul II, cca. 1935 (revers)\" data-caption=\"Medalie ciclism CPR, 50 km, locul II, cca. 1935 (revers)\" target=\"_blank\"><i class=\"icon-view\"><\/i><span class=\"overlay\"><\/span><img loading=\"lazy\" decoding=\"async\" width=\"150\" height=\"150\" src=\"https:\/\/muzeuciclism.ro\/wp-content\/uploads\/DSCN1832-150x150.jpg\" class=\"attachment-thumbnail size-thumbnail\" alt=\"\" \/><\/a><\/li><li><a data-fancybox=\"gallery486\" href=\"https:\/\/muzeuciclism.ro\/wp-content\/uploads\/DSCN1833.jpg\" class=\"eig-popup\" title=\"Medalie ciclism Cupa Schlezak, 30 km, locul III, 1936 (avers)\" data-caption=\"Medalie ciclism Cupa Schlezak, 30 km, locul III, 1936 (avers)\" target=\"_blank\"><i class=\"icon-view\"><\/i><span class=\"overlay\"><\/span><img loading=\"lazy\" decoding=\"async\" width=\"150\" height=\"150\" src=\"https:\/\/muzeuciclism.ro\/wp-content\/uploads\/DSCN1833-150x150.jpg\" class=\"attachment-thumbnail size-thumbnail\" alt=\"\" \/><\/a><\/li><li><a data-fancybox=\"gallery486\" href=\"https:\/\/muzeuciclism.ro\/wp-content\/uploads\/DSCN1834.jpg\" class=\"eig-popup\" title=\"Medalie ciclism Cupa Schlezak, 30 km, locul III, 1936 (revers)\" data-caption=\"Medalie ciclism Cupa Schlezak, 30 km, locul III, 1936 (revers)\" target=\"_blank\"><i class=\"icon-view\"><\/i><span class=\"overlay\"><\/span><img loading=\"lazy\" decoding=\"async\" width=\"150\" height=\"150\" src=\"https:\/\/muzeuciclism.ro\/wp-content\/uploads\/DSCN1834-150x150.jpg\" class=\"attachment-thumbnail size-thumbnail\" alt=\"\" \/><\/a><\/li><li><a data-fancybox=\"gallery486\" href=\"https:\/\/muzeuciclism.ro\/wp-content\/uploads\/DSCN1835.jpg\" class=\"eig-popup\" title=\"Medalie ciclism Cupa Schlezak, 100 km, locul I,  1936 (avers)\" data-caption=\"Medalie ciclism Cupa Schlezak, 100 km, locul I,  1936 (avers)\" target=\"_blank\"><i class=\"icon-view\"><\/i><span class=\"overlay\"><\/span><img loading=\"lazy\" decoding=\"async\" width=\"150\" height=\"150\" src=\"https:\/\/muzeuciclism.ro\/wp-content\/uploads\/DSCN1835-150x150.jpg\" class=\"attachment-thumbnail size-thumbnail\" alt=\"\" \/><\/a><\/li><li><a data-fancybox=\"gallery486\" href=\"https:\/\/muzeuciclism.ro\/wp-content\/uploads\/DSCN1836.jpg\" class=\"eig-popup\" title=\"Medalie ciclism Cupa Schlezak, 100 km, locul I,  1936 (avers)\" data-caption=\"Medalie ciclism Cupa Schlezak, 100 km, locul I,  1936 (avers)\" target=\"_blank\"><i class=\"icon-view\"><\/i><span class=\"overlay\"><\/span><img loading=\"lazy\" decoding=\"async\" width=\"150\" height=\"150\" src=\"https:\/\/muzeuciclism.ro\/wp-content\/uploads\/DSCN1836-150x150.jpg\" class=\"attachment-thumbnail size-thumbnail\" alt=\"\" \/><\/a><\/li><li><a data-fancybox=\"gallery486\" href=\"https:\/\/muzeuciclism.ro\/wp-content\/uploads\/DSCN1839.jpg\" class=\"eig-popup\" title=\"Medalie NTK (Oradea), 30 km, 1934 (avers)\" data-caption=\"Medalie NTK (Oradea), 30 km, 1934 (avers)\" target=\"_blank\"><i class=\"icon-view\"><\/i><span class=\"overlay\"><\/span><img loading=\"lazy\" decoding=\"async\" width=\"150\" height=\"150\" src=\"https:\/\/muzeuciclism.ro\/wp-content\/uploads\/DSCN1839-150x150.jpg\" class=\"attachment-thumbnail size-thumbnail\" alt=\"\" \/><\/a><\/li><li><a data-fancybox=\"gallery486\" href=\"https:\/\/muzeuciclism.ro\/wp-content\/uploads\/DSCN1840.jpg\" class=\"eig-popup\" title=\"Medalie NTK (Oradea), 30 km, 1934 (revers)\" data-caption=\"Medalie NTK (Oradea), 30 km, 1934 (revers)\" target=\"_blank\"><i class=\"icon-view\"><\/i><span class=\"overlay\"><\/span><img loading=\"lazy\" decoding=\"async\" width=\"150\" height=\"150\" src=\"https:\/\/muzeuciclism.ro\/wp-content\/uploads\/DSCN1840-150x150.jpg\" class=\"attachment-thumbnail size-thumbnail\" alt=\"\" \/><\/a><\/li><li><a data-fancybox=\"gallery486\" href=\"https:\/\/muzeuciclism.ro\/wp-content\/uploads\/DSCN1841.jpg\" class=\"eig-popup\" title=\"Medalie AMTE (Arad), 100 km, locul II, cca. 1925 (avers)\" data-caption=\"Medalie AMTE (Arad), 100 km, locul II, cca. 1925 (avers)\" target=\"_blank\"><i class=\"icon-view\"><\/i><span class=\"overlay\"><\/span><img loading=\"lazy\" decoding=\"async\" width=\"150\" height=\"150\" src=\"https:\/\/muzeuciclism.ro\/wp-content\/uploads\/DSCN1841-150x150.jpg\" class=\"attachment-thumbnail size-thumbnail\" alt=\"\" \/><\/a><\/li><li><a data-fancybox=\"gallery486\" href=\"https:\/\/muzeuciclism.ro\/wp-content\/uploads\/DSCN1842.jpg\" class=\"eig-popup\" title=\"Medalie AMTE (Arad), 100 km, locul II, cca. 1925 (revers)\" data-caption=\"Medalie AMTE (Arad), 100 km, locul II, cca. 1925 (revers)\" target=\"_blank\"><i class=\"icon-view\"><\/i><span class=\"overlay\"><\/span><img loading=\"lazy\" decoding=\"async\" width=\"150\" height=\"150\" src=\"https:\/\/muzeuciclism.ro\/wp-content\/uploads\/DSCN1842-150x150.jpg\" class=\"attachment-thumbnail size-thumbnail\" alt=\"\" \/><\/a><\/li><li><a data-fancybox=\"gallery486\" href=\"https:\/\/muzeuciclism.ro\/wp-content\/uploads\/DSCN1845-1.jpg\" class=\"eig-popup\" title=\"Plachet\u0103 FRC, Campionatul Rom\u00e2niei, fond, locul I - T\u0103nase Ignat, 1932 (avers)\" data-caption=\"Plachet\u0103 FRC, Campionatul Rom\u00e2niei, fond, locul I - T\u0103nase Ignat, 1932 (avers)\" target=\"_blank\"><i class=\"icon-view\"><\/i><span class=\"overlay\"><\/span><img loading=\"lazy\" decoding=\"async\" width=\"150\" height=\"150\" src=\"https:\/\/muzeuciclism.ro\/wp-content\/uploads\/DSCN1845-1-150x150.jpg\" class=\"attachment-thumbnail size-thumbnail\" alt=\"\" \/><\/a><\/li><li><a data-fancybox=\"gallery486\" href=\"https:\/\/muzeuciclism.ro\/wp-content\/uploads\/DSCN1846.jpg\" class=\"eig-popup\" title=\"Plachet\u0103 FRC, Campionatul Rom\u00e2niei, fond, locul I - T\u0103nase Ignat, 1932 (revers)\" data-caption=\"Plachet\u0103 FRC, Campionatul Rom\u00e2niei, fond, locul I - T\u0103nase Ignat, 1932 (revers)\" target=\"_blank\"><i class=\"icon-view\"><\/i><span class=\"overlay\"><\/span><img loading=\"lazy\" decoding=\"async\" width=\"150\" height=\"150\" src=\"https:\/\/muzeuciclism.ro\/wp-content\/uploads\/DSCN1846-150x150.jpg\" class=\"attachment-thumbnail size-thumbnail\" alt=\"\" \/><\/a><\/li><li><a data-fancybox=\"gallery486\" href=\"https:\/\/muzeuciclism.ro\/wp-content\/uploads\/DSCN1849.jpg\" class=\"eig-popup\" title=\"Plachet\u0103 Cupa Negel, 1927 (unifa\u021b\u0103)\" data-caption=\"Plachet\u0103 Cupa Negel, 1927 (unifa\u021b\u0103)\" target=\"_blank\"><i class=\"icon-view\"><\/i><span class=\"overlay\"><\/span><img loading=\"lazy\" decoding=\"async\" width=\"150\" height=\"150\" src=\"https:\/\/muzeuciclism.ro\/wp-content\/uploads\/DSCN1849-150x150.jpg\" class=\"attachment-thumbnail size-thumbnail\" alt=\"\" \/><\/a><\/li><li><a data-fancybox=\"gallery486\" href=\"https:\/\/muzeuciclism.ro\/wp-content\/uploads\/DSCN1850.jpg\" class=\"eig-popup\" title=\"Plachet\u0103 FRC - T\u0103nase Ignat, cca. 1930 (prob\u0103 I)\" data-caption=\"Plachet\u0103 FRC - T\u0103nase Ignat, cca. 1930 (prob\u0103 I)\" target=\"_blank\"><i class=\"icon-view\"><\/i><span class=\"overlay\"><\/span><img loading=\"lazy\" decoding=\"async\" width=\"150\" height=\"150\" src=\"https:\/\/muzeuciclism.ro\/wp-content\/uploads\/DSCN1850-150x150.jpg\" class=\"attachment-thumbnail size-thumbnail\" alt=\"\" \/><\/a><\/li><li><a data-fancybox=\"gallery486\" href=\"https:\/\/muzeuciclism.ro\/wp-content\/uploads\/DSCN2709.jpg\" class=\"eig-popup\" title=\"Plachete\/medalie FRC - T\u0103nase Ignat, cca. 1930 (probe II)\" data-caption=\"Plachete\/medalie FRC - T\u0103nase Ignat, cca. 1930 (probe II)\" target=\"_blank\"><i class=\"icon-view\"><\/i><span class=\"overlay\"><\/span><img loading=\"lazy\" decoding=\"async\" width=\"150\" height=\"150\" src=\"https:\/\/muzeuciclism.ro\/wp-content\/uploads\/DSCN2709-150x150.jpg\" class=\"attachment-thumbnail size-thumbnail\" alt=\"\" \/><\/a><\/li><li><a data-fancybox=\"gallery486\" href=\"https:\/\/muzeuciclism.ro\/wp-content\/uploads\/DSCN1895.jpg\" class=\"eig-popup\" title=\"Plachet\u0103 FRC, Campionatul na\u021bional de cros ciclopedestru, locul II - T\u0103nase Ignat, 1932 (avers)\" data-caption=\"Plachet\u0103 FRC, Campionatul na\u021bional de cros ciclopedestru, locul II - T\u0103nase Ignat, 1932 (avers)\" target=\"_blank\"><i class=\"icon-view\"><\/i><span class=\"overlay\"><\/span><img loading=\"lazy\" decoding=\"async\" width=\"150\" height=\"150\" src=\"https:\/\/muzeuciclism.ro\/wp-content\/uploads\/DSCN1895-150x150.jpg\" class=\"attachment-thumbnail size-thumbnail\" alt=\"\" \/><\/a><\/li><li><a data-fancybox=\"gallery486\" href=\"https:\/\/muzeuciclism.ro\/wp-content\/uploads\/DSCN1896.jpg\" class=\"eig-popup\" title=\"Plachet\u0103 FRC, Campionatul na\u021bional de cros ciclopedestru, locul II - T\u0103nase Ignat, 1932 (revers)\" data-caption=\"Plachet\u0103 FRC, Campionatul na\u021bional de cros ciclopedestru, locul II - T\u0103nase Ignat, 1932 (revers)\" target=\"_blank\"><i class=\"icon-view\"><\/i><span class=\"overlay\"><\/span><img loading=\"lazy\" decoding=\"async\" width=\"150\" height=\"150\" src=\"https:\/\/muzeuciclism.ro\/wp-content\/uploads\/DSCN1896-150x150.jpg\" class=\"attachment-thumbnail size-thumbnail\" alt=\"\" \/><\/a><\/li><li><a data-fancybox=\"gallery486\" href=\"https:\/\/muzeuciclism.ro\/wp-content\/uploads\/DSCN1854.jpg\" class=\"eig-popup\" title=\"Plachet\u0103 METEOR (Arad), locul I, 1927 (unifa\u021b\u0103)\" data-caption=\"Plachet\u0103 METEOR (Arad), locul I, 1927 (unifa\u021b\u0103)\" target=\"_blank\"><i class=\"icon-view\"><\/i><span class=\"overlay\"><\/span><img loading=\"lazy\" decoding=\"async\" width=\"150\" height=\"150\" src=\"https:\/\/muzeuciclism.ro\/wp-content\/uploads\/DSCN1854-150x150.jpg\" class=\"attachment-thumbnail size-thumbnail\" alt=\"\" \/><\/a><\/li><li><a data-fancybox=\"gallery486\" href=\"https:\/\/muzeuciclism.ro\/wp-content\/uploads\/DSCN1855.jpg\" class=\"eig-popup\" title=\"Medalie METEOR (Arad), 60 km, locul I, 1932 (avers)\" data-caption=\"Medalie METEOR (Arad), 60 km, locul I, 1932 (avers)\" target=\"_blank\"><i class=\"icon-view\"><\/i><span class=\"overlay\"><\/span><img loading=\"lazy\" decoding=\"async\" width=\"150\" height=\"150\" src=\"https:\/\/muzeuciclism.ro\/wp-content\/uploads\/DSCN1855-150x150.jpg\" class=\"attachment-thumbnail size-thumbnail\" alt=\"\" \/><\/a><\/li><li><a data-fancybox=\"gallery486\" href=\"https:\/\/muzeuciclism.ro\/wp-content\/uploads\/DSCN1856.jpg\" class=\"eig-popup\" title=\"Medalie METEOR (Arad), 60 km, locul I, 1932 (revers)\" data-caption=\"Medalie METEOR (Arad), 60 km, locul I, 1932 (revers)\" target=\"_blank\"><i class=\"icon-view\"><\/i><span class=\"overlay\"><\/span><img loading=\"lazy\" decoding=\"async\" width=\"150\" height=\"150\" src=\"https:\/\/muzeuciclism.ro\/wp-content\/uploads\/DSCN1856-150x150.jpg\" class=\"attachment-thumbnail size-thumbnail\" alt=\"\" \/><\/a><\/li><li><a data-fancybox=\"gallery486\" href=\"https:\/\/muzeuciclism.ro\/wp-content\/uploads\/DSCN1857.jpg\" class=\"eig-popup\" title=\"Medalie METEOR (Arad), 50 km, locul I, 1932 (avers)\" data-caption=\"Medalie METEOR (Arad), 50 km, locul I, 1932 (avers)\" target=\"_blank\"><i class=\"icon-view\"><\/i><span class=\"overlay\"><\/span><img loading=\"lazy\" decoding=\"async\" width=\"150\" height=\"150\" src=\"https:\/\/muzeuciclism.ro\/wp-content\/uploads\/DSCN1857-150x150.jpg\" class=\"attachment-thumbnail size-thumbnail\" alt=\"\" \/><\/a><\/li><li><a data-fancybox=\"gallery486\" href=\"https:\/\/muzeuciclism.ro\/wp-content\/uploads\/DSCN1858.jpg\" class=\"eig-popup\" title=\"Medalie METEOR (Arad), 50 km, locul I, 1932 (revers)\" data-caption=\"Medalie METEOR (Arad), 50 km, locul I, 1932 (revers)\" target=\"_blank\"><i class=\"icon-view\"><\/i><span class=\"overlay\"><\/span><img loading=\"lazy\" decoding=\"async\" width=\"150\" height=\"150\" src=\"https:\/\/muzeuciclism.ro\/wp-content\/uploads\/DSCN1858-150x150.jpg\" class=\"attachment-thumbnail size-thumbnail\" alt=\"\" \/><\/a><\/li><li><a data-fancybox=\"gallery486\" href=\"https:\/\/muzeuciclism.ro\/wp-content\/uploads\/DSCN1860.jpg\" class=\"eig-popup\" title=\"Medalie METEOR (Arad), cursa Arad - Timo\u0219oara, locul I, 1932 (avers)\" data-caption=\"Medalie METEOR (Arad), cursa Arad - Timo\u0219oara, locul I, 1932 (avers)\" target=\"_blank\"><i class=\"icon-view\"><\/i><span class=\"overlay\"><\/span><img loading=\"lazy\" decoding=\"async\" width=\"150\" height=\"150\" src=\"https:\/\/muzeuciclism.ro\/wp-content\/uploads\/DSCN1860-150x150.jpg\" class=\"attachment-thumbnail size-thumbnail\" alt=\"\" \/><\/a><\/li><li><a data-fancybox=\"gallery486\" href=\"https:\/\/muzeuciclism.ro\/wp-content\/uploads\/DSCN1861.jpg\" class=\"eig-popup\" title=\"Medalie METEOR (Arad), cursa Arad - Timo\u0219oara, locul I, 1932 (revers)\" data-caption=\"Medalie METEOR (Arad), cursa Arad - Timo\u0219oara, locul I, 1932 (revers)\" target=\"_blank\"><i class=\"icon-view\"><\/i><span class=\"overlay\"><\/span><img loading=\"lazy\" decoding=\"async\" width=\"150\" height=\"150\" src=\"https:\/\/muzeuciclism.ro\/wp-content\/uploads\/DSCN1861-150x150.jpg\" class=\"attachment-thumbnail size-thumbnail\" alt=\"\" \/><\/a><\/li><li><a data-fancybox=\"gallery486\" href=\"https:\/\/muzeuciclism.ro\/wp-content\/uploads\/DSCN1862.jpg\" class=\"eig-popup\" title=\"Medalie METEOR (Arad), Tura  200 km, locul I,  cca. 1930 (avers)\" data-caption=\"Medalie METEOR (Arad), Tura  200 km, locul I,  cca. 1930 (avers)\" target=\"_blank\"><i class=\"icon-view\"><\/i><span class=\"overlay\"><\/span><img loading=\"lazy\" decoding=\"async\" width=\"150\" height=\"150\" src=\"https:\/\/muzeuciclism.ro\/wp-content\/uploads\/DSCN1862-150x150.jpg\" class=\"attachment-thumbnail size-thumbnail\" alt=\"\" \/><\/a><\/li><li><a data-fancybox=\"gallery486\" href=\"https:\/\/muzeuciclism.ro\/wp-content\/uploads\/DSCN1863.jpg\" class=\"eig-popup\" title=\"Medalie METEOR (Arad), Tura  200 km, locul I,  cca. 1930 (revers)\" data-caption=\"Medalie METEOR (Arad), Tura  200 km, locul I,  cca. 1930 (revers)\" target=\"_blank\"><i class=\"icon-view\"><\/i><span class=\"overlay\"><\/span><img loading=\"lazy\" decoding=\"async\" width=\"150\" height=\"150\" src=\"https:\/\/muzeuciclism.ro\/wp-content\/uploads\/DSCN1863-150x150.jpg\" class=\"attachment-thumbnail size-thumbnail\" alt=\"\" \/><\/a><\/li><li><a data-fancybox=\"gallery486\" href=\"https:\/\/muzeuciclism.ro\/wp-content\/uploads\/DSCN1865.jpg\" class=\"eig-popup\" title=\"Plachet\u0103 METEOR (Arad), 100 km, locul II,  1926 (unifa\u021b\u0103)\" data-caption=\"Plachet\u0103 METEOR (Arad), 100 km, locul II,  1926 (unifa\u021b\u0103)\" target=\"_blank\"><i class=\"icon-view\"><\/i><span class=\"overlay\"><\/span><img loading=\"lazy\" decoding=\"async\" width=\"150\" height=\"150\" src=\"https:\/\/muzeuciclism.ro\/wp-content\/uploads\/DSCN1865-150x150.jpg\" class=\"attachment-thumbnail size-thumbnail\" alt=\"\" \/><\/a><\/li><li><a data-fancybox=\"gallery486\" href=\"https:\/\/muzeuciclism.ro\/wp-content\/uploads\/DSCN1866.jpg\" class=\"eig-popup\" title=\"Medalie METEOR (Arad), locul II,  1927 (avers)\" data-caption=\"Medalie METEOR (Arad), locul II,  1927 (avers)\" target=\"_blank\"><i class=\"icon-view\"><\/i><span class=\"overlay\"><\/span><img loading=\"lazy\" decoding=\"async\" width=\"150\" height=\"150\" src=\"https:\/\/muzeuciclism.ro\/wp-content\/uploads\/DSCN1866-150x150.jpg\" class=\"attachment-thumbnail size-thumbnail\" alt=\"\" \/><\/a><\/li><li><a data-fancybox=\"gallery486\" href=\"https:\/\/muzeuciclism.ro\/wp-content\/uploads\/DSCN1867.jpg\" class=\"eig-popup\" title=\"Medalie METEOR (Arad), locul II,  1927 (revers)\" data-caption=\"Medalie METEOR (Arad), locul II,  1927 (revers)\" target=\"_blank\"><i class=\"icon-view\"><\/i><span class=\"overlay\"><\/span><img loading=\"lazy\" decoding=\"async\" width=\"150\" height=\"150\" src=\"https:\/\/muzeuciclism.ro\/wp-content\/uploads\/DSCN1867-150x150.jpg\" class=\"attachment-thumbnail size-thumbnail\" alt=\"\" \/><\/a><\/li><li><a data-fancybox=\"gallery486\" href=\"https:\/\/muzeuciclism.ro\/wp-content\/uploads\/DSCN1874.jpg\" class=\"eig-popup\" title=\"Medalie NTC Oradea, locul I, 1931 (avers)\" data-caption=\"Medalie NTC Oradea, locul I, 1931 (avers)\" target=\"_blank\"><i class=\"icon-view\"><\/i><span class=\"overlay\"><\/span><img loading=\"lazy\" decoding=\"async\" width=\"150\" height=\"150\" src=\"https:\/\/muzeuciclism.ro\/wp-content\/uploads\/DSCN1874-150x150.jpg\" class=\"attachment-thumbnail size-thumbnail\" alt=\"\" \/><\/a><\/li><li><a data-fancybox=\"gallery486\" href=\"https:\/\/muzeuciclism.ro\/wp-content\/uploads\/DSCN1873.jpg\" class=\"eig-popup\" title=\"Medalie NTC Oradea, locul I, 1931 (re\r\nvers)\" data-caption=\"Medalie NTC Oradea, locul I, 1931 (re\r\nvers)\" target=\"_blank\"><i class=\"icon-view\"><\/i><span class=\"overlay\"><\/span><img loading=\"lazy\" decoding=\"async\" width=\"150\" height=\"150\" src=\"https:\/\/muzeuciclism.ro\/wp-content\/uploads\/DSCN1873-150x150.jpg\" class=\"attachment-thumbnail size-thumbnail\" alt=\"\" \/><\/a><\/li><li><a data-fancybox=\"gallery486\" href=\"https:\/\/muzeuciclism.ro\/wp-content\/uploads\/DSCN1875.jpg\" class=\"eig-popup\" title=\"Medalie Turul Rom\u00e2niei, locul I, 1934 (avers)\" data-caption=\"Medalie Turul Rom\u00e2niei, locul I, 1934 (avers)\" target=\"_blank\"><i class=\"icon-view\"><\/i><span class=\"overlay\"><\/span><img loading=\"lazy\" decoding=\"async\" width=\"150\" height=\"150\" src=\"https:\/\/muzeuciclism.ro\/wp-content\/uploads\/DSCN1875-150x150.jpg\" class=\"attachment-thumbnail size-thumbnail\" alt=\"\" srcset=\"https:\/\/muzeuciclism.ro\/wp-content\/uploads\/DSCN1875-150x150.jpg 150w, https:\/\/muzeuciclism.ro\/wp-content\/uploads\/DSCN1875-300x300.jpg 300w, https:\/\/muzeuciclism.ro\/wp-content\/uploads\/DSCN1875.jpg 337w\" sizes=\"auto, (max-width: 150px) 100vw, 150px\" \/><\/a><\/li><li><a data-fancybox=\"gallery486\" href=\"https:\/\/muzeuciclism.ro\/wp-content\/uploads\/DSCN1876.jpg\" class=\"eig-popup\" title=\"Medalie Turul Rom\u00e2niei, locul I, 1934 (revers)\" data-caption=\"Medalie Turul Rom\u00e2niei, locul I, 1934 (revers)\" target=\"_blank\"><i class=\"icon-view\"><\/i><span class=\"overlay\"><\/span><img loading=\"lazy\" decoding=\"async\" width=\"150\" height=\"150\" src=\"https:\/\/muzeuciclism.ro\/wp-content\/uploads\/DSCN1876-150x150.jpg\" class=\"attachment-thumbnail size-thumbnail\" alt=\"\" \/><\/a><\/li><li><a data-fancybox=\"gallery486\" href=\"https:\/\/muzeuciclism.ro\/wp-content\/uploads\/DSCN1877.jpg\" class=\"eig-popup\" title=\"Medalie METEOR Arad, 100 km, locul I, 18.09.1927 (avers)\" data-caption=\"Medalie METEOR Arad, 100 km, locul I, 18.09.1927 (avers)\" target=\"_blank\"><i class=\"icon-view\"><\/i><span class=\"overlay\"><\/span><img loading=\"lazy\" decoding=\"async\" width=\"150\" height=\"150\" src=\"https:\/\/muzeuciclism.ro\/wp-content\/uploads\/DSCN1877-150x150.jpg\" class=\"attachment-thumbnail size-thumbnail\" alt=\"\" \/><\/a><\/li><li><a data-fancybox=\"gallery486\" href=\"https:\/\/muzeuciclism.ro\/wp-content\/uploads\/DSCN1878.jpg\" class=\"eig-popup\" title=\"Medalie METEOR Arad, 100 km, locul I, 18.09.1927 (revers)\" data-caption=\"Medalie METEOR Arad, 100 km, locul I, 18.09.1927 (revers)\" target=\"_blank\"><i class=\"icon-view\"><\/i><span class=\"overlay\"><\/span><img loading=\"lazy\" decoding=\"async\" width=\"150\" height=\"150\" src=\"https:\/\/muzeuciclism.ro\/wp-content\/uploads\/DSCN1878-150x150.jpg\" class=\"attachment-thumbnail size-thumbnail\" alt=\"\" srcset=\"https:\/\/muzeuciclism.ro\/wp-content\/uploads\/DSCN1878-150x150.jpg 150w, https:\/\/muzeuciclism.ro\/wp-content\/uploads\/DSCN1878.jpg 336w\" sizes=\"auto, (max-width: 150px) 100vw, 150px\" \/><\/a><\/li><li><a data-fancybox=\"gallery486\" href=\"https:\/\/muzeuciclism.ro\/wp-content\/uploads\/DSCN1879.jpg\" class=\"eig-popup\" title=\"Medalie METEOR Arad,  locul I, 08.05.1927 (avers)\" data-caption=\"Medalie METEOR Arad,  locul I, 08.05.1927 (avers)\" target=\"_blank\"><i class=\"icon-view\"><\/i><span class=\"overlay\"><\/span><img loading=\"lazy\" decoding=\"async\" width=\"150\" height=\"150\" src=\"https:\/\/muzeuciclism.ro\/wp-content\/uploads\/DSCN1879-150x150.jpg\" class=\"attachment-thumbnail size-thumbnail\" alt=\"\" \/><\/a><\/li><li><a data-fancybox=\"gallery486\" href=\"https:\/\/muzeuciclism.ro\/wp-content\/uploads\/DSCN1880.jpg\" class=\"eig-popup\" title=\"Medalie METEOR Arad,  locul I, 08.05.1927 (revers)\" data-caption=\"Medalie METEOR Arad,  locul I, 08.05.1927 (revers)\" target=\"_blank\"><i class=\"icon-view\"><\/i><span class=\"overlay\"><\/span><img loading=\"lazy\" decoding=\"async\" width=\"150\" height=\"150\" src=\"https:\/\/muzeuciclism.ro\/wp-content\/uploads\/DSCN1880-150x150.jpg\" class=\"attachment-thumbnail size-thumbnail\" alt=\"\" \/><\/a><\/li><li><a data-fancybox=\"gallery486\" href=\"https:\/\/muzeuciclism.ro\/wp-content\/uploads\/DSCN1881.jpg\" class=\"eig-popup\" title=\"Medalie NTC Oradea,  1928 (avers)\" data-caption=\"Medalie NTC Oradea,  1928 (avers)\" target=\"_blank\"><i class=\"icon-view\"><\/i><span class=\"overlay\"><\/span><img loading=\"lazy\" decoding=\"async\" width=\"150\" height=\"150\" src=\"https:\/\/muzeuciclism.ro\/wp-content\/uploads\/DSCN1881-150x150.jpg\" class=\"attachment-thumbnail size-thumbnail\" alt=\"\" \/><\/a><\/li><li><a data-fancybox=\"gallery486\" href=\"https:\/\/muzeuciclism.ro\/wp-content\/uploads\/DSCN1882.jpg\" class=\"eig-popup\" title=\"Medalie NTC Oradea,  1928 (revers)\" data-caption=\"Medalie NTC Oradea,  1928 (revers)\" target=\"_blank\"><i class=\"icon-view\"><\/i><span class=\"overlay\"><\/span><img loading=\"lazy\" decoding=\"async\" width=\"150\" height=\"150\" src=\"https:\/\/muzeuciclism.ro\/wp-content\/uploads\/DSCN1882-150x150.jpg\" class=\"attachment-thumbnail size-thumbnail\" alt=\"\" \/><\/a><\/li><li><a data-fancybox=\"gallery486\" href=\"https:\/\/muzeuciclism.ro\/wp-content\/uploads\/DSCN1885.jpg\" class=\"eig-popup\" title=\"Medalie ciclism Gloria Timi\u0219oara, locul II, 1925 (avers)\" data-caption=\"Medalie ciclism Gloria Timi\u0219oara, locul II, 1925 (avers)\" target=\"_blank\"><i class=\"icon-view\"><\/i><span class=\"overlay\"><\/span><img loading=\"lazy\" decoding=\"async\" width=\"150\" height=\"150\" src=\"https:\/\/muzeuciclism.ro\/wp-content\/uploads\/DSCN1885-150x150.jpg\" class=\"attachment-thumbnail size-thumbnail\" alt=\"\" srcset=\"https:\/\/muzeuciclism.ro\/wp-content\/uploads\/DSCN1885-150x150.jpg 150w, https:\/\/muzeuciclism.ro\/wp-content\/uploads\/DSCN1885.jpg 336w\" sizes=\"auto, (max-width: 150px) 100vw, 150px\" \/><\/a><\/li><li><a data-fancybox=\"gallery486\" href=\"https:\/\/muzeuciclism.ro\/wp-content\/uploads\/DSCN1886.jpg\" class=\"eig-popup\" title=\"Medalie ciclism Gloria Timi\u0219oara, locul II, 1925 (revers)\" data-caption=\"Medalie ciclism Gloria Timi\u0219oara, locul II, 1925 (revers)\" target=\"_blank\"><i class=\"icon-view\"><\/i><span class=\"overlay\"><\/span><img loading=\"lazy\" decoding=\"async\" width=\"150\" height=\"150\" src=\"https:\/\/muzeuciclism.ro\/wp-content\/uploads\/DSCN1886-150x150.jpg\" class=\"attachment-thumbnail size-thumbnail\" alt=\"\" srcset=\"https:\/\/muzeuciclism.ro\/wp-content\/uploads\/DSCN1886-150x150.jpg 150w, https:\/\/muzeuciclism.ro\/wp-content\/uploads\/DSCN1886-300x300.jpg 300w, https:\/\/muzeuciclism.ro\/wp-content\/uploads\/DSCN1886.jpg 336w\" sizes=\"auto, (max-width: 150px) 100vw, 150px\" \/><\/a><\/li><li><a data-fancybox=\"gallery486\" href=\"https:\/\/muzeuciclism.ro\/wp-content\/uploads\/DSCN1887.jpg\" class=\"eig-popup\" title=\"Medalie ciclism Rom\u00e2nia, locul III, cca.1925 (avers)\" data-caption=\"Medalie ciclism Rom\u00e2nia, locul III, cca.1925 (avers)\" target=\"_blank\"><i class=\"icon-view\"><\/i><span class=\"overlay\"><\/span><img loading=\"lazy\" decoding=\"async\" width=\"150\" height=\"150\" src=\"https:\/\/muzeuciclism.ro\/wp-content\/uploads\/DSCN1887-150x150.jpg\" class=\"attachment-thumbnail size-thumbnail\" alt=\"\" srcset=\"https:\/\/muzeuciclism.ro\/wp-content\/uploads\/DSCN1887-150x150.jpg 150w, https:\/\/muzeuciclism.ro\/wp-content\/uploads\/DSCN1887.jpg 336w\" sizes=\"auto, (max-width: 150px) 100vw, 150px\" \/><\/a><\/li><li><a data-fancybox=\"gallery486\" href=\"https:\/\/muzeuciclism.ro\/wp-content\/uploads\/DSCN1888.jpg\" class=\"eig-popup\" title=\"Medalie ciclism Rom\u00e2nia, locul III, cca.1925 (revers)\" data-caption=\"Medalie ciclism Rom\u00e2nia, locul III, cca.1925 (revers)\" target=\"_blank\"><i class=\"icon-view\"><\/i><span class=\"overlay\"><\/span><img loading=\"lazy\" decoding=\"async\" width=\"150\" height=\"150\" src=\"https:\/\/muzeuciclism.ro\/wp-content\/uploads\/DSCN1888-150x150.jpg\" class=\"attachment-thumbnail size-thumbnail\" alt=\"\" \/><\/a><\/li><li><a data-fancybox=\"gallery486\" href=\"https:\/\/muzeuciclism.ro\/wp-content\/uploads\/DSCN1891.jpg\" class=\"eig-popup\" title=\"Medalie AMTE Arad, locul II, 1921 (avers)\" data-caption=\"Medalie AMTE Arad, locul II, 1921 (avers)\" target=\"_blank\"><i class=\"icon-view\"><\/i><span class=\"overlay\"><\/span><img loading=\"lazy\" decoding=\"async\" width=\"150\" height=\"150\" src=\"https:\/\/muzeuciclism.ro\/wp-content\/uploads\/DSCN1891-150x150.jpg\" class=\"attachment-thumbnail size-thumbnail\" alt=\"\" \/><\/a><\/li><li><a data-fancybox=\"gallery486\" href=\"https:\/\/muzeuciclism.ro\/wp-content\/uploads\/DSCN1892.jpg\" class=\"eig-popup\" title=\"Medalie AMTE Arad, locul II, 1921 (revers)\" data-caption=\"Medalie AMTE Arad, locul II, 1921 (revers)\" target=\"_blank\"><i class=\"icon-view\"><\/i><span class=\"overlay\"><\/span><img loading=\"lazy\" decoding=\"async\" width=\"150\" height=\"150\" src=\"https:\/\/muzeuciclism.ro\/wp-content\/uploads\/DSCN1892-150x150.jpg\" class=\"attachment-thumbnail size-thumbnail\" alt=\"\" \/><\/a><\/li><li><a data-fancybox=\"gallery486\" href=\"https:\/\/muzeuciclism.ro\/wp-content\/uploads\/DSCN1813.jpg\" class=\"eig-popup\" title=\"Medalie ciclism |Concurs de vitez\u0103 Arad, locul I, 1937 (avers)\" data-caption=\"Medalie ciclism |Concurs de vitez\u0103 Arad, locul I, 1937 (avers)\" target=\"_blank\"><i class=\"icon-view\"><\/i><span class=\"overlay\"><\/span><img loading=\"lazy\" decoding=\"async\" width=\"150\" height=\"150\" src=\"https:\/\/muzeuciclism.ro\/wp-content\/uploads\/DSCN1813-150x150.jpg\" class=\"attachment-thumbnail size-thumbnail\" alt=\"\" \/><\/a><\/li><li><a data-fancybox=\"gallery486\" href=\"https:\/\/muzeuciclism.ro\/wp-content\/uploads\/DSCN1814.jpg\" class=\"eig-popup\" title=\"Medalie ciclism |Concurs de vitez\u0103 Arad, locul I, 1937 (revers)\" data-caption=\"Medalie ciclism |Concurs de vitez\u0103 Arad, locul I, 1937 (revers)\" target=\"_blank\"><i class=\"icon-view\"><\/i><span class=\"overlay\"><\/span><img loading=\"lazy\" decoding=\"async\" width=\"150\" height=\"150\" src=\"https:\/\/muzeuciclism.ro\/wp-content\/uploads\/DSCN1814-150x150.jpg\" class=\"attachment-thumbnail size-thumbnail\" alt=\"\" \/><\/a><\/li><li><a data-fancybox=\"gallery486\" href=\"https:\/\/muzeuciclism.ro\/wp-content\/uploads\/DSCN2657.jpg\" class=\"eig-popup\" title=\"Plachet\u0103 Campion Na\u021bional, ciclism, 1924 (avers)\" data-caption=\"Plachet\u0103 Campion Na\u021bional, ciclism, 1924 (avers)\" target=\"_blank\"><i class=\"icon-view\"><\/i><span class=\"overlay\"><\/span><img loading=\"lazy\" decoding=\"async\" width=\"150\" height=\"150\" src=\"https:\/\/muzeuciclism.ro\/wp-content\/uploads\/DSCN2657-150x150.jpg\" class=\"attachment-thumbnail size-thumbnail\" alt=\"\" \/><\/a><\/li><li><a data-fancybox=\"gallery486\" href=\"https:\/\/muzeuciclism.ro\/wp-content\/uploads\/DSCN2658.jpg\" class=\"eig-popup\" title=\"Plachet\u0103 Campion Na\u021bional, ciclism, 1924 (revers)\" data-caption=\"Plachet\u0103 Campion Na\u021bional, ciclism, 1924 (revers)\" target=\"_blank\"><i class=\"icon-view\"><\/i><span class=\"overlay\"><\/span><img loading=\"lazy\" decoding=\"async\" width=\"150\" height=\"150\" src=\"https:\/\/muzeuciclism.ro\/wp-content\/uploads\/DSCN2658-150x150.jpg\" class=\"attachment-thumbnail size-thumbnail\" alt=\"\" \/><\/a><\/li><li><a data-fancybox=\"gallery486\" href=\"https:\/\/muzeuciclism.ro\/wp-content\/uploads\/DSCN2659.jpg\" class=\"eig-popup\" title=\"Plachet\u0103 Campionatele de ciclism, locul II,1924 (avers)\" data-caption=\"Plachet\u0103 Campionatele de ciclism, locul II,1924 (avers)\" target=\"_blank\"><i class=\"icon-view\"><\/i><span class=\"overlay\"><\/span><img loading=\"lazy\" decoding=\"async\" width=\"150\" height=\"150\" src=\"https:\/\/muzeuciclism.ro\/wp-content\/uploads\/DSCN2659-150x150.jpg\" class=\"attachment-thumbnail size-thumbnail\" alt=\"\" \/><\/a><\/li><li><a data-fancybox=\"gallery486\" href=\"https:\/\/muzeuciclism.ro\/wp-content\/uploads\/DSCN2660.jpg\" class=\"eig-popup\" title=\"Plachet\u0103 Campionatele de ciclism, locul II,1924 (revers)\" data-caption=\"Plachet\u0103 Campionatele de ciclism, locul II,1924 (revers)\" target=\"_blank\"><i class=\"icon-view\"><\/i><span class=\"overlay\"><\/span><img loading=\"lazy\" decoding=\"async\" width=\"150\" height=\"150\" src=\"https:\/\/muzeuciclism.ro\/wp-content\/uploads\/DSCN2660-150x150.jpg\" class=\"attachment-thumbnail size-thumbnail\" alt=\"\" \/><\/a><\/li><li><a data-fancybox=\"gallery486\" href=\"https:\/\/muzeuciclism.ro\/wp-content\/uploads\/DSCN2661.jpg\" class=\"eig-popup\" title=\"Medalie ciclism, locul II, 1928 (avers)\" data-caption=\"Medalie ciclism, locul II, 1928 (avers)\" target=\"_blank\"><i class=\"icon-view\"><\/i><span class=\"overlay\"><\/span><img loading=\"lazy\" decoding=\"async\" width=\"150\" height=\"150\" src=\"https:\/\/muzeuciclism.ro\/wp-content\/uploads\/DSCN2661-150x150.jpg\" class=\"attachment-thumbnail size-thumbnail\" alt=\"\" \/><\/a><\/li><li><a data-fancybox=\"gallery486\" href=\"https:\/\/muzeuciclism.ro\/wp-content\/uploads\/DSCN2662.jpg\" class=\"eig-popup\" title=\"Medalie ciclism, locul II, 1928 (revers)\" data-caption=\"Medalie ciclism, locul II, 1928 (revers)\" target=\"_blank\"><i class=\"icon-view\"><\/i><span class=\"overlay\"><\/span><img loading=\"lazy\" decoding=\"async\" width=\"150\" height=\"150\" src=\"https:\/\/muzeuciclism.ro\/wp-content\/uploads\/DSCN2662-150x150.jpg\" class=\"attachment-thumbnail size-thumbnail\" alt=\"\" \/><\/a><\/li><li><a data-fancybox=\"gallery486\" href=\"https:\/\/muzeuciclism.ro\/wp-content\/uploads\/DSCN2665.jpg\" class=\"eig-popup\" title=\"Medalie ciclism Meteor Arad, locul III, 1925 (avers)\" data-caption=\"Medalie ciclism Meteor Arad, locul III, 1925 (avers)\" target=\"_blank\"><i class=\"icon-view\"><\/i><span class=\"overlay\"><\/span><img loading=\"lazy\" decoding=\"async\" width=\"150\" height=\"150\" src=\"https:\/\/muzeuciclism.ro\/wp-content\/uploads\/DSCN2665-150x150.jpg\" class=\"attachment-thumbnail size-thumbnail\" alt=\"\" \/><\/a><\/li><li><a data-fancybox=\"gallery486\" href=\"https:\/\/muzeuciclism.ro\/wp-content\/uploads\/DSCN2666.jpg\" class=\"eig-popup\" title=\"Medalie ciclism Meteor Arad, locul III, 1925 (revers)\" data-caption=\"Medalie ciclism Meteor Arad, locul III, 1925 (revers)\" target=\"_blank\"><i class=\"icon-view\"><\/i><span class=\"overlay\"><\/span><img loading=\"lazy\" decoding=\"async\" width=\"150\" height=\"150\" src=\"https:\/\/muzeuciclism.ro\/wp-content\/uploads\/DSCN2666-150x150.jpg\" class=\"attachment-thumbnail size-thumbnail\" alt=\"\" srcset=\"https:\/\/muzeuciclism.ro\/wp-content\/uploads\/DSCN2666-150x150.jpg 150w, https:\/\/muzeuciclism.ro\/wp-content\/uploads\/DSCN2666.jpg 336w\" sizes=\"auto, (max-width: 150px) 100vw, 150px\" \/><\/a><\/li><li><a data-fancybox=\"gallery486\" href=\"https:\/\/muzeuciclism.ro\/wp-content\/uploads\/DSCN2667.jpg\" class=\"eig-popup\" title=\"Medalie ciclism NTK (Oradea), curs\u0103 Aiud, 1935 (unifa\u021b\u0103)\" data-caption=\"Medalie ciclism NTK (Oradea), curs\u0103 Aiud, 1935 (unifa\u021b\u0103)\" target=\"_blank\"><i class=\"icon-view\"><\/i><span class=\"overlay\"><\/span><img loading=\"lazy\" decoding=\"async\" width=\"150\" height=\"150\" src=\"https:\/\/muzeuciclism.ro\/wp-content\/uploads\/DSCN2667-150x150.jpg\" class=\"attachment-thumbnail size-thumbnail\" alt=\"\" \/><\/a><\/li><li><a data-fancybox=\"gallery486\" href=\"https:\/\/muzeuciclism.ro\/wp-content\/uploads\/DSCN2673.jpg\" class=\"eig-popup\" title=\"Medalie ciclism KMTE (Cluj), 50 km, locul I, 1935 (avers)\" data-caption=\"Medalie ciclism KMTE (Cluj), 50 km, locul I, 1935 (avers)\" target=\"_blank\"><i class=\"icon-view\"><\/i><span class=\"overlay\"><\/span><img loading=\"lazy\" decoding=\"async\" width=\"150\" height=\"150\" src=\"https:\/\/muzeuciclism.ro\/wp-content\/uploads\/DSCN2673-150x150.jpg\" class=\"attachment-thumbnail size-thumbnail\" alt=\"\" srcset=\"https:\/\/muzeuciclism.ro\/wp-content\/uploads\/DSCN2673-150x150.jpg 150w, https:\/\/muzeuciclism.ro\/wp-content\/uploads\/DSCN2673-300x300.jpg 300w, https:\/\/muzeuciclism.ro\/wp-content\/uploads\/DSCN2673.jpg 336w\" sizes=\"auto, (max-width: 150px) 100vw, 150px\" \/><\/a><\/li><li><a data-fancybox=\"gallery486\" href=\"https:\/\/muzeuciclism.ro\/wp-content\/uploads\/DSCN2674.jpg\" class=\"eig-popup\" title=\"Medalie ciclism KMTE (Cluj), 50 km, locul I, 1935 (revers)\" data-caption=\"Medalie ciclism KMTE (Cluj), 50 km, locul I, 1935 (revers)\" target=\"_blank\"><i class=\"icon-view\"><\/i><span class=\"overlay\"><\/span><img loading=\"lazy\" decoding=\"async\" width=\"150\" height=\"150\" src=\"https:\/\/muzeuciclism.ro\/wp-content\/uploads\/DSCN2674-150x150.jpg\" class=\"attachment-thumbnail size-thumbnail\" alt=\"\" srcset=\"https:\/\/muzeuciclism.ro\/wp-content\/uploads\/DSCN2674-150x150.jpg 150w, https:\/\/muzeuciclism.ro\/wp-content\/uploads\/DSCN2674-298x300.jpg 298w, https:\/\/muzeuciclism.ro\/wp-content\/uploads\/DSCN2674.jpg 336w\" sizes=\"auto, (max-width: 150px) 100vw, 150px\" \/><\/a><\/li><li><a data-fancybox=\"gallery486\" href=\"https:\/\/muzeuciclism.ro\/wp-content\/uploads\/DSCN2686.jpg\" class=\"eig-popup\" title=\"Medalion ciclism, membru club, anii 1920 (revers)\" data-caption=\"Medalion ciclism, membru club, anii 1920 (revers)\" target=\"_blank\"><i class=\"icon-view\"><\/i><span class=\"overlay\"><\/span><img loading=\"lazy\" decoding=\"async\" width=\"150\" height=\"150\" src=\"https:\/\/muzeuciclism.ro\/wp-content\/uploads\/DSCN2686-150x150.jpg\" class=\"attachment-thumbnail size-thumbnail\" alt=\"\" \/><\/a><\/li><li><a data-fancybox=\"gallery486\" href=\"https:\/\/muzeuciclism.ro\/wp-content\/uploads\/DSCN2685.jpg\" class=\"eig-popup\" title=\"Medalion ciclism, membru club, anii 1920 (avers)\" data-caption=\"Medalion ciclism, membru club, anii 1920 (avers)\" target=\"_blank\"><i class=\"icon-view\"><\/i><span class=\"overlay\"><\/span><img loading=\"lazy\" decoding=\"async\" width=\"150\" height=\"150\" src=\"https:\/\/muzeuciclism.ro\/wp-content\/uploads\/DSCN2685-150x150.jpg\" class=\"attachment-thumbnail size-thumbnail\" alt=\"\" \/><\/a><\/li><li><a data-fancybox=\"gallery486\" href=\"https:\/\/muzeuciclism.ro\/wp-content\/uploads\/DSCN2695.jpg\" class=\"eig-popup\" title=\"Medalion ciclism, membru club ciclist (avers)\" data-caption=\"Medalion ciclism, membru club ciclist (avers)\" target=\"_blank\"><i class=\"icon-view\"><\/i><span class=\"overlay\"><\/span><img loading=\"lazy\" decoding=\"async\" width=\"150\" height=\"150\" src=\"https:\/\/muzeuciclism.ro\/wp-content\/uploads\/DSCN2695-150x150.jpg\" class=\"attachment-thumbnail size-thumbnail\" alt=\"\" \/><\/a><\/li><li><a data-fancybox=\"gallery486\" href=\"https:\/\/muzeuciclism.ro\/wp-content\/uploads\/DSCN2696.jpg\" class=\"eig-popup\" title=\"Medalion ciclism, membru club ciclist (revers)\" data-caption=\"Medalion ciclism, membru club ciclist (revers)\" target=\"_blank\"><i class=\"icon-view\"><\/i><span class=\"overlay\"><\/span><img loading=\"lazy\" decoding=\"async\" width=\"150\" height=\"150\" src=\"https:\/\/muzeuciclism.ro\/wp-content\/uploads\/DSCN2696-150x150.jpg\" class=\"attachment-thumbnail size-thumbnail\" alt=\"\" \/><\/a><\/li><li><a data-fancybox=\"gallery486\" href=\"https:\/\/muzeuciclism.ro\/wp-content\/uploads\/DSCN2687.jpg\" class=\"eig-popup\" title=\"Medalie curs\u0103 ciclist\u0103 Meteor Arad, locul III, 1925, argint marcat (avers)\" data-caption=\"Medalie curs\u0103 ciclist\u0103 Meteor Arad, locul III, 1925, argint marcat (avers)\" target=\"_blank\"><i class=\"icon-view\"><\/i><span class=\"overlay\"><\/span><img loading=\"lazy\" decoding=\"async\" width=\"150\" height=\"150\" src=\"https:\/\/muzeuciclism.ro\/wp-content\/uploads\/DSCN2687-150x150.jpg\" class=\"attachment-thumbnail size-thumbnail\" alt=\"\" \/><\/a><\/li><li><a data-fancybox=\"gallery486\" href=\"https:\/\/muzeuciclism.ro\/wp-content\/uploads\/DSCN2688.jpg\" class=\"eig-popup\" title=\"Medalie curs\u0103 ciclist\u0103 Meteor Arad, locul III, 1925, argint marcat (revers)\" data-caption=\"Medalie curs\u0103 ciclist\u0103 Meteor Arad, locul III, 1925, argint marcat (revers)\" target=\"_blank\"><i class=\"icon-view\"><\/i><span class=\"overlay\"><\/span><img loading=\"lazy\" decoding=\"async\" width=\"150\" height=\"150\" src=\"https:\/\/muzeuciclism.ro\/wp-content\/uploads\/DSCN2688-150x150.jpg\" class=\"attachment-thumbnail size-thumbnail\" alt=\"\" \/><\/a><\/li><li><a data-fancybox=\"gallery486\" href=\"https:\/\/muzeuciclism.ro\/wp-content\/uploads\/DSCN2691.jpg\" class=\"eig-popup\" title=\"Medalie ciclism Clubul ciclist Marvan (Bucure\u0219ti), neatribuit\u0103, anii 1920 (avers)\" data-caption=\"Medalie ciclism Clubul ciclist Marvan (Bucure\u0219ti), neatribuit\u0103, anii 1920 (avers)\" target=\"_blank\"><i class=\"icon-view\"><\/i><span class=\"overlay\"><\/span><img loading=\"lazy\" decoding=\"async\" width=\"150\" height=\"150\" src=\"https:\/\/muzeuciclism.ro\/wp-content\/uploads\/DSCN2691-150x150.jpg\" class=\"attachment-thumbnail size-thumbnail\" alt=\"\" \/><\/a><\/li><li><a data-fancybox=\"gallery486\" href=\"https:\/\/muzeuciclism.ro\/wp-content\/uploads\/DSCN2692.jpg\" class=\"eig-popup\" title=\"Medalie ciclism Clubul ciclist Marvan (Bucure\u0219ti), neatribuit\u0103, anii 1920 (revers)\" data-caption=\"Medalie ciclism Clubul ciclist Marvan (Bucure\u0219ti), neatribuit\u0103, anii 1920 (revers)\" target=\"_blank\"><i class=\"icon-view\"><\/i><span class=\"overlay\"><\/span><img loading=\"lazy\" decoding=\"async\" width=\"150\" height=\"150\" src=\"https:\/\/muzeuciclism.ro\/wp-content\/uploads\/DSCN2692-150x150.jpg\" class=\"attachment-thumbnail size-thumbnail\" alt=\"\" srcset=\"https:\/\/muzeuciclism.ro\/wp-content\/uploads\/DSCN2692-150x150.jpg 150w, https:\/\/muzeuciclism.ro\/wp-content\/uploads\/DSCN2692-300x300.jpg 300w, https:\/\/muzeuciclism.ro\/wp-content\/uploads\/DSCN2692.jpg 336w\" sizes=\"auto, (max-width: 150px) 100vw, 150px\" \/><\/a><\/li><li><a data-fancybox=\"gallery486\" href=\"https:\/\/muzeuciclism.ro\/wp-content\/uploads\/DSCN2693.jpg\" class=\"eig-popup\" title=\"Medalie ciclism Clubul C.F.C, 50 km, locul II, 1935 (avers)\" data-caption=\"Medalie ciclism Clubul C.F.C, 50 km, locul II, 1935 (avers)\" target=\"_blank\"><i class=\"icon-view\"><\/i><span class=\"overlay\"><\/span><img loading=\"lazy\" decoding=\"async\" width=\"150\" height=\"150\" src=\"https:\/\/muzeuciclism.ro\/wp-content\/uploads\/DSCN2693-150x150.jpg\" class=\"attachment-thumbnail size-thumbnail\" alt=\"\" \/><\/a><\/li><li><a data-fancybox=\"gallery486\" href=\"https:\/\/muzeuciclism.ro\/wp-content\/uploads\/DSCN2694.jpg\" class=\"eig-popup\" title=\"Medalie ciclism Clubul C.F.C, 50 km, locul II, 1935 (revers)\" data-caption=\"Medalie ciclism Clubul C.F.C, 50 km, locul II, 1935 (revers)\" target=\"_blank\"><i class=\"icon-view\"><\/i><span class=\"overlay\"><\/span><img loading=\"lazy\" decoding=\"async\" width=\"150\" height=\"150\" src=\"https:\/\/muzeuciclism.ro\/wp-content\/uploads\/DSCN2694-150x150.jpg\" class=\"attachment-thumbnail size-thumbnail\" alt=\"\" \/><\/a><\/li><li><a data-fancybox=\"gallery486\" href=\"https:\/\/muzeuciclism.ro\/wp-content\/uploads\/DSCN2714.jpg\" class=\"eig-popup\" title=\"Medalie ciclism Clubul Ciclist Br\u0103ila, vitez\u0103, locul II, 08.06.1929, argint (avers)\" data-caption=\"Medalie ciclism Clubul Ciclist Br\u0103ila, vitez\u0103, locul II, 08.06.1929, argint (avers)\" target=\"_blank\"><i class=\"icon-view\"><\/i><span class=\"overlay\"><\/span><img loading=\"lazy\" decoding=\"async\" width=\"150\" height=\"150\" src=\"https:\/\/muzeuciclism.ro\/wp-content\/uploads\/DSCN2714-150x150.jpg\" class=\"attachment-thumbnail size-thumbnail\" alt=\"\" \/><\/a><\/li><li><a data-fancybox=\"gallery486\" href=\"https:\/\/muzeuciclism.ro\/wp-content\/uploads\/DSCN2715.jpg\" class=\"eig-popup\" title=\"Medalie ciclism Clubul Ciclist Br\u0103ila, vitez\u0103, locul II, 08.06.1929, argint (revers)\" data-caption=\"Medalie ciclism Clubul Ciclist Br\u0103ila, vitez\u0103, locul II, 08.06.1929, argint (revers)\" target=\"_blank\"><i class=\"icon-view\"><\/i><span class=\"overlay\"><\/span><img loading=\"lazy\" decoding=\"async\" width=\"150\" height=\"150\" src=\"https:\/\/muzeuciclism.ro\/wp-content\/uploads\/DSCN2715-150x150.jpg\" class=\"attachment-thumbnail size-thumbnail\" alt=\"\" \/><\/a><\/li><li><a data-fancybox=\"gallery486\" href=\"https:\/\/muzeuciclism.ro\/wp-content\/uploads\/DSCN2677.jpg\" class=\"eig-popup\" title=\"Medalie IAR Bra\u0219ov, 50 km, 1937 (avers) -- varianta 1\" data-caption=\"Medalie IAR Bra\u0219ov, 50 km, 1937 (avers) -- varianta 1\" target=\"_blank\"><i class=\"icon-view\"><\/i><span class=\"overlay\"><\/span><img loading=\"lazy\" decoding=\"async\" width=\"150\" height=\"150\" src=\"https:\/\/muzeuciclism.ro\/wp-content\/uploads\/DSCN2677-150x150.jpg\" class=\"attachment-thumbnail size-thumbnail\" alt=\"\" srcset=\"https:\/\/muzeuciclism.ro\/wp-content\/uploads\/DSCN2677-150x150.jpg 150w, https:\/\/muzeuciclism.ro\/wp-content\/uploads\/DSCN2677.jpg 336w\" sizes=\"auto, (max-width: 150px) 100vw, 150px\" \/><\/a><\/li><li><a data-fancybox=\"gallery486\" href=\"https:\/\/muzeuciclism.ro\/wp-content\/uploads\/DSCN2678.jpg\" class=\"eig-popup\" title=\"Medalie IAR Bra\u0219ov, 50 km, 1937 (revers) -- varianta 1\" data-caption=\"Medalie IAR Bra\u0219ov, 50 km, 1937 (revers) -- varianta 1\" target=\"_blank\"><i class=\"icon-view\"><\/i><span class=\"overlay\"><\/span><img loading=\"lazy\" decoding=\"async\" width=\"150\" height=\"150\" src=\"https:\/\/muzeuciclism.ro\/wp-content\/uploads\/DSCN2678-150x150.jpg\" class=\"attachment-thumbnail size-thumbnail\" alt=\"\" \/><\/a><\/li><li><a data-fancybox=\"gallery486\" href=\"https:\/\/muzeuciclism.ro\/wp-content\/uploads\/DSCN2668.jpg\" class=\"eig-popup\" title=\"Medalie IAR Bra\u0219ov, 50 km, 1937 (avers) -varianta 2\" data-caption=\"Medalie IAR Bra\u0219ov, 50 km, 1937 (avers) -varianta 2\" target=\"_blank\"><i class=\"icon-view\"><\/i><span class=\"overlay\"><\/span><img loading=\"lazy\" decoding=\"async\" width=\"150\" height=\"150\" src=\"https:\/\/muzeuciclism.ro\/wp-content\/uploads\/DSCN2668-150x150.jpg\" class=\"attachment-thumbnail size-thumbnail\" alt=\"\" \/><\/a><\/li><li><a data-fancybox=\"gallery486\" href=\"https:\/\/muzeuciclism.ro\/wp-content\/uploads\/DSCN2669.jpg\" class=\"eig-popup\" title=\"Medalie IAR Bra\u0219ov, 50 km, 1937 (avers) - varianta 3\" data-caption=\"Medalie IAR Bra\u0219ov, 50 km, 1937 (avers) - varianta 3\" target=\"_blank\"><i class=\"icon-view\"><\/i><span class=\"overlay\"><\/span><img loading=\"lazy\" decoding=\"async\" width=\"150\" height=\"150\" src=\"https:\/\/muzeuciclism.ro\/wp-content\/uploads\/DSCN2669-150x150.jpg\" class=\"attachment-thumbnail size-thumbnail\" alt=\"\" \/><\/a><\/li><li><a data-fancybox=\"gallery486\" href=\"https:\/\/muzeuciclism.ro\/wp-content\/uploads\/DSCN2679.jpg\" class=\"eig-popup\" title=\"Medalie IAR Bra\u0219ov, 100 km, anii 1930 (avers) - varianta 1\" data-caption=\"Medalie IAR Bra\u0219ov, 100 km, anii 1930 (avers) - varianta 1\" target=\"_blank\"><i class=\"icon-view\"><\/i><span class=\"overlay\"><\/span><img loading=\"lazy\" decoding=\"async\" width=\"150\" height=\"150\" src=\"https:\/\/muzeuciclism.ro\/wp-content\/uploads\/DSCN2679-150x150.jpg\" class=\"attachment-thumbnail size-thumbnail\" alt=\"\" \/><\/a><\/li><li><a data-fancybox=\"gallery486\" href=\"https:\/\/muzeuciclism.ro\/wp-content\/uploads\/DSCN2680.jpg\" class=\"eig-popup\" title=\"Medalie IAR Bra\u0219ov, 100 km, anii 1930 (revers) - varianta 1\" data-caption=\"Medalie IAR Bra\u0219ov, 100 km, anii 1930 (revers) - varianta 1\" target=\"_blank\"><i class=\"icon-view\"><\/i><span class=\"overlay\"><\/span><img loading=\"lazy\" decoding=\"async\" width=\"150\" height=\"150\" src=\"https:\/\/muzeuciclism.ro\/wp-content\/uploads\/DSCN2680-150x150.jpg\" class=\"attachment-thumbnail size-thumbnail\" alt=\"\" \/><\/a><\/li><li><a data-fancybox=\"gallery486\" href=\"https:\/\/muzeuciclism.ro\/wp-content\/uploads\/DSCN2680.jpg\" class=\"eig-popup\" title=\"Medalie IAR Bra\u0219ov, 100 km, anii 1930 (revers) - varianta 1\" data-caption=\"Medalie IAR Bra\u0219ov, 100 km, anii 1930 (revers) - varianta 1\" target=\"_blank\"><i class=\"icon-view\"><\/i><span class=\"overlay\"><\/span><img loading=\"lazy\" decoding=\"async\" width=\"150\" height=\"150\" src=\"https:\/\/muzeuciclism.ro\/wp-content\/uploads\/DSCN2680-150x150.jpg\" class=\"attachment-thumbnail size-thumbnail\" alt=\"\" \/><\/a><\/li><li><a data-fancybox=\"gallery486\" href=\"https:\/\/muzeuciclism.ro\/wp-content\/uploads\/DSCN2671.jpg\" class=\"eig-popup\" title=\"Medalie IAR Bra\u0219ov, 100 km, anii 1930 (avers) - varianta 2\" data-caption=\"Medalie IAR Bra\u0219ov, 100 km, anii 1930 (avers) - varianta 2\" target=\"_blank\"><i class=\"icon-view\"><\/i><span class=\"overlay\"><\/span><img loading=\"lazy\" decoding=\"async\" width=\"150\" height=\"150\" src=\"https:\/\/muzeuciclism.ro\/wp-content\/uploads\/DSCN2671-150x150.jpg\" class=\"attachment-thumbnail size-thumbnail\" alt=\"\" \/><\/a><\/li><li><a data-fancybox=\"gallery486\" href=\"https:\/\/muzeuciclism.ro\/wp-content\/uploads\/DSCN2681.jpg\" class=\"eig-popup\" title=\"Medalie EKE, locul I, 1933 (avers) - varianta 1\" data-caption=\"Medalie EKE, locul I, 1933 (avers) - varianta 1\" target=\"_blank\"><i class=\"icon-view\"><\/i><span class=\"overlay\"><\/span><img loading=\"lazy\" decoding=\"async\" width=\"150\" height=\"150\" src=\"https:\/\/muzeuciclism.ro\/wp-content\/uploads\/DSCN2681-150x150.jpg\" class=\"attachment-thumbnail size-thumbnail\" alt=\"\" \/><\/a><\/li><li><a data-fancybox=\"gallery486\" href=\"https:\/\/muzeuciclism.ro\/wp-content\/uploads\/DSCN2682.jpg\" class=\"eig-popup\" title=\"Medalie EKE, locul I, 1933 (revers) - varianta 1\" data-caption=\"Medalie EKE, locul I, 1933 (revers) - varianta 1\" target=\"_blank\"><i class=\"icon-view\"><\/i><span class=\"overlay\"><\/span><img loading=\"lazy\" decoding=\"async\" width=\"150\" height=\"150\" src=\"https:\/\/muzeuciclism.ro\/wp-content\/uploads\/DSCN2682-150x150.jpg\" class=\"attachment-thumbnail size-thumbnail\" alt=\"\" \/><\/a><\/li><li><a data-fancybox=\"gallery486\" href=\"https:\/\/muzeuciclism.ro\/wp-content\/uploads\/DSCN2699.jpg\" class=\"eig-popup\" title=\"Medalie EKE, locul I, 1933 (avers) - varianta 2\" data-caption=\"Medalie EKE, locul I, 1933 (avers) - varianta 2\" target=\"_blank\"><i class=\"icon-view\"><\/i><span class=\"overlay\"><\/span><img loading=\"lazy\" decoding=\"async\" width=\"150\" height=\"150\" src=\"https:\/\/muzeuciclism.ro\/wp-content\/uploads\/DSCN2699-150x150.jpg\" class=\"attachment-thumbnail size-thumbnail\" alt=\"\" srcset=\"https:\/\/muzeuciclism.ro\/wp-content\/uploads\/DSCN2699-150x150.jpg 150w, https:\/\/muzeuciclism.ro\/wp-content\/uploads\/DSCN2699.jpg 336w\" sizes=\"auto, (max-width: 150px) 100vw, 150px\" \/><\/a><\/li><li><a data-fancybox=\"gallery486\" href=\"https:\/\/muzeuciclism.ro\/wp-content\/uploads\/DSCN2697.jpg\" class=\"eig-popup\" title=\"Medalie CMSC, 50 km, 1933 (avers) \n\" data-caption=\"Medalie CMSC, 50 km, 1933 (avers) \n\" target=\"_blank\"><i class=\"icon-view\"><\/i><span class=\"overlay\"><\/span><img loading=\"lazy\" decoding=\"async\" width=\"150\" height=\"150\" src=\"https:\/\/muzeuciclism.ro\/wp-content\/uploads\/DSCN2697-150x150.jpg\" class=\"attachment-thumbnail size-thumbnail\" alt=\"\" \/><\/a><\/li><li><a data-fancybox=\"gallery486\" href=\"https:\/\/muzeuciclism.ro\/wp-content\/uploads\/DSCN2698.jpg\" class=\"eig-popup\" title=\"Medalie CMSC, 50 km, 1933 (revers) \n\" data-caption=\"Medalie CMSC, 50 km, 1933 (revers) \n\" target=\"_blank\"><i class=\"icon-view\"><\/i><span class=\"overlay\"><\/span><img loading=\"lazy\" decoding=\"async\" width=\"150\" height=\"150\" src=\"https:\/\/muzeuciclism.ro\/wp-content\/uploads\/DSCN2698-150x150.jpg\" class=\"attachment-thumbnail size-thumbnail\" alt=\"\" \/><\/a><\/li><li><a data-fancybox=\"gallery486\" href=\"https:\/\/muzeuciclism.ro\/wp-content\/uploads\/DSCN2683.jpg\" class=\"eig-popup\" title=\"Medalie EKE, locul I, 1933 (avers)\" data-caption=\"Medalie EKE, locul I, 1933 (avers)\" target=\"_blank\"><i class=\"icon-view\"><\/i><span class=\"overlay\"><\/span><img loading=\"lazy\" decoding=\"async\" width=\"150\" height=\"150\" src=\"https:\/\/muzeuciclism.ro\/wp-content\/uploads\/DSCN2683-150x150.jpg\" class=\"attachment-thumbnail size-thumbnail\" alt=\"\" \/><\/a><\/li><li><a data-fancybox=\"gallery486\" href=\"https:\/\/muzeuciclism.ro\/wp-content\/uploads\/DSCN2684.jpg\" class=\"eig-popup\" title=\"Medalie EKE, locul I, 1933 (revers)\" data-caption=\"Medalie EKE, locul I, 1933 (revers)\" target=\"_blank\"><i class=\"icon-view\"><\/i><span class=\"overlay\"><\/span><img loading=\"lazy\" decoding=\"async\" width=\"150\" height=\"150\" src=\"https:\/\/muzeuciclism.ro\/wp-content\/uploads\/DSCN2684-150x150.jpg\" class=\"attachment-thumbnail size-thumbnail\" alt=\"\" \/><\/a><\/li><li><a data-fancybox=\"gallery486\" href=\"https:\/\/muzeuciclism.ro\/wp-content\/uploads\/DSCN2675.jpg\" class=\"eig-popup\" title=\"Medalie ciclism Rom\u00e2nia, neatribuit\u0103, anii 1930 (avers)\" data-caption=\"Medalie ciclism Rom\u00e2nia, neatribuit\u0103, anii 1930 (avers)\" target=\"_blank\"><i class=\"icon-view\"><\/i><span class=\"overlay\"><\/span><img loading=\"lazy\" decoding=\"async\" width=\"150\" height=\"150\" src=\"https:\/\/muzeuciclism.ro\/wp-content\/uploads\/DSCN2675-150x150.jpg\" class=\"attachment-thumbnail size-thumbnail\" alt=\"\" \/><\/a><\/li><li><a data-fancybox=\"gallery486\" href=\"https:\/\/muzeuciclism.ro\/wp-content\/uploads\/DSCN2676.jpg\" class=\"eig-popup\" title=\"Medalie ciclism Rom\u00e2nia, neatribuit\u0103, anii 1930 (revers)\" data-caption=\"Medalie ciclism Rom\u00e2nia, neatribuit\u0103, anii 1930 (revers)\" target=\"_blank\"><i class=\"icon-view\"><\/i><span class=\"overlay\"><\/span><img loading=\"lazy\" decoding=\"async\" width=\"150\" height=\"150\" src=\"https:\/\/muzeuciclism.ro\/wp-content\/uploads\/DSCN2676-150x150.jpg\" class=\"attachment-thumbnail size-thumbnail\" alt=\"\" \/><\/a><\/li><li><a data-fancybox=\"gallery486\" href=\"https:\/\/muzeuciclism.ro\/wp-content\/uploads\/DSCN2702.jpg\" class=\"eig-popup\" title=\"Cupa challenge intercluburi FRC, premiul 3, 1935 (avers)\" data-caption=\"Cupa challenge intercluburi FRC, premiul 3, 1935 (avers)\" target=\"_blank\"><i class=\"icon-view\"><\/i><span class=\"overlay\"><\/span><img loading=\"lazy\" decoding=\"async\" width=\"150\" height=\"150\" src=\"https:\/\/muzeuciclism.ro\/wp-content\/uploads\/DSCN2702-150x150.jpg\" class=\"attachment-thumbnail size-thumbnail\" alt=\"\" \/><\/a><\/li><li><a data-fancybox=\"gallery486\" href=\"https:\/\/muzeuciclism.ro\/wp-content\/uploads\/DSCN2703.jpg\" class=\"eig-popup\" title=\"Cupa challenge intercluburi FRC, premiul 3, 1935 (revers)\" data-caption=\"Cupa challenge intercluburi FRC, premiul 3, 1935 (revers)\" target=\"_blank\"><i class=\"icon-view\"><\/i><span class=\"overlay\"><\/span><img loading=\"lazy\" decoding=\"async\" width=\"150\" height=\"150\" src=\"https:\/\/muzeuciclism.ro\/wp-content\/uploads\/DSCN2703-150x150.jpg\" class=\"attachment-thumbnail size-thumbnail\" alt=\"\" \/><\/a><\/li><li><a data-fancybox=\"gallery486\" href=\"https:\/\/muzeuciclism.ro\/wp-content\/uploads\/DSCN2689.jpg\" class=\"eig-popup\" title=\"Medalie ciclism Rom\u00e2nia, neatribuit\u0103, gravor Gerscovici, anii 1930 (avers)\" data-caption=\"Medalie ciclism Rom\u00e2nia, neatribuit\u0103, gravor Gerscovici, anii 1930 (avers)\" target=\"_blank\"><i class=\"icon-view\"><\/i><span class=\"overlay\"><\/span><img loading=\"lazy\" decoding=\"async\" width=\"150\" height=\"150\" src=\"https:\/\/muzeuciclism.ro\/wp-content\/uploads\/DSCN2689-150x150.jpg\" class=\"attachment-thumbnail size-thumbnail\" alt=\"\" \/><\/a><\/li><li><a data-fancybox=\"gallery486\" href=\"https:\/\/muzeuciclism.ro\/wp-content\/uploads\/DSCN2690.jpg\" class=\"eig-popup\" title=\"Medalie ciclism Rom\u00e2nia, neatribuit\u0103, gravor Gerscovici, anii 1930 (revers)\" data-caption=\"Medalie ciclism Rom\u00e2nia, neatribuit\u0103, gravor Gerscovici, anii 1930 (revers)\" target=\"_blank\"><i class=\"icon-view\"><\/i><span class=\"overlay\"><\/span><img loading=\"lazy\" decoding=\"async\" width=\"150\" height=\"150\" src=\"https:\/\/muzeuciclism.ro\/wp-content\/uploads\/DSCN2690-150x150.jpg\" class=\"attachment-thumbnail size-thumbnail\" alt=\"\" \/><\/a><\/li><li><a data-fancybox=\"gallery486\" href=\"https:\/\/muzeuciclism.ro\/wp-content\/uploads\/DSCN2706.jpg\" class=\"eig-popup\" title=\"Medalie ciclism Rom\u00e2nia, neatribuit\u0103, gravor Gerscovici, anii 1930 (avers)\" data-caption=\"Medalie ciclism Rom\u00e2nia, neatribuit\u0103, gravor Gerscovici, anii 1930 (avers)\" target=\"_blank\"><i class=\"icon-view\"><\/i><span class=\"overlay\"><\/span><img loading=\"lazy\" decoding=\"async\" width=\"150\" height=\"150\" src=\"https:\/\/muzeuciclism.ro\/wp-content\/uploads\/DSCN2706-150x150.jpg\" class=\"attachment-thumbnail size-thumbnail\" alt=\"\" \/><\/a><\/li><li><a data-fancybox=\"gallery486\" href=\"https:\/\/muzeuciclism.ro\/wp-content\/uploads\/DSCN2707.jpg\" class=\"eig-popup\" title=\"Medalie ciclism Rom\u00e2nia, neatribuit\u0103, gravor Gerscovici, anii 1930 (revers)\" data-caption=\"Medalie ciclism Rom\u00e2nia, neatribuit\u0103, gravor Gerscovici, anii 1930 (revers)\" target=\"_blank\"><i class=\"icon-view\"><\/i><span class=\"overlay\"><\/span><img loading=\"lazy\" decoding=\"async\" width=\"150\" height=\"150\" src=\"https:\/\/muzeuciclism.ro\/wp-content\/uploads\/DSCN2707-150x150.jpg\" class=\"attachment-thumbnail size-thumbnail\" alt=\"\" \/><\/a><\/li><li><a data-fancybox=\"gallery486\" href=\"https:\/\/muzeuciclism.ro\/wp-content\/uploads\/DSCN2711.jpg\" class=\"eig-popup\" title=\"Medalie ciclism Rom\u00e2nia, neatribuit\u0103, anii 1930 (avers)\" data-caption=\"Medalie ciclism Rom\u00e2nia, neatribuit\u0103, anii 1930 (avers)\" target=\"_blank\"><i class=\"icon-view\"><\/i><span class=\"overlay\"><\/span><img loading=\"lazy\" decoding=\"async\" width=\"150\" height=\"150\" src=\"https:\/\/muzeuciclism.ro\/wp-content\/uploads\/DSCN2711-150x150.jpg\" class=\"attachment-thumbnail size-thumbnail\" alt=\"\" \/><\/a><\/li><li><a data-fancybox=\"gallery486\" href=\"https:\/\/muzeuciclism.ro\/wp-content\/uploads\/DSCN2712.jpg\" class=\"eig-popup\" title=\"Medalie ciclism Rom\u00e2nia, neatribuit\u0103, anii 1930 (revers)\" data-caption=\"Medalie ciclism Rom\u00e2nia, neatribuit\u0103, anii 1930 (revers)\" target=\"_blank\"><i class=\"icon-view\"><\/i><span class=\"overlay\"><\/span><img loading=\"lazy\" decoding=\"async\" width=\"150\" height=\"150\" src=\"https:\/\/muzeuciclism.ro\/wp-content\/uploads\/DSCN2712-150x150.jpg\" class=\"attachment-thumbnail size-thumbnail\" alt=\"\" \/><\/a><\/li><li><a data-fancybox=\"gallery486\" href=\"https:\/\/muzeuciclism.ro\/wp-content\/uploads\/DSCN3843-920x1024.jpg\" class=\"eig-popup\" title=\"Medalie c\u00e2\u0219tigat\u0103 de ciclistul rom\u00e2n Ion Burjan, locul II, 1942 (avers)\" data-caption=\"Medalie c\u00e2\u0219tigat\u0103 de ciclistul rom\u00e2n Ion Burjan, locul II, 1942 (avers)\" target=\"_blank\"><i class=\"icon-view\"><\/i><span class=\"overlay\"><\/span><img loading=\"lazy\" decoding=\"async\" width=\"150\" height=\"150\" src=\"https:\/\/muzeuciclism.ro\/wp-content\/uploads\/DSCN3843-150x150.jpg\" class=\"attachment-thumbnail size-thumbnail\" alt=\"\" \/><\/a><\/li><li><a data-fancybox=\"gallery486\" href=\"https:\/\/muzeuciclism.ro\/wp-content\/uploads\/DSCN3844-850x1024.jpg\" class=\"eig-popup\" title=\"Medalie c\u00e2\u0219tigat\u0103 de ciclistul rom\u00e2n Ion Burjan, locul II, 1942 (revers)\" data-caption=\"Medalie c\u00e2\u0219tigat\u0103 de ciclistul rom\u00e2n Ion Burjan, locul II, 1942 (revers)\" target=\"_blank\"><i class=\"icon-view\"><\/i><span class=\"overlay\"><\/span><img loading=\"lazy\" decoding=\"async\" width=\"150\" height=\"150\" src=\"https:\/\/muzeuciclism.ro\/wp-content\/uploads\/DSCN3844-150x150.jpg\" class=\"attachment-thumbnail size-thumbnail\" alt=\"\" \/><\/a><\/li><li><a data-fancybox=\"gallery486\" href=\"https:\/\/muzeuciclism.ro\/wp-content\/uploads\/DSCN3847-831x1024.jpg\" class=\"eig-popup\" title=\"Medalie ciclism Premiul I,  12.05.1924 (avers)\" data-caption=\"Medalie ciclism Premiul I,  12.05.1924 (avers)\" target=\"_blank\"><i class=\"icon-view\"><\/i><span class=\"overlay\"><\/span><img loading=\"lazy\" decoding=\"async\" width=\"150\" height=\"150\" src=\"https:\/\/muzeuciclism.ro\/wp-content\/uploads\/DSCN3847-150x150.jpg\" class=\"attachment-thumbnail size-thumbnail\" alt=\"\" \/><\/a><\/li><li><a data-fancybox=\"gallery486\" href=\"https:\/\/muzeuciclism.ro\/wp-content\/uploads\/DSCN3848-918x1024.jpg\" class=\"eig-popup\" title=\"Medalie ciclism Premiul I,  12.05.1924 (revers)\" data-caption=\"Medalie ciclism Premiul I,  12.05.1924 (revers)\" target=\"_blank\"><i class=\"icon-view\"><\/i><span class=\"overlay\"><\/span><img loading=\"lazy\" decoding=\"async\" width=\"150\" height=\"150\" src=\"https:\/\/muzeuciclism.ro\/wp-content\/uploads\/DSCN3848-150x150.jpg\" class=\"attachment-thumbnail size-thumbnail\" alt=\"\" \/><\/a><\/li><li><a data-fancybox=\"gallery486\" href=\"https:\/\/muzeuciclism.ro\/wp-content\/uploads\/DSCN3881-1024x1002.jpg\" class=\"eig-popup\" title=\"Medalie ciclism Ion Apostol, CFR Oradea?,  anii 1920 (avers)\" data-caption=\"Medalie ciclism Ion Apostol, CFR Oradea?,  anii 1920 (avers)\" target=\"_blank\"><i class=\"icon-view\"><\/i><span class=\"overlay\"><\/span><img loading=\"lazy\" decoding=\"async\" width=\"150\" height=\"150\" src=\"https:\/\/muzeuciclism.ro\/wp-content\/uploads\/DSCN3881-150x150.jpg\" class=\"attachment-thumbnail size-thumbnail\" alt=\"\" \/><\/a><\/li><li><a data-fancybox=\"gallery486\" href=\"https:\/\/muzeuciclism.ro\/wp-content\/uploads\/DSCN3882-1024x1011.jpg\" class=\"eig-popup\" title=\"Medalie ciclism Ion Apostol, CFR Oradea?,  anii 1920 (revers)\" data-caption=\"Medalie ciclism Ion Apostol, CFR Oradea?,  anii 1920 (revers)\" target=\"_blank\"><i class=\"icon-view\"><\/i><span class=\"overlay\"><\/span><img loading=\"lazy\" decoding=\"async\" width=\"150\" height=\"150\" src=\"https:\/\/muzeuciclism.ro\/wp-content\/uploads\/DSCN3882-150x150.jpg\" class=\"attachment-thumbnail size-thumbnail\" alt=\"\" \/><\/a><\/li><li><a data-fancybox=\"gallery486\" href=\"https:\/\/muzeuciclism.ro\/wp-content\/uploads\/DSCN3883-979x1024.jpg\" class=\"eig-popup\" title=\"Medalie ciclism RCA, Turul I, locul I,  anii 1920\" data-caption=\"Medalie ciclism RCA, Turul I, locul I,  anii 1920\" target=\"_blank\"><i class=\"icon-view\"><\/i><span class=\"overlay\"><\/span><img loading=\"lazy\" decoding=\"async\" width=\"150\" height=\"150\" src=\"https:\/\/muzeuciclism.ro\/wp-content\/uploads\/DSCN3883-150x150.jpg\" class=\"attachment-thumbnail size-thumbnail\" alt=\"\" \/><\/a><\/li><li><a data-fancybox=\"gallery486\" href=\"https:\/\/muzeuciclism.ro\/wp-content\/uploads\/DSCN3884-900x1024.jpg\" class=\"eig-popup\" title=\"Medalie ciclism UDR (Uzinel.e Domenile Re\u0219i\u021ba), locul II, 22.09,1929 (avers).\" data-caption=\"Medalie ciclism UDR (Uzinel.e Domenile Re\u0219i\u021ba), locul II, 22.09,1929 (avers).\" target=\"_blank\"><i class=\"icon-view\"><\/i><span class=\"overlay\"><\/span><img loading=\"lazy\" decoding=\"async\" width=\"150\" height=\"150\" src=\"https:\/\/muzeuciclism.ro\/wp-content\/uploads\/DSCN3884-150x150.jpg\" class=\"attachment-thumbnail size-thumbnail\" alt=\"\" \/><\/a><\/li><li><a data-fancybox=\"gallery486\" href=\"https:\/\/muzeuciclism.ro\/wp-content\/uploads\/DSCN3885-961x1024.jpg\" class=\"eig-popup\" title=\"Medalie ciclism UDR (Uzinel.e Domenile Re\u0219i\u021ba), locul II, 22.09,1929 (revers).\" data-caption=\"Medalie ciclism UDR (Uzinel.e Domenile Re\u0219i\u021ba), locul II, 22.09,1929 (revers).\" target=\"_blank\"><i class=\"icon-view\"><\/i><span class=\"overlay\"><\/span><img loading=\"lazy\" decoding=\"async\" width=\"150\" height=\"150\" src=\"https:\/\/muzeuciclism.ro\/wp-content\/uploads\/DSCN3885-150x150.jpg\" class=\"attachment-thumbnail size-thumbnail\" alt=\"\" \/><\/a><\/li><li><a data-fancybox=\"gallery486\" href=\"https:\/\/muzeuciclism.ro\/wp-content\/uploads\/DSCN4049-1-517x1024.jpg\" class=\"eig-popup\" title=\"Campionatul Clubului ciclist Rahova, locul II, 07.07.1929 (avers)\" data-caption=\"Campionatul Clubului ciclist Rahova, locul II, 07.07.1929 (avers)\" target=\"_blank\"><i class=\"icon-view\"><\/i><span class=\"overlay\"><\/span><img loading=\"lazy\" decoding=\"async\" width=\"150\" height=\"150\" src=\"https:\/\/muzeuciclism.ro\/wp-content\/uploads\/DSCN4049-1-150x150.jpg\" class=\"attachment-thumbnail size-thumbnail\" alt=\"\" \/><\/a><\/li><li><a data-fancybox=\"gallery486\" href=\"https:\/\/muzeuciclism.ro\/wp-content\/uploads\/DSCN4050-1-433x1024.jpg\" class=\"eig-popup\" title=\"Campionatul Clubului ciclist Rahova, locul II, 07.07.1929 (revers)\" data-caption=\"Campionatul Clubului ciclist Rahova, locul II, 07.07.1929 (revers)\" target=\"_blank\"><i class=\"icon-view\"><\/i><span class=\"overlay\"><\/span><img loading=\"lazy\" decoding=\"async\" width=\"150\" height=\"150\" src=\"https:\/\/muzeuciclism.ro\/wp-content\/uploads\/DSCN4050-1-150x150.jpg\" class=\"attachment-thumbnail size-thumbnail\" alt=\"\" \/><\/a><\/li><li><a data-fancybox=\"gallery486\" href=\"https:\/\/muzeuciclism.ro\/wp-content\/uploads\/DSCN3848-918x1024.jpg\" class=\"eig-popup\" title=\"Medalie ciclism Premiul I,  12.05.1924 (revers)\" data-caption=\"Medalie ciclism Premiul I,  12.05.1924 (revers)\" target=\"_blank\"><i class=\"icon-view\"><\/i><span class=\"overlay\"><\/span><img loading=\"lazy\" decoding=\"async\" width=\"150\" height=\"150\" src=\"https:\/\/muzeuciclism.ro\/wp-content\/uploads\/DSCN3848-150x150.jpg\" class=\"attachment-thumbnail size-thumbnail\" alt=\"\" \/><\/a><\/li><li><a data-fancybox=\"gallery486\" href=\"https:\/\/muzeuciclism.ro\/wp-content\/uploads\/DSCN4051-1-479x1024.jpg\" class=\"eig-popup\" title=\"Campionatul Clubului ciclist Rahova, locul I, 07.07.1929 (avers)\" data-caption=\"Campionatul Clubului ciclist Rahova, locul I, 07.07.1929 (avers)\" target=\"_blank\"><i class=\"icon-view\"><\/i><span class=\"overlay\"><\/span><img loading=\"lazy\" decoding=\"async\" width=\"150\" height=\"150\" src=\"https:\/\/muzeuciclism.ro\/wp-content\/uploads\/DSCN4051-1-150x150.jpg\" class=\"attachment-thumbnail size-thumbnail\" alt=\"\" \/><\/a><\/li><li><a data-fancybox=\"gallery486\" href=\"https:\/\/muzeuciclism.ro\/wp-content\/uploads\/DSCN4052-1-487x1024.jpg\" class=\"eig-popup\" title=\"Campionatul Clubului ciclist Rahova, locul I, 07.07.1929 (revers)\" data-caption=\"Campionatul Clubului ciclist Rahova, locul I, 07.07.1929 (revers)\" target=\"_blank\"><i class=\"icon-view\"><\/i><span class=\"overlay\"><\/span><img loading=\"lazy\" decoding=\"async\" width=\"150\" height=\"150\" src=\"https:\/\/muzeuciclism.ro\/wp-content\/uploads\/DSCN4052-1-150x150.jpg\" class=\"attachment-thumbnail size-thumbnail\" alt=\"\" \/><\/a><\/li><li><a data-fancybox=\"gallery486\" href=\"https:\/\/muzeuciclism.ro\/wp-content\/uploads\/DSCN4053-1-961x1024.jpg\" class=\"eig-popup\" title=\"Clubul ciclist AMTE, Tura V, 500 km, 1923 (avers)\" data-caption=\"Clubul ciclist AMTE, Tura V, 500 km, 1923 (avers)\" target=\"_blank\"><i class=\"icon-view\"><\/i><span class=\"overlay\"><\/span><img loading=\"lazy\" decoding=\"async\" width=\"150\" height=\"150\" src=\"https:\/\/muzeuciclism.ro\/wp-content\/uploads\/DSCN4053-1-150x150.jpg\" class=\"attachment-thumbnail size-thumbnail\" alt=\"\" \/><\/a><\/li><li><a data-fancybox=\"gallery486\" href=\"https:\/\/muzeuciclism.ro\/wp-content\/uploads\/DSCN4054-1-999x1024.jpg\" class=\"eig-popup\" title=\"Clubul ciclist AMTE, Tura V, 500 km, 1923 (revers)\" data-caption=\"Clubul ciclist AMTE, Tura V, 500 km, 1923 (revers)\" target=\"_blank\"><i class=\"icon-view\"><\/i><span class=\"overlay\"><\/span><img loading=\"lazy\" decoding=\"async\" width=\"150\" height=\"150\" src=\"https:\/\/muzeuciclism.ro\/wp-content\/uploads\/DSCN4054-1-150x150.jpg\" class=\"attachment-thumbnail size-thumbnail\" alt=\"\" \/><\/a><\/li><li><a data-fancybox=\"gallery486\" href=\"https:\/\/muzeuciclism.ro\/wp-content\/uploads\/DSCN4055-1-929x1024.jpg\" class=\"eig-popup\" title=\"Cursa ciclist\u0103 Sofia - Bucure\u0219ti, 28.07.1946 (avers)\" data-caption=\"Cursa ciclist\u0103 Sofia - Bucure\u0219ti, 28.07.1946 (avers)\" target=\"_blank\"><i class=\"icon-view\"><\/i><span class=\"overlay\"><\/span><img loading=\"lazy\" decoding=\"async\" width=\"150\" height=\"150\" src=\"https:\/\/muzeuciclism.ro\/wp-content\/uploads\/DSCN4055-1-150x150.jpg\" class=\"attachment-thumbnail size-thumbnail\" alt=\"\" \/><\/a><\/li><li><a data-fancybox=\"gallery486\" href=\"https:\/\/muzeuciclism.ro\/wp-content\/uploads\/DSCN4056-1-925x1024.jpg\" class=\"eig-popup\" title=\"Cursa ciclist\u0103 Sofia - Bucure\u0219ti, 28.07.1946 (revers)\" data-caption=\"Cursa ciclist\u0103 Sofia - Bucure\u0219ti, 28.07.1946 (revers)\" target=\"_blank\"><i class=\"icon-view\"><\/i><span class=\"overlay\"><\/span><img loading=\"lazy\" decoding=\"async\" width=\"150\" height=\"150\" src=\"https:\/\/muzeuciclism.ro\/wp-content\/uploads\/DSCN4056-1-150x150.jpg\" class=\"attachment-thumbnail size-thumbnail\" alt=\"\" \/><\/a><\/li><li><a data-fancybox=\"gallery486\" href=\"https:\/\/muzeuciclism.ro\/wp-content\/uploads\/DSCN4057-1-575x1024.jpg\" class=\"eig-popup\" title=\"Clubul ciclist Rahova, cursa demifond I, femei, premiul III, anii 1920 (avers)\" data-caption=\"Clubul ciclist Rahova, cursa demifond I, femei, premiul III, anii 1920 (avers)\" target=\"_blank\"><i class=\"icon-view\"><\/i><span class=\"overlay\"><\/span><img loading=\"lazy\" decoding=\"async\" width=\"150\" height=\"150\" src=\"https:\/\/muzeuciclism.ro\/wp-content\/uploads\/DSCN4057-1-150x150.jpg\" class=\"attachment-thumbnail size-thumbnail\" alt=\"\" \/><\/a><\/li><li><a data-fancybox=\"gallery486\" href=\"https:\/\/muzeuciclism.ro\/wp-content\/uploads\/DSCN4058-1-515x1024.jpg\" class=\"eig-popup\" title=\"Clubul ciclist Rahova, cursa demifond I, femei, premiul III, anii 1920 (revers)\" data-caption=\"Clubul ciclist Rahova, cursa demifond I, femei, premiul III, anii 1920 (revers)\" target=\"_blank\"><i class=\"icon-view\"><\/i><span class=\"overlay\"><\/span><img loading=\"lazy\" decoding=\"async\" width=\"150\" height=\"150\" src=\"https:\/\/muzeuciclism.ro\/wp-content\/uploads\/DSCN4058-1-150x150.jpg\" class=\"attachment-thumbnail size-thumbnail\" alt=\"\" \/><\/a><\/li><li><a data-fancybox=\"gallery486\" href=\"https:\/\/muzeuciclism.ro\/wp-content\/uploads\/DSCN4062-1-948x1024.jpg\" class=\"eig-popup\" title=\"Clubul ciclist CFR, cursa demifond, premiul II, 1928 (avers)\" data-caption=\"Clubul ciclist CFR, cursa demifond, premiul II, 1928 (avers)\" target=\"_blank\"><i class=\"icon-view\"><\/i><span class=\"overlay\"><\/span><img loading=\"lazy\" decoding=\"async\" width=\"150\" height=\"150\" src=\"https:\/\/muzeuciclism.ro\/wp-content\/uploads\/DSCN4062-1-150x150.jpg\" class=\"attachment-thumbnail size-thumbnail\" alt=\"\" \/><\/a><\/li><li><a data-fancybox=\"gallery486\" href=\"https:\/\/muzeuciclism.ro\/wp-content\/uploads\/DSCN4063-1-945x1024.jpg\" class=\"eig-popup\" title=\"Clubul ciclist CFR, cursa demifond, premiul II, 1928 (revers)\" data-caption=\"Clubul ciclist CFR, cursa demifond, premiul II, 1928 (revers)\" target=\"_blank\"><i class=\"icon-view\"><\/i><span class=\"overlay\"><\/span><img loading=\"lazy\" decoding=\"async\" width=\"150\" height=\"150\" src=\"https:\/\/muzeuciclism.ro\/wp-content\/uploads\/DSCN4063-1-150x150.jpg\" class=\"attachment-thumbnail size-thumbnail\" alt=\"\" \/><\/a><\/li><li><a data-fancybox=\"gallery486\" href=\"https:\/\/muzeuciclism.ro\/wp-content\/uploads\/DSCN4063-1-945x1024.jpg\" class=\"eig-popup\" title=\"Clubul ciclist CFR, cursa demifond, premiul II, 1928 (revers)\" data-caption=\"Clubul ciclist CFR, cursa demifond, premiul II, 1928 (revers)\" target=\"_blank\"><i class=\"icon-view\"><\/i><span class=\"overlay\"><\/span><img loading=\"lazy\" decoding=\"async\" width=\"150\" height=\"150\" src=\"https:\/\/muzeuciclism.ro\/wp-content\/uploads\/DSCN4063-1-150x150.jpg\" class=\"attachment-thumbnail size-thumbnail\" alt=\"\" \/><\/a><\/li><li><a data-fancybox=\"gallery486\" href=\"https:\/\/muzeuciclism.ro\/wp-content\/uploads\/DSCN2669-1.jpg\" class=\"eig-popup\" title=\"Medalie ciclism locul III, anii 1930 (avers)\" data-caption=\"Medalie ciclism locul III, anii 1930 (avers)\" target=\"_blank\"><i class=\"icon-view\"><\/i><span class=\"overlay\"><\/span><img loading=\"lazy\" decoding=\"async\" width=\"150\" height=\"150\" src=\"https:\/\/muzeuciclism.ro\/wp-content\/uploads\/DSCN2669-1-150x150.jpg\" class=\"attachment-thumbnail size-thumbnail\" alt=\"\" \/><\/a><\/li><li><a data-fancybox=\"gallery486\" href=\"https:\/\/muzeuciclism.ro\/wp-content\/uploads\/DSCN2670-1024x768.jpg\" class=\"eig-popup\" title=\"Medalie ciclism locul III, anii 1930 (revers)\" data-caption=\"Medalie ciclism locul III, anii 1930 (revers)\" target=\"_blank\"><i class=\"icon-view\"><\/i><span class=\"overlay\"><\/span><img loading=\"lazy\" decoding=\"async\" width=\"150\" height=\"150\" src=\"https:\/\/muzeuciclism.ro\/wp-content\/uploads\/DSCN2670-150x150.jpg\" class=\"attachment-thumbnail size-thumbnail\" alt=\"\" \/><\/a><\/li><li><a data-fancybox=\"gallery486\" href=\"https:\/\/muzeuciclism.ro\/wp-content\/uploads\/DSCN2671-1.jpg\" class=\"eig-popup\" title=\"Medalie ciclism Rom\u00e2nia, anii 1930 (avers)\" data-caption=\"Medalie ciclism Rom\u00e2nia, anii 1930 (avers)\" target=\"_blank\"><i class=\"icon-view\"><\/i><span class=\"overlay\"><\/span><img loading=\"lazy\" decoding=\"async\" width=\"150\" height=\"150\" src=\"https:\/\/muzeuciclism.ro\/wp-content\/uploads\/DSCN2671-1-150x150.jpg\" class=\"attachment-thumbnail size-thumbnail\" alt=\"\" \/><\/a><\/li><li><a data-fancybox=\"gallery486\" href=\"https:\/\/muzeuciclism.ro\/wp-content\/uploads\/DSCN2672-1-1024x906.jpg\" class=\"eig-popup\" title=\"Medalie ciclism Rom\u00e2nia, anii 1930 (revers)\" data-caption=\"Medalie ciclism Rom\u00e2nia, anii 1930 (revers)\" target=\"_blank\"><i class=\"icon-view\"><\/i><span class=\"overlay\"><\/span><img loading=\"lazy\" decoding=\"async\" width=\"150\" height=\"150\" src=\"https:\/\/muzeuciclism.ro\/wp-content\/uploads\/DSCN2672-1-150x150.jpg\" class=\"attachment-thumbnail size-thumbnail\" alt=\"\" \/><\/a><\/li><li><a data-fancybox=\"gallery486\" href=\"https:\/\/muzeuciclism.ro\/wp-content\/uploads\/DSCN2675-1.jpg\" class=\"eig-popup\" title=\"Medalie ciclism Rom\u00e2nia, anii 1930 (avers)\" data-caption=\"Medalie ciclism Rom\u00e2nia, anii 1930 (avers)\" target=\"_blank\"><i class=\"icon-view\"><\/i><span class=\"overlay\"><\/span><img loading=\"lazy\" decoding=\"async\" width=\"150\" height=\"150\" src=\"https:\/\/muzeuciclism.ro\/wp-content\/uploads\/DSCN2675-1-150x150.jpg\" class=\"attachment-thumbnail size-thumbnail\" alt=\"\" \/><\/a><\/li><li><a data-fancybox=\"gallery486\" href=\"https:\/\/muzeuciclism.ro\/wp-content\/uploads\/DSCN2676-1.jpg\" class=\"eig-popup\" title=\"Medalie ciclism Rom\u00e2nia, anii 1930 (revers)\" data-caption=\"Medalie ciclism Rom\u00e2nia, anii 1930 (revers)\" target=\"_blank\"><i class=\"icon-view\"><\/i><span class=\"overlay\"><\/span><img loading=\"lazy\" decoding=\"async\" width=\"150\" height=\"150\" src=\"https:\/\/muzeuciclism.ro\/wp-content\/uploads\/DSCN2676-1-150x150.jpg\" class=\"attachment-thumbnail size-thumbnail\" alt=\"\" \/><\/a><\/li><li><a data-fancybox=\"gallery486\" href=\"https:\/\/muzeuciclism.ro\/wp-content\/uploads\/DSCN2677-1.jpg\" class=\"eig-popup\" title=\"Medalie ciclism IAR Bra\u0219ov, 50 km, 1937 (avers)\" data-caption=\"Medalie ciclism IAR Bra\u0219ov, 50 km, 1937 (avers)\" target=\"_blank\"><i class=\"icon-view\"><\/i><span class=\"overlay\"><\/span><img loading=\"lazy\" decoding=\"async\" width=\"150\" height=\"150\" src=\"https:\/\/muzeuciclism.ro\/wp-content\/uploads\/DSCN2677-1-150x150.jpg\" class=\"attachment-thumbnail size-thumbnail\" alt=\"\" srcset=\"https:\/\/muzeuciclism.ro\/wp-content\/uploads\/DSCN2677-1-150x150.jpg 150w, https:\/\/muzeuciclism.ro\/wp-content\/uploads\/DSCN2677-1.jpg 336w\" sizes=\"auto, (max-width: 150px) 100vw, 150px\" \/><\/a><\/li><li><a data-fancybox=\"gallery486\" href=\"https:\/\/muzeuciclism.ro\/wp-content\/uploads\/DSCN2678-1.jpg\" class=\"eig-popup\" title=\"Medalie ciclism IAR Bra\u0219ov, 50 km, 1937 (revers)\" data-caption=\"Medalie ciclism IAR Bra\u0219ov, 50 km, 1937 (revers)\" target=\"_blank\"><i class=\"icon-view\"><\/i><span class=\"overlay\"><\/span><img loading=\"lazy\" decoding=\"async\" width=\"150\" height=\"150\" src=\"https:\/\/muzeuciclism.ro\/wp-content\/uploads\/DSCN2678-1-150x150.jpg\" class=\"attachment-thumbnail size-thumbnail\" alt=\"\" \/><\/a><\/li><li><a data-fancybox=\"gallery486\" href=\"https:\/\/muzeuciclism.ro\/wp-content\/uploads\/DSCN2679-1.jpg\" class=\"eig-popup\" title=\"Medalie ciclism IAR Bra\u0219ov, 100 km, premiul II, anii 1930 (avers)\" data-caption=\"Medalie ciclism IAR Bra\u0219ov, 100 km, premiul II, anii 1930 (avers)\" target=\"_blank\"><i class=\"icon-view\"><\/i><span class=\"overlay\"><\/span><img loading=\"lazy\" decoding=\"async\" width=\"150\" height=\"150\" src=\"https:\/\/muzeuciclism.ro\/wp-content\/uploads\/DSCN2679-1-150x150.jpg\" class=\"attachment-thumbnail size-thumbnail\" alt=\"\" \/><\/a><\/li><li><a data-fancybox=\"gallery486\" href=\"https:\/\/muzeuciclism.ro\/wp-content\/uploads\/DSCN2680-1.jpg\" class=\"eig-popup\" title=\"Medalie ciclism IAR Bra\u0219ov, 100 km, premiul II, anii 1930 (revers)\" data-caption=\"Medalie ciclism IAR Bra\u0219ov, 100 km, premiul II, anii 1930 (revers)\" target=\"_blank\"><i class=\"icon-view\"><\/i><span class=\"overlay\"><\/span><img loading=\"lazy\" decoding=\"async\" width=\"150\" height=\"150\" src=\"https:\/\/muzeuciclism.ro\/wp-content\/uploads\/DSCN2680-1-150x150.jpg\" class=\"attachment-thumbnail size-thumbnail\" alt=\"\" \/><\/a><\/li><li><a data-fancybox=\"gallery486\" href=\"https:\/\/muzeuciclism.ro\/wp-content\/uploads\/DSCN2681-1.jpg\" class=\"eig-popup\" title=\"Medalie ciclism EKE Societatea Carpatin\u0103 Transilvan\u0103, Erd\u00e9lyi K\u00e1rp\u00e1t Egyes\u00fclet), premiul I, 1938 (avers)\" data-caption=\"Medalie ciclism EKE Societatea Carpatin\u0103 Transilvan\u0103, Erd\u00e9lyi K\u00e1rp\u00e1t Egyes\u00fclet), premiul I, 1938 (avers)\" target=\"_blank\"><i class=\"icon-view\"><\/i><span class=\"overlay\"><\/span><img loading=\"lazy\" decoding=\"async\" width=\"150\" height=\"150\" src=\"https:\/\/muzeuciclism.ro\/wp-content\/uploads\/DSCN2681-1-150x150.jpg\" class=\"attachment-thumbnail size-thumbnail\" alt=\"\" \/><\/a><\/li><li><a data-fancybox=\"gallery486\" href=\"https:\/\/muzeuciclism.ro\/wp-content\/uploads\/DSCN2682-1.jpg\" class=\"eig-popup\" title=\"Medalie ciclism EKE Societatea Carpatin\u0103 Transilvan\u0103, Erd\u00e9lyi K\u00e1rp\u00e1t Egyes\u00fclet), premiul I, 1938 (revers)\" data-caption=\"Medalie ciclism EKE Societatea Carpatin\u0103 Transilvan\u0103, Erd\u00e9lyi K\u00e1rp\u00e1t Egyes\u00fclet), premiul I, 1938 (revers)\" target=\"_blank\"><i class=\"icon-view\"><\/i><span class=\"overlay\"><\/span><img loading=\"lazy\" decoding=\"async\" width=\"150\" height=\"150\" src=\"https:\/\/muzeuciclism.ro\/wp-content\/uploads\/DSCN2682-1-150x150.jpg\" class=\"attachment-thumbnail size-thumbnail\" alt=\"\" \/><\/a><\/li><li><a data-fancybox=\"gallery486\" href=\"https:\/\/muzeuciclism.ro\/wp-content\/uploads\/DSCN2683-1.jpg\" class=\"eig-popup\" title=\"Medalie ciclism EKE Societatea Carpatin\u0103 Transilvan\u0103, Erd\u00e9lyi K\u00e1rp\u00e1t Egyes\u00fclet), premiul I, 1933 (avers)\" data-caption=\"Medalie ciclism EKE Societatea Carpatin\u0103 Transilvan\u0103, Erd\u00e9lyi K\u00e1rp\u00e1t Egyes\u00fclet), premiul I, 1933 (avers)\" target=\"_blank\"><i class=\"icon-view\"><\/i><span class=\"overlay\"><\/span><img loading=\"lazy\" decoding=\"async\" width=\"150\" height=\"150\" src=\"https:\/\/muzeuciclism.ro\/wp-content\/uploads\/DSCN2683-1-150x150.jpg\" class=\"attachment-thumbnail size-thumbnail\" alt=\"\" \/><\/a><\/li><li><a data-fancybox=\"gallery486\" href=\"https:\/\/muzeuciclism.ro\/wp-content\/uploads\/DSCN2684-1.jpg\" class=\"eig-popup\" title=\"Medalie ciclism EKE Societatea Carpatin\u0103 Transilvan\u0103, Erd\u00e9lyi K\u00e1rp\u00e1t Egyes\u00fclet), premiul I, 1933 (revers)\" data-caption=\"Medalie ciclism EKE Societatea Carpatin\u0103 Transilvan\u0103, Erd\u00e9lyi K\u00e1rp\u00e1t Egyes\u00fclet), premiul I, 1933 (revers)\" target=\"_blank\"><i class=\"icon-view\"><\/i><span class=\"overlay\"><\/span><img loading=\"lazy\" decoding=\"async\" width=\"150\" height=\"150\" src=\"https:\/\/muzeuciclism.ro\/wp-content\/uploads\/DSCN2684-1-150x150.jpg\" class=\"attachment-thumbnail size-thumbnail\" alt=\"\" \/><\/a><\/li><li><a data-fancybox=\"gallery486\" href=\"https:\/\/muzeuciclism.ro\/wp-content\/uploads\/DSCN2699-1.jpg\" class=\"eig-popup\" title=\"Medalie ciclism EKE Societatea Carpatin\u0103 Transilvan\u0103, Erd\u00e9lyi K\u00e1rp\u00e1t Egyes\u00fclet), premiul I, 1933 (avers)\" data-caption=\"Medalie ciclism EKE Societatea Carpatin\u0103 Transilvan\u0103, Erd\u00e9lyi K\u00e1rp\u00e1t Egyes\u00fclet), premiul I, 1933 (avers)\" target=\"_blank\"><i class=\"icon-view\"><\/i><span class=\"overlay\"><\/span><img loading=\"lazy\" decoding=\"async\" width=\"150\" height=\"150\" src=\"https:\/\/muzeuciclism.ro\/wp-content\/uploads\/DSCN2699-1-150x150.jpg\" class=\"attachment-thumbnail size-thumbnail\" alt=\"\" srcset=\"https:\/\/muzeuciclism.ro\/wp-content\/uploads\/DSCN2699-1-150x150.jpg 150w, https:\/\/muzeuciclism.ro\/wp-content\/uploads\/DSCN2699-1.jpg 336w\" sizes=\"auto, (max-width: 150px) 100vw, 150px\" \/><\/a><\/li><li><a data-fancybox=\"gallery486\" href=\"https:\/\/muzeuciclism.ro\/wp-content\/uploads\/DSCN2700.jpg\" class=\"eig-popup\" title=\"Medalie ciclism EKE Societatea Carpatin\u0103 Transilvan\u0103, Erd\u00e9lyi K\u00e1rp\u00e1t Egyes\u00fclet), premiul I, 1933 (revers)\" data-caption=\"Medalie ciclism EKE Societatea Carpatin\u0103 Transilvan\u0103, Erd\u00e9lyi K\u00e1rp\u00e1t Egyes\u00fclet), premiul I, 1933 (revers)\" target=\"_blank\"><i class=\"icon-view\"><\/i><span class=\"overlay\"><\/span><img loading=\"lazy\" decoding=\"async\" width=\"150\" height=\"150\" src=\"https:\/\/muzeuciclism.ro\/wp-content\/uploads\/DSCN2700-150x150.jpg\" class=\"attachment-thumbnail size-thumbnail\" alt=\"\" \/><\/a><\/li><li><a data-fancybox=\"gallery486\" href=\"https:\/\/muzeuciclism.ro\/wp-content\/uploads\/DSCN2689-1.jpg\" class=\"eig-popup\" title=\"Medalie ciclism Rom\u00e2nia, anii 1930 (avers)\" data-caption=\"Medalie ciclism Rom\u00e2nia, anii 1930 (avers)\" target=\"_blank\"><i class=\"icon-view\"><\/i><span class=\"overlay\"><\/span><img loading=\"lazy\" decoding=\"async\" width=\"150\" height=\"150\" src=\"https:\/\/muzeuciclism.ro\/wp-content\/uploads\/DSCN2689-1-150x150.jpg\" class=\"attachment-thumbnail size-thumbnail\" alt=\"\" \/><\/a><\/li><li><a data-fancybox=\"gallery486\" href=\"https:\/\/muzeuciclism.ro\/wp-content\/uploads\/DSCN2690-1.jpg\" class=\"eig-popup\" title=\"Medalie ciclism Rom\u00e2nia, anii 1930 (revers)\" data-caption=\"Medalie ciclism Rom\u00e2nia, anii 1930 (revers)\" target=\"_blank\"><i class=\"icon-view\"><\/i><span class=\"overlay\"><\/span><img loading=\"lazy\" decoding=\"async\" width=\"150\" height=\"150\" src=\"https:\/\/muzeuciclism.ro\/wp-content\/uploads\/DSCN2690-1-150x150.jpg\" class=\"attachment-thumbnail size-thumbnail\" alt=\"\" \/><\/a><\/li><li><a data-fancybox=\"gallery486\" href=\"https:\/\/muzeuciclism.ro\/wp-content\/uploads\/DSCN2697-1.jpg\" class=\"eig-popup\" title=\"Medalie ciclism Rom\u00e2nia,  CMSC; 50 km, 1933 (avers)\" data-caption=\"Medalie ciclism Rom\u00e2nia,  CMSC; 50 km, 1933 (avers)\" target=\"_blank\"><i class=\"icon-view\"><\/i><span class=\"overlay\"><\/span><img loading=\"lazy\" decoding=\"async\" width=\"150\" height=\"150\" src=\"https:\/\/muzeuciclism.ro\/wp-content\/uploads\/DSCN2697-1-150x150.jpg\" class=\"attachment-thumbnail size-thumbnail\" alt=\"\" \/><\/a><\/li><li><a data-fancybox=\"gallery486\" href=\"https:\/\/muzeuciclism.ro\/wp-content\/uploads\/DSCN2698-1.jpg\" class=\"eig-popup\" title=\"Medalie ciclism Rom\u00e2nia,  CMSC; 50 km, 1933 (revers)\" data-caption=\"Medalie ciclism Rom\u00e2nia,  CMSC; 50 km, 1933 (revers)\" target=\"_blank\"><i class=\"icon-view\"><\/i><span class=\"overlay\"><\/span><img loading=\"lazy\" decoding=\"async\" width=\"150\" height=\"150\" src=\"https:\/\/muzeuciclism.ro\/wp-content\/uploads\/DSCN2698-1-150x150.jpg\" class=\"attachment-thumbnail size-thumbnail\" alt=\"\" \/><\/a><\/li><li><a data-fancybox=\"gallery486\" href=\"https:\/\/muzeuciclism.ro\/wp-content\/uploads\/DSCN2698-1.jpg\" class=\"eig-popup\" title=\"Medalie ciclism Rom\u00e2nia,  CMSC; 50 km, 1933 (revers)\" data-caption=\"Medalie ciclism Rom\u00e2nia,  CMSC; 50 km, 1933 (revers)\" target=\"_blank\"><i class=\"icon-view\"><\/i><span class=\"overlay\"><\/span><img loading=\"lazy\" decoding=\"async\" width=\"150\" height=\"150\" src=\"https:\/\/muzeuciclism.ro\/wp-content\/uploads\/DSCN2698-1-150x150.jpg\" class=\"attachment-thumbnail size-thumbnail\" alt=\"\" \/><\/a><\/li><li><a data-fancybox=\"gallery486\" href=\"https:\/\/muzeuciclism.ro\/wp-content\/uploads\/DSCN2702-1.jpg\" class=\"eig-popup\" title=\"Medalie ciclism Cupa challenge intercluburi FRC, premiul III, 1935 (avers)\" data-caption=\"Medalie ciclism Cupa challenge intercluburi FRC, premiul III, 1935 (avers)\" target=\"_blank\"><i class=\"icon-view\"><\/i><span class=\"overlay\"><\/span><img loading=\"lazy\" decoding=\"async\" width=\"150\" height=\"150\" src=\"https:\/\/muzeuciclism.ro\/wp-content\/uploads\/DSCN2702-1-150x150.jpg\" class=\"attachment-thumbnail size-thumbnail\" alt=\"\" \/><\/a><\/li><li><a data-fancybox=\"gallery486\" href=\"https:\/\/muzeuciclism.ro\/wp-content\/uploads\/DSCN2703-1.jpg\" class=\"eig-popup\" title=\"Medalie ciclism Cupa challenge intercluburi FRC, premiul III, 1935 (revers)\" data-caption=\"Medalie ciclism Cupa challenge intercluburi FRC, premiul III, 1935 (revers)\" target=\"_blank\"><i class=\"icon-view\"><\/i><span class=\"overlay\"><\/span><img loading=\"lazy\" decoding=\"async\" width=\"150\" height=\"150\" src=\"https:\/\/muzeuciclism.ro\/wp-content\/uploads\/DSCN2703-1-150x150.jpg\" class=\"attachment-thumbnail size-thumbnail\" alt=\"\" \/><\/a><\/li><li><a data-fancybox=\"gallery486\" href=\"https:\/\/muzeuciclism.ro\/wp-content\/uploads\/DSCN2706-1.jpg\" class=\"eig-popup\" title=\"Medalie ciclism Rom\u00e2nia, anii 1930 (avers)\" data-caption=\"Medalie ciclism Rom\u00e2nia, anii 1930 (avers)\" target=\"_blank\"><i class=\"icon-view\"><\/i><span class=\"overlay\"><\/span><img loading=\"lazy\" decoding=\"async\" width=\"150\" height=\"150\" src=\"https:\/\/muzeuciclism.ro\/wp-content\/uploads\/DSCN2706-1-150x150.jpg\" class=\"attachment-thumbnail size-thumbnail\" alt=\"\" \/><\/a><\/li><li><a data-fancybox=\"gallery486\" href=\"https:\/\/muzeuciclism.ro\/wp-content\/uploads\/DSCN2707-1.jpg\" class=\"eig-popup\" title=\"Medalie ciclism Rom\u00e2nia, anii 1930 (revers)\" data-caption=\"Medalie ciclism Rom\u00e2nia, anii 1930 (revers)\" target=\"_blank\"><i class=\"icon-view\"><\/i><span class=\"overlay\"><\/span><img loading=\"lazy\" decoding=\"async\" width=\"150\" height=\"150\" src=\"https:\/\/muzeuciclism.ro\/wp-content\/uploads\/DSCN2707-1-150x150.jpg\" class=\"attachment-thumbnail size-thumbnail\" alt=\"\" \/><\/a><\/li><li><a data-fancybox=\"gallery486\" href=\"https:\/\/muzeuciclism.ro\/wp-content\/uploads\/DSCN2711-1.jpg\" class=\"eig-popup\" title=\"Medalie ciclism Rom\u00e2nia, anii 1930 (avers)\" data-caption=\"Medalie ciclism Rom\u00e2nia, anii 1930 (avers)\" target=\"_blank\"><i class=\"icon-view\"><\/i><span class=\"overlay\"><\/span><img loading=\"lazy\" decoding=\"async\" width=\"150\" height=\"150\" src=\"https:\/\/muzeuciclism.ro\/wp-content\/uploads\/DSCN2711-1-150x150.jpg\" class=\"attachment-thumbnail size-thumbnail\" alt=\"\" \/><\/a><\/li><li><a data-fancybox=\"gallery486\" href=\"https:\/\/muzeuciclism.ro\/wp-content\/uploads\/DSCN2712-1.jpg\" class=\"eig-popup\" title=\"Medalie ciclism Rom\u00e2nia, anii 1930 (revers)\" data-caption=\"Medalie ciclism Rom\u00e2nia, anii 1930 (revers)\" target=\"_blank\"><i class=\"icon-view\"><\/i><span class=\"overlay\"><\/span><img loading=\"lazy\" decoding=\"async\" width=\"150\" height=\"150\" src=\"https:\/\/muzeuciclism.ro\/wp-content\/uploads\/DSCN2712-1-150x150.jpg\" class=\"attachment-thumbnail size-thumbnail\" alt=\"\" \/><\/a><\/li><li><a data-fancybox=\"gallery486\" href=\"https:\/\/muzeuciclism.ro\/wp-content\/uploads\/DSCN3843-1-1024x768.jpg\" class=\"eig-popup\" title=\"Medalie ciclism c\u00e2\u0219tigat\u0103 de Ion Burjan, locul II, 1942 (avers)\" data-caption=\"Medalie ciclism c\u00e2\u0219tigat\u0103 de Ion Burjan, locul II, 1942 (avers)\" target=\"_blank\"><i class=\"icon-view\"><\/i><span class=\"overlay\"><\/span><img loading=\"lazy\" decoding=\"async\" width=\"150\" height=\"150\" src=\"https:\/\/muzeuciclism.ro\/wp-content\/uploads\/DSCN3843-1-150x150.jpg\" class=\"attachment-thumbnail size-thumbnail\" alt=\"\" \/><\/a><\/li><li><a data-fancybox=\"gallery486\" href=\"https:\/\/muzeuciclism.ro\/wp-content\/uploads\/DSCN3844-1-1024x768.jpg\" class=\"eig-popup\" title=\"Medalie ciclism c\u00e2\u0219tigat\u0103 de Ion Burjan, locul II, 1942 (revers)\" data-caption=\"Medalie ciclism c\u00e2\u0219tigat\u0103 de Ion Burjan, locul II, 1942 (revers)\" target=\"_blank\"><i class=\"icon-view\"><\/i><span class=\"overlay\"><\/span><img loading=\"lazy\" decoding=\"async\" width=\"150\" height=\"150\" src=\"https:\/\/muzeuciclism.ro\/wp-content\/uploads\/DSCN3844-1-150x150.jpg\" class=\"attachment-thumbnail size-thumbnail\" alt=\"\" \/><\/a><\/li><li><a data-fancybox=\"gallery486\" href=\"https:\/\/muzeuciclism.ro\/wp-content\/uploads\/DSCN3881-1-1024x768.jpg\" class=\"eig-popup\" title=\"Medalie ciclism Ion Apostol, anii 1930 (avers)\" data-caption=\"Medalie ciclism Ion Apostol, anii 1930 (avers)\" target=\"_blank\"><i class=\"icon-view\"><\/i><span class=\"overlay\"><\/span><img loading=\"lazy\" decoding=\"async\" width=\"150\" height=\"150\" src=\"https:\/\/muzeuciclism.ro\/wp-content\/uploads\/DSCN3881-1-150x150.jpg\" class=\"attachment-thumbnail size-thumbnail\" alt=\"\" \/><\/a><\/li><li><a data-fancybox=\"gallery486\" href=\"https:\/\/muzeuciclism.ro\/wp-content\/uploads\/DSCN3882-1-1024x768.jpg\" class=\"eig-popup\" title=\"Medalie ciclism Ion Apostol, anii 1930 (revers)\" data-caption=\"Medalie ciclism Ion Apostol, anii 1930 (revers)\" target=\"_blank\"><i class=\"icon-view\"><\/i><span class=\"overlay\"><\/span><img loading=\"lazy\" decoding=\"async\" width=\"150\" height=\"150\" src=\"https:\/\/muzeuciclism.ro\/wp-content\/uploads\/DSCN3882-1-150x150.jpg\" class=\"attachment-thumbnail size-thumbnail\" alt=\"\" \/><\/a><\/li><li><a data-fancybox=\"gallery486\" href=\"https:\/\/muzeuciclism.ro\/wp-content\/uploads\/DSCN3884-1-1024x768.jpg\" class=\"eig-popup\" title=\"Medalie ciclism UDR (Uzinele Domeniiile Re\u0219i\u021ba), locul II, 22.09.1929 (avers)\" data-caption=\"Medalie ciclism UDR (Uzinele Domeniiile Re\u0219i\u021ba), locul II, 22.09.1929 (avers)\" target=\"_blank\"><i class=\"icon-view\"><\/i><span class=\"overlay\"><\/span><img loading=\"lazy\" decoding=\"async\" width=\"150\" height=\"150\" src=\"https:\/\/muzeuciclism.ro\/wp-content\/uploads\/DSCN3884-1-150x150.jpg\" class=\"attachment-thumbnail size-thumbnail\" alt=\"\" \/><\/a><\/li><li><a data-fancybox=\"gallery486\" href=\"https:\/\/muzeuciclism.ro\/wp-content\/uploads\/DSCN3885-1-1024x768.jpg\" class=\"eig-popup\" title=\"Medalie ciclism UDR (Uzinele Domeniiile Re\u0219i\u021ba), locul II, 22.09.1929 (revers)\" data-caption=\"Medalie ciclism UDR (Uzinele Domeniiile Re\u0219i\u021ba), locul II, 22.09.1929 (revers)\" target=\"_blank\"><i class=\"icon-view\"><\/i><span class=\"overlay\"><\/span><img loading=\"lazy\" decoding=\"async\" width=\"150\" height=\"150\" src=\"https:\/\/muzeuciclism.ro\/wp-content\/uploads\/DSCN3885-1-150x150.jpg\" class=\"attachment-thumbnail size-thumbnail\" alt=\"\" \/><\/a><\/li><li><a data-fancybox=\"gallery486\" href=\"https:\/\/muzeuciclism.ro\/wp-content\/uploads\/DSCN3886-1-1024x768.jpg\" class=\"eig-popup\" title=\"Medalie ciclism Rom\u00e2nia, anii 1930 (unifa\u021b\u0103)\" data-caption=\"Medalie ciclism Rom\u00e2nia, anii 1930 (unifa\u021b\u0103)\" target=\"_blank\"><i class=\"icon-view\"><\/i><span class=\"overlay\"><\/span><img loading=\"lazy\" decoding=\"async\" width=\"150\" height=\"150\" src=\"https:\/\/muzeuciclism.ro\/wp-content\/uploads\/DSCN3886-1-150x150.jpg\" class=\"attachment-thumbnail size-thumbnail\" alt=\"\" \/><\/a><\/li><li><a data-fancybox=\"gallery486\" href=\"https:\/\/muzeuciclism.ro\/wp-content\/uploads\/DSCN3896-1024x768.jpg\" class=\"eig-popup\" title=\"Medalion ciclism Rom\u00e2nia, anii 1930 (unifa\u021b\u0103)\" data-caption=\"Medalion ciclism Rom\u00e2nia, anii 1930 (unifa\u021b\u0103)\" target=\"_blank\"><i class=\"icon-view\"><\/i><span class=\"overlay\"><\/span><img loading=\"lazy\" decoding=\"async\" width=\"150\" height=\"150\" src=\"https:\/\/muzeuciclism.ro\/wp-content\/uploads\/DSCN3896-150x150.jpg\" class=\"attachment-thumbnail size-thumbnail\" alt=\"\" \/><\/a><\/li><li><a data-fancybox=\"gallery486\" href=\"https:\/\/muzeuciclism.ro\/wp-content\/uploads\/DSCN3847-1-1024x768.jpg\" class=\"eig-popup\" title=\"Medalie ciclism Rom\u00e2nia, anii 1930 (avers)\" data-caption=\"Medalie ciclism Rom\u00e2nia, anii 1930 (avers)\" target=\"_blank\"><i class=\"icon-view\"><\/i><span class=\"overlay\"><\/span><img loading=\"lazy\" decoding=\"async\" width=\"150\" height=\"150\" src=\"https:\/\/muzeuciclism.ro\/wp-content\/uploads\/DSCN3847-1-150x150.jpg\" class=\"attachment-thumbnail size-thumbnail\" alt=\"\" \/><\/a><\/li><li><a data-fancybox=\"gallery486\" href=\"https:\/\/muzeuciclism.ro\/wp-content\/uploads\/DSCN3848-1-1024x768.jpg\" class=\"eig-popup\" title=\"Medalie ciclism Rom\u00e2nia, anii 1930 (revers)\" data-caption=\"Medalie ciclism Rom\u00e2nia, anii 1930 (revers)\" target=\"_blank\"><i class=\"icon-view\"><\/i><span class=\"overlay\"><\/span><img loading=\"lazy\" decoding=\"async\" width=\"150\" height=\"150\" src=\"https:\/\/muzeuciclism.ro\/wp-content\/uploads\/DSCN3848-1-150x150.jpg\" class=\"attachment-thumbnail size-thumbnail\" alt=\"\" \/><\/a><\/li><\/ul>\n","protected":false},"excerpt":{"rendered":"","protected":false},"author":2,"featured_media":0,"parent":77,"menu_order":0,"comment_status":"open","ping_status":"closed","template":"","meta":{"footnotes":""},"class_list":["post-1214","page","type-page","status-publish","czr-hentry"],"_links":{"self":[{"href":"https:\/\/muzeuciclism.ro\/index.php\/wp-json\/wp\/v2\/pages\/1214","targetHints":{"allow":["GET"]}}],"collection":[{"href":"https:\/\/muzeuciclism.ro\/index.php\/wp-json\/wp\/v2\/pages"}],"about":[{"href":"https:\/\/muzeuciclism.ro\/index.php\/wp-json\/wp\/v2\/types\/page"}],"author":[{"embeddable":true,"href":"https:\/\/muzeuciclism.ro\/index.php\/wp-json\/wp\/v2\/users\/2"}],"replies":[{"embeddable":true,"href":"https:\/\/muzeuciclism.ro\/index.php\/wp-json\/wp\/v2\/comments?post=1214"}],"version-history":[{"count":0,"href":"https:\/\/muzeuciclism.ro\/index.php\/wp-json\/wp\/v2\/pages\/1214\/revisions"}],"up":[{"embeddable":true,"href":"https:\/\/muzeuciclism.ro\/index.php\/wp-json\/wp\/v2\/pages\/77"}],"wp:attachment":[{"href":"https:\/\/muzeuciclism.ro\/index.php\/wp-json\/wp\/v2\/media?parent=1214"}],"curies":[{"name":"wp","href":"https:\/\/api.w.org\/{rel}","templated":true}]}}